{"id":4200,"date":"2022-01-27T18:44:21","date_gmt":"2022-01-27T18:44:21","guid":{"rendered":"http:\/\/esiaz24.uclm.es\/?page_id=4200"},"modified":"2023-09-12T11:15:24","modified_gmt":"2023-09-12T11:15:24","slug":"movilidad-internacional","status":"publish","type":"page","link":"https:\/\/esi.uclm.es\/index.php\/internacionalizacion\/movilidad-internacional\/","title":{"rendered":"Movilidad Internacional"},"content":{"rendered":"\n<p><\/p>\n\n\n\n<figure class=\"wp-block-image size-large\"><img loading=\"lazy\" decoding=\"async\" width=\"1024\" height=\"256\" src=\"https:\/\/esi.uclm.es\/assets\/uploads\/2022\/05\/avion-1024x256.jpeg\" alt=\"Imagen de avi\u00f3n sobre dos colores\" class=\"wp-image-10557\" srcset=\"https:\/\/esi.uclm.es\/assets\/uploads\/2022\/05\/avion-1024x256.jpeg 1024w, https:\/\/esi.uclm.es\/assets\/uploads\/2022\/05\/avion-300x75.jpeg 300w, https:\/\/esi.uclm.es\/assets\/uploads\/2022\/05\/avion-768x192.jpeg 768w, https:\/\/esi.uclm.es\/assets\/uploads\/2022\/05\/avion-600x150.jpeg 600w, https:\/\/esi.uclm.es\/assets\/uploads\/2022\/05\/avion.jpeg 1200w\" sizes=\"auto, (max-width: 1024px) 100vw, 1024px\" \/><\/figure>\n\n\n\n<h3 class=\"wp-block-heading\" id=\"programa-de-movilidad-saliente-erasmus\">Programa de movilidad saliente Erasmus +<\/h3>\n\n\n\n<hr class=\"wp-block-separator has-text-color has-vivid-cyan-blue-color has-css-opacity has-vivid-cyan-blue-background-color has-background\"\/>\n\n\n\n<p><br><strong>Plazos<\/strong>:\u00a0La convocatoria se publica en los meses de <strong>noviembre o diciembre<\/strong>.<\/p>\n\n\n<div class=\"wp-block-image\">\n<figure class=\"aligncenter size-full\"><img loading=\"lazy\" decoding=\"async\" width=\"350\" height=\"188\" src=\"https:\/\/esi.uclm.es\/assets\/uploads\/2022\/01\/original_erasmus_uclm__esi4.jpg\" alt=\"\" class=\"wp-image-4951\" srcset=\"https:\/\/esi.uclm.es\/assets\/uploads\/2022\/01\/original_erasmus_uclm__esi4.jpg 350w, https:\/\/esi.uclm.es\/assets\/uploads\/2022\/01\/original_erasmus_uclm__esi4-300x161.jpg 300w\" sizes=\"auto, (max-width: 350px) 100vw, 350px\" \/><\/figure>\n<\/div>\n\n\n<p>Los acuerdos de&nbsp;<strong>movilidad internacional<\/strong>&nbsp;en el marco del programa&nbsp;<strong>ERASMUS+<\/strong>&nbsp;que actualmente tiene firmado la UCLM para el \u00e1mbito de la Ingenier\u00eda Inform\u00e1tica son los establecidos con las siguientes universidades y centros de investigaci\u00f3n:<\/p>\n\n\n\n<p>Si el estudiante desea conocer m\u00e1s informaci\u00f3n sobre este programa, ponerse en contacto con el coordinador de movilidad: Jes\u00fas Serrano&nbsp;<strong>(jesus.serrano@uclm.es)<\/strong><\/p>\n\n\n\n<figure class=\"wp-block-table is-style-stripes\"><table><thead><tr><th>Universidad<\/th><th>Pa\u00eds<\/th><\/tr><\/thead><tbody><tr><td>AGH University of Science and Technology<\/td><td>POLONIA<\/td><\/tr><tr><td>Universit\u00e0 degli Studi della Basilicata<\/td><td>ITALIA<\/td><\/tr><tr><td>Universit\u00e0 degli Studi di Messina<\/td><td>ITALIA<\/td><\/tr><tr><td>Florida Atlantic University<\/td><td>EE.UU.<\/td><\/tr><tr><td>Universidad Nacional de Ingenier\u00eda (UNI)<\/td><td>PERU<\/td><\/tr><tr><td>Istanbul Sehir University<\/td><td>TURQUIA<\/td><\/tr><tr><td>Sirnak University<\/td><td>TURQUIA<\/td><\/tr><tr><td>Universidade Nova de Lisboa<\/td><td>PORTUGAL<\/td><\/tr><tr><td>Universit\u00e0 degli Studi del Molise<\/td><td>ITALIA<\/td><\/tr><tr><td>Groupe ESAIP<\/td><td>FRANCIA<\/td><\/tr><tr><td>Universit\u00e9 de Nantes<\/td><td>FRANCIA<\/td><\/tr><tr><td>\u00c9cole Centrale d&#8217;Electronique (ECE)<\/td><td>FRANCIA<\/td><\/tr><tr><td>Rheinisch-Westf\u00e4lische Technische Hochschule Aachen<\/td><td>ALEMANIA<\/td><\/tr><tr><td>Rheinisch-Westf\u00e4lische Technische Hochschule Aachen<\/td><td>ALEMANIA<\/td><\/tr><tr><td>Rheinisch-Westf\u00e4lische Technische Hochschule Aachen<\/td><td>ALEMANIA<\/td><\/tr><tr><td>Augsburg University of Applied Sciences<\/td><td>ALEMANIA<\/td><\/tr><tr><td>Fachhochschule Trier<\/td><td>ALEMANIA<\/td><\/tr><tr><td>Universit\u00e0 degli Studi di Udine<\/td><td>ITALIA<\/td><\/tr><tr><td>Ostfold University College<\/td><td>NORUEGA<\/td><\/tr><tr><td>Warsaw University of Technology<\/td><td>POLONIA<\/td><\/tr><tr><td>Universidade de Coimbra<\/td><td>PORTUGAL<\/td><\/tr><tr><td>Universidade da Madeira<\/td><td>PORTUGAL<\/td><\/tr><tr><td>Universitatea Petrol-Gaze din Ploiesti<\/td><td>RUMANIA<\/td><\/tr><tr><td>Universit\u00e0 degli Studi di Urbino<\/td><td>ITALIA<\/td><\/tr><tr><td>Technological Educational Institute of Crete<\/td><td>GRECIA<\/td><\/tr><tr><td>Technological Educational Institute of Thessaloniki<\/td><td>GRECIA<\/td><\/tr><tr><td>Radboud Universiteit Nijmegen<\/td><td>PAISES BAJOS<\/td><\/tr><tr><td>Pan-European University<\/td><td>REP\u00daBLICA ESLOVACA<\/td><\/tr><tr><td>University of Ljubljana<\/td><td>ESLOVENIA<\/td><\/tr><tr><td>University of Gothenburg<\/td><td>SUECIA<\/td><\/tr><tr><td>M\u00e4lardalen University<\/td><td>SUECIA<\/td><\/tr><tr><td>Universidade de Aveiro<\/td><td>PORTUGAL<\/td><\/tr><tr><td>Universidade de Coimbra<\/td><td>PORTUGAL<\/td><\/tr><tr><td>University of Bergen<\/td><td>NORUEGA<\/td><\/tr><tr><td>Universit\u00e9 Montpellier II<\/td><td>FRANCIA<\/td><\/tr><tr><td>Valahia University of Targoviste<\/td><td>RUMANIA<\/td><\/tr><tr><td>Universit\u00e0 degli Studi di Bari Aldo Moro<\/td><td>ITALIA<\/td><\/tr><tr><td>Vilnius University<\/td><td>LITUANIA<\/td><\/tr><tr><td>Karadeniz Technical University<\/td><td>TURQUIA<\/td><\/tr><tr><td>Universit\u00e4t Duisburg-Essen<\/td><td>ALEMANIA<\/td><\/tr><tr><td>Universit\u00e0 degli Studi del Sannio, Benevento<\/td><td>ITALIA<\/td><\/tr><tr><td>Universit\u00e9 de Mons<\/td><td>BELGICA<\/td><\/tr><tr><td>University of Western Macedonia in Kozani<\/td><td>GRECIA<\/td><\/tr><tr><td>Kastamonu University<\/td><td>TURQUIA<\/td><\/tr><tr><td>Visoko Uciliste Algebra<\/td><td>CROACIA<\/td><\/tr><tr><td>Universit\u00e9 de Rouen<\/td><td>FRANCIA<\/td><\/tr><tr><td>Universit\u00e9 de La Rochelle<\/td><td>FRANCIA<\/td><\/tr><tr><td>Istanbul Sabahattin Zaim University<\/td><td>TURQUIA<\/td><\/tr><tr><td>University of Vaasa<\/td><td>FINLANDIA<\/td><\/tr><tr><td>London South Bank University<\/td><td>REINO UNIDO<\/td><\/tr><tr><td>Universit\u00e9 de Rouen<\/td><td>FRANCIA<\/td><\/tr><tr><td>Instituto Polit\u00e9cnico do Porto<\/td><td>PORTUGAL<\/td><\/tr><tr><td>Oslo Metropolitan University<\/td><td>NORUEGA<\/td><\/tr><tr><td>Kielce University of Tecnology<\/td><td>POLONIA<\/td><\/tr><tr><td>Politecnico di Milano<\/td><td>ITALIA<\/td><\/tr><tr><td>Technical University of Liberec<\/td><td>REPUBLICA CHECA<\/td><\/tr><tr><td>Technical University of Ostrava<\/td><td>REPUBLICA CHECA<\/td><\/tr><tr><td>Czestochowa University of Technology<\/td><td>POLONIA<\/td><\/tr><tr><td>Comenius University in Bratislava<\/td><td>REP\u00daBLICA ESLOVACA<\/td><\/tr><tr><td>AGH University of Science and Technology<\/td><td>POLONIA<\/td><\/tr><tr><td>University of Central Lancashire (UCLan Cyprus)<\/td><td>CHIPRE<\/td><\/tr><tr><td>University of Central Lancashire (UCLan Cyprus)<\/td><td>CHIPRE<\/td><\/tr><tr><td>UNIVERSITY OF PIRAEUS<\/td><td>GRECIA<\/td><\/tr><tr><td>Universidad de Malta<\/td><td>MALTA<\/td><\/tr><tr><td>Dicle University<\/td><td>TURQUIA<\/td><\/tr><tr><td>Latvia University of Life Sciences and Technologies<\/td><td>LETONIA<\/td><\/tr><tr><td>John von Neumann University GAMF<\/td><td>HUNGRIA<\/td><\/tr><tr><td>University of Rzeszow<\/td><td>POLONIA<\/td><\/tr><tr><td>Sakarya University<\/td><td>TURQUIA<\/td><\/tr><tr><td>Hochschule Landshut University of Applied Sciences<\/td><td>ALEMANIA<\/td><\/tr><tr><td>University of Dumlupinar<\/td><td>TURQUIA<\/td><\/tr><tr><td>Universit\u00e0 degli Studi di Padova<\/td><td>ITALIA<\/td><\/tr><tr><td>Universit\u00e0 degli Studi del Sannio, Benevento<\/td><td>ITALIA<\/td><\/tr><tr><td>Universit\u00e0 degli Studi di Udine<\/td><td>ITALIA<\/td><\/tr><tr><td>Ostfold University College<\/td><td>NORUEGA<\/td><\/tr><tr><td>Technological Educational Institute of Thessaloniki<\/td><td>GRECIA<\/td><\/tr><tr><td>Pan-European University<\/td><td>REP\u00daBLICA ESLOVACA<\/td><\/tr><tr><td>Universit\u00e9 de Nantes<\/td><td>FRANCIA<\/td><\/tr><tr><td>Instituto Polit\u00e9cnico do Porto<\/td><td>PORTUGAL<\/td><\/tr><tr><td>\u00c9cole Centrale d&#8217;Electronique (ECE)<\/td><td>FRANCIA<\/td><\/tr><tr><td>Czestochowa University of Technology<\/td><td>POLONIA<\/td><\/tr><tr><td>Comenius University in Bratislava<\/td><td>REP\u00daBLICA ESLOVACA<\/td><\/tr><tr><td>John von Neumann University GAMF<\/td><td>HUNGRIA<\/td><\/tr><tr><td>Latvia University of Life Sciences and Technologies<\/td><td>LETONIA<\/td><\/tr><tr><td>Harran University<\/td><td>TURQUIA<\/td><\/tr><tr><td>Univerza V Mariboru<\/td><td>ESLOVENIA<\/td><\/tr><tr><td>Bilecik Seyh Edeball University<\/td><td>TURQUIA<\/td><\/tr><tr><td>Universit\u00e0 degli Studi di Sassari<\/td><td>ITALIA<\/td><\/tr><tr><td>Otto-Friedrich-Universit\u00e4t Bamberg<\/td><td>ALEMANIA<\/td><\/tr><\/tbody><\/table><\/figure>\n","protected":false},"excerpt":{"rendered":"<p>Programa de movilidad saliente Erasmus + Plazos:\u00a0La convocatoria se publica en los meses de noviembre o diciembre. Los acuerdos de&nbsp;movilidad internacional&nbsp;en el marco del programa&nbsp;ERASMUS+&nbsp;que actualmente tiene firmado la UCLM para el \u00e1mbito de la Ingenier\u00eda Inform\u00e1tica son los establecidos con las siguientes universidades y [&hellip;]<\/p>\n","protected":false},"author":1,"featured_media":0,"parent":5671,"menu_order":0,"comment_status":"closed","ping_status":"closed","template":"","meta":{"footnotes":""},"class_list":["post-4200","page","type-page","status-publish","hentry"],"yoast_head":"<!-- This site is optimized with the Yoast SEO plugin v27.4 - https:\/\/yoast.com\/product\/yoast-seo-wordpress\/ -->\n<title>Movilidad Internacional - Escuela Superior de Inform\u00e1tica de UCLM<\/title>\n<meta name=\"robots\" content=\"index, follow, max-snippet:-1, max-image-preview:large, max-video-preview:-1\" \/>\n<link rel=\"canonical\" href=\"https:\/\/esi.uclm.es\/index.php\/internacionalizacion\/movilidad-internacional\/\" \/>\n<meta property=\"og:locale\" content=\"es_ES\" \/>\n<meta property=\"og:type\" content=\"article\" \/>\n<meta property=\"og:title\" content=\"Movilidad Internacional - Escuela Superior de Inform\u00e1tica de UCLM\" \/>\n<meta property=\"og:description\" content=\"Programa de movilidad saliente Erasmus + Plazos:\u00a0La convocatoria se publica en los meses de noviembre o diciembre. Los acuerdos de&nbsp;movilidad internacional&nbsp;en el marco del programa&nbsp;ERASMUS+&nbsp;que actualmente tiene firmado la UCLM para el \u00e1mbito de la Ingenier\u00eda Inform\u00e1tica son los establecidos con las siguientes universidades y [&hellip;]\" \/>\n<meta property=\"og:url\" content=\"https:\/\/esi.uclm.es\/index.php\/internacionalizacion\/movilidad-internacional\/\" \/>\n<meta property=\"og:site_name\" content=\"Escuela Superior de Inform\u00e1tica de UCLM\" \/>\n<meta property=\"article:publisher\" content=\"https:\/\/www.facebook.com\/Escuela-Superior-de-Informtica-543261809027158\" \/>\n<meta property=\"article:modified_time\" content=\"2023-09-12T11:15:24+00:00\" \/>\n<meta property=\"og:image\" content=\"https:\/\/esi.uclm.es\/assets\/uploads\/2022\/05\/avion-1024x256.jpeg\" \/>\n<meta name=\"twitter:card\" content=\"summary_large_image\" \/>\n<meta name=\"twitter:site\" content=\"@esiuclm\" \/>\n<meta name=\"twitter:label1\" content=\"Tiempo de lectura\" \/>\n\t<meta name=\"twitter:data1\" content=\"3 minutos\" \/>\n<script type=\"application\/ld+json\" class=\"yoast-schema-graph\">{\"@context\":\"https:\\\/\\\/schema.org\",\"@graph\":[{\"@type\":\"WebPage\",\"@id\":\"https:\\\/\\\/esi.uclm.es\\\/index.php\\\/internacionalizacion\\\/movilidad-internacional\\\/\",\"url\":\"https:\\\/\\\/esi.uclm.es\\\/index.php\\\/internacionalizacion\\\/movilidad-internacional\\\/\",\"name\":\"Movilidad Internacional - Escuela Superior de Inform\u00e1tica de UCLM\",\"isPartOf\":{\"@id\":\"https:\\\/\\\/esi.uclm.es\\\/#website\"},\"primaryImageOfPage\":{\"@id\":\"https:\\\/\\\/esi.uclm.es\\\/index.php\\\/internacionalizacion\\\/movilidad-internacional\\\/#primaryimage\"},\"image\":{\"@id\":\"https:\\\/\\\/esi.uclm.es\\\/index.php\\\/internacionalizacion\\\/movilidad-internacional\\\/#primaryimage\"},\"thumbnailUrl\":\"https:\\\/\\\/esi.uclm.es\\\/assets\\\/uploads\\\/2022\\\/05\\\/avion-1024x256.jpeg\",\"datePublished\":\"2022-01-27T18:44:21+00:00\",\"dateModified\":\"2023-09-12T11:15:24+00:00\",\"breadcrumb\":{\"@id\":\"https:\\\/\\\/esi.uclm.es\\\/index.php\\\/internacionalizacion\\\/movilidad-internacional\\\/#breadcrumb\"},\"inLanguage\":\"es\",\"potentialAction\":[{\"@type\":\"ReadAction\",\"target\":[\"https:\\\/\\\/esi.uclm.es\\\/index.php\\\/internacionalizacion\\\/movilidad-internacional\\\/\"]}]},{\"@type\":\"ImageObject\",\"inLanguage\":\"es\",\"@id\":\"https:\\\/\\\/esi.uclm.es\\\/index.php\\\/internacionalizacion\\\/movilidad-internacional\\\/#primaryimage\",\"url\":\"https:\\\/\\\/esi.uclm.es\\\/assets\\\/uploads\\\/2022\\\/05\\\/avion-1024x256.jpeg\",\"contentUrl\":\"https:\\\/\\\/esi.uclm.es\\\/assets\\\/uploads\\\/2022\\\/05\\\/avion-1024x256.jpeg\"},{\"@type\":\"BreadcrumbList\",\"@id\":\"https:\\\/\\\/esi.uclm.es\\\/index.php\\\/internacionalizacion\\\/movilidad-internacional\\\/#breadcrumb\",\"itemListElement\":[{\"@type\":\"ListItem\",\"position\":1,\"name\":\"Portada\",\"item\":\"https:\\\/\\\/esi.uclm.es\\\/\"},{\"@type\":\"ListItem\",\"position\":2,\"name\":\"Internacionalizaci\u00f3n\",\"item\":\"https:\\\/\\\/esi.uclm.es\\\/index.php\\\/internacionalizacion\\\/\"},{\"@type\":\"ListItem\",\"position\":3,\"name\":\"Movilidad Internacional\"}]},{\"@type\":\"WebSite\",\"@id\":\"https:\\\/\\\/esi.uclm.es\\\/#website\",\"url\":\"https:\\\/\\\/esi.uclm.es\\\/\",\"name\":\"Escuela Superior de Inform\u00e1tica de UCLM en Ciudad Real, Castilla-La Mancha\",\"description\":\"La Escuela Superior de Inform\u00e1tica de Ciudad Real (Castilla-La Mancha), Universidad de Castilla-La Mancha es un centro universitario que imparte el ciclo completo de Ingenier\u00eda en Inform\u00e1tica: grado, m\u00e1ster y doctorado.\",\"publisher\":{\"@id\":\"https:\\\/\\\/esi.uclm.es\\\/#organization\"},\"potentialAction\":[{\"@type\":\"SearchAction\",\"target\":{\"@type\":\"EntryPoint\",\"urlTemplate\":\"https:\\\/\\\/esi.uclm.es\\\/?s={search_term_string}\"},\"query-input\":{\"@type\":\"PropertyValueSpecification\",\"valueRequired\":true,\"valueName\":\"search_term_string\"}}],\"inLanguage\":\"es\"},{\"@type\":\"Organization\",\"@id\":\"https:\\\/\\\/esi.uclm.es\\\/#organization\",\"name\":\"Escuela Superior de Inform\u00e1tica de UCLM\",\"url\":\"https:\\\/\\\/esi.uclm.es\\\/\",\"logo\":{\"@type\":\"ImageObject\",\"inLanguage\":\"es\",\"@id\":\"https:\\\/\\\/esi.uclm.es\\\/#\\\/schema\\\/logo\\\/image\\\/\",\"url\":\"https:\\\/\\\/esi.uclm.es\\\/assets\\\/uploads\\\/2022\\\/03\\\/LogoESI_cabecera-1.png\",\"contentUrl\":\"https:\\\/\\\/esi.uclm.es\\\/assets\\\/uploads\\\/2022\\\/03\\\/LogoESI_cabecera-1.png\",\"width\":460,\"height\":184,\"caption\":\"Escuela Superior de Inform\u00e1tica de UCLM\"},\"image\":{\"@id\":\"https:\\\/\\\/esi.uclm.es\\\/#\\\/schema\\\/logo\\\/image\\\/\"},\"sameAs\":[\"https:\\\/\\\/www.facebook.com\\\/Escuela-Superior-de-Informtica-543261809027158\",\"https:\\\/\\\/x.com\\\/esiuclm\",\"https:\\\/\\\/www.instagram.com\\\/esiuclm\\\/\",\"https:\\\/\\\/www.youtube.com\\\/user\\\/esiuclm\",\"https:\\\/\\\/www.twitch.tv\\\/esiuclm\",\"https:\\\/\\\/www.linkedin.com\\\/company\\\/12656631\\\/admin\\\/\"]}]}<\/script>\n<!-- \/ Yoast SEO plugin. -->","yoast_head_json":{"title":"Movilidad Internacional - Escuela Superior de Inform\u00e1tica de UCLM","robots":{"index":"index","follow":"follow","max-snippet":"max-snippet:-1","max-image-preview":"max-image-preview:large","max-video-preview":"max-video-preview:-1"},"canonical":"https:\/\/esi.uclm.es\/index.php\/internacionalizacion\/movilidad-internacional\/","og_locale":"es_ES","og_type":"article","og_title":"Movilidad Internacional - Escuela Superior de Inform\u00e1tica de UCLM","og_description":"Programa de movilidad saliente Erasmus + Plazos:\u00a0La convocatoria se publica en los meses de noviembre o diciembre. Los acuerdos de&nbsp;movilidad internacional&nbsp;en el marco del programa&nbsp;ERASMUS+&nbsp;que actualmente tiene firmado la UCLM para el \u00e1mbito de la Ingenier\u00eda Inform\u00e1tica son los establecidos con las siguientes universidades y [&hellip;]","og_url":"https:\/\/esi.uclm.es\/index.php\/internacionalizacion\/movilidad-internacional\/","og_site_name":"Escuela Superior de Inform\u00e1tica de UCLM","article_publisher":"https:\/\/www.facebook.com\/Escuela-Superior-de-Informtica-543261809027158","article_modified_time":"2023-09-12T11:15:24+00:00","og_image":[{"url":"https:\/\/esi.uclm.es\/assets\/uploads\/2022\/05\/avion-1024x256.jpeg","type":"","width":"","height":""}],"twitter_card":"summary_large_image","twitter_site":"@esiuclm","twitter_misc":{"Tiempo de lectura":"3 minutos"},"schema":{"@context":"https:\/\/schema.org","@graph":[{"@type":"WebPage","@id":"https:\/\/esi.uclm.es\/index.php\/internacionalizacion\/movilidad-internacional\/","url":"https:\/\/esi.uclm.es\/index.php\/internacionalizacion\/movilidad-internacional\/","name":"Movilidad Internacional - Escuela Superior de Inform\u00e1tica de UCLM","isPartOf":{"@id":"https:\/\/esi.uclm.es\/#website"},"primaryImageOfPage":{"@id":"https:\/\/esi.uclm.es\/index.php\/internacionalizacion\/movilidad-internacional\/#primaryimage"},"image":{"@id":"https:\/\/esi.uclm.es\/index.php\/internacionalizacion\/movilidad-internacional\/#primaryimage"},"thumbnailUrl":"https:\/\/esi.uclm.es\/assets\/uploads\/2022\/05\/avion-1024x256.jpeg","datePublished":"2022-01-27T18:44:21+00:00","dateModified":"2023-09-12T11:15:24+00:00","breadcrumb":{"@id":"https:\/\/esi.uclm.es\/index.php\/internacionalizacion\/movilidad-internacional\/#breadcrumb"},"inLanguage":"es","potentialAction":[{"@type":"ReadAction","target":["https:\/\/esi.uclm.es\/index.php\/internacionalizacion\/movilidad-internacional\/"]}]},{"@type":"ImageObject","inLanguage":"es","@id":"https:\/\/esi.uclm.es\/index.php\/internacionalizacion\/movilidad-internacional\/#primaryimage","url":"https:\/\/esi.uclm.es\/assets\/uploads\/2022\/05\/avion-1024x256.jpeg","contentUrl":"https:\/\/esi.uclm.es\/assets\/uploads\/2022\/05\/avion-1024x256.jpeg"},{"@type":"BreadcrumbList","@id":"https:\/\/esi.uclm.es\/index.php\/internacionalizacion\/movilidad-internacional\/#breadcrumb","itemListElement":[{"@type":"ListItem","position":1,"name":"Portada","item":"https:\/\/esi.uclm.es\/"},{"@type":"ListItem","position":2,"name":"Internacionalizaci\u00f3n","item":"https:\/\/esi.uclm.es\/index.php\/internacionalizacion\/"},{"@type":"ListItem","position":3,"name":"Movilidad Internacional"}]},{"@type":"WebSite","@id":"https:\/\/esi.uclm.es\/#website","url":"https:\/\/esi.uclm.es\/","name":"Escuela Superior de Inform\u00e1tica de UCLM en Ciudad Real, Castilla-La Mancha","description":"La Escuela Superior de Inform\u00e1tica de Ciudad Real (Castilla-La Mancha), Universidad de Castilla-La Mancha es un centro universitario que imparte el ciclo completo de Ingenier\u00eda en Inform\u00e1tica: grado, m\u00e1ster y doctorado.","publisher":{"@id":"https:\/\/esi.uclm.es\/#organization"},"potentialAction":[{"@type":"SearchAction","target":{"@type":"EntryPoint","urlTemplate":"https:\/\/esi.uclm.es\/?s={search_term_string}"},"query-input":{"@type":"PropertyValueSpecification","valueRequired":true,"valueName":"search_term_string"}}],"inLanguage":"es"},{"@type":"Organization","@id":"https:\/\/esi.uclm.es\/#organization","name":"Escuela Superior de Inform\u00e1tica de UCLM","url":"https:\/\/esi.uclm.es\/","logo":{"@type":"ImageObject","inLanguage":"es","@id":"https:\/\/esi.uclm.es\/#\/schema\/logo\/image\/","url":"https:\/\/esi.uclm.es\/assets\/uploads\/2022\/03\/LogoESI_cabecera-1.png","contentUrl":"https:\/\/esi.uclm.es\/assets\/uploads\/2022\/03\/LogoESI_cabecera-1.png","width":460,"height":184,"caption":"Escuela Superior de Inform\u00e1tica de UCLM"},"image":{"@id":"https:\/\/esi.uclm.es\/#\/schema\/logo\/image\/"},"sameAs":["https:\/\/www.facebook.com\/Escuela-Superior-de-Informtica-543261809027158","https:\/\/x.com\/esiuclm","https:\/\/www.instagram.com\/esiuclm\/","https:\/\/www.youtube.com\/user\/esiuclm","https:\/\/www.twitch.tv\/esiuclm","https:\/\/www.linkedin.com\/company\/12656631\/admin\/"]}]}},"_links":{"self":[{"href":"https:\/\/esi.uclm.es\/index.php\/wp-json\/wp\/v2\/pages\/4200","targetHints":{"allow":["GET"]}}],"collection":[{"href":"https:\/\/esi.uclm.es\/index.php\/wp-json\/wp\/v2\/pages"}],"about":[{"href":"https:\/\/esi.uclm.es\/index.php\/wp-json\/wp\/v2\/types\/page"}],"author":[{"embeddable":true,"href":"https:\/\/esi.uclm.es\/index.php\/wp-json\/wp\/v2\/users\/1"}],"replies":[{"embeddable":true,"href":"https:\/\/esi.uclm.es\/index.php\/wp-json\/wp\/v2\/comments?post=4200"}],"version-history":[{"count":12,"href":"https:\/\/esi.uclm.es\/index.php\/wp-json\/wp\/v2\/pages\/4200\/revisions"}],"predecessor-version":[{"id":16676,"href":"https:\/\/esi.uclm.es\/index.php\/wp-json\/wp\/v2\/pages\/4200\/revisions\/16676"}],"up":[{"embeddable":true,"href":"https:\/\/esi.uclm.es\/index.php\/wp-json\/wp\/v2\/pages\/5671"}],"wp:attachment":[{"href":"https:\/\/esi.uclm.es\/index.php\/wp-json\/wp\/v2\/media?parent=4200"}],"curies":[{"name":"wp","href":"https:\/\/api.w.org\/{rel}","templated":true}]}}