{"id":4158,"date":"2022-01-27T18:26:29","date_gmt":"2022-01-27T18:26:29","guid":{"rendered":"http:\/\/esiaz24.uclm.es\/?page_id=4158"},"modified":"2022-02-17T16:08:28","modified_gmt":"2022-02-17T16:08:28","slug":"becas-y-ayudas","status":"publish","type":"page","link":"https:\/\/esi.uclm.es\/index.php\/vida-en-la-esi\/apoyo-al-estudiante\/becas-y-ayudas\/","title":{"rendered":"Becas y Ayudas"},"content":{"rendered":"<div class=\"vc_row wpb_row vc_row-fluid mkd-section mkd-content-aligment-left\" style=\"\"><div class=\"clearfix mkd-full-section-inner\"><div class=\"wpb_column vc_column_container vc_col-sm-12\"><div class=\"vc_column-inner\"><div class=\"wpb_wrapper\"><div class=\"mkd-bnl-holder mkd-pl-seven-holder  mkd-post-columns-2\"  data-base=\"mkd_post_layout_seven\"  data-number_of_posts=\"16\" data-column_number=\"2\" data-category_id=\"621\" data-category_slug=\"becas_y_empleo\"               data-display_excerpt=\"yes\" data-excerpt_length=\"25\" data-display_pagination=\"no\"     data-paged=\"1\" data-max_pages=\"11\"><div class=\"mkd-bnl-outer\"><div class=\"mkd-bnl-inner\"><div class=\"mkd-pt-seven-item mkd-post-item\">\n\t<div class=\"mkd-pt-seven-item-inner clearfix\">\n\t\t\t\t\t<div class=\"mkd-pt-seven-image-holder\" style=\"width: 123px\">\n\t\t\t\t<a itemprop=\"url\" class=\"mkd-pt-seven-link mkd-image-link\" href=\"https:\/\/esi.uclm.es\/index.php\/2026\/04\/17\/convocatoria-becas-de-colaboracion-esi\/\" target=\"_self\">\n\t\t\t\t\t<img loading=\"lazy\" decoding=\"async\" src=\"https:\/\/esi.uclm.es\/assets\/uploads\/2023\/04\/minecraft_estudiantes_virtual_logo-123x105.png\" alt=\"\" width=\"123\" height=\"105\" \/>\t\t\t\t<\/a>\n\t\t\t<\/div>\n\t\t\t\t<div class=\"mkd-pt-seven-content-holder\">\n\t\t\t<div class=\"mkd-pt-seven-title-holder\">\n\t\t\t\t<h5 class=\"mkd-pt-seven-title\">\n\t\t\t\t\t<a itemprop=\"url\" class=\"mkd-pt-link\" href=\"https:\/\/esi.uclm.es\/index.php\/2026\/04\/17\/convocatoria-becas-de-colaboracion-esi\/\" target=\"_self\">Convocatoria Becas de Colaboraci\u00f3n ESI &#8211; Resoluci\u00f3n<\/a>\n\t\t\t\t<\/h5>\n\t\t\t<\/div>\n\t\t\t<div itemprop=\"dateCreated\" class=\"mkd-post-info-date entry-date updated\">\n\t\t\t<a itemprop=\"url\" href=\"https:\/\/esi.uclm.es\/index.php\/2026\/04\/\">\n\t\t17 de abril de 2026\t\t\t<\/a>\n\t\t<meta itemprop=\"interactionCount\" content=\"UserComments: 0\"\/>\n<\/div>\t\t\t\t\t\t\t<div class=\"mkd-pt-seven-excerpt\">\n\t\t\t\t\t<p class=\"mkd-post-excerpt\">\nSe convocan dos becas de colaboraci\u00f3n, destinadas a personas en r\u00e9gimen de compatibilidad con sus estudios en la Escuela Superior de Inform\u00e1tica de Ciudad Real,<\/p>\t\t\t\t<\/div>\n\t\t\t\t\t<\/div>\n\t<\/div>\n<\/div><div class=\"mkd-pt-seven-item mkd-post-item\">\n\t<div class=\"mkd-pt-seven-item-inner clearfix\">\n\t\t\t\t\t<div class=\"mkd-pt-seven-image-holder\" style=\"width: 123px\">\n\t\t\t\t<a itemprop=\"url\" class=\"mkd-pt-seven-link mkd-image-link\" href=\"https:\/\/esi.uclm.es\/index.php\/2026\/04\/10\/convocatoria-de-cinco-plazas-postdoctorales\/\" target=\"_self\">\n\t\t\t\t\t<img loading=\"lazy\" decoding=\"async\" src=\"https:\/\/esi.uclm.es\/assets\/uploads\/2026\/04\/uppa-123x105.webp\" alt=\"\" width=\"123\" height=\"105\" \/>\t\t\t\t<\/a>\n\t\t\t<\/div>\n\t\t\t\t<div class=\"mkd-pt-seven-content-holder\">\n\t\t\t<div class=\"mkd-pt-seven-title-holder\">\n\t\t\t\t<h5 class=\"mkd-pt-seven-title\">\n\t\t\t\t\t<a itemprop=\"url\" class=\"mkd-pt-link\" href=\"https:\/\/esi.uclm.es\/index.php\/2026\/04\/10\/convocatoria-de-cinco-plazas-postdoctorales\/\" target=\"_self\">Convocatoria de cinco plazas postdoctorales<\/a>\n\t\t\t\t<\/h5>\n\t\t\t<\/div>\n\t\t\t<div itemprop=\"dateCreated\" class=\"mkd-post-info-date entry-date updated\">\n\t\t\t<a itemprop=\"url\" href=\"https:\/\/esi.uclm.es\/index.php\/2026\/04\/\">\n\t\t10 de abril de 2026\t\t\t<\/a>\n\t\t<meta itemprop=\"interactionCount\" content=\"UserComments: 0\"\/>\n<\/div>\t\t\t\t\t\t\t<div class=\"mkd-pt-seven-excerpt\">\n\t\t\t\t\t<p class=\"mkd-post-excerpt\">\nConvocatoria (CALL#1 \u2013 2026) para el programa posdoctoral REACH-UPPA (Centro de Excelencia en Investigaci\u00f3n y Desarrollo Profesional de la UPPA). Este programa es una iniciativa<\/p>\t\t\t\t<\/div>\n\t\t\t\t\t<\/div>\n\t<\/div>\n<\/div><div class=\"mkd-pt-seven-item mkd-post-item\">\n\t<div class=\"mkd-pt-seven-item-inner clearfix\">\n\t\t\t\t\t<div class=\"mkd-pt-seven-image-holder\" style=\"width: 123px\">\n\t\t\t\t<a itemprop=\"url\" class=\"mkd-pt-seven-link mkd-image-link\" href=\"https:\/\/esi.uclm.es\/index.php\/2026\/03\/06\/convocatoria-de-movilidad-internacional-erasmus-ka131\/\" target=\"_self\">\n\t\t\t\t\t<img loading=\"lazy\" decoding=\"async\" src=\"https:\/\/esi.uclm.es\/assets\/uploads\/2026\/03\/LogoWeb-123x105.webp\" alt=\"\" width=\"123\" height=\"105\" \/>\t\t\t\t<\/a>\n\t\t\t<\/div>\n\t\t\t\t<div class=\"mkd-pt-seven-content-holder\">\n\t\t\t<div class=\"mkd-pt-seven-title-holder\">\n\t\t\t\t<h5 class=\"mkd-pt-seven-title\">\n\t\t\t\t\t<a itemprop=\"url\" class=\"mkd-pt-link\" href=\"https:\/\/esi.uclm.es\/index.php\/2026\/03\/06\/convocatoria-de-movilidad-internacional-erasmus-ka131\/\" target=\"_self\">Convocatoria de movilidad internacional Erasmus+ KA131<\/a>\n\t\t\t\t<\/h5>\n\t\t\t<\/div>\n\t\t\t<div itemprop=\"dateCreated\" class=\"mkd-post-info-date entry-date updated\">\n\t\t\t<a itemprop=\"url\" href=\"https:\/\/esi.uclm.es\/index.php\/2026\/03\/\">\n\t\t6 de marzo de 2026\t\t\t<\/a>\n\t\t<meta itemprop=\"interactionCount\" content=\"UserComments: 0\"\/>\n<\/div>\t\t\t\t\t\t\t<div class=\"mkd-pt-seven-excerpt\">\n\t\t\t\t\t<p class=\"mkd-post-excerpt\">\nSe convocan plazas de movilidad internacional para realizar pr\u00e1cticas abiertas para estudiantes y titulados recientes.\n\n\n\nSe convocan 66 plazas de movilidad internacional para realizar pr\u00e1cticas abiertas<\/p>\t\t\t\t<\/div>\n\t\t\t\t\t<\/div>\n\t<\/div>\n<\/div><div class=\"mkd-pt-seven-item mkd-post-item\">\n\t<div class=\"mkd-pt-seven-item-inner clearfix\">\n\t\t\t\t\t<div class=\"mkd-pt-seven-image-holder\" style=\"width: 123px\">\n\t\t\t\t<a itemprop=\"url\" class=\"mkd-pt-seven-link mkd-image-link\" href=\"https:\/\/esi.uclm.es\/index.php\/2026\/02\/19\/convocatoria-de-movilidad-erasmus-campus-iberus-2026\/\" target=\"_self\">\n\t\t\t\t\t<img loading=\"lazy\" decoding=\"async\" src=\"https:\/\/esi.uclm.es\/assets\/uploads\/2025\/10\/spanish-project-color-123x105.png\" alt=\"\" width=\"123\" height=\"105\" \/>\t\t\t\t<\/a>\n\t\t\t<\/div>\n\t\t\t\t<div class=\"mkd-pt-seven-content-holder\">\n\t\t\t<div class=\"mkd-pt-seven-title-holder\">\n\t\t\t\t<h5 class=\"mkd-pt-seven-title\">\n\t\t\t\t\t<a itemprop=\"url\" class=\"mkd-pt-link\" href=\"https:\/\/esi.uclm.es\/index.php\/2026\/02\/19\/convocatoria-de-movilidad-erasmus-campus-iberus-2026\/\" target=\"_self\">Convocatoria de movilidad Erasmus+ Campus Iberus 2026<\/a>\n\t\t\t\t<\/h5>\n\t\t\t<\/div>\n\t\t\t<div itemprop=\"dateCreated\" class=\"mkd-post-info-date entry-date updated\">\n\t\t\t<a itemprop=\"url\" href=\"https:\/\/esi.uclm.es\/index.php\/2026\/02\/\">\n\t\t19 de febrero de 2026\t\t\t<\/a>\n\t\t<meta itemprop=\"interactionCount\" content=\"UserComments: 0\"\/>\n<\/div>\t\t\t\t\t\t\t<div class=\"mkd-pt-seven-excerpt\">\n\t\t\t\t\t<p class=\"mkd-post-excerpt\">\nAbierto el plazo de presentaci\u00f3n de solicitudes hasta el 10 de marzo de 2026.\n\n\n\nAprovecha esta oportunidad para realizar pr\u00e1cticas en Europa con beca en el<\/p>\t\t\t\t<\/div>\n\t\t\t\t\t<\/div>\n\t<\/div>\n<\/div><div class=\"mkd-pt-seven-item mkd-post-item\">\n\t<div class=\"mkd-pt-seven-item-inner clearfix\">\n\t\t\t\t\t<div class=\"mkd-pt-seven-image-holder\" style=\"width: 123px\">\n\t\t\t\t<a itemprop=\"url\" class=\"mkd-pt-seven-link mkd-image-link\" href=\"https:\/\/esi.uclm.es\/index.php\/2026\/02\/06\/convocatoria-de-dos-becas-para-el-paso-de-encuestas-2\/\" target=\"_self\">\n\t\t\t\t\t<img loading=\"lazy\" decoding=\"async\" src=\"https:\/\/esi.uclm.es\/assets\/uploads\/2023\/10\/paso_encuestas_web-123x105.webp\" alt=\"De fondo un aula con estudiantes, en primer plano un icono que representa encuestas\" width=\"123\" height=\"105\" \/>\t\t\t\t<\/a>\n\t\t\t<\/div>\n\t\t\t\t<div class=\"mkd-pt-seven-content-holder\">\n\t\t\t<div class=\"mkd-pt-seven-title-holder\">\n\t\t\t\t<h5 class=\"mkd-pt-seven-title\">\n\t\t\t\t\t<a itemprop=\"url\" class=\"mkd-pt-link\" href=\"https:\/\/esi.uclm.es\/index.php\/2026\/02\/06\/convocatoria-de-dos-becas-para-el-paso-de-encuestas-2\/\" target=\"_self\">Convocatoria de dos becas para el paso de encuestas<\/a>\n\t\t\t\t<\/h5>\n\t\t\t<\/div>\n\t\t\t<div itemprop=\"dateCreated\" class=\"mkd-post-info-date entry-date updated\">\n\t\t\t<a itemprop=\"url\" href=\"https:\/\/esi.uclm.es\/index.php\/2026\/02\/\">\n\t\t6 de febrero de 2026\t\t\t<\/a>\n\t\t<meta itemprop=\"interactionCount\" content=\"UserComments: 0\"\/>\n<\/div>\t\t\t\t\t\t\t<div class=\"mkd-pt-seven-excerpt\">\n\t\t\t\t\t<p class=\"mkd-post-excerpt\">\nSe convocan, desde el Vicerrectorado de Estudios, Calidad y Acreditaci\u00f3n de la UCLM,\u00a084 becas-colaboraci\u00f3n, de las cuales 2 est\u00e1n asignadas a la ESI. Estas becas,<\/p>\t\t\t\t<\/div>\n\t\t\t\t\t<\/div>\n\t<\/div>\n<\/div><div class=\"mkd-pt-seven-item mkd-post-item\">\n\t<div class=\"mkd-pt-seven-item-inner clearfix\">\n\t\t\t\t\t<div class=\"mkd-pt-seven-image-holder\" style=\"width: 123px\">\n\t\t\t\t<a itemprop=\"url\" class=\"mkd-pt-seven-link mkd-image-link\" href=\"https:\/\/esi.uclm.es\/index.php\/2026\/01\/28\/contratacion-de-personal-laboral-para-proyectos\/\" target=\"_self\">\n\t\t\t\t\t<img loading=\"lazy\" decoding=\"async\" src=\"https:\/\/esi.uclm.es\/assets\/uploads\/2023\/10\/letrasUCLM-123x105.webp\" alt=\"\" width=\"123\" height=\"105\" \/>\t\t\t\t<\/a>\n\t\t\t<\/div>\n\t\t\t\t<div class=\"mkd-pt-seven-content-holder\">\n\t\t\t<div class=\"mkd-pt-seven-title-holder\">\n\t\t\t\t<h5 class=\"mkd-pt-seven-title\">\n\t\t\t\t\t<a itemprop=\"url\" class=\"mkd-pt-link\" href=\"https:\/\/esi.uclm.es\/index.php\/2026\/01\/28\/contratacion-de-personal-laboral-para-proyectos\/\" target=\"_self\">Contrataci\u00f3n de personal laboral para proyectos<\/a>\n\t\t\t\t<\/h5>\n\t\t\t<\/div>\n\t\t\t<div itemprop=\"dateCreated\" class=\"mkd-post-info-date entry-date updated\">\n\t\t\t<a itemprop=\"url\" href=\"https:\/\/esi.uclm.es\/index.php\/2026\/01\/\">\n\t\t28 de enero de 2026\t\t\t<\/a>\n\t\t<meta itemprop=\"interactionCount\" content=\"UserComments: 0\"\/>\n<\/div>\t\t\t\t\t\t\t<div class=\"mkd-pt-seven-excerpt\">\n\t\t\t\t\t<p class=\"mkd-post-excerpt\">\nSe convocan 6 plazas para la contrataci\u00f3n temporal, de duraci\u00f3n determinada, de personal T\u00e9cnico de Apoyo adscrito al \u201cConvenio entre la Junta de Comunidades de<\/p>\t\t\t\t<\/div>\n\t\t\t\t\t<\/div>\n\t<\/div>\n<\/div><div class=\"mkd-pt-seven-item mkd-post-item\">\n\t<div class=\"mkd-pt-seven-item-inner clearfix\">\n\t\t\t\t\t<div class=\"mkd-pt-seven-image-holder\" style=\"width: 123px\">\n\t\t\t\t<a itemprop=\"url\" class=\"mkd-pt-seven-link mkd-image-link\" href=\"https:\/\/esi.uclm.es\/index.php\/2025\/12\/11\/convocatoria-de-tres-becas-en-la-unidad-de-acreditacion-seguimiento-y-evaluacion\/\" target=\"_self\">\n\t\t\t\t\t<img loading=\"lazy\" decoding=\"async\" src=\"https:\/\/esi.uclm.es\/assets\/uploads\/2023\/10\/letrasUCLM-123x105.webp\" alt=\"\" width=\"123\" height=\"105\" \/>\t\t\t\t<\/a>\n\t\t\t<\/div>\n\t\t\t\t<div class=\"mkd-pt-seven-content-holder\">\n\t\t\t<div class=\"mkd-pt-seven-title-holder\">\n\t\t\t\t<h5 class=\"mkd-pt-seven-title\">\n\t\t\t\t\t<a itemprop=\"url\" class=\"mkd-pt-link\" href=\"https:\/\/esi.uclm.es\/index.php\/2025\/12\/11\/convocatoria-de-tres-becas-en-la-unidad-de-acreditacion-seguimiento-y-evaluacion\/\" target=\"_self\">Convocatoria de tres becas en la Unidad de Acreditaci\u00f3n, Seguimiento y Evaluaci\u00f3n<\/a>\n\t\t\t\t<\/h5>\n\t\t\t<\/div>\n\t\t\t<div itemprop=\"dateCreated\" class=\"mkd-post-info-date entry-date updated\">\n\t\t\t<a itemprop=\"url\" href=\"https:\/\/esi.uclm.es\/index.php\/2025\/12\/\">\n\t\t11 de diciembre de 2025\t\t\t<\/a>\n\t\t<meta itemprop=\"interactionCount\" content=\"UserComments: 0\"\/>\n<\/div>\t\t\t\t\t\t\t<div class=\"mkd-pt-seven-excerpt\">\n\t\t\t\t\t<p class=\"mkd-post-excerpt\">\nSe convocan tres becas de colaboraci\u00f3n\u00a0en la Unidad T\u00e9cnica de Acreditaci\u00f3n, Seguimiento y Evaluaci\u00f3n situada en el campus de Ciudad Real. \n\n\n\nLas instancias se pueden<\/p>\t\t\t\t<\/div>\n\t\t\t\t\t<\/div>\n\t<\/div>\n<\/div><div class=\"mkd-pt-seven-item mkd-post-item\">\n\t<div class=\"mkd-pt-seven-item-inner clearfix\">\n\t\t\t\t\t<div class=\"mkd-pt-seven-image-holder\" style=\"width: 123px\">\n\t\t\t\t<a itemprop=\"url\" class=\"mkd-pt-seven-link mkd-image-link\" href=\"https:\/\/esi.uclm.es\/index.php\/2025\/12\/04\/oferta-de-empleo-telefonica\/\" target=\"_self\">\n\t\t\t\t\t<img loading=\"lazy\" decoding=\"async\" src=\"https:\/\/esi.uclm.es\/assets\/uploads\/2025\/12\/foto-distrito-123x105.webp\" alt=\"\" width=\"123\" height=\"105\" \/>\t\t\t\t<\/a>\n\t\t\t<\/div>\n\t\t\t\t<div class=\"mkd-pt-seven-content-holder\">\n\t\t\t<div class=\"mkd-pt-seven-title-holder\">\n\t\t\t\t<h5 class=\"mkd-pt-seven-title\">\n\t\t\t\t\t<a itemprop=\"url\" class=\"mkd-pt-link\" href=\"https:\/\/esi.uclm.es\/index.php\/2025\/12\/04\/oferta-de-empleo-telefonica\/\" target=\"_self\">Oferta de empleo Telef\u00f3nica<\/a>\n\t\t\t\t<\/h5>\n\t\t\t<\/div>\n\t\t\t<div itemprop=\"dateCreated\" class=\"mkd-post-info-date entry-date updated\">\n\t\t\t<a itemprop=\"url\" href=\"https:\/\/esi.uclm.es\/index.php\/2025\/12\/\">\n\t\t4 de diciembre de 2025\t\t\t<\/a>\n\t\t<meta itemprop=\"interactionCount\" content=\"UserComments: 0\"\/>\n<\/div>\t\t\t\t\t\t\t<div class=\"mkd-pt-seven-excerpt\">\n\t\t\t\t\t<p class=\"mkd-post-excerpt\">\nEn Telef\u00f3nica Soluciones de Outsourcing buscan personas para ocupar las 6 vacantes de Gestor\/a de Servicio T\u00e9cnico para los diferentes clientes de la empresa en<\/p>\t\t\t\t<\/div>\n\t\t\t\t\t<\/div>\n\t<\/div>\n<\/div><div class=\"mkd-pt-seven-item mkd-post-item\">\n\t<div class=\"mkd-pt-seven-item-inner clearfix\">\n\t\t\t\t\t<div class=\"mkd-pt-seven-image-holder\" style=\"width: 123px\">\n\t\t\t\t<a itemprop=\"url\" class=\"mkd-pt-seven-link mkd-image-link\" href=\"https:\/\/esi.uclm.es\/index.php\/2025\/11\/25\/convocatoria-de-dos-becas-para-el-paso-de-encuestas\/\" target=\"_self\">\n\t\t\t\t\t<img loading=\"lazy\" decoding=\"async\" src=\"https:\/\/esi.uclm.es\/assets\/uploads\/2023\/10\/paso_encuestas_web-123x105.webp\" alt=\"De fondo un aula con estudiantes, en primer plano un icono que representa encuestas\" width=\"123\" height=\"105\" \/>\t\t\t\t<\/a>\n\t\t\t<\/div>\n\t\t\t\t<div class=\"mkd-pt-seven-content-holder\">\n\t\t\t<div class=\"mkd-pt-seven-title-holder\">\n\t\t\t\t<h5 class=\"mkd-pt-seven-title\">\n\t\t\t\t\t<a itemprop=\"url\" class=\"mkd-pt-link\" href=\"https:\/\/esi.uclm.es\/index.php\/2025\/11\/25\/convocatoria-de-dos-becas-para-el-paso-de-encuestas\/\" target=\"_self\">Convocatoria de dos becas para el paso de encuestas<\/a>\n\t\t\t\t<\/h5>\n\t\t\t<\/div>\n\t\t\t<div itemprop=\"dateCreated\" class=\"mkd-post-info-date entry-date updated\">\n\t\t\t<a itemprop=\"url\" href=\"https:\/\/esi.uclm.es\/index.php\/2025\/11\/\">\n\t\t25 de noviembre de 2025\t\t\t<\/a>\n\t\t<meta itemprop=\"interactionCount\" content=\"UserComments: 0\"\/>\n<\/div>\t\t\t\t\t\t\t<div class=\"mkd-pt-seven-excerpt\">\n\t\t\t\t\t<p class=\"mkd-post-excerpt\">\nSe convocan dos becas de colaboraci\u00f3n,\u00a0en el campus de Ciudad Real, para la formaci\u00f3n en t\u00e9cnicas de planificaci\u00f3n, aplicaci\u00f3n y an\u00e1lisis de encuestas en M\u00e1steres<\/p>\t\t\t\t<\/div>\n\t\t\t\t\t<\/div>\n\t<\/div>\n<\/div><div class=\"mkd-pt-seven-item mkd-post-item\">\n\t<div class=\"mkd-pt-seven-item-inner clearfix\">\n\t\t\t\t\t<div class=\"mkd-pt-seven-image-holder\" style=\"width: 123px\">\n\t\t\t\t<a itemprop=\"url\" class=\"mkd-pt-seven-link mkd-image-link\" href=\"https:\/\/esi.uclm.es\/index.php\/2025\/10\/27\/proceso-selectivo-banco-de-espana\/\" target=\"_self\">\n\t\t\t\t\t<img loading=\"lazy\" decoding=\"async\" src=\"https:\/\/esi.uclm.es\/assets\/uploads\/2025\/10\/banco-espana_58-123x105.webp\" alt=\"\" width=\"123\" height=\"105\" \/>\t\t\t\t<\/a>\n\t\t\t<\/div>\n\t\t\t\t<div class=\"mkd-pt-seven-content-holder\">\n\t\t\t<div class=\"mkd-pt-seven-title-holder\">\n\t\t\t\t<h5 class=\"mkd-pt-seven-title\">\n\t\t\t\t\t<a itemprop=\"url\" class=\"mkd-pt-link\" href=\"https:\/\/esi.uclm.es\/index.php\/2025\/10\/27\/proceso-selectivo-banco-de-espana\/\" target=\"_self\">Proceso selectivo Banco de Espa\u00f1a<\/a>\n\t\t\t\t<\/h5>\n\t\t\t<\/div>\n\t\t\t<div itemprop=\"dateCreated\" class=\"mkd-post-info-date entry-date updated\">\n\t\t\t<a itemprop=\"url\" href=\"https:\/\/esi.uclm.es\/index.php\/2025\/10\/\">\n\t\t27 de octubre de 2025\t\t\t<\/a>\n\t\t<meta itemprop=\"interactionCount\" content=\"UserComments: 0\"\/>\n<\/div>\t\t\t\t\t\t\t<div class=\"mkd-pt-seven-excerpt\">\n\t\t\t\t\t<p class=\"mkd-post-excerpt\">\nPara egresados y estudiantes de M\u00e1ster\n\n\n\nDesde el Banco de Espa\u00f1a, se ha lanzado un proceso selectivo para incorporar talento tecnol\u00f3gico a proyectos de alto impacto<\/p>\t\t\t\t<\/div>\n\t\t\t\t\t<\/div>\n\t<\/div>\n<\/div><div class=\"mkd-pt-seven-item mkd-post-item\">\n\t<div class=\"mkd-pt-seven-item-inner clearfix\">\n\t\t\t\t\t<div class=\"mkd-pt-seven-image-holder\" style=\"width: 123px\">\n\t\t\t\t<a itemprop=\"url\" class=\"mkd-pt-seven-link mkd-image-link\" href=\"https:\/\/esi.uclm.es\/index.php\/2025\/10\/08\/practicas-erasmus-su4eu\/\" target=\"_self\">\n\t\t\t\t\t<img loading=\"lazy\" decoding=\"async\" src=\"https:\/\/esi.uclm.es\/assets\/uploads\/2025\/10\/spanish-project-color-123x105.png\" alt=\"\" width=\"123\" height=\"105\" \/>\t\t\t\t<\/a>\n\t\t\t<\/div>\n\t\t\t\t<div class=\"mkd-pt-seven-content-holder\">\n\t\t\t<div class=\"mkd-pt-seven-title-holder\">\n\t\t\t\t<h5 class=\"mkd-pt-seven-title\">\n\t\t\t\t\t<a itemprop=\"url\" class=\"mkd-pt-link\" href=\"https:\/\/esi.uclm.es\/index.php\/2025\/10\/08\/practicas-erasmus-su4eu\/\" target=\"_self\">Pr\u00e1cticas Erasmus+ SU4EU<\/a>\n\t\t\t\t<\/h5>\n\t\t\t<\/div>\n\t\t\t<div itemprop=\"dateCreated\" class=\"mkd-post-info-date entry-date updated\">\n\t\t\t<a itemprop=\"url\" href=\"https:\/\/esi.uclm.es\/index.php\/2025\/10\/\">\n\t\t8 de octubre de 2025\t\t\t<\/a>\n\t\t<meta itemprop=\"interactionCount\" content=\"UserComments: 0\"\/>\n<\/div>\t\t\t\t\t\t\t<div class=\"mkd-pt-seven-excerpt\">\n\t\t\t\t\t<p class=\"mkd-post-excerpt\">\nPresentaci\u00f3n de solicitudes hasta el 10 de noviembre de 2025\n\n\n\nAprovecha esta oportunidad para realizar pr\u00e1cticas en Europa con beca en el marco del programa Erasmus+.<\/p>\t\t\t\t<\/div>\n\t\t\t\t\t<\/div>\n\t<\/div>\n<\/div><div class=\"mkd-pt-seven-item mkd-post-item\">\n\t<div class=\"mkd-pt-seven-item-inner clearfix\">\n\t\t\t\t\t<div class=\"mkd-pt-seven-image-holder\" style=\"width: 123px\">\n\t\t\t\t<a itemprop=\"url\" class=\"mkd-pt-seven-link mkd-image-link\" href=\"https:\/\/esi.uclm.es\/index.php\/2025\/10\/07\/beca-paso-de-encuestas-a-profesorado\/\" target=\"_self\">\n\t\t\t\t\t<img loading=\"lazy\" decoding=\"async\" src=\"https:\/\/esi.uclm.es\/assets\/uploads\/2023\/10\/paso_encuestas_web-123x105.webp\" alt=\"De fondo un aula con estudiantes, en primer plano un icono que representa encuestas\" width=\"123\" height=\"105\" \/>\t\t\t\t<\/a>\n\t\t\t<\/div>\n\t\t\t\t<div class=\"mkd-pt-seven-content-holder\">\n\t\t\t<div class=\"mkd-pt-seven-title-holder\">\n\t\t\t\t<h5 class=\"mkd-pt-seven-title\">\n\t\t\t\t\t<a itemprop=\"url\" class=\"mkd-pt-link\" href=\"https:\/\/esi.uclm.es\/index.php\/2025\/10\/07\/beca-paso-de-encuestas-a-profesorado\/\" target=\"_self\">Becas paso de encuestas a profesorado<\/a>\n\t\t\t\t<\/h5>\n\t\t\t<\/div>\n\t\t\t<div itemprop=\"dateCreated\" class=\"mkd-post-info-date entry-date updated\">\n\t\t\t<a itemprop=\"url\" href=\"https:\/\/esi.uclm.es\/index.php\/2025\/10\/\">\n\t\t7 de octubre de 2025\t\t\t<\/a>\n\t\t<meta itemprop=\"interactionCount\" content=\"UserComments: 0\"\/>\n<\/div>\t\t\t\t\t\t\t<div class=\"mkd-pt-seven-excerpt\">\n\t\t\t\t\t<p class=\"mkd-post-excerpt\">\nSe convocan dos becas para la formaci\u00f3n en t\u00e9cnicas de planificaci\u00f3n, aplicaci\u00f3n y an\u00e1lisis de encuestas en las facultades y escuelas de la UCLM durante<\/p>\t\t\t\t<\/div>\n\t\t\t\t\t<\/div>\n\t<\/div>\n<\/div><div class=\"mkd-pt-seven-item mkd-post-item\">\n\t<div class=\"mkd-pt-seven-item-inner clearfix\">\n\t\t\t\t\t<div class=\"mkd-pt-seven-image-holder\" style=\"width: 123px\">\n\t\t\t\t<a itemprop=\"url\" class=\"mkd-pt-seven-link mkd-image-link\" href=\"https:\/\/esi.uclm.es\/index.php\/2025\/09\/20\/contrato-para-la-programacion-de-algoritmos-de-optimizacion-en-python-e-implementacion-de-tecnicas-de-machine-learning\/\" target=\"_self\">\n\t\t\t\t\t<img loading=\"lazy\" decoding=\"async\" src=\"https:\/\/esi.uclm.es\/assets\/uploads\/2025\/09\/python_wallpaper-123x105.jpg\" alt=\"Logo python\" width=\"123\" height=\"105\" \/>\t\t\t\t<\/a>\n\t\t\t<\/div>\n\t\t\t\t<div class=\"mkd-pt-seven-content-holder\">\n\t\t\t<div class=\"mkd-pt-seven-title-holder\">\n\t\t\t\t<h5 class=\"mkd-pt-seven-title\">\n\t\t\t\t\t<a itemprop=\"url\" class=\"mkd-pt-link\" href=\"https:\/\/esi.uclm.es\/index.php\/2025\/09\/20\/contrato-para-la-programacion-de-algoritmos-de-optimizacion-en-python-e-implementacion-de-tecnicas-de-machine-learning\/\" target=\"_self\">Contrato para la programaci\u00f3n de algoritmos de optimizaci\u00f3n en Python e implementaci\u00f3n de t\u00e9cnicas de machine learning<\/a>\n\t\t\t\t<\/h5>\n\t\t\t<\/div>\n\t\t\t<div itemprop=\"dateCreated\" class=\"mkd-post-info-date entry-date updated\">\n\t\t\t<a itemprop=\"url\" href=\"https:\/\/esi.uclm.es\/index.php\/2025\/09\/\">\n\t\t20 de septiembre de 2025\t\t\t<\/a>\n\t\t<meta itemprop=\"interactionCount\" content=\"UserComments: 0\"\/>\n<\/div>\t\t\t\t\t\t\t<div class=\"mkd-pt-seven-excerpt\">\n\t\t\t\t\t<p class=\"mkd-post-excerpt\">\nA trav\u00e9s de este medio informamos de una oportunidad de contrato asociado a grupo de investigaci\u00f3n. Buscan graduados\/as en matem\u00e1ticas, inform\u00e1tica o afines para colaboraci\u00f3n<\/p>\t\t\t\t<\/div>\n\t\t\t\t\t<\/div>\n\t<\/div>\n<\/div><div class=\"mkd-pt-seven-item mkd-post-item\">\n\t<div class=\"mkd-pt-seven-item-inner clearfix\">\n\t\t\t\t\t<div class=\"mkd-pt-seven-image-holder\" style=\"width: 123px\">\n\t\t\t\t<a itemprop=\"url\" class=\"mkd-pt-seven-link mkd-image-link\" href=\"https:\/\/esi.uclm.es\/index.php\/2025\/09\/09\/becas-paso-de-encuestas-a-masteres\/\" target=\"_self\">\n\t\t\t\t\t<img loading=\"lazy\" decoding=\"async\" src=\"https:\/\/esi.uclm.es\/assets\/uploads\/2023\/10\/paso_encuestas_web-123x105.webp\" alt=\"De fondo un aula con estudiantes, en primer plano un icono que representa encuestas\" width=\"123\" height=\"105\" \/>\t\t\t\t<\/a>\n\t\t\t<\/div>\n\t\t\t\t<div class=\"mkd-pt-seven-content-holder\">\n\t\t\t<div class=\"mkd-pt-seven-title-holder\">\n\t\t\t\t<h5 class=\"mkd-pt-seven-title\">\n\t\t\t\t\t<a itemprop=\"url\" class=\"mkd-pt-link\" href=\"https:\/\/esi.uclm.es\/index.php\/2025\/09\/09\/becas-paso-de-encuestas-a-masteres\/\" target=\"_self\">Becas paso de encuestas en M\u00e1steres Intercampus<\/a>\n\t\t\t\t<\/h5>\n\t\t\t<\/div>\n\t\t\t<div itemprop=\"dateCreated\" class=\"mkd-post-info-date entry-date updated\">\n\t\t\t<a itemprop=\"url\" href=\"https:\/\/esi.uclm.es\/index.php\/2025\/09\/\">\n\t\t9 de septiembre de 2025\t\t\t<\/a>\n\t\t<meta itemprop=\"interactionCount\" content=\"UserComments: 0\"\/>\n<\/div>\t\t\t\t\t\t\t<div class=\"mkd-pt-seven-excerpt\">\n\t\t\t\t\t<p class=\"mkd-post-excerpt\">\n1er Cuatrimestre\n\n\n\nConvocatoria de 10 becas de colaboraci\u00f3n, distribuidas en los diferentes campus de la UCLM, para el paso de encuestas a los M\u00e1steres Universitarios y<\/p>\t\t\t\t<\/div>\n\t\t\t\t\t<\/div>\n\t<\/div>\n<\/div><div class=\"mkd-pt-seven-item mkd-post-item\">\n\t<div class=\"mkd-pt-seven-item-inner clearfix\">\n\t\t\t\t\t<div class=\"mkd-pt-seven-image-holder\" style=\"width: 123px\">\n\t\t\t\t<a itemprop=\"url\" class=\"mkd-pt-seven-link mkd-image-link\" href=\"https:\/\/esi.uclm.es\/index.php\/2025\/07\/10\/beca-proyecto-smart-esi-3\/\" target=\"_self\">\n\t\t\t\t\t<img loading=\"lazy\" decoding=\"async\" src=\"https:\/\/esi.uclm.es\/assets\/uploads\/2023\/11\/smart_esi_web_2-123x105.webp\" alt=\"Smart ESI y la Escuela Superior de Inform\u00e1tica\" width=\"123\" height=\"105\" \/>\t\t\t\t<\/a>\n\t\t\t<\/div>\n\t\t\t\t<div class=\"mkd-pt-seven-content-holder\">\n\t\t\t<div class=\"mkd-pt-seven-title-holder\">\n\t\t\t\t<h5 class=\"mkd-pt-seven-title\">\n\t\t\t\t\t<a itemprop=\"url\" class=\"mkd-pt-link\" href=\"https:\/\/esi.uclm.es\/index.php\/2025\/07\/10\/beca-proyecto-smart-esi-3\/\" target=\"_self\">Beca Proyecto Smart ESI \u2013 Resoluci\u00f3n definitiva<\/a>\n\t\t\t\t<\/h5>\n\t\t\t<\/div>\n\t\t\t<div itemprop=\"dateCreated\" class=\"mkd-post-info-date entry-date updated\">\n\t\t\t<a itemprop=\"url\" href=\"https:\/\/esi.uclm.es\/index.php\/2025\/07\/\">\n\t\t10 de julio de 2025\t\t\t<\/a>\n\t\t<meta itemprop=\"interactionCount\" content=\"UserComments: 0\"\/>\n<\/div>\t\t\t\t\t\t\t<div class=\"mkd-pt-seven-excerpt\">\n\t\t\t\t\t<p class=\"mkd-post-excerpt\">\nSe convoca una beca de colaboraci\u00f3n destinada a que la persona beneficiaria preste su colaboraci\u00f3n, en r\u00e9gimen de compatibilidad con sus estudios, en la Escuela<\/p>\t\t\t\t<\/div>\n\t\t\t\t\t<\/div>\n\t<\/div>\n<\/div><div class=\"mkd-pt-seven-item mkd-post-item\">\n\t<div class=\"mkd-pt-seven-item-inner clearfix\">\n\t\t\t\t\t<div class=\"mkd-pt-seven-image-holder\" style=\"width: 123px\">\n\t\t\t\t<a itemprop=\"url\" class=\"mkd-pt-seven-link mkd-image-link\" href=\"https:\/\/esi.uclm.es\/index.php\/2025\/07\/10\/beca-programa-mentor\/\" target=\"_self\">\n\t\t\t\t\t<img loading=\"lazy\" decoding=\"async\" src=\"https:\/\/esi.uclm.es\/assets\/uploads\/2023\/09\/Programa_mentor-123x105.webp\" alt=\"Programa Mentor de la Escuela Superior de Inform\u00e1tica\" width=\"123\" height=\"105\" \/>\t\t\t\t<\/a>\n\t\t\t<\/div>\n\t\t\t\t<div class=\"mkd-pt-seven-content-holder\">\n\t\t\t<div class=\"mkd-pt-seven-title-holder\">\n\t\t\t\t<h5 class=\"mkd-pt-seven-title\">\n\t\t\t\t\t<a itemprop=\"url\" class=\"mkd-pt-link\" href=\"https:\/\/esi.uclm.es\/index.php\/2025\/07\/10\/beca-programa-mentor\/\" target=\"_self\">Beca Programa Mentor \u2013 Resoluci\u00f3n definitiva<\/a>\n\t\t\t\t<\/h5>\n\t\t\t<\/div>\n\t\t\t<div itemprop=\"dateCreated\" class=\"mkd-post-info-date entry-date updated\">\n\t\t\t<a itemprop=\"url\" href=\"https:\/\/esi.uclm.es\/index.php\/2025\/07\/\">\n\t\t10 de julio de 2025\t\t\t<\/a>\n\t\t<meta itemprop=\"interactionCount\" content=\"UserComments: 0\"\/>\n<\/div>\t\t\t\t\t\t\t<div class=\"mkd-pt-seven-excerpt\">\n\t\t\t\t\t<p class=\"mkd-post-excerpt\">\nSe convoca una beca de colaboraci\u00f3n destinada a que la persona beneficiaria preste su colaboraci\u00f3n, en r\u00e9gimen de compatibilidad con sus estudios, en la Escuela<\/p>\t\t\t\t<\/div>\n\t\t\t\t\t<\/div>\n\t<\/div>\n<\/div><\/div><\/div><\/div><\/div><\/div><\/div><\/div><\/div>\n","protected":false},"excerpt":{"rendered":"Se convoca una beca de colaboraci\u00f3n destinada a que la persona beneficiaria preste su colaboraci\u00f3n, en r\u00e9gimen de compatibilidad con sus estudios, en la Escuela Superior de Inform\u00e1tica del campus de Ciudad Real, para promover la formaci\u00f3n del estudiante en cuanto al desarrollo, implantaci\u00f3n, configuraci\u00f3n [...]","protected":false},"author":1,"featured_media":0,"parent":5174,"menu_order":0,"comment_status":"closed","ping_status":"closed","template":"","meta":{"footnotes":""},"class_list":["post-4158","page","type-page","status-publish","hentry"],"yoast_head":"<!-- This site is optimized with the Yoast SEO plugin v27.5 - https:\/\/yoast.com\/product\/yoast-seo-wordpress\/ -->\n<title>Becas y Ayudas - Escuela Superior de Inform\u00e1tica de UCLM<\/title>\n<meta name=\"robots\" content=\"index, follow, max-snippet:-1, max-image-preview:large, max-video-preview:-1\" \/>\n<link rel=\"canonical\" href=\"https:\/\/esi.uclm.es\/index.php\/vida-en-la-esi\/apoyo-al-estudiante\/becas-y-ayudas\/\" \/>\n<meta property=\"og:locale\" content=\"es_ES\" \/>\n<meta property=\"og:type\" content=\"article\" \/>\n<meta property=\"og:title\" content=\"Becas y Ayudas - Escuela Superior de Inform\u00e1tica de UCLM\" \/>\n<meta property=\"og:url\" content=\"https:\/\/esi.uclm.es\/index.php\/vida-en-la-esi\/apoyo-al-estudiante\/becas-y-ayudas\/\" \/>\n<meta property=\"og:site_name\" content=\"Escuela Superior de Inform\u00e1tica de UCLM\" \/>\n<meta property=\"article:publisher\" content=\"https:\/\/www.facebook.com\/Escuela-Superior-de-Informtica-543261809027158\" \/>\n<meta property=\"article:modified_time\" content=\"2022-02-17T16:08:28+00:00\" \/>\n<meta name=\"twitter:card\" content=\"summary_large_image\" \/>\n<meta name=\"twitter:site\" content=\"@esiuclm\" \/>\n<script type=\"application\/ld+json\" class=\"yoast-schema-graph\">{\"@context\":\"https:\\\/\\\/schema.org\",\"@graph\":[{\"@type\":\"WebPage\",\"@id\":\"https:\\\/\\\/esi.uclm.es\\\/index.php\\\/vida-en-la-esi\\\/apoyo-al-estudiante\\\/becas-y-ayudas\\\/\",\"url\":\"https:\\\/\\\/esi.uclm.es\\\/index.php\\\/vida-en-la-esi\\\/apoyo-al-estudiante\\\/becas-y-ayudas\\\/\",\"name\":\"Becas y Ayudas - Escuela Superior de Inform\u00e1tica de UCLM\",\"isPartOf\":{\"@id\":\"https:\\\/\\\/esi.uclm.es\\\/#website\"},\"datePublished\":\"2022-01-27T18:26:29+00:00\",\"dateModified\":\"2022-02-17T16:08:28+00:00\",\"breadcrumb\":{\"@id\":\"https:\\\/\\\/esi.uclm.es\\\/index.php\\\/vida-en-la-esi\\\/apoyo-al-estudiante\\\/becas-y-ayudas\\\/#breadcrumb\"},\"inLanguage\":\"es\",\"potentialAction\":[{\"@type\":\"ReadAction\",\"target\":[\"https:\\\/\\\/esi.uclm.es\\\/index.php\\\/vida-en-la-esi\\\/apoyo-al-estudiante\\\/becas-y-ayudas\\\/\"]}]},{\"@type\":\"BreadcrumbList\",\"@id\":\"https:\\\/\\\/esi.uclm.es\\\/index.php\\\/vida-en-la-esi\\\/apoyo-al-estudiante\\\/becas-y-ayudas\\\/#breadcrumb\",\"itemListElement\":[{\"@type\":\"ListItem\",\"position\":1,\"name\":\"Portada\",\"item\":\"https:\\\/\\\/esi.uclm.es\\\/\"},{\"@type\":\"ListItem\",\"position\":2,\"name\":\"Vida en la ESI\",\"item\":\"https:\\\/\\\/esi.uclm.es\\\/index.php\\\/vida-en-la-esi\\\/\"},{\"@type\":\"ListItem\",\"position\":3,\"name\":\"Apoyo al estudiante\",\"item\":\"https:\\\/\\\/esi.uclm.es\\\/index.php\\\/vida-en-la-esi\\\/apoyo-al-estudiante\\\/\"},{\"@type\":\"ListItem\",\"position\":4,\"name\":\"Becas y Ayudas\"}]},{\"@type\":\"WebSite\",\"@id\":\"https:\\\/\\\/esi.uclm.es\\\/#website\",\"url\":\"https:\\\/\\\/esi.uclm.es\\\/\",\"name\":\"Escuela Superior de Inform\u00e1tica de UCLM en Ciudad Real, Castilla-La Mancha\",\"description\":\"La Escuela Superior de Inform\u00e1tica de Ciudad Real (Castilla-La Mancha), Universidad de Castilla-La Mancha es un centro universitario que imparte el ciclo completo de Ingenier\u00eda en Inform\u00e1tica: grado, m\u00e1ster y doctorado.\",\"publisher\":{\"@id\":\"https:\\\/\\\/esi.uclm.es\\\/#organization\"},\"potentialAction\":[{\"@type\":\"SearchAction\",\"target\":{\"@type\":\"EntryPoint\",\"urlTemplate\":\"https:\\\/\\\/esi.uclm.es\\\/?s={search_term_string}\"},\"query-input\":{\"@type\":\"PropertyValueSpecification\",\"valueRequired\":true,\"valueName\":\"search_term_string\"}}],\"inLanguage\":\"es\"},{\"@type\":\"Organization\",\"@id\":\"https:\\\/\\\/esi.uclm.es\\\/#organization\",\"name\":\"Escuela Superior de Inform\u00e1tica de UCLM\",\"url\":\"https:\\\/\\\/esi.uclm.es\\\/\",\"logo\":{\"@type\":\"ImageObject\",\"inLanguage\":\"es\",\"@id\":\"https:\\\/\\\/esi.uclm.es\\\/#\\\/schema\\\/logo\\\/image\\\/\",\"url\":\"https:\\\/\\\/esi.uclm.es\\\/assets\\\/uploads\\\/2022\\\/03\\\/LogoESI_cabecera-1.png\",\"contentUrl\":\"https:\\\/\\\/esi.uclm.es\\\/assets\\\/uploads\\\/2022\\\/03\\\/LogoESI_cabecera-1.png\",\"width\":460,\"height\":184,\"caption\":\"Escuela Superior de Inform\u00e1tica de UCLM\"},\"image\":{\"@id\":\"https:\\\/\\\/esi.uclm.es\\\/#\\\/schema\\\/logo\\\/image\\\/\"},\"sameAs\":[\"https:\\\/\\\/www.facebook.com\\\/Escuela-Superior-de-Informtica-543261809027158\",\"https:\\\/\\\/x.com\\\/esiuclm\",\"https:\\\/\\\/www.instagram.com\\\/esiuclm\\\/\",\"https:\\\/\\\/www.youtube.com\\\/user\\\/esiuclm\",\"https:\\\/\\\/www.twitch.tv\\\/esiuclm\",\"https:\\\/\\\/www.linkedin.com\\\/company\\\/12656631\\\/admin\\\/\"]}]}<\/script>\n<!-- \/ Yoast SEO plugin. -->","yoast_head_json":{"title":"Becas y Ayudas - Escuela Superior de Inform\u00e1tica de UCLM","robots":{"index":"index","follow":"follow","max-snippet":"max-snippet:-1","max-image-preview":"max-image-preview:large","max-video-preview":"max-video-preview:-1"},"canonical":"https:\/\/esi.uclm.es\/index.php\/vida-en-la-esi\/apoyo-al-estudiante\/becas-y-ayudas\/","og_locale":"es_ES","og_type":"article","og_title":"Becas y Ayudas - Escuela Superior de Inform\u00e1tica de UCLM","og_url":"https:\/\/esi.uclm.es\/index.php\/vida-en-la-esi\/apoyo-al-estudiante\/becas-y-ayudas\/","og_site_name":"Escuela Superior de Inform\u00e1tica de UCLM","article_publisher":"https:\/\/www.facebook.com\/Escuela-Superior-de-Informtica-543261809027158","article_modified_time":"2022-02-17T16:08:28+00:00","twitter_card":"summary_large_image","twitter_site":"@esiuclm","schema":{"@context":"https:\/\/schema.org","@graph":[{"@type":"WebPage","@id":"https:\/\/esi.uclm.es\/index.php\/vida-en-la-esi\/apoyo-al-estudiante\/becas-y-ayudas\/","url":"https:\/\/esi.uclm.es\/index.php\/vida-en-la-esi\/apoyo-al-estudiante\/becas-y-ayudas\/","name":"Becas y Ayudas - Escuela Superior de Inform\u00e1tica de UCLM","isPartOf":{"@id":"https:\/\/esi.uclm.es\/#website"},"datePublished":"2022-01-27T18:26:29+00:00","dateModified":"2022-02-17T16:08:28+00:00","breadcrumb":{"@id":"https:\/\/esi.uclm.es\/index.php\/vida-en-la-esi\/apoyo-al-estudiante\/becas-y-ayudas\/#breadcrumb"},"inLanguage":"es","potentialAction":[{"@type":"ReadAction","target":["https:\/\/esi.uclm.es\/index.php\/vida-en-la-esi\/apoyo-al-estudiante\/becas-y-ayudas\/"]}]},{"@type":"BreadcrumbList","@id":"https:\/\/esi.uclm.es\/index.php\/vida-en-la-esi\/apoyo-al-estudiante\/becas-y-ayudas\/#breadcrumb","itemListElement":[{"@type":"ListItem","position":1,"name":"Portada","item":"https:\/\/esi.uclm.es\/"},{"@type":"ListItem","position":2,"name":"Vida en la ESI","item":"https:\/\/esi.uclm.es\/index.php\/vida-en-la-esi\/"},{"@type":"ListItem","position":3,"name":"Apoyo al estudiante","item":"https:\/\/esi.uclm.es\/index.php\/vida-en-la-esi\/apoyo-al-estudiante\/"},{"@type":"ListItem","position":4,"name":"Becas y Ayudas"}]},{"@type":"WebSite","@id":"https:\/\/esi.uclm.es\/#website","url":"https:\/\/esi.uclm.es\/","name":"Escuela Superior de Inform\u00e1tica de UCLM en Ciudad Real, Castilla-La Mancha","description":"La Escuela Superior de Inform\u00e1tica de Ciudad Real (Castilla-La Mancha), Universidad de Castilla-La Mancha es un centro universitario que imparte el ciclo completo de Ingenier\u00eda en Inform\u00e1tica: grado, m\u00e1ster y doctorado.","publisher":{"@id":"https:\/\/esi.uclm.es\/#organization"},"potentialAction":[{"@type":"SearchAction","target":{"@type":"EntryPoint","urlTemplate":"https:\/\/esi.uclm.es\/?s={search_term_string}"},"query-input":{"@type":"PropertyValueSpecification","valueRequired":true,"valueName":"search_term_string"}}],"inLanguage":"es"},{"@type":"Organization","@id":"https:\/\/esi.uclm.es\/#organization","name":"Escuela Superior de Inform\u00e1tica de UCLM","url":"https:\/\/esi.uclm.es\/","logo":{"@type":"ImageObject","inLanguage":"es","@id":"https:\/\/esi.uclm.es\/#\/schema\/logo\/image\/","url":"https:\/\/esi.uclm.es\/assets\/uploads\/2022\/03\/LogoESI_cabecera-1.png","contentUrl":"https:\/\/esi.uclm.es\/assets\/uploads\/2022\/03\/LogoESI_cabecera-1.png","width":460,"height":184,"caption":"Escuela Superior de Inform\u00e1tica de UCLM"},"image":{"@id":"https:\/\/esi.uclm.es\/#\/schema\/logo\/image\/"},"sameAs":["https:\/\/www.facebook.com\/Escuela-Superior-de-Informtica-543261809027158","https:\/\/x.com\/esiuclm","https:\/\/www.instagram.com\/esiuclm\/","https:\/\/www.youtube.com\/user\/esiuclm","https:\/\/www.twitch.tv\/esiuclm","https:\/\/www.linkedin.com\/company\/12656631\/admin\/"]}]}},"_links":{"self":[{"href":"https:\/\/esi.uclm.es\/index.php\/wp-json\/wp\/v2\/pages\/4158","targetHints":{"allow":["GET"]}}],"collection":[{"href":"https:\/\/esi.uclm.es\/index.php\/wp-json\/wp\/v2\/pages"}],"about":[{"href":"https:\/\/esi.uclm.es\/index.php\/wp-json\/wp\/v2\/types\/page"}],"author":[{"embeddable":true,"href":"https:\/\/esi.uclm.es\/index.php\/wp-json\/wp\/v2\/users\/1"}],"replies":[{"embeddable":true,"href":"https:\/\/esi.uclm.es\/index.php\/wp-json\/wp\/v2\/comments?post=4158"}],"version-history":[{"count":5,"href":"https:\/\/esi.uclm.es\/index.php\/wp-json\/wp\/v2\/pages\/4158\/revisions"}],"predecessor-version":[{"id":4945,"href":"https:\/\/esi.uclm.es\/index.php\/wp-json\/wp\/v2\/pages\/4158\/revisions\/4945"}],"up":[{"embeddable":true,"href":"https:\/\/esi.uclm.es\/index.php\/wp-json\/wp\/v2\/pages\/5174"}],"wp:attachment":[{"href":"https:\/\/esi.uclm.es\/index.php\/wp-json\/wp\/v2\/media?parent=4158"}],"curies":[{"name":"wp","href":"https:\/\/api.w.org\/{rel}","templated":true}]}}