{"id":4045,"date":"2022-01-27T17:21:06","date_gmt":"2022-01-27T17:21:06","guid":{"rendered":"http:\/\/esiaz24.uclm.es\/?page_id=4045"},"modified":"2026-02-11T08:15:32","modified_gmt":"2026-02-11T08:15:32","slug":"trabajos-fin-de-grado","status":"publish","type":"page","link":"https:\/\/esi.uclm.es\/index.php\/grado-en-ingenieria-informatica\/trabajos-fin-de-grado\/","title":{"rendered":"Trabajos Fin de Grado"},"content":{"rendered":"\n<figure class=\"wp-block-image size-large\"><img loading=\"lazy\" decoding=\"async\" width=\"1024\" height=\"256\" src=\"https:\/\/esi.uclm.es\/assets\/uploads\/2022\/05\/proyectos-1024x256.jpeg\" alt=\"Estudiantes debatiendo ideas\" class=\"wp-image-10516\" srcset=\"https:\/\/esi.uclm.es\/assets\/uploads\/2022\/05\/proyectos-1024x256.jpeg 1024w, https:\/\/esi.uclm.es\/assets\/uploads\/2022\/05\/proyectos-300x75.jpeg 300w, https:\/\/esi.uclm.es\/assets\/uploads\/2022\/05\/proyectos-768x192.jpeg 768w, https:\/\/esi.uclm.es\/assets\/uploads\/2022\/05\/proyectos-600x150.jpeg 600w, https:\/\/esi.uclm.es\/assets\/uploads\/2022\/05\/proyectos.jpeg 1199w\" sizes=\"auto, (max-width: 1024px) 100vw, 1024px\" \/><\/figure>\n\n\n\n<p>&nbsp;<\/p>\n\n\n\n<h2 class=\"wp-block-heading\" id=\"normativa-guia-y-matriculacion\">Normativa, Gu\u00eda y Matriculaci\u00f3n<\/h2>\n\n\n\n<hr class=\"wp-block-separator has-text-color has-vivid-cyan-blue-color has-css-opacity has-vivid-cyan-blue-background-color has-background\"\/>\n\n\n\n<p>La Junta de Centro de la Escuela Superior de Inform\u00e1tica de Ciudad Real, en su reuni\u00f3n del 28 de enero de 2025, aprob\u00f3 la <strong>actualizaci\u00f3n del Reglamento de Trabajos de Fin de Grado (TFG)<\/strong> con el objetivo de adaptarlo a las condiciones actuales del Centro y a las nuevas aplicaciones corporativas para la gesti\u00f3n integral de todas las etapas del proceso de elaboraci\u00f3n y defensa de los TFG. En esta p\u00e1gina se encuentra disponible toda la informaci\u00f3n necesaria para llevar a cabo correctamente el procedimiento de asignaci\u00f3n, propuesta, desarrollo y defensa del TFG en el Grado en Ingenier\u00eda Inform\u00e1tica.<\/p>\n\n\n\n<h3 class=\"wp-block-heading\">Asignaci\u00f3n de Trabajo Fin de Grado<\/h3>\n\n\n\n<p>Se establecen diversos cauces para que los estudiantes de la ESI consigan la asignaci\u00f3n de un TFG:<\/p>\n\n\n\n<ul class=\"wp-block-list\">\n<li>Un estudiante concurre a una convocatoria FORTE y es seleccionado por una empresa para desarrollar un determinado TFG bajo la supervisi\u00f3n de un tutor\/a acad\u00e9mico\/a<\/li>\n\n\n\n<li>Un profesor propone un TFG y un estudiante, dentro de los plazos establecidos, solicita que se le asigne dicho trabajo en la convocatoria correspondiente y resulta seleccionado (<a href=\"https:\/\/esi.uclm.es\/index.php\/grado-en-ingenieria-informatica\/trabajos-fin-de-grado\/propuestas-de-tfgs\/\">consulta en este enlace la tabla de propuestas<\/a>)<\/li>\n\n\n\n<li>Un estudiante y un profesor de la ESI acuerdan un tema (que propone cualquiera de las dos partes) para desarrollar un TFG, actuando dicho profesor como tutor\/a acad\u00e9mico\/a<\/li>\n<\/ul>\n\n\n\n<h3 class=\"wp-block-heading\">Propuesta de Trabajo Fin de Grado<\/h3>\n\n\n\n<p>Una vez se haya asignado el TFG a un estudiante, el tutor\/a acad\u00e9mico del trabajo deber\u00e1 generar una propuesta de TFG utilizando la <a href=\"https:\/\/adas.uclm.es\/CAS\/login?service=https:\/\/tfe.apps.uclm.es\/App_Comun\/sso\/iniciarSesion.ashx\">Aplicaci\u00f3n para la gesti\u00f3n de los Trabajos de Fin de Estudios en la UCLM<\/a>, proporcionando la informaci\u00f3n descrita en el <a href=\"https:\/\/esi.uclm.es\/assets\/uploads\/2025\/03\/Manual-alta-propuesta-y-resolucion-defensa-de-TFG-por-tutor-ESI.pdf\">Manual de uso de Aplicaci\u00f3n de TFEs para profesores<\/a>.<\/p>\n\n\n\n<p>Para que un TFG pueda ser defendido en una convocatoria, es necesario que la propuesta se haya presentado con un <strong>m\u00ednimo de 3 meses de antelaci\u00f3n<\/strong> respecto de la fecha m\u00e1xima de entrega de la convocatoria en la que se pretende defender el TFG.<\/p>\n\n\n\n<h3 class=\"wp-block-heading\">Defensa de Trabajo Fin de Grado<\/h3>\n\n\n\n<p>El <strong>estudiante<\/strong> ser\u00e1 responsable de realizar el dep\u00f3sito de su TFG a trav\u00e9s de la <a href=\"https:\/\/adas.uclm.es\/CAS\/login?service=https:\/\/tfe.apps.uclm.es\/App_Comun\/sso\/iniciarSesion.ashx\">Aplicaci\u00f3n para la gesti\u00f3n de los Trabajos de Fin de Estudios en la UCLM<\/a>, siguiendo los pasos indicados en el <a href=\"https:\/\/esi.uclm.es\/assets\/uploads\/2025\/03\/Manual-solicitud-defensa-de-TFG-ESI.pdf\">Manual de uso de Aplicaci\u00f3n de TFEs para Estudiantes<\/a>. Para ello, deber\u00e1 adjuntar una copia en formato electr\u00f3nico de la memoria del Trabajo Fin de Grado dentro del plazo establecido en el calendario acad\u00e9mico de la convocatoria en la que se desea defender.<\/p>\n\n\n\n<p>El <strong>tutor\/a, <\/strong>una vez reciba la notificaci\u00f3n de solicitud de defensa, deber\u00e1 resolverla a trav\u00e9s de la&nbsp; <a href=\"https:\/\/adas.uclm.es\/CAS\/login?service=https:\/\/tfe.apps.uclm.es\/App_Comun\/sso\/iniciarSesion.ashx\">Aplicaci\u00f3n para la gesti\u00f3n de los Trabajos de Fin de Estudios en la UCLM<\/a> de la siguiente forma (v\u00e9ase el Manual de uso de Aplicaci\u00f3n de TFEs para Profesores). Para poder aceptar una solicitud de defensa, el tutor\/a acad\u00e9mico\/a deber\u00e1 adjuntar previamente el Informe de Valoraci\u00f3n del Tutor (Anexo I) a trav\u00e9s de la aplicaci\u00f3n.<\/p>\n\n\n\n<h3 class=\"wp-block-heading\">Documentaci\u00f3n de inter\u00e9s<\/h3>\n\n\n\n<ul class=\"wp-block-list\">\n<li><a href=\"https:\/\/adas.uclm.es\/CAS\/login?service=https:\/\/tfe.apps.uclm.es\/App_Comun\/sso\/iniciarSesion.ashx\">Aplicaci\u00f3n para la gesti\u00f3n de los Trabajos de Fin de Estudios en la UCLM<\/a><\/li>\n\n\n\n<li><a href=\"https:\/\/esi.uclm.es\/assets\/uploads\/2025\/03\/Manual-alta-propuesta-y-resolucion-defensa-de-TFG-por-tutor-ESI.pdf\">Manual de uso de Aplicaci\u00f3n de TFEs para Profesores<\/a><\/li>\n\n\n\n<li><a href=\"https:\/\/esi.uclm.es\/assets\/uploads\/2025\/03\/Manual-solicitud-defensa-de-TFG-ESI.pdf\">Manual de uso de Aplicaci\u00f3n de TFEs para Estudiantes<\/a><\/li>\n\n\n\n<li><a href=\"https:\/\/esi.uclm.es\/assets\/uploads\/2024\/02\/20190304-GuiaEstiloFormatoTFG.pdf\">Gu\u00eda de estilo y formato para TFG<\/a><\/li>\n\n\n\n<li>Anexos:\n<ul class=\"wp-block-list\">\n<li>Anexo I \u2013<a href=\"https:\/\/esi.uclm.es\/assets\/uploads\/2025\/03\/Anexo-I.odt\">&nbsp;Informe de Valoraci\u00f3n del TFE<\/a><\/li>\n\n\n\n<li>Anexo II \u2013&nbsp;<a href=\"https:\/\/esi.uclm.es\/assets\/uploads\/2025\/03\/Anexo-II.odt\">Cesi\u00f3n de derechos sobre el TFE con empresa, entidad u organismo<\/a><\/li>\n\n\n\n<li>Anexo III \u2013<a href=\"https:\/\/esi.uclm.es\/assets\/uploads\/2025\/03\/Anexo-III.odt\">&nbsp;Cesi\u00f3n de derechos sobre el TFE con grupo de investigaci\u00f3n<\/a><\/li>\n\n\n\n<li>Anexo IV &#8211; <a href=\"https:\/\/esi.uclm.es\/assets\/uploads\/2025\/03\/Anexo-IV.odt\">Acuerdo de confidencialidad del TFE<\/a><\/li>\n<\/ul>\n<\/li>\n<\/ul>\n\n\n\n<h3 class=\"wp-block-heading\">Normativa<\/h3>\n\n\n\n<ul class=\"wp-block-list\">\n<li>\u200b\u200b<a href=\"https:\/\/esi.uclm.es\/assets\/uploads\/2024\/02\/20181218-Normativa-TFG-ESI-ESII.pdf\">Normativa sobre la Elaboraci\u00f3n y Defensa del TFG de la UCLM<\/a><\/li>\n\n\n\n<li><a href=\"https:\/\/esi.uclm.es\/assets\/uploads\/2025\/03\/Reglamento-TFG-ESI-CR-28012025.pdf\">Reglamento de TFG del Grado en Ingenier\u00eda Inform\u00e1tica de la ESI<\/a><\/li>\n<\/ul>\n\n\n\n<h3 class=\"wp-block-heading\">Otros recursos<\/h3>\n\n\n\n<ul class=\"wp-block-list\">\n<li><a href=\"https:\/\/esi.uclm.es\/assets\/uploads\/2024\/02\/CompetenciasIntensificaciones.pdf\">\u200bListado de competencias de las tecnolog\u00edas espec\u00edficas<\/a> (intensificaciones)<\/li>\n\n\n\n<li>Plantillas para TFG, compatibles con la gu\u00eda de estilo, que la Escuela pone&nbsp;a disposici\u00f3n de los alumnos:\n<ul class=\"wp-block-list\">\n<li><a href=\"https:\/\/www.overleaf.com\/latex\/templates\/plantilla-de-tfg-escuela-superior-de-informatica-uclm\/phjgscmfqtsw\">&nbsp;Jes\u00fas Salido<\/a> (LaTeX)<\/li>\n\n\n\n<li><a href=\"https:\/\/github.com\/UCLM-ESI\/esi-tfg\">David Villa<\/a> (LaTeX)<\/li>\n\n\n\n<li><a href=\"https:\/\/esi.uclm.es\/doc\/plantillaESI_TFG.dotx\">plantillaESI_TFG.dotx<\/a> (Word)<\/li>\n<\/ul>\n<\/li>\n\n\n\n<li>Aspectos relativos a la gu\u00eda docente:\n<ul class=\"wp-block-list\">\n<li><a href=\"http:\/\/guiae.uclm.es\/vistaGuia\/407\/42358\">Gu\u00eda docente 407<\/a><\/li>\n\n\n\n<li><a href=\"https:\/\/guiae.uclm.es\/es\/vistaPrevia\/21874\">Gu\u00eda docente 347<\/a><\/li>\n<\/ul>\n<\/li>\n<\/ul>\n\n\n\n<p>Cualquier duda relativa a los TFG o la informaci\u00f3n contenida en esta p\u00e1gina deber\u00e1 remitirse por correo electr\u00f3nico al&nbsp;<a href=\"mailto:jesus.barba@uclm.es\">secretario&nbsp;<\/a>o al&nbsp;<a href=\"mailto:soledad.escolar@uclm.es\">presidente&nbsp;\u200b<\/a>de la comisi\u00f3n de TFG de la ESI.<\/p>\n\n\n\n<h3 class=\"wp-block-heading\" id=\"matriculacion\">Matriculaci\u00f3n<\/h3>\n\n\n\n<p>Aquellos alumnos que deban matricular el TFG lo tendr\u00e1n que hacer en los plazos oficiales determinados por la UCLM para cada curso acad\u00e9mico. Excepcionalmente, en el curso acad\u00e9mico actual,<strong> podr\u00e1n realizar dicha matr\u00edcula hasta el mes de junio<\/strong>, teniendo en cuenta que si cuando lo matriculen solo queda una convocatoria de defensa no podr\u00e1n hacer ninguna reclamaci\u00f3n.&nbsp;No obstante, es conveniente que se dirijan a la Unidad de Gesti\u00f3n Acad\u00e9mica del campus de Ciudad Real (UGAC), lo pueden hacer a trav\u00e9s del <a href=\"http:\/\/www.uclm.es\/contacto\/ugac.asp\">buz\u00f3n del estudiante<\/a>, y consulten las diferentes posibilidades antes de realizar la matr\u00edcula.&nbsp;El alumno no tiene porque estar matriculado para poder presentar el anteproyecto o para participar en el proceso de asignaci\u00f3n de Trabajos Fin de Grado.<\/p>\n\n\n\n<h3 class=\"wp-block-heading\">Tribunales<\/h3>\n\n\n\n<ul class=\"wp-block-list\">\n<li>Curso 2025\/2026\n<ul class=\"wp-block-list\">\n<li><a href=\"https:\/\/esi.uclm.es\/assets\/uploads\/2025\/12\/propuesta-tribunales-TFG-diciembre.pdf\">Convocatoria Diciembre 2025<\/a><\/li>\n\n\n\n<li><a href=\"https:\/\/esi.uclm.es\/assets\/uploads\/2026\/02\/propuesta-tribunales-TFG-TFM-Febrero-2026.pdf\">Convocatoria Febrero 2026<\/a><\/li>\n<\/ul>\n<\/li>\n\n\n\n<li>Curso 2024\/2025\n<ul class=\"wp-block-list\">\n<li><a href=\"https:\/\/esi.uclm.es\/assets\/uploads\/2024\/12\/propuesta-tribunales-diciembre-2024_v2.pdf\">Convocatoria Diciembre 2024<\/a><\/li>\n\n\n\n<li><a href=\"https:\/\/esi.uclm.es\/assets\/uploads\/2025\/02\/propuesta-tribunales-febrero-2025.pdf\">Convocatoria Febrero 2025<\/a><\/li>\n\n\n\n<li><a href=\"https:\/\/esi.uclm.es\/assets\/uploads\/2025\/07\/propuesta-tribunales-MUFPS-2025-1.pdf\">Convocatoria Julio 2025 &#8211; MUFPS<\/a><\/li>\n\n\n\n<li><a href=\"https:\/\/esi.uclm.es\/assets\/uploads\/2025\/07\/propuesta-tribunales-TFG-Julio_v2-1.pdf\">Convocatoria Julio 2025<\/a><\/li>\n\n\n\n<li><a href=\"https:\/\/esi.uclm.es\/assets\/uploads\/2025\/07\/propuesta-tribunales-TFG-Septiembre-2025.pdf\">Convocatoria Septiembre 2025<\/a><\/li>\n<\/ul>\n<\/li>\n\n\n\n<li><a href=\"https:\/\/esi.uclm.es\/index.php\/grado-en-ingenieria-informatica\/trabajos-fin-de-grado\/tribunales-cursos-anteriores\/\">Cursos Anteriores<\/a><\/li>\n<\/ul>\n\n\n\n<h3 class=\"wp-block-heading\" id=\"primer-curso\">Propuestas de TFGs<\/h3>\n\n\n\n<ul class=\"wp-block-list\">\n<li><a href=\"https:\/\/esi.uclm.es\/index.php\/grado-en-ingenieria-informatica\/trabajos-fin-de-grado\/propuestas-de-tfgs\/\">Consultar propuestas de TFGs<\/a><\/li>\n<\/ul>\n\n\n\n<p>&nbsp;<\/p>\n\n\n\n<h3 class=\"wp-block-heading\" id=\"segundo-curso\"><strong>\u00daltimas Noticias<\/strong><\/h3>\n\n\n<div class=\"vc_row wpb_row vc_row-fluid mkd-section mkd-content-aligment-left\" style=\"\"><div class=\"clearfix mkd-full-section-inner\"><div class=\"wpb_column vc_column_container vc_col-sm-12\"><div class=\"vc_column-inner\"><div class=\"wpb_wrapper\"><div class=\"mkd-bnl-holder mkd-pl-seven-holder  mkd-post-columns-2\"  data-base=\"mkd_post_layout_seven\"  data-number_of_posts=\"6\" data-column_number=\"2\"       data-sort=\"latest\"            data-display_pagination=\"no\"     data-paged=\"1\" data-max_pages=\"204\"><div class=\"mkd-bnl-outer\"><div class=\"mkd-bnl-inner\"><div class=\"mkd-pt-seven-item mkd-post-item\">\n\t<div class=\"mkd-pt-seven-item-inner clearfix\">\n\t\t\t\t\t<div class=\"mkd-pt-seven-image-holder\" style=\"width: 123px\">\n\t\t\t\t<a itemprop=\"url\" class=\"mkd-pt-seven-link mkd-image-link\" href=\"https:\/\/esi.uclm.es\/index.php\/2026\/04\/26\/abierta-la-preinscripcion-para-los-masteres-oficiales-de-la-esi-curso-2026-2027\/\" target=\"_self\">\n\t\t\t\t\t<img loading=\"lazy\" decoding=\"async\" src=\"https:\/\/esi.uclm.es\/assets\/uploads\/2026\/04\/render_titulos_personas-123x105.webp\" alt=\"T\u00edtulos esi 2025-2026\" width=\"123\" height=\"105\" \/>\t\t\t\t<\/a>\n\t\t\t<\/div>\n\t\t\t\t<div class=\"mkd-pt-seven-content-holder\">\n\t\t\t<div class=\"mkd-pt-seven-title-holder\">\n\t\t\t\t<h5 class=\"mkd-pt-seven-title\">\n\t\t\t\t\t<a itemprop=\"url\" class=\"mkd-pt-link\" href=\"https:\/\/esi.uclm.es\/index.php\/2026\/04\/26\/abierta-la-preinscripcion-para-los-masteres-oficiales-de-la-esi-curso-2026-2027\/\" target=\"_self\">Abierta la preinscripci\u00f3n para los M\u00e1steres oficiales de la ESI | Curso 2026-2027<\/a>\n\t\t\t\t<\/h5>\n\t\t\t<\/div>\n\t\t\t<div itemprop=\"dateCreated\" class=\"mkd-post-info-date entry-date updated\">\n\t\t\t<a itemprop=\"url\" href=\"https:\/\/esi.uclm.es\/index.php\/2026\/04\/\">\n\t\t26 de abril de 2026\t\t\t<\/a>\n\t\t<meta itemprop=\"interactionCount\" content=\"UserComments: 0\"\/>\n<\/div>\t\t\t\t\t<\/div>\n\t<\/div>\n<\/div><div class=\"mkd-pt-seven-item mkd-post-item\">\n\t<div class=\"mkd-pt-seven-item-inner clearfix\">\n\t\t\t\t\t<div class=\"mkd-pt-seven-image-holder\" style=\"width: 123px\">\n\t\t\t\t<a itemprop=\"url\" class=\"mkd-pt-seven-link mkd-image-link\" href=\"https:\/\/esi.uclm.es\/index.php\/2026\/04\/24\/en-video-la-empresa-del-futuro-en-la-era-de-la-ia\/\" target=\"_self\">\n\t\t\t\t\t<img loading=\"lazy\" decoding=\"async\" src=\"https:\/\/esi.uclm.es\/assets\/uploads\/2026\/04\/Dori_conferencia_web2-123x105.webp\" alt=\"Dori L\u00f3pez durante la conferencia en la esi\" width=\"123\" height=\"105\" \/>\t\t\t\t<\/a>\n\t\t\t<\/div>\n\t\t\t\t<div class=\"mkd-pt-seven-content-holder\">\n\t\t\t<div class=\"mkd-pt-seven-title-holder\">\n\t\t\t\t<h5 class=\"mkd-pt-seven-title\">\n\t\t\t\t\t<a itemprop=\"url\" class=\"mkd-pt-link\" href=\"https:\/\/esi.uclm.es\/index.php\/2026\/04\/24\/en-video-la-empresa-del-futuro-en-la-era-de-la-ia\/\" target=\"_self\">En v\u00eddeo | La empresa del futuro en la era de la IA<\/a>\n\t\t\t\t<\/h5>\n\t\t\t<\/div>\n\t\t\t<div itemprop=\"dateCreated\" class=\"mkd-post-info-date entry-date updated\">\n\t\t\t<a itemprop=\"url\" href=\"https:\/\/esi.uclm.es\/index.php\/2026\/04\/\">\n\t\t24 de abril de 2026\t\t\t<\/a>\n\t\t<meta itemprop=\"interactionCount\" content=\"UserComments: 0\"\/>\n<\/div>\t\t\t\t\t<\/div>\n\t<\/div>\n<\/div><div class=\"mkd-pt-seven-item mkd-post-item\">\n\t<div class=\"mkd-pt-seven-item-inner clearfix\">\n\t\t\t\t\t<div class=\"mkd-pt-seven-image-holder\" style=\"width: 123px\">\n\t\t\t\t<a itemprop=\"url\" class=\"mkd-pt-seven-link mkd-image-link\" href=\"https:\/\/esi.uclm.es\/index.php\/2026\/04\/23\/mejores-momentos-de-la-final-intercampus-de-e-sports\/\" target=\"_self\">\n\t\t\t\t\t<img loading=\"lazy\" decoding=\"async\" src=\"https:\/\/esi.uclm.es\/assets\/uploads\/2026\/04\/esports_intercampus-123x105.webp\" alt=\"Celebraci\u00f3n final intercampus\" width=\"123\" height=\"105\" \/>\t\t\t\t<\/a>\n\t\t\t<\/div>\n\t\t\t\t<div class=\"mkd-pt-seven-content-holder\">\n\t\t\t<div class=\"mkd-pt-seven-title-holder\">\n\t\t\t\t<h5 class=\"mkd-pt-seven-title\">\n\t\t\t\t\t<a itemprop=\"url\" class=\"mkd-pt-link\" href=\"https:\/\/esi.uclm.es\/index.php\/2026\/04\/23\/mejores-momentos-de-la-final-intercampus-de-e-sports\/\" target=\"_self\">Mejores momentos de la final intercampus de e-sports<\/a>\n\t\t\t\t<\/h5>\n\t\t\t<\/div>\n\t\t\t<div itemprop=\"dateCreated\" class=\"mkd-post-info-date entry-date updated\">\n\t\t\t<a itemprop=\"url\" href=\"https:\/\/esi.uclm.es\/index.php\/2026\/04\/\">\n\t\t23 de abril de 2026\t\t\t<\/a>\n\t\t<meta itemprop=\"interactionCount\" content=\"UserComments: 0\"\/>\n<\/div>\t\t\t\t\t<\/div>\n\t<\/div>\n<\/div><div class=\"mkd-pt-seven-item mkd-post-item\">\n\t<div class=\"mkd-pt-seven-item-inner clearfix\">\n\t\t\t\t\t<div class=\"mkd-pt-seven-image-holder\" style=\"width: 123px\">\n\t\t\t\t<a itemprop=\"url\" class=\"mkd-pt-seven-link mkd-image-link\" href=\"https:\/\/esi.uclm.es\/index.php\/2026\/04\/22\/estudiantes-de-la-esi-ganadores-del-i-dedalus-datathon-castilla-la-mancha\/\" target=\"_self\">\n\t\t\t\t\t<img loading=\"lazy\" decoding=\"async\" src=\"https:\/\/esi.uclm.es\/assets\/uploads\/2026\/04\/GanadoreS_Datathon-123x105.jpeg\" alt=\"Ganadores del Datathon\" width=\"123\" height=\"105\" \/>\t\t\t\t<\/a>\n\t\t\t<\/div>\n\t\t\t\t<div class=\"mkd-pt-seven-content-holder\">\n\t\t\t<div class=\"mkd-pt-seven-title-holder\">\n\t\t\t\t<h5 class=\"mkd-pt-seven-title\">\n\t\t\t\t\t<a itemprop=\"url\" class=\"mkd-pt-link\" href=\"https:\/\/esi.uclm.es\/index.php\/2026\/04\/22\/estudiantes-de-la-esi-ganadores-del-i-dedalus-datathon-castilla-la-mancha\/\" target=\"_self\">Estudiantes de la ESI Ganadores del I Dedalus Datathon Castilla-La Mancha<\/a>\n\t\t\t\t<\/h5>\n\t\t\t<\/div>\n\t\t\t<div itemprop=\"dateCreated\" class=\"mkd-post-info-date entry-date updated\">\n\t\t\t<a itemprop=\"url\" href=\"https:\/\/esi.uclm.es\/index.php\/2026\/04\/\">\n\t\t22 de abril de 2026\t\t\t<\/a>\n\t\t<meta itemprop=\"interactionCount\" content=\"UserComments: 0\"\/>\n<\/div>\t\t\t\t\t<\/div>\n\t<\/div>\n<\/div><div class=\"mkd-pt-seven-item mkd-post-item\">\n\t<div class=\"mkd-pt-seven-item-inner clearfix\">\n\t\t\t\t\t<div class=\"mkd-pt-seven-image-holder\" style=\"width: 123px\">\n\t\t\t\t<a itemprop=\"url\" class=\"mkd-pt-seven-link mkd-image-link\" href=\"https:\/\/esi.uclm.es\/index.php\/2026\/04\/22\/highlights-y-final-de-futbol-sala-2026\/\" target=\"_self\">\n\t\t\t\t\t<img loading=\"lazy\" decoding=\"async\" src=\"https:\/\/esi.uclm.es\/assets\/uploads\/2026\/04\/futsalfinal-123x105.webp\" alt=\"Jugadores de la ESI disputando la final de f\u00fatbol Sala 2026\" width=\"123\" height=\"105\" \/>\t\t\t\t<\/a>\n\t\t\t<\/div>\n\t\t\t\t<div class=\"mkd-pt-seven-content-holder\">\n\t\t\t<div class=\"mkd-pt-seven-title-holder\">\n\t\t\t\t<h5 class=\"mkd-pt-seven-title\">\n\t\t\t\t\t<a itemprop=\"url\" class=\"mkd-pt-link\" href=\"https:\/\/esi.uclm.es\/index.php\/2026\/04\/22\/highlights-y-final-de-futbol-sala-2026\/\" target=\"_self\">Highlights y Final de F\u00fatbol Sala 2026<\/a>\n\t\t\t\t<\/h5>\n\t\t\t<\/div>\n\t\t\t<div itemprop=\"dateCreated\" class=\"mkd-post-info-date entry-date updated\">\n\t\t\t<a itemprop=\"url\" href=\"https:\/\/esi.uclm.es\/index.php\/2026\/04\/\">\n\t\t22 de abril de 2026\t\t\t<\/a>\n\t\t<meta itemprop=\"interactionCount\" content=\"UserComments: 0\"\/>\n<\/div>\t\t\t\t\t<\/div>\n\t<\/div>\n<\/div><div class=\"mkd-pt-seven-item mkd-post-item\">\n\t<div class=\"mkd-pt-seven-item-inner clearfix\">\n\t\t\t\t\t<div class=\"mkd-pt-seven-image-holder\" style=\"width: 123px\">\n\t\t\t\t<a itemprop=\"url\" class=\"mkd-pt-seven-link mkd-image-link\" href=\"https:\/\/esi.uclm.es\/index.php\/2026\/04\/21\/curso-y-competicion-de-minecraft-educativo-para-preuniversitarios-2026\/\" target=\"_self\">\n\t\t\t\t\t<img loading=\"lazy\" decoding=\"async\" src=\"https:\/\/esi.uclm.es\/assets\/uploads\/2026\/04\/curso_minecraft2026_web-1-123x105.webp\" alt=\"\" width=\"123\" height=\"105\" \/>\t\t\t\t<\/a>\n\t\t\t<\/div>\n\t\t\t\t<div class=\"mkd-pt-seven-content-holder\">\n\t\t\t<div class=\"mkd-pt-seven-title-holder\">\n\t\t\t\t<h5 class=\"mkd-pt-seven-title\">\n\t\t\t\t\t<a itemprop=\"url\" class=\"mkd-pt-link\" href=\"https:\/\/esi.uclm.es\/index.php\/2026\/04\/21\/curso-y-competicion-de-minecraft-educativo-para-preuniversitarios-2026\/\" target=\"_self\">Curso y Competici\u00f3n de Minecraft Educativo para estudiantes de IES<\/a>\n\t\t\t\t<\/h5>\n\t\t\t<\/div>\n\t\t\t<div itemprop=\"dateCreated\" class=\"mkd-post-info-date entry-date updated\">\n\t\t\t<a itemprop=\"url\" href=\"https:\/\/esi.uclm.es\/index.php\/2026\/04\/\">\n\t\t21 de abril de 2026\t\t\t<\/a>\n\t\t<meta itemprop=\"interactionCount\" content=\"UserComments: 0\"\/>\n<\/div>\t\t\t\t\t<\/div>\n\t<\/div>\n<\/div><\/div><\/div><\/div><\/div><\/div><\/div><\/div><\/div>\n","protected":false},"excerpt":{"rendered":"<p>&nbsp; Normativa, Gu\u00eda y Matriculaci\u00f3n La Junta de Centro de la Escuela Superior de Inform\u00e1tica de Ciudad Real, en su reuni\u00f3n del 28 de enero de 2025, aprob\u00f3 la actualizaci\u00f3n del Reglamento de Trabajos de Fin de Grado (TFG) con el objetivo de adaptarlo a [&hellip;]<\/p>\n","protected":false},"author":1,"featured_media":0,"parent":3996,"menu_order":0,"comment_status":"closed","ping_status":"closed","template":"","meta":{"footnotes":""},"class_list":["post-4045","page","type-page","status-publish","hentry"],"yoast_head":"<!-- This site is optimized with the Yoast SEO plugin v27.5 - https:\/\/yoast.com\/product\/yoast-seo-wordpress\/ -->\n<title>Trabajos Fin de Grado - Escuela Superior de Inform\u00e1tica de UCLM<\/title>\n<meta name=\"robots\" content=\"index, follow, max-snippet:-1, max-image-preview:large, max-video-preview:-1\" \/>\n<link rel=\"canonical\" href=\"https:\/\/esi.uclm.es\/index.php\/grado-en-ingenieria-informatica\/trabajos-fin-de-grado\/\" \/>\n<meta property=\"og:locale\" content=\"es_ES\" \/>\n<meta property=\"og:type\" content=\"article\" \/>\n<meta property=\"og:title\" content=\"Trabajos Fin de Grado - Escuela Superior de Inform\u00e1tica de UCLM\" \/>\n<meta property=\"og:description\" content=\"&nbsp; Normativa, Gu\u00eda y Matriculaci\u00f3n La Junta de Centro de la Escuela Superior de Inform\u00e1tica de Ciudad Real, en su reuni\u00f3n del 28 de enero de 2025, aprob\u00f3 la actualizaci\u00f3n del Reglamento de Trabajos de Fin de Grado (TFG) con el objetivo de adaptarlo a [&hellip;]\" \/>\n<meta property=\"og:url\" content=\"https:\/\/esi.uclm.es\/index.php\/grado-en-ingenieria-informatica\/trabajos-fin-de-grado\/\" \/>\n<meta property=\"og:site_name\" content=\"Escuela Superior de Inform\u00e1tica de UCLM\" \/>\n<meta property=\"article:publisher\" content=\"https:\/\/www.facebook.com\/Escuela-Superior-de-Informtica-543261809027158\" \/>\n<meta property=\"article:modified_time\" content=\"2026-02-11T08:15:32+00:00\" \/>\n<meta property=\"og:image\" content=\"https:\/\/esi.uclm.es\/assets\/uploads\/2022\/05\/proyectos.jpeg\" \/>\n\t<meta property=\"og:image:width\" content=\"1199\" \/>\n\t<meta property=\"og:image:height\" content=\"300\" \/>\n\t<meta property=\"og:image:type\" content=\"image\/jpeg\" \/>\n<meta name=\"twitter:card\" content=\"summary_large_image\" \/>\n<meta name=\"twitter:site\" content=\"@esiuclm\" \/>\n<meta name=\"twitter:label1\" content=\"Tiempo de lectura\" \/>\n\t<meta name=\"twitter:data1\" content=\"4 minutos\" \/>\n<script type=\"application\/ld+json\" class=\"yoast-schema-graph\">{\"@context\":\"https:\\\/\\\/schema.org\",\"@graph\":[{\"@type\":\"WebPage\",\"@id\":\"https:\\\/\\\/esi.uclm.es\\\/index.php\\\/grado-en-ingenieria-informatica\\\/trabajos-fin-de-grado\\\/\",\"url\":\"https:\\\/\\\/esi.uclm.es\\\/index.php\\\/grado-en-ingenieria-informatica\\\/trabajos-fin-de-grado\\\/\",\"name\":\"Trabajos Fin de Grado - Escuela Superior de Inform\u00e1tica de UCLM\",\"isPartOf\":{\"@id\":\"https:\\\/\\\/esi.uclm.es\\\/#website\"},\"primaryImageOfPage\":{\"@id\":\"https:\\\/\\\/esi.uclm.es\\\/index.php\\\/grado-en-ingenieria-informatica\\\/trabajos-fin-de-grado\\\/#primaryimage\"},\"image\":{\"@id\":\"https:\\\/\\\/esi.uclm.es\\\/index.php\\\/grado-en-ingenieria-informatica\\\/trabajos-fin-de-grado\\\/#primaryimage\"},\"thumbnailUrl\":\"https:\\\/\\\/esi.uclm.es\\\/assets\\\/uploads\\\/2022\\\/05\\\/proyectos-1024x256.jpeg\",\"datePublished\":\"2022-01-27T17:21:06+00:00\",\"dateModified\":\"2026-02-11T08:15:32+00:00\",\"breadcrumb\":{\"@id\":\"https:\\\/\\\/esi.uclm.es\\\/index.php\\\/grado-en-ingenieria-informatica\\\/trabajos-fin-de-grado\\\/#breadcrumb\"},\"inLanguage\":\"es\",\"potentialAction\":[{\"@type\":\"ReadAction\",\"target\":[\"https:\\\/\\\/esi.uclm.es\\\/index.php\\\/grado-en-ingenieria-informatica\\\/trabajos-fin-de-grado\\\/\"]}]},{\"@type\":\"ImageObject\",\"inLanguage\":\"es\",\"@id\":\"https:\\\/\\\/esi.uclm.es\\\/index.php\\\/grado-en-ingenieria-informatica\\\/trabajos-fin-de-grado\\\/#primaryimage\",\"url\":\"https:\\\/\\\/esi.uclm.es\\\/assets\\\/uploads\\\/2022\\\/05\\\/proyectos-1024x256.jpeg\",\"contentUrl\":\"https:\\\/\\\/esi.uclm.es\\\/assets\\\/uploads\\\/2022\\\/05\\\/proyectos-1024x256.jpeg\"},{\"@type\":\"BreadcrumbList\",\"@id\":\"https:\\\/\\\/esi.uclm.es\\\/index.php\\\/grado-en-ingenieria-informatica\\\/trabajos-fin-de-grado\\\/#breadcrumb\",\"itemListElement\":[{\"@type\":\"ListItem\",\"position\":1,\"name\":\"Portada\",\"item\":\"https:\\\/\\\/esi.uclm.es\\\/\"},{\"@type\":\"ListItem\",\"position\":2,\"name\":\"Grado en Ingenier\u00eda Inform\u00e1tica\",\"item\":\"https:\\\/\\\/esi.uclm.es\\\/index.php\\\/grado-en-ingenieria-informatica\\\/\"},{\"@type\":\"ListItem\",\"position\":3,\"name\":\"Trabajos Fin de Grado\"}]},{\"@type\":\"WebSite\",\"@id\":\"https:\\\/\\\/esi.uclm.es\\\/#website\",\"url\":\"https:\\\/\\\/esi.uclm.es\\\/\",\"name\":\"Escuela Superior de Inform\u00e1tica de UCLM en Ciudad Real, Castilla-La Mancha\",\"description\":\"La Escuela Superior de Inform\u00e1tica de Ciudad Real (Castilla-La Mancha), Universidad de Castilla-La Mancha es un centro universitario que imparte el ciclo completo de Ingenier\u00eda en Inform\u00e1tica: grado, m\u00e1ster y doctorado.\",\"publisher\":{\"@id\":\"https:\\\/\\\/esi.uclm.es\\\/#organization\"},\"potentialAction\":[{\"@type\":\"SearchAction\",\"target\":{\"@type\":\"EntryPoint\",\"urlTemplate\":\"https:\\\/\\\/esi.uclm.es\\\/?s={search_term_string}\"},\"query-input\":{\"@type\":\"PropertyValueSpecification\",\"valueRequired\":true,\"valueName\":\"search_term_string\"}}],\"inLanguage\":\"es\"},{\"@type\":\"Organization\",\"@id\":\"https:\\\/\\\/esi.uclm.es\\\/#organization\",\"name\":\"Escuela Superior de Inform\u00e1tica de UCLM\",\"url\":\"https:\\\/\\\/esi.uclm.es\\\/\",\"logo\":{\"@type\":\"ImageObject\",\"inLanguage\":\"es\",\"@id\":\"https:\\\/\\\/esi.uclm.es\\\/#\\\/schema\\\/logo\\\/image\\\/\",\"url\":\"https:\\\/\\\/esi.uclm.es\\\/assets\\\/uploads\\\/2022\\\/03\\\/LogoESI_cabecera-1.png\",\"contentUrl\":\"https:\\\/\\\/esi.uclm.es\\\/assets\\\/uploads\\\/2022\\\/03\\\/LogoESI_cabecera-1.png\",\"width\":460,\"height\":184,\"caption\":\"Escuela Superior de Inform\u00e1tica de UCLM\"},\"image\":{\"@id\":\"https:\\\/\\\/esi.uclm.es\\\/#\\\/schema\\\/logo\\\/image\\\/\"},\"sameAs\":[\"https:\\\/\\\/www.facebook.com\\\/Escuela-Superior-de-Informtica-543261809027158\",\"https:\\\/\\\/x.com\\\/esiuclm\",\"https:\\\/\\\/www.instagram.com\\\/esiuclm\\\/\",\"https:\\\/\\\/www.youtube.com\\\/user\\\/esiuclm\",\"https:\\\/\\\/www.twitch.tv\\\/esiuclm\",\"https:\\\/\\\/www.linkedin.com\\\/company\\\/12656631\\\/admin\\\/\"]}]}<\/script>\n<!-- \/ Yoast SEO plugin. -->","yoast_head_json":{"title":"Trabajos Fin de Grado - Escuela Superior de Inform\u00e1tica de UCLM","robots":{"index":"index","follow":"follow","max-snippet":"max-snippet:-1","max-image-preview":"max-image-preview:large","max-video-preview":"max-video-preview:-1"},"canonical":"https:\/\/esi.uclm.es\/index.php\/grado-en-ingenieria-informatica\/trabajos-fin-de-grado\/","og_locale":"es_ES","og_type":"article","og_title":"Trabajos Fin de Grado - Escuela Superior de Inform\u00e1tica de UCLM","og_description":"&nbsp; Normativa, Gu\u00eda y Matriculaci\u00f3n La Junta de Centro de la Escuela Superior de Inform\u00e1tica de Ciudad Real, en su reuni\u00f3n del 28 de enero de 2025, aprob\u00f3 la actualizaci\u00f3n del Reglamento de Trabajos de Fin de Grado (TFG) con el objetivo de adaptarlo a [&hellip;]","og_url":"https:\/\/esi.uclm.es\/index.php\/grado-en-ingenieria-informatica\/trabajos-fin-de-grado\/","og_site_name":"Escuela Superior de Inform\u00e1tica de UCLM","article_publisher":"https:\/\/www.facebook.com\/Escuela-Superior-de-Informtica-543261809027158","article_modified_time":"2026-02-11T08:15:32+00:00","og_image":[{"width":1199,"height":300,"url":"https:\/\/esi.uclm.es\/assets\/uploads\/2022\/05\/proyectos.jpeg","type":"image\/jpeg"}],"twitter_card":"summary_large_image","twitter_site":"@esiuclm","twitter_misc":{"Tiempo de lectura":"4 minutos"},"schema":{"@context":"https:\/\/schema.org","@graph":[{"@type":"WebPage","@id":"https:\/\/esi.uclm.es\/index.php\/grado-en-ingenieria-informatica\/trabajos-fin-de-grado\/","url":"https:\/\/esi.uclm.es\/index.php\/grado-en-ingenieria-informatica\/trabajos-fin-de-grado\/","name":"Trabajos Fin de Grado - Escuela Superior de Inform\u00e1tica de UCLM","isPartOf":{"@id":"https:\/\/esi.uclm.es\/#website"},"primaryImageOfPage":{"@id":"https:\/\/esi.uclm.es\/index.php\/grado-en-ingenieria-informatica\/trabajos-fin-de-grado\/#primaryimage"},"image":{"@id":"https:\/\/esi.uclm.es\/index.php\/grado-en-ingenieria-informatica\/trabajos-fin-de-grado\/#primaryimage"},"thumbnailUrl":"https:\/\/esi.uclm.es\/assets\/uploads\/2022\/05\/proyectos-1024x256.jpeg","datePublished":"2022-01-27T17:21:06+00:00","dateModified":"2026-02-11T08:15:32+00:00","breadcrumb":{"@id":"https:\/\/esi.uclm.es\/index.php\/grado-en-ingenieria-informatica\/trabajos-fin-de-grado\/#breadcrumb"},"inLanguage":"es","potentialAction":[{"@type":"ReadAction","target":["https:\/\/esi.uclm.es\/index.php\/grado-en-ingenieria-informatica\/trabajos-fin-de-grado\/"]}]},{"@type":"ImageObject","inLanguage":"es","@id":"https:\/\/esi.uclm.es\/index.php\/grado-en-ingenieria-informatica\/trabajos-fin-de-grado\/#primaryimage","url":"https:\/\/esi.uclm.es\/assets\/uploads\/2022\/05\/proyectos-1024x256.jpeg","contentUrl":"https:\/\/esi.uclm.es\/assets\/uploads\/2022\/05\/proyectos-1024x256.jpeg"},{"@type":"BreadcrumbList","@id":"https:\/\/esi.uclm.es\/index.php\/grado-en-ingenieria-informatica\/trabajos-fin-de-grado\/#breadcrumb","itemListElement":[{"@type":"ListItem","position":1,"name":"Portada","item":"https:\/\/esi.uclm.es\/"},{"@type":"ListItem","position":2,"name":"Grado en Ingenier\u00eda Inform\u00e1tica","item":"https:\/\/esi.uclm.es\/index.php\/grado-en-ingenieria-informatica\/"},{"@type":"ListItem","position":3,"name":"Trabajos Fin de Grado"}]},{"@type":"WebSite","@id":"https:\/\/esi.uclm.es\/#website","url":"https:\/\/esi.uclm.es\/","name":"Escuela Superior de Inform\u00e1tica de UCLM en Ciudad Real, Castilla-La Mancha","description":"La Escuela Superior de Inform\u00e1tica de Ciudad Real (Castilla-La Mancha), Universidad de Castilla-La Mancha es un centro universitario que imparte el ciclo completo de Ingenier\u00eda en Inform\u00e1tica: grado, m\u00e1ster y doctorado.","publisher":{"@id":"https:\/\/esi.uclm.es\/#organization"},"potentialAction":[{"@type":"SearchAction","target":{"@type":"EntryPoint","urlTemplate":"https:\/\/esi.uclm.es\/?s={search_term_string}"},"query-input":{"@type":"PropertyValueSpecification","valueRequired":true,"valueName":"search_term_string"}}],"inLanguage":"es"},{"@type":"Organization","@id":"https:\/\/esi.uclm.es\/#organization","name":"Escuela Superior de Inform\u00e1tica de UCLM","url":"https:\/\/esi.uclm.es\/","logo":{"@type":"ImageObject","inLanguage":"es","@id":"https:\/\/esi.uclm.es\/#\/schema\/logo\/image\/","url":"https:\/\/esi.uclm.es\/assets\/uploads\/2022\/03\/LogoESI_cabecera-1.png","contentUrl":"https:\/\/esi.uclm.es\/assets\/uploads\/2022\/03\/LogoESI_cabecera-1.png","width":460,"height":184,"caption":"Escuela Superior de Inform\u00e1tica de UCLM"},"image":{"@id":"https:\/\/esi.uclm.es\/#\/schema\/logo\/image\/"},"sameAs":["https:\/\/www.facebook.com\/Escuela-Superior-de-Informtica-543261809027158","https:\/\/x.com\/esiuclm","https:\/\/www.instagram.com\/esiuclm\/","https:\/\/www.youtube.com\/user\/esiuclm","https:\/\/www.twitch.tv\/esiuclm","https:\/\/www.linkedin.com\/company\/12656631\/admin\/"]}]}},"_links":{"self":[{"href":"https:\/\/esi.uclm.es\/index.php\/wp-json\/wp\/v2\/pages\/4045","targetHints":{"allow":["GET"]}}],"collection":[{"href":"https:\/\/esi.uclm.es\/index.php\/wp-json\/wp\/v2\/pages"}],"about":[{"href":"https:\/\/esi.uclm.es\/index.php\/wp-json\/wp\/v2\/types\/page"}],"author":[{"embeddable":true,"href":"https:\/\/esi.uclm.es\/index.php\/wp-json\/wp\/v2\/users\/1"}],"replies":[{"embeddable":true,"href":"https:\/\/esi.uclm.es\/index.php\/wp-json\/wp\/v2\/comments?post=4045"}],"version-history":[{"count":101,"href":"https:\/\/esi.uclm.es\/index.php\/wp-json\/wp\/v2\/pages\/4045\/revisions"}],"predecessor-version":[{"id":22560,"href":"https:\/\/esi.uclm.es\/index.php\/wp-json\/wp\/v2\/pages\/4045\/revisions\/22560"}],"up":[{"embeddable":true,"href":"https:\/\/esi.uclm.es\/index.php\/wp-json\/wp\/v2\/pages\/3996"}],"wp:attachment":[{"href":"https:\/\/esi.uclm.es\/index.php\/wp-json\/wp\/v2\/media?parent=4045"}],"curies":[{"name":"wp","href":"https:\/\/api.w.org\/{rel}","templated":true}]}}