{"id":3996,"date":"2022-01-27T17:06:03","date_gmt":"2022-01-27T17:06:03","guid":{"rendered":"http:\/\/esiaz24.uclm.es\/?page_id=3996"},"modified":"2024-02-16T08:12:32","modified_gmt":"2024-02-16T08:12:32","slug":"grado-en-ingenieria-informatica","status":"publish","type":"page","link":"https:\/\/esi.uclm.es\/index.php\/grado-en-ingenieria-informatica\/","title":{"rendered":"Grado en Ingenier\u00eda Inform\u00e1tica"},"content":{"rendered":"\n<h2 class=\"wp-block-heading\" id=\"informacion-general\">Informaci\u00f3n General<\/h2>\n\n\n\n<hr class=\"wp-block-separator has-text-color has-vivid-cyan-blue-color has-css-opacity has-vivid-cyan-blue-background-color has-background\"\/>\n\n\n<div class=\"wp-block-image\">\n<figure class=\"aligncenter size-full\"><img loading=\"lazy\" decoding=\"async\" width=\"501\" height=\"600\" src=\"https:\/\/esi.uclm.es\/assets\/uploads\/2022\/01\/original_schema-grado.jpg\" alt=\"\" class=\"wp-image-4819\" srcset=\"https:\/\/esi.uclm.es\/assets\/uploads\/2022\/01\/original_schema-grado.jpg 501w, https:\/\/esi.uclm.es\/assets\/uploads\/2022\/01\/original_schema-grado-251x300.jpg 251w\" sizes=\"auto, (max-width: 501px) 100vw, 501px\" \/><\/figure>\n<\/div>\n\n\n<p>El t\u00edtulo de Grado en Ingenier\u00eda Inform\u00e1tica tiene como objetivo fundamental la formaci\u00f3n cient\u00edfica, tecnol\u00f3gica y socioecon\u00f3mica, y la preparaci\u00f3n para el ejercicio profesional en el desarrollo y aplicaci\u00f3n de las Tecnolog\u00edas de la Informaci\u00f3n y las Comunicaciones en el \u00e1mbito de la Inform\u00e1tica.<\/p>\n\n\n\n<p>Este objetivo fundamental se puede desarrollar hasta en cinco \u00e1mbitos de tecnolog\u00eda de los que en este t\u00edtulo de Grado se ofertan cuatro de ellos como intensificaciones en las que os podr\u00e9is especializar y que son los siguientes: Ingenier\u00eda del Software, Ingenier\u00eda de Computadores, Computaci\u00f3n y Tecnolog\u00edas de la Informaci\u00f3n. La solicitud de la intensificaci\u00f3n&nbsp;que m\u00e1s le atrae al alumno, se realiza antes de la matriculaci\u00f3n de tercero.<\/p>\n\n\n\n<figure class=\"wp-block-embed is-type-video is-provider-youtube wp-block-embed-youtube wp-embed-aspect-16-9 wp-has-aspect-ratio\">\r\n<div class=\"wp-block-embed__wrapper\">\u00a0<\/div>\r\n<\/figure>\n\n\n<p><iframe loading=\"lazy\" title=\"YouTube video player\" src=\"https:\/\/www.youtube.com\/embed\/rAT8350f1no\" width=\"560\" height=\"315\" frameborder=\"0\" allowfullscreen=\"allowfullscreen\"><\/iframe><\/p>\n<p>&nbsp;<\/p>\n\n\n<p><strong>Rama de Conocimiento:<\/strong>&nbsp;Ingenier\u00eda y Arquitectura&nbsp;<br><strong>Centro de Impartici\u00f3n:<\/strong>&nbsp;Escuela Superior de Inform\u00e1tica (Ciudad Real)&nbsp;<br><strong>Tipo de Ense\u00f1anza:<\/strong>&nbsp;Presencial&nbsp;<br><strong>240 ECTS<\/strong>&nbsp;organizados de la siguiente forma<\/p>\n\n\n\n<ul class=\"wp-block-list\">\n<li>M\u00f3dulo I &#8211; Formaci\u00f3n B\u00e1sica: 60 ECTS<\/li>\n\n\n\n<li>M\u00f3dulo II &#8211; Com\u00fan de la rama de Inform\u00e1tica: 96 ECTS<\/li>\n\n\n\n<li>M\u00f3dulo III \u2013 Tecnolog\u00eda Espec\u00edfica: 48 ECTS<\/li>\n\n\n\n<li>M\u00f3dulo IV \u2013 Trabajo Fin de Grado: 12 ECTS<\/li>\n\n\n\n<li>M\u00f3dulo V \u2013 Optatividad: 24 ECTS<\/li>\n<\/ul>\n\n\n\n<p><strong>Menciones, intensificaciones o especialidades:<\/strong><\/p>\n\n\n\n<p>El estudiante deber\u00e1 cursar y superar el M\u00f3dulo III de Tecnolog\u00eda Espec\u00edfica (48 ECTS) o<a href=\"https:\/\/esi.uclm.es\/index.php\/grado-en-ingenieria-informatica\/intensificaciones\/\"> Intensificaci\u00f3n<\/a>, que se compone de 8 asignaturas de 6 cr\u00e9ditos ECTS cada una. Las intensificaciones que pueden cursarse son:<\/p>\n\n\n\n<ul class=\"wp-block-list\">\n<li>Ingenier\u00eda del Software<\/li>\n\n\n\n<li>Ingenier\u00eda de Computadores<\/li>\n\n\n\n<li>Computaci\u00f3n<\/li>\n\n\n\n<li>Tecnolog\u00edas de la Informaci\u00f3n<\/li>\n<\/ul>\n\n\n\n<p><strong>Implantaci\u00f3n<\/strong><\/p>\n\n\n\n<ul class=\"wp-block-list\">\n<li>Primer curso: curso acad\u00e9mico 2010\/2011<\/li>\n\n\n\n<li>Segundo curso: curso acad\u00e9mico 2011\/2012<\/li>\n\n\n\n<li>Tercer curso: curso acad\u00e9mico 2012\/2013<\/li>\n\n\n\n<li>Cuarto curso: curso acad\u00e9mico 2013\/2014<\/li>\n<\/ul>\n\n\n\n<p><strong>Idiomas:<\/strong>&nbsp;Espa\u00f1ol e Ingl\u00e9s<\/p>\n\n\n\n<ul class=\"wp-block-list\">\n<li>Opcii\u00f3n Espa\u00f1ol: 100% en espa\u00f1ol (posibilidad de optativas en ingles)<\/li>\n\n\n\n<li>Opci\u00f3n Biling\u00fce: m\u00ednimo 40% en ingl\u00e9s, resto en espa\u00f1ol.<\/li>\n<\/ul>\n\n\n\n<p><strong>Informaci\u00f3n para los alumnos<\/strong><\/p>\n\n\n\n<ul class=\"wp-block-list\">\n<li>Presentaci\u00f3n para los alumnos de nuevo ingreso:&nbsp;<a href=\"https:\/\/esi.uclm.es\/assets\/uploads\/2022\/01\/presentacion_16Sept2021_Primero_alternativa.pdf\">descargar<\/a><\/li>\n\n\n\n<li>Presentaci\u00f3n para los alumnos de segundo curso en adelante: <a href=\"https:\/\/esi.uclm.es\/assets\/uploads\/2022\/01\/Presentacion_16-09-2021_para_alumnos_de_segundo_y_posteriores.pdf\">descargar<\/a><\/li>\n<\/ul>\n\n\n\n<p><strong>Normativa Propia de la ESI\/UCLM para el Grado<\/strong><\/p>\n\n\n\n<ul class=\"wp-block-list\">\n<li>Disponible&nbsp;<a href=\"https:\/\/esi.uclm.es\/index.php\/normativa\/\">aqu\u00ed<\/a><\/li>\n<\/ul>\n\n\n\n<p><strong>Documentaci\u00f3n Oficial del T\u00edtulo<\/strong><\/p>\n\n\n\n<ul class=\"wp-block-list\">\n<li>Disponible&nbsp;<a href=\"https:\/\/esi.uclm.es\/index.php\/documentacion\/\">aqu\u00ed<\/a><\/li>\n<\/ul>\n\n\n\n<p><strong>Protocolo antifraude y documento de compromiso de integridad acad\u00e9mica<\/strong><\/p>\n\n\n\n<ul class=\"wp-block-list\">\n<li>Protocolo ante supuestos de fraude en pruebas de evaluaci\u00f3n y trabajos acad\u00e9micos de los estudiantes en la Universidad de Castilla-La Mancha (publicado el 23 de julio en el DOCLM). <a href=\"https:\/\/esi.uclm.es\/assets\/uploads\/2022\/01\/2021_8501.pdf\">Descargar<\/a><\/li>\n\n\n\n<li>Documento de compromiso de integridad acad\u00e9mica. <a href=\"https:\/\/esi.uclm.es\/assets\/uploads\/2022\/01\/Documento_de_integridad_academica.pdf\">Descargar<\/a><\/li>\n<\/ul>\n\n\n\n<p><strong>Buz\u00f3n de Reclamaciones y Sugerencias<\/strong>:\u00a0<a href=\"https:\/\/esi.uclm.es\/index.php\/reclamaciones-y-sugerencias\/\">aqu\u00ed<\/a><\/p>\r\n<hr \/>\r\n<p><strong>Noticias de Actualidad<\/strong><\/p>\r\n<div class=\"vc_row wpb_row vc_row-fluid mkd-section mkd-content-aligment-left\" style=\"\"><div class=\"clearfix mkd-full-section-inner\"><div class=\"wpb_column vc_column_container vc_col-sm-12\"><div class=\"vc_column-inner\"><div class=\"wpb_wrapper\"><div class=\"mkd-bnl-holder mkd-pl-seven-holder  mkd-post-columns-2\"  data-base=\"mkd_post_layout_seven\"  data-number_of_posts=\"6\" data-column_number=\"2\"       data-sort=\"latest\"            data-display_pagination=\"no\"     data-paged=\"1\" data-max_pages=\"204\"><div class=\"mkd-bnl-outer\"><div class=\"mkd-bnl-inner\"><div class=\"mkd-pt-seven-item mkd-post-item\">\n\t<div class=\"mkd-pt-seven-item-inner clearfix\">\n\t\t\t\t\t<div class=\"mkd-pt-seven-image-holder\" style=\"width: 123px\">\n\t\t\t\t<a itemprop=\"url\" class=\"mkd-pt-seven-link mkd-image-link\" href=\"https:\/\/esi.uclm.es\/index.php\/2026\/04\/26\/abierta-la-preinscripcion-para-los-masteres-oficiales-de-la-esi-curso-2026-2027\/\" target=\"_self\">\n\t\t\t\t\t<img loading=\"lazy\" decoding=\"async\" src=\"https:\/\/esi.uclm.es\/assets\/uploads\/2026\/04\/render_titulos_personas-123x105.webp\" alt=\"T\u00edtulos esi 2025-2026\" width=\"123\" height=\"105\" \/>\t\t\t\t<\/a>\n\t\t\t<\/div>\n\t\t\t\t<div class=\"mkd-pt-seven-content-holder\">\n\t\t\t<div class=\"mkd-pt-seven-title-holder\">\n\t\t\t\t<h5 class=\"mkd-pt-seven-title\">\n\t\t\t\t\t<a itemprop=\"url\" class=\"mkd-pt-link\" href=\"https:\/\/esi.uclm.es\/index.php\/2026\/04\/26\/abierta-la-preinscripcion-para-los-masteres-oficiales-de-la-esi-curso-2026-2027\/\" target=\"_self\">Abierta la preinscripci\u00f3n para los M\u00e1steres oficiales de la ESI | Curso 2026-2027<\/a>\n\t\t\t\t<\/h5>\n\t\t\t<\/div>\n\t\t\t<div itemprop=\"dateCreated\" class=\"mkd-post-info-date entry-date updated\">\n\t\t\t<a itemprop=\"url\" href=\"https:\/\/esi.uclm.es\/index.php\/2026\/04\/\">\n\t\t26 de abril de 2026\t\t\t<\/a>\n\t\t<meta itemprop=\"interactionCount\" content=\"UserComments: 0\"\/>\n<\/div>\t\t\t\t\t<\/div>\n\t<\/div>\n<\/div><div class=\"mkd-pt-seven-item mkd-post-item\">\n\t<div class=\"mkd-pt-seven-item-inner clearfix\">\n\t\t\t\t\t<div class=\"mkd-pt-seven-image-holder\" style=\"width: 123px\">\n\t\t\t\t<a itemprop=\"url\" class=\"mkd-pt-seven-link mkd-image-link\" href=\"https:\/\/esi.uclm.es\/index.php\/2026\/04\/24\/en-video-la-empresa-del-futuro-en-la-era-de-la-ia\/\" target=\"_self\">\n\t\t\t\t\t<img loading=\"lazy\" decoding=\"async\" src=\"https:\/\/esi.uclm.es\/assets\/uploads\/2026\/04\/Dori_conferencia_web2-123x105.webp\" alt=\"Dori L\u00f3pez durante la conferencia en la esi\" width=\"123\" height=\"105\" \/>\t\t\t\t<\/a>\n\t\t\t<\/div>\n\t\t\t\t<div class=\"mkd-pt-seven-content-holder\">\n\t\t\t<div class=\"mkd-pt-seven-title-holder\">\n\t\t\t\t<h5 class=\"mkd-pt-seven-title\">\n\t\t\t\t\t<a itemprop=\"url\" class=\"mkd-pt-link\" href=\"https:\/\/esi.uclm.es\/index.php\/2026\/04\/24\/en-video-la-empresa-del-futuro-en-la-era-de-la-ia\/\" target=\"_self\">En v\u00eddeo | La empresa del futuro en la era de la IA<\/a>\n\t\t\t\t<\/h5>\n\t\t\t<\/div>\n\t\t\t<div itemprop=\"dateCreated\" class=\"mkd-post-info-date entry-date updated\">\n\t\t\t<a itemprop=\"url\" href=\"https:\/\/esi.uclm.es\/index.php\/2026\/04\/\">\n\t\t24 de abril de 2026\t\t\t<\/a>\n\t\t<meta itemprop=\"interactionCount\" content=\"UserComments: 0\"\/>\n<\/div>\t\t\t\t\t<\/div>\n\t<\/div>\n<\/div><div class=\"mkd-pt-seven-item mkd-post-item\">\n\t<div class=\"mkd-pt-seven-item-inner clearfix\">\n\t\t\t\t\t<div class=\"mkd-pt-seven-image-holder\" style=\"width: 123px\">\n\t\t\t\t<a itemprop=\"url\" class=\"mkd-pt-seven-link mkd-image-link\" href=\"https:\/\/esi.uclm.es\/index.php\/2026\/04\/23\/mejores-momentos-de-la-final-intercampus-de-e-sports\/\" target=\"_self\">\n\t\t\t\t\t<img loading=\"lazy\" decoding=\"async\" src=\"https:\/\/esi.uclm.es\/assets\/uploads\/2026\/04\/esports_intercampus-123x105.webp\" alt=\"Celebraci\u00f3n final intercampus\" width=\"123\" height=\"105\" \/>\t\t\t\t<\/a>\n\t\t\t<\/div>\n\t\t\t\t<div class=\"mkd-pt-seven-content-holder\">\n\t\t\t<div class=\"mkd-pt-seven-title-holder\">\n\t\t\t\t<h5 class=\"mkd-pt-seven-title\">\n\t\t\t\t\t<a itemprop=\"url\" class=\"mkd-pt-link\" href=\"https:\/\/esi.uclm.es\/index.php\/2026\/04\/23\/mejores-momentos-de-la-final-intercampus-de-e-sports\/\" target=\"_self\">Mejores momentos de la final intercampus de e-sports<\/a>\n\t\t\t\t<\/h5>\n\t\t\t<\/div>\n\t\t\t<div itemprop=\"dateCreated\" class=\"mkd-post-info-date entry-date updated\">\n\t\t\t<a itemprop=\"url\" href=\"https:\/\/esi.uclm.es\/index.php\/2026\/04\/\">\n\t\t23 de abril de 2026\t\t\t<\/a>\n\t\t<meta itemprop=\"interactionCount\" content=\"UserComments: 0\"\/>\n<\/div>\t\t\t\t\t<\/div>\n\t<\/div>\n<\/div><div class=\"mkd-pt-seven-item mkd-post-item\">\n\t<div class=\"mkd-pt-seven-item-inner clearfix\">\n\t\t\t\t\t<div class=\"mkd-pt-seven-image-holder\" style=\"width: 123px\">\n\t\t\t\t<a itemprop=\"url\" class=\"mkd-pt-seven-link mkd-image-link\" href=\"https:\/\/esi.uclm.es\/index.php\/2026\/04\/22\/estudiantes-de-la-esi-ganadores-del-i-dedalus-datathon-castilla-la-mancha\/\" target=\"_self\">\n\t\t\t\t\t<img loading=\"lazy\" decoding=\"async\" src=\"https:\/\/esi.uclm.es\/assets\/uploads\/2026\/04\/GanadoreS_Datathon-123x105.jpeg\" alt=\"Ganadores del Datathon\" width=\"123\" height=\"105\" \/>\t\t\t\t<\/a>\n\t\t\t<\/div>\n\t\t\t\t<div class=\"mkd-pt-seven-content-holder\">\n\t\t\t<div class=\"mkd-pt-seven-title-holder\">\n\t\t\t\t<h5 class=\"mkd-pt-seven-title\">\n\t\t\t\t\t<a itemprop=\"url\" class=\"mkd-pt-link\" href=\"https:\/\/esi.uclm.es\/index.php\/2026\/04\/22\/estudiantes-de-la-esi-ganadores-del-i-dedalus-datathon-castilla-la-mancha\/\" target=\"_self\">Estudiantes de la ESI Ganadores del I Dedalus Datathon Castilla-La Mancha<\/a>\n\t\t\t\t<\/h5>\n\t\t\t<\/div>\n\t\t\t<div itemprop=\"dateCreated\" class=\"mkd-post-info-date entry-date updated\">\n\t\t\t<a itemprop=\"url\" href=\"https:\/\/esi.uclm.es\/index.php\/2026\/04\/\">\n\t\t22 de abril de 2026\t\t\t<\/a>\n\t\t<meta itemprop=\"interactionCount\" content=\"UserComments: 0\"\/>\n<\/div>\t\t\t\t\t<\/div>\n\t<\/div>\n<\/div><div class=\"mkd-pt-seven-item mkd-post-item\">\n\t<div class=\"mkd-pt-seven-item-inner clearfix\">\n\t\t\t\t\t<div class=\"mkd-pt-seven-image-holder\" style=\"width: 123px\">\n\t\t\t\t<a itemprop=\"url\" class=\"mkd-pt-seven-link mkd-image-link\" href=\"https:\/\/esi.uclm.es\/index.php\/2026\/04\/22\/highlights-y-final-de-futbol-sala-2026\/\" target=\"_self\">\n\t\t\t\t\t<img loading=\"lazy\" decoding=\"async\" src=\"https:\/\/esi.uclm.es\/assets\/uploads\/2026\/04\/futsalfinal-123x105.webp\" alt=\"Jugadores de la ESI disputando la final de f\u00fatbol Sala 2026\" width=\"123\" height=\"105\" \/>\t\t\t\t<\/a>\n\t\t\t<\/div>\n\t\t\t\t<div class=\"mkd-pt-seven-content-holder\">\n\t\t\t<div class=\"mkd-pt-seven-title-holder\">\n\t\t\t\t<h5 class=\"mkd-pt-seven-title\">\n\t\t\t\t\t<a itemprop=\"url\" class=\"mkd-pt-link\" href=\"https:\/\/esi.uclm.es\/index.php\/2026\/04\/22\/highlights-y-final-de-futbol-sala-2026\/\" target=\"_self\">Highlights y Final de F\u00fatbol Sala 2026<\/a>\n\t\t\t\t<\/h5>\n\t\t\t<\/div>\n\t\t\t<div itemprop=\"dateCreated\" class=\"mkd-post-info-date entry-date updated\">\n\t\t\t<a itemprop=\"url\" href=\"https:\/\/esi.uclm.es\/index.php\/2026\/04\/\">\n\t\t22 de abril de 2026\t\t\t<\/a>\n\t\t<meta itemprop=\"interactionCount\" content=\"UserComments: 0\"\/>\n<\/div>\t\t\t\t\t<\/div>\n\t<\/div>\n<\/div><div class=\"mkd-pt-seven-item mkd-post-item\">\n\t<div class=\"mkd-pt-seven-item-inner clearfix\">\n\t\t\t\t\t<div class=\"mkd-pt-seven-image-holder\" style=\"width: 123px\">\n\t\t\t\t<a itemprop=\"url\" class=\"mkd-pt-seven-link mkd-image-link\" href=\"https:\/\/esi.uclm.es\/index.php\/2026\/04\/21\/curso-y-competicion-de-minecraft-educativo-para-preuniversitarios-2026\/\" target=\"_self\">\n\t\t\t\t\t<img loading=\"lazy\" decoding=\"async\" src=\"https:\/\/esi.uclm.es\/assets\/uploads\/2026\/04\/curso_minecraft2026_web-1-123x105.webp\" alt=\"\" width=\"123\" height=\"105\" \/>\t\t\t\t<\/a>\n\t\t\t<\/div>\n\t\t\t\t<div class=\"mkd-pt-seven-content-holder\">\n\t\t\t<div class=\"mkd-pt-seven-title-holder\">\n\t\t\t\t<h5 class=\"mkd-pt-seven-title\">\n\t\t\t\t\t<a itemprop=\"url\" class=\"mkd-pt-link\" href=\"https:\/\/esi.uclm.es\/index.php\/2026\/04\/21\/curso-y-competicion-de-minecraft-educativo-para-preuniversitarios-2026\/\" target=\"_self\">Curso y Competici\u00f3n de Minecraft Educativo para estudiantes de IES<\/a>\n\t\t\t\t<\/h5>\n\t\t\t<\/div>\n\t\t\t<div itemprop=\"dateCreated\" class=\"mkd-post-info-date entry-date updated\">\n\t\t\t<a itemprop=\"url\" href=\"https:\/\/esi.uclm.es\/index.php\/2026\/04\/\">\n\t\t21 de abril de 2026\t\t\t<\/a>\n\t\t<meta itemprop=\"interactionCount\" content=\"UserComments: 0\"\/>\n<\/div>\t\t\t\t\t<\/div>\n\t<\/div>\n<\/div><\/div><\/div><\/div><\/div><\/div><\/div><\/div><\/div>\r\n<p>\n\n\n","protected":false},"excerpt":{"rendered":"<p>Informaci\u00f3n General El t\u00edtulo de Grado en Ingenier\u00eda Inform\u00e1tica tiene como objetivo fundamental la formaci\u00f3n cient\u00edfica, tecnol\u00f3gica y socioecon\u00f3mica, y la preparaci\u00f3n para el ejercicio profesional en el desarrollo y aplicaci\u00f3n de las Tecnolog\u00edas de la Informaci\u00f3n y las Comunicaciones en el \u00e1mbito de la [&hellip;]<\/p>\n","protected":false},"author":1,"featured_media":0,"parent":0,"menu_order":0,"comment_status":"closed","ping_status":"closed","template":"","meta":{"footnotes":""},"class_list":["post-3996","page","type-page","status-publish","hentry"],"yoast_head":"<!-- This site is optimized with the Yoast SEO plugin v27.4 - https:\/\/yoast.com\/product\/yoast-seo-wordpress\/ -->\n<title>Grado en Ingenier\u00eda Inform\u00e1tica - Escuela Superior de Inform\u00e1tica de UCLM<\/title>\n<meta name=\"description\" content=\"Informaci\u00f3n general del Grado en Ingenier\u00eda Inform\u00e1tica, en la Escuela Superior de Inform\u00e1tica de Ciudad Real (Universidad de Castilla-La Mancha)\" \/>\n<meta name=\"robots\" content=\"index, follow, max-snippet:-1, max-image-preview:large, max-video-preview:-1\" \/>\n<link rel=\"canonical\" href=\"https:\/\/esi.uclm.es\/index.php\/grado-en-ingenieria-informatica\/\" \/>\n<meta property=\"og:locale\" content=\"es_ES\" \/>\n<meta property=\"og:type\" content=\"article\" \/>\n<meta property=\"og:title\" content=\"Grado en Ingenier\u00eda Inform\u00e1tica - Escuela Superior de Inform\u00e1tica de UCLM\" \/>\n<meta property=\"og:description\" content=\"Informaci\u00f3n general del Grado en Ingenier\u00eda Inform\u00e1tica, en la Escuela Superior de Inform\u00e1tica de Ciudad Real (Universidad de Castilla-La Mancha)\" \/>\n<meta property=\"og:url\" content=\"https:\/\/esi.uclm.es\/index.php\/grado-en-ingenieria-informatica\/\" \/>\n<meta property=\"og:site_name\" content=\"Escuela Superior de Inform\u00e1tica de UCLM\" \/>\n<meta property=\"article:publisher\" content=\"https:\/\/www.facebook.com\/Escuela-Superior-de-Informtica-543261809027158\" \/>\n<meta property=\"article:modified_time\" content=\"2024-02-16T08:12:32+00:00\" \/>\n<meta property=\"og:image\" content=\"https:\/\/esi.uclm.es\/assets\/uploads\/2022\/01\/original_schema-grado.jpg\" \/>\n<meta name=\"twitter:card\" content=\"summary_large_image\" \/>\n<meta name=\"twitter:site\" content=\"@esiuclm\" \/>\n<meta name=\"twitter:label1\" content=\"Tiempo de lectura\" \/>\n\t<meta name=\"twitter:data1\" content=\"2 minutos\" \/>\n<script type=\"application\/ld+json\" class=\"yoast-schema-graph\">{\"@context\":\"https:\\\/\\\/schema.org\",\"@graph\":[{\"@type\":\"WebPage\",\"@id\":\"https:\\\/\\\/esi.uclm.es\\\/index.php\\\/grado-en-ingenieria-informatica\\\/\",\"url\":\"https:\\\/\\\/esi.uclm.es\\\/index.php\\\/grado-en-ingenieria-informatica\\\/\",\"name\":\"Grado en Ingenier\u00eda Inform\u00e1tica - Escuela Superior de Inform\u00e1tica de UCLM\",\"isPartOf\":{\"@id\":\"https:\\\/\\\/esi.uclm.es\\\/#website\"},\"primaryImageOfPage\":{\"@id\":\"https:\\\/\\\/esi.uclm.es\\\/index.php\\\/grado-en-ingenieria-informatica\\\/#primaryimage\"},\"image\":{\"@id\":\"https:\\\/\\\/esi.uclm.es\\\/index.php\\\/grado-en-ingenieria-informatica\\\/#primaryimage\"},\"thumbnailUrl\":\"https:\\\/\\\/esi.uclm.es\\\/assets\\\/uploads\\\/2022\\\/01\\\/original_schema-grado.jpg\",\"datePublished\":\"2022-01-27T17:06:03+00:00\",\"dateModified\":\"2024-02-16T08:12:32+00:00\",\"description\":\"Informaci\u00f3n general del Grado en Ingenier\u00eda Inform\u00e1tica, en la Escuela Superior de Inform\u00e1tica de Ciudad Real (Universidad de Castilla-La Mancha)\",\"breadcrumb\":{\"@id\":\"https:\\\/\\\/esi.uclm.es\\\/index.php\\\/grado-en-ingenieria-informatica\\\/#breadcrumb\"},\"inLanguage\":\"es\",\"potentialAction\":[{\"@type\":\"ReadAction\",\"target\":[\"https:\\\/\\\/esi.uclm.es\\\/index.php\\\/grado-en-ingenieria-informatica\\\/\"]}]},{\"@type\":\"ImageObject\",\"inLanguage\":\"es\",\"@id\":\"https:\\\/\\\/esi.uclm.es\\\/index.php\\\/grado-en-ingenieria-informatica\\\/#primaryimage\",\"url\":\"https:\\\/\\\/esi.uclm.es\\\/assets\\\/uploads\\\/2022\\\/01\\\/original_schema-grado.jpg\",\"contentUrl\":\"https:\\\/\\\/esi.uclm.es\\\/assets\\\/uploads\\\/2022\\\/01\\\/original_schema-grado.jpg\"},{\"@type\":\"BreadcrumbList\",\"@id\":\"https:\\\/\\\/esi.uclm.es\\\/index.php\\\/grado-en-ingenieria-informatica\\\/#breadcrumb\",\"itemListElement\":[{\"@type\":\"ListItem\",\"position\":1,\"name\":\"Portada\",\"item\":\"https:\\\/\\\/esi.uclm.es\\\/\"},{\"@type\":\"ListItem\",\"position\":2,\"name\":\"Grado en Ingenier\u00eda Inform\u00e1tica\"}]},{\"@type\":\"WebSite\",\"@id\":\"https:\\\/\\\/esi.uclm.es\\\/#website\",\"url\":\"https:\\\/\\\/esi.uclm.es\\\/\",\"name\":\"Escuela Superior de Inform\u00e1tica de UCLM en Ciudad Real, Castilla-La Mancha\",\"description\":\"La Escuela Superior de Inform\u00e1tica de Ciudad Real (Castilla-La Mancha), Universidad de Castilla-La Mancha es un centro universitario que imparte el ciclo completo de Ingenier\u00eda en Inform\u00e1tica: grado, m\u00e1ster y doctorado.\",\"publisher\":{\"@id\":\"https:\\\/\\\/esi.uclm.es\\\/#organization\"},\"potentialAction\":[{\"@type\":\"SearchAction\",\"target\":{\"@type\":\"EntryPoint\",\"urlTemplate\":\"https:\\\/\\\/esi.uclm.es\\\/?s={search_term_string}\"},\"query-input\":{\"@type\":\"PropertyValueSpecification\",\"valueRequired\":true,\"valueName\":\"search_term_string\"}}],\"inLanguage\":\"es\"},{\"@type\":\"Organization\",\"@id\":\"https:\\\/\\\/esi.uclm.es\\\/#organization\",\"name\":\"Escuela Superior de Inform\u00e1tica de UCLM\",\"url\":\"https:\\\/\\\/esi.uclm.es\\\/\",\"logo\":{\"@type\":\"ImageObject\",\"inLanguage\":\"es\",\"@id\":\"https:\\\/\\\/esi.uclm.es\\\/#\\\/schema\\\/logo\\\/image\\\/\",\"url\":\"https:\\\/\\\/esi.uclm.es\\\/assets\\\/uploads\\\/2022\\\/03\\\/LogoESI_cabecera-1.png\",\"contentUrl\":\"https:\\\/\\\/esi.uclm.es\\\/assets\\\/uploads\\\/2022\\\/03\\\/LogoESI_cabecera-1.png\",\"width\":460,\"height\":184,\"caption\":\"Escuela Superior de Inform\u00e1tica de UCLM\"},\"image\":{\"@id\":\"https:\\\/\\\/esi.uclm.es\\\/#\\\/schema\\\/logo\\\/image\\\/\"},\"sameAs\":[\"https:\\\/\\\/www.facebook.com\\\/Escuela-Superior-de-Informtica-543261809027158\",\"https:\\\/\\\/x.com\\\/esiuclm\",\"https:\\\/\\\/www.instagram.com\\\/esiuclm\\\/\",\"https:\\\/\\\/www.youtube.com\\\/user\\\/esiuclm\",\"https:\\\/\\\/www.twitch.tv\\\/esiuclm\",\"https:\\\/\\\/www.linkedin.com\\\/company\\\/12656631\\\/admin\\\/\"]}]}<\/script>\n<!-- \/ Yoast SEO plugin. -->","yoast_head_json":{"title":"Grado en Ingenier\u00eda Inform\u00e1tica - Escuela Superior de Inform\u00e1tica de UCLM","description":"Informaci\u00f3n general del Grado en Ingenier\u00eda Inform\u00e1tica, en la Escuela Superior de Inform\u00e1tica de Ciudad Real (Universidad de Castilla-La Mancha)","robots":{"index":"index","follow":"follow","max-snippet":"max-snippet:-1","max-image-preview":"max-image-preview:large","max-video-preview":"max-video-preview:-1"},"canonical":"https:\/\/esi.uclm.es\/index.php\/grado-en-ingenieria-informatica\/","og_locale":"es_ES","og_type":"article","og_title":"Grado en Ingenier\u00eda Inform\u00e1tica - Escuela Superior de Inform\u00e1tica de UCLM","og_description":"Informaci\u00f3n general del Grado en Ingenier\u00eda Inform\u00e1tica, en la Escuela Superior de Inform\u00e1tica de Ciudad Real (Universidad de Castilla-La Mancha)","og_url":"https:\/\/esi.uclm.es\/index.php\/grado-en-ingenieria-informatica\/","og_site_name":"Escuela Superior de Inform\u00e1tica de UCLM","article_publisher":"https:\/\/www.facebook.com\/Escuela-Superior-de-Informtica-543261809027158","article_modified_time":"2024-02-16T08:12:32+00:00","og_image":[{"url":"https:\/\/esi.uclm.es\/assets\/uploads\/2022\/01\/original_schema-grado.jpg","type":"","width":"","height":""}],"twitter_card":"summary_large_image","twitter_site":"@esiuclm","twitter_misc":{"Tiempo de lectura":"2 minutos"},"schema":{"@context":"https:\/\/schema.org","@graph":[{"@type":"WebPage","@id":"https:\/\/esi.uclm.es\/index.php\/grado-en-ingenieria-informatica\/","url":"https:\/\/esi.uclm.es\/index.php\/grado-en-ingenieria-informatica\/","name":"Grado en Ingenier\u00eda Inform\u00e1tica - Escuela Superior de Inform\u00e1tica de UCLM","isPartOf":{"@id":"https:\/\/esi.uclm.es\/#website"},"primaryImageOfPage":{"@id":"https:\/\/esi.uclm.es\/index.php\/grado-en-ingenieria-informatica\/#primaryimage"},"image":{"@id":"https:\/\/esi.uclm.es\/index.php\/grado-en-ingenieria-informatica\/#primaryimage"},"thumbnailUrl":"https:\/\/esi.uclm.es\/assets\/uploads\/2022\/01\/original_schema-grado.jpg","datePublished":"2022-01-27T17:06:03+00:00","dateModified":"2024-02-16T08:12:32+00:00","description":"Informaci\u00f3n general del Grado en Ingenier\u00eda Inform\u00e1tica, en la Escuela Superior de Inform\u00e1tica de Ciudad Real (Universidad de Castilla-La Mancha)","breadcrumb":{"@id":"https:\/\/esi.uclm.es\/index.php\/grado-en-ingenieria-informatica\/#breadcrumb"},"inLanguage":"es","potentialAction":[{"@type":"ReadAction","target":["https:\/\/esi.uclm.es\/index.php\/grado-en-ingenieria-informatica\/"]}]},{"@type":"ImageObject","inLanguage":"es","@id":"https:\/\/esi.uclm.es\/index.php\/grado-en-ingenieria-informatica\/#primaryimage","url":"https:\/\/esi.uclm.es\/assets\/uploads\/2022\/01\/original_schema-grado.jpg","contentUrl":"https:\/\/esi.uclm.es\/assets\/uploads\/2022\/01\/original_schema-grado.jpg"},{"@type":"BreadcrumbList","@id":"https:\/\/esi.uclm.es\/index.php\/grado-en-ingenieria-informatica\/#breadcrumb","itemListElement":[{"@type":"ListItem","position":1,"name":"Portada","item":"https:\/\/esi.uclm.es\/"},{"@type":"ListItem","position":2,"name":"Grado en Ingenier\u00eda Inform\u00e1tica"}]},{"@type":"WebSite","@id":"https:\/\/esi.uclm.es\/#website","url":"https:\/\/esi.uclm.es\/","name":"Escuela Superior de Inform\u00e1tica de UCLM en Ciudad Real, Castilla-La Mancha","description":"La Escuela Superior de Inform\u00e1tica de Ciudad Real (Castilla-La Mancha), Universidad de Castilla-La Mancha es un centro universitario que imparte el ciclo completo de Ingenier\u00eda en Inform\u00e1tica: grado, m\u00e1ster y doctorado.","publisher":{"@id":"https:\/\/esi.uclm.es\/#organization"},"potentialAction":[{"@type":"SearchAction","target":{"@type":"EntryPoint","urlTemplate":"https:\/\/esi.uclm.es\/?s={search_term_string}"},"query-input":{"@type":"PropertyValueSpecification","valueRequired":true,"valueName":"search_term_string"}}],"inLanguage":"es"},{"@type":"Organization","@id":"https:\/\/esi.uclm.es\/#organization","name":"Escuela Superior de Inform\u00e1tica de UCLM","url":"https:\/\/esi.uclm.es\/","logo":{"@type":"ImageObject","inLanguage":"es","@id":"https:\/\/esi.uclm.es\/#\/schema\/logo\/image\/","url":"https:\/\/esi.uclm.es\/assets\/uploads\/2022\/03\/LogoESI_cabecera-1.png","contentUrl":"https:\/\/esi.uclm.es\/assets\/uploads\/2022\/03\/LogoESI_cabecera-1.png","width":460,"height":184,"caption":"Escuela Superior de Inform\u00e1tica de UCLM"},"image":{"@id":"https:\/\/esi.uclm.es\/#\/schema\/logo\/image\/"},"sameAs":["https:\/\/www.facebook.com\/Escuela-Superior-de-Informtica-543261809027158","https:\/\/x.com\/esiuclm","https:\/\/www.instagram.com\/esiuclm\/","https:\/\/www.youtube.com\/user\/esiuclm","https:\/\/www.twitch.tv\/esiuclm","https:\/\/www.linkedin.com\/company\/12656631\/admin\/"]}]}},"_links":{"self":[{"href":"https:\/\/esi.uclm.es\/index.php\/wp-json\/wp\/v2\/pages\/3996","targetHints":{"allow":["GET"]}}],"collection":[{"href":"https:\/\/esi.uclm.es\/index.php\/wp-json\/wp\/v2\/pages"}],"about":[{"href":"https:\/\/esi.uclm.es\/index.php\/wp-json\/wp\/v2\/types\/page"}],"author":[{"embeddable":true,"href":"https:\/\/esi.uclm.es\/index.php\/wp-json\/wp\/v2\/users\/1"}],"replies":[{"embeddable":true,"href":"https:\/\/esi.uclm.es\/index.php\/wp-json\/wp\/v2\/comments?post=3996"}],"version-history":[{"count":16,"href":"https:\/\/esi.uclm.es\/index.php\/wp-json\/wp\/v2\/pages\/3996\/revisions"}],"predecessor-version":[{"id":18033,"href":"https:\/\/esi.uclm.es\/index.php\/wp-json\/wp\/v2\/pages\/3996\/revisions\/18033"}],"wp:attachment":[{"href":"https:\/\/esi.uclm.es\/index.php\/wp-json\/wp\/v2\/media?parent=3996"}],"curies":[{"name":"wp","href":"https:\/\/api.w.org\/{rel}","templated":true}]}}