{"id":2121,"date":"2016-03-08T09:10:56","date_gmt":"2016-03-08T09:10:56","guid":{"rendered":"http:\/\/discussion.mikado-themes.com\/?page_id=2121"},"modified":"2016-03-08T09:10:56","modified_gmt":"2016-03-08T09:10:56","slug":"slider-block-example","status":"publish","type":"page","link":"https:\/\/esi.uclm.es\/index.php\/slider-block-example\/","title":{"rendered":"Slider Block"},"content":{"rendered":"<div class=\"vc_row wpb_row vc_row-fluid mkd-section mkd-content-aligment-left\" style=\"\"><div class=\"clearfix mkd-full-section-inner\"><div class=\"wpb_column vc_column_container vc_col-sm-12\"><div class=\"vc_column-inner\"><div class=\"wpb_wrapper\"><div class=\"mkd-bnl-holder mkd-pb-four-holder  mkd-block-revealing\"  data-base=\"mkd_block_four\"  data-content_in_grid=\"yes\" data-slider_height=\"610\" data-category_id=\"10\"     data-post_not_in=\"641, 638\"  data-featured_thumb_image_size=\"custom_size\" data-featured_thumb_image_width=\"1920\" data-featured_thumb_image_height=\"615\"        data-custom_thumb_image_width=\"85\" data-custom_thumb_image_height=\"85\"   data-title_length=\"29\"    data-number_of_posts=\"5\"  data-paged=\"1\" data-max_pages=\"244\"><div class=\"mkd-bnl-outer\"><div class=\"mkd-bnl-inner\"><div class=\"mkd-post-block-part mkd-pb-four-featured mkd-pbr-featured\" data-image-height=610 ><div class=\"mkd-post-block-part-inner\"><div class=\"mkd-pt-five-item mkd-post-item\" data-image-proportion=\"0.3203125\" style=\"background-image: url(https:\/\/esi.uclm.es\/assets\/uploads\/2026\/04\/render_titulos_personas-1920x615.webp)\">\n    <a itemprop=\"url\" class=\"mkd-post-item-link\" href=\"https:\/\/esi.uclm.es\/index.php\/2026\/04\/26\/abierta-la-preinscripcion-para-los-masteres-oficiales-de-la-esi-curso-2026-2027\/\" target=\"_self\">\n    <\/a>\n\t\t<div class=\"mkd-grid\">\n\t\t\t<div class=\"mkd-pt-five-item-inner\">\n\t\t\t<div class=\"mkd-pt-five-top-content\">\n\t\t\t\t<div class=\"mkd-pt-five-content\">\n\t\t\t\t\t<div class=\"mkd-pt-five-content-inner\">\n\t\t\t\t\t\t<div class=\"mkd-post-info-category\"><a href=\"https:\/\/esi.uclm.es\/index.php\/category\/portada\/\" rel=\"category tag\">Portada<\/a><\/div>\t\t\t\t\t\t<h2 class=\"mkd-pt-five-title\">\n\t\t\t\t\t\t\t<a itemprop=\"url\" class=\"mkd-pt-link\" href=\"https:\/\/esi.uclm.es\/index.php\/2026\/04\/26\/abierta-la-preinscripcion-para-los-masteres-oficiales-de-la-esi-curso-2026-2027\/\" target=\"_self\">Abierta la preinscripci\u00f3n para los M\u00e1steres oficiales de la ESI | Curso 2026-2027<\/a>\n\t\t\t\t\t\t<\/h2>\n\t\t\t\t\t\t<div itemprop=\"dateCreated\" class=\"mkd-post-info-date entry-date updated\">\n\t\t\t<a itemprop=\"url\" href=\"https:\/\/esi.uclm.es\/index.php\/2026\/04\/\">\n\t\t26 de abril de 2026\t\t\t<\/a>\n\t\t<meta itemprop=\"interactionCount\" content=\"UserComments: 0\"\/>\n<\/div>\t\t\t\t\t\t\t\t\t\t\t\t\t<div class=\"mkd-pt-five-excerpt\">\n\t\t\t\t\t\t\t\t<p class=\"mkd-post-excerpt\">\nYa est\u00e1 abierto el plazo de preinscripci\u00f3n para acceder a los M\u00e1steres oficiales que la Escuela Superior de Inform\u00e1tica (ESI) de Ciudad Real oferta para el curso acad\u00e9mico 2026-2027. Los<\/p>\t\t\t\t\t\t\t<\/div>\n\t\t\t\t\t\t\t\t\t\t\t<\/div>\n\t\t\t\t<\/div>\n\t\t\t<\/div>\n\t\t<\/div>\n\t\t<\/div>\n\t<\/div><\/div><div class=\"mkd-post-block-part-inner\"><div class=\"mkd-pt-five-item mkd-post-item\" data-image-proportion=\"0.3203125\" style=\"background-image: url(https:\/\/esi.uclm.es\/assets\/uploads\/2026\/04\/Dori_conferencia_web2-1920x615.webp)\">\n    <a itemprop=\"url\" class=\"mkd-post-item-link\" href=\"https:\/\/esi.uclm.es\/index.php\/2026\/04\/24\/en-video-la-empresa-del-futuro-en-la-era-de-la-ia\/\" target=\"_self\">\n    <\/a>\n\t\t<div class=\"mkd-grid\">\n\t\t\t<div class=\"mkd-pt-five-item-inner\">\n\t\t\t<div class=\"mkd-pt-five-top-content\">\n\t\t\t\t<div class=\"mkd-pt-five-content\">\n\t\t\t\t\t<div class=\"mkd-pt-five-content-inner\">\n\t\t\t\t\t\t<div class=\"mkd-post-info-category\"><a href=\"https:\/\/esi.uclm.es\/index.php\/category\/general\/\" rel=\"category tag\">General<\/a><\/div>\t\t\t\t\t\t<h2 class=\"mkd-pt-five-title\">\n\t\t\t\t\t\t\t<a itemprop=\"url\" class=\"mkd-pt-link\" href=\"https:\/\/esi.uclm.es\/index.php\/2026\/04\/24\/en-video-la-empresa-del-futuro-en-la-era-de-la-ia\/\" target=\"_self\">En v\u00eddeo | La empresa del futuro en la era de la IA<\/a>\n\t\t\t\t\t\t<\/h2>\n\t\t\t\t\t\t<div itemprop=\"dateCreated\" class=\"mkd-post-info-date entry-date updated\">\n\t\t\t<a itemprop=\"url\" href=\"https:\/\/esi.uclm.es\/index.php\/2026\/04\/\">\n\t\t24 de abril de 2026\t\t\t<\/a>\n\t\t<meta itemprop=\"interactionCount\" content=\"UserComments: 0\"\/>\n<\/div>\t\t\t\t\t\t\t\t\t\t\t\t\t<div class=\"mkd-pt-five-excerpt\">\n\t\t\t\t\t\t\t\t<p class=\"mkd-post-excerpt\">\nYa est\u00e1 disponible la grabaci\u00f3n \u00edntegra de la conferencia impartida por Dori L\u00f3pez Nieves en la Escuela Superior de Inform\u00e1tica. Bajo el t\u00edtulo \"La empresa del futuro en la era<\/p>\t\t\t\t\t\t\t<\/div>\n\t\t\t\t\t\t\t\t\t\t\t<\/div>\n\t\t\t\t<\/div>\n\t\t\t<\/div>\n\t\t<\/div>\n\t\t<\/div>\n\t<\/div><\/div><div class=\"mkd-post-block-part-inner\"><div class=\"mkd-pt-five-item mkd-post-item\" data-image-proportion=\"0.3203125\" style=\"background-image: url(https:\/\/esi.uclm.es\/assets\/uploads\/2026\/04\/esports_intercampus-1920x615.webp)\">\n    <a itemprop=\"url\" class=\"mkd-post-item-link\" href=\"https:\/\/esi.uclm.es\/index.php\/2026\/04\/23\/mejores-momentos-de-la-final-intercampus-de-e-sports\/\" target=\"_self\">\n    <\/a>\n\t\t<div class=\"mkd-grid\">\n\t\t\t<div class=\"mkd-pt-five-item-inner\">\n\t\t\t<div class=\"mkd-pt-five-top-content\">\n\t\t\t\t<div class=\"mkd-pt-five-content\">\n\t\t\t\t\t<div class=\"mkd-pt-five-content-inner\">\n\t\t\t\t\t\t<div class=\"mkd-post-info-category\"><a href=\"https:\/\/esi.uclm.es\/index.php\/category\/deportes\/\" rel=\"category tag\">Deportes<\/a> \/ <a href=\"https:\/\/esi.uclm.es\/index.php\/category\/general\/\" rel=\"category tag\">General<\/a><\/div>\t\t\t\t\t\t<h2 class=\"mkd-pt-five-title\">\n\t\t\t\t\t\t\t<a itemprop=\"url\" class=\"mkd-pt-link\" href=\"https:\/\/esi.uclm.es\/index.php\/2026\/04\/23\/mejores-momentos-de-la-final-intercampus-de-e-sports\/\" target=\"_self\">Mejores momentos de la final intercampus de e-sports<\/a>\n\t\t\t\t\t\t<\/h2>\n\t\t\t\t\t\t<div itemprop=\"dateCreated\" class=\"mkd-post-info-date entry-date updated\">\n\t\t\t<a itemprop=\"url\" href=\"https:\/\/esi.uclm.es\/index.php\/2026\/04\/\">\n\t\t23 de abril de 2026\t\t\t<\/a>\n\t\t<meta itemprop=\"interactionCount\" content=\"UserComments: 0\"\/>\n<\/div>\t\t\t\t\t\t\t\t\t\t\t\t\t<div class=\"mkd-pt-five-excerpt\">\n\t\t\t\t\t\t\t\t<p class=\"mkd-post-excerpt\">\nEl pasado viernes 19 de abril, los estudiantes de la Delegaci\u00f3n de Estudiantes de Inform\u00e1tica de la ESI organizaron la primera final intercampus entre estudiantes de Ingenier\u00eda Inform\u00e1tica de las<\/p>\t\t\t\t\t\t\t<\/div>\n\t\t\t\t\t\t\t\t\t\t\t<\/div>\n\t\t\t\t<\/div>\n\t\t\t<\/div>\n\t\t<\/div>\n\t\t<\/div>\n\t<\/div><\/div><div class=\"mkd-post-block-part-inner\"><div class=\"mkd-pt-five-item mkd-post-item\" data-image-proportion=\"0.3203125\" style=\"background-image: url(https:\/\/esi.uclm.es\/assets\/uploads\/2026\/04\/GanadoreS_Datathon-1920x615.jpeg)\">\n    <a itemprop=\"url\" class=\"mkd-post-item-link\" href=\"https:\/\/esi.uclm.es\/index.php\/2026\/04\/22\/estudiantes-de-la-esi-ganadores-del-i-dedalus-datathon-castilla-la-mancha\/\" target=\"_self\">\n    <\/a>\n\t\t<div class=\"mkd-grid\">\n\t\t\t<div class=\"mkd-pt-five-item-inner\">\n\t\t\t<div class=\"mkd-pt-five-top-content\">\n\t\t\t\t<div class=\"mkd-pt-five-content\">\n\t\t\t\t\t<div class=\"mkd-pt-five-content-inner\">\n\t\t\t\t\t\t<div class=\"mkd-post-info-category\"><a href=\"https:\/\/esi.uclm.es\/index.php\/category\/general\/\" rel=\"category tag\">General<\/a><\/div>\t\t\t\t\t\t<h2 class=\"mkd-pt-five-title\">\n\t\t\t\t\t\t\t<a itemprop=\"url\" class=\"mkd-pt-link\" href=\"https:\/\/esi.uclm.es\/index.php\/2026\/04\/22\/estudiantes-de-la-esi-ganadores-del-i-dedalus-datathon-castilla-la-mancha\/\" target=\"_self\">Estudiantes de la ESI Ganadores del I Dedalus Datathon Castilla-La Mancha<\/a>\n\t\t\t\t\t\t<\/h2>\n\t\t\t\t\t\t<div itemprop=\"dateCreated\" class=\"mkd-post-info-date entry-date updated\">\n\t\t\t<a itemprop=\"url\" href=\"https:\/\/esi.uclm.es\/index.php\/2026\/04\/\">\n\t\t22 de abril de 2026\t\t\t<\/a>\n\t\t<meta itemprop=\"interactionCount\" content=\"UserComments: 0\"\/>\n<\/div>\t\t\t\t\t\t\t\t\t\t\t\t\t<div class=\"mkd-pt-five-excerpt\">\n\t\t\t\t\t\t\t\t<p class=\"mkd-post-excerpt\">\nUn equipo formado por cuatro estudiantes de la Escuela Superior de Inform\u00e1tica del campus de Ciudad Real se ha alzado con el primer premio en esta competici\u00f3n de Salud Digital<\/p>\t\t\t\t\t\t\t<\/div>\n\t\t\t\t\t\t\t\t\t\t\t<\/div>\n\t\t\t\t<\/div>\n\t\t\t<\/div>\n\t\t<\/div>\n\t\t<\/div>\n\t<\/div><\/div><div class=\"mkd-post-block-part-inner\"><div class=\"mkd-pt-five-item mkd-post-item\" data-image-proportion=\"0.3203125\" style=\"background-image: url(https:\/\/esi.uclm.es\/assets\/uploads\/2026\/04\/futsalfinal-1920x615.webp)\">\n    <a itemprop=\"url\" class=\"mkd-post-item-link\" href=\"https:\/\/esi.uclm.es\/index.php\/2026\/04\/22\/highlights-y-final-de-futbol-sala-2026\/\" target=\"_self\">\n    <\/a>\n\t\t<div class=\"mkd-grid\">\n\t\t\t<div class=\"mkd-pt-five-item-inner\">\n\t\t\t<div class=\"mkd-pt-five-top-content\">\n\t\t\t\t<div class=\"mkd-pt-five-content\">\n\t\t\t\t\t<div class=\"mkd-pt-five-content-inner\">\n\t\t\t\t\t\t<div class=\"mkd-post-info-category\"><a href=\"https:\/\/esi.uclm.es\/index.php\/category\/deportes\/\" rel=\"category tag\">Deportes<\/a> \/ <a href=\"https:\/\/esi.uclm.es\/index.php\/category\/general\/\" rel=\"category tag\">General<\/a><\/div>\t\t\t\t\t\t<h2 class=\"mkd-pt-five-title\">\n\t\t\t\t\t\t\t<a itemprop=\"url\" class=\"mkd-pt-link\" href=\"https:\/\/esi.uclm.es\/index.php\/2026\/04\/22\/highlights-y-final-de-futbol-sala-2026\/\" target=\"_self\">Highlights y Final de F\u00fatbol Sala 2026<\/a>\n\t\t\t\t\t\t<\/h2>\n\t\t\t\t\t\t<div itemprop=\"dateCreated\" class=\"mkd-post-info-date entry-date updated\">\n\t\t\t<a itemprop=\"url\" href=\"https:\/\/esi.uclm.es\/index.php\/2026\/04\/\">\n\t\t22 de abril de 2026\t\t\t<\/a>\n\t\t<meta itemprop=\"interactionCount\" content=\"UserComments: 0\"\/>\n<\/div>\t\t\t\t\t\t\t\t\t\t\t\t\t<div class=\"mkd-pt-five-excerpt\">\n\t\t\t\t\t\t\t\t<p class=\"mkd-post-excerpt\">\nEl pasado 15 de abril se disput\u00f3 la final del torneo de f\u00fatbol sala de la Escuela Superior de Inform\u00e1tica en la Universidad de Castilla-La Mancha. Un torneo que este<\/p>\t\t\t\t\t\t\t<\/div>\n\t\t\t\t\t\t\t\t\t\t\t<\/div>\n\t\t\t\t<\/div>\n\t\t\t<\/div>\n\t\t<\/div>\n\t\t<\/div>\n\t<\/div><\/div><\/div><div class=\"mkd-post-block-part mkd-pb-four-non-featured\"><span class=\"mkd-hide-show-button\"><span>Show<\/span><span>Hide<\/span><\/span><div class=\"mkd-pb-non-featured-inner mkd-pbr-non-featured\"><div class=\"mkd-pb-item-row mkd-post-reveal-item\"><div class=\"mkd-pt-seven-item mkd-post-item\">\n\t<div class=\"mkd-pt-seven-item-inner clearfix\">\n\t\t\t\t\t<div class=\"mkd-pt-seven-image-holder\" style=\"width: 85px\">\n\t\t\t\t<a itemprop=\"url\" class=\"mkd-pt-seven-link mkd-image-link\" href=\"https:\/\/esi.uclm.es\/index.php\/2026\/04\/26\/abierta-la-preinscripcion-para-los-masteres-oficiales-de-la-esi-curso-2026-2027\/\" target=\"_self\">\n\t\t\t\t\t<img loading=\"lazy\" decoding=\"async\" src=\"https:\/\/esi.uclm.es\/assets\/uploads\/2026\/04\/render_titulos_personas-85x85.webp\" alt=\"T\u00edtulos esi 2025-2026\" width=\"85\" height=\"85\" \/>\t\t\t\t<\/a>\n\t\t\t<\/div>\n\t\t\t\t<div class=\"mkd-pt-seven-content-holder\">\n\t\t\t<div class=\"mkd-pt-seven-title-holder\">\n\t\t\t\t<h6 class=\"mkd-pt-seven-title\">\n\t\t\t\t\t<a itemprop=\"url\" class=\"mkd-pt-link\" href=\"https:\/\/esi.uclm.es\/index.php\/2026\/04\/26\/abierta-la-preinscripcion-para-los-masteres-oficiales-de-la-esi-curso-2026-2027\/\" target=\"_self\">Abierta la preinscripci\u00f3n par...<\/a>\n\t\t\t\t<\/h6>\n\t\t\t<\/div>\n\t\t\t<div itemprop=\"dateCreated\" class=\"mkd-post-info-date entry-date updated\">\n\t\t\t<a itemprop=\"url\" href=\"https:\/\/esi.uclm.es\/index.php\/2026\/04\/\">\n\t\t26 de abril de 2026\t\t\t<\/a>\n\t\t<meta itemprop=\"interactionCount\" content=\"UserComments: 0\"\/>\n<\/div>\t\t\t\t\t<\/div>\n\t<\/div>\n<\/div><\/div><div class=\"mkd-pb-item-row mkd-post-reveal-item\"><div class=\"mkd-pt-seven-item mkd-post-item\">\n\t<div class=\"mkd-pt-seven-item-inner clearfix\">\n\t\t\t\t\t<div class=\"mkd-pt-seven-image-holder\" style=\"width: 85px\">\n\t\t\t\t<a itemprop=\"url\" class=\"mkd-pt-seven-link mkd-image-link\" href=\"https:\/\/esi.uclm.es\/index.php\/2026\/04\/24\/en-video-la-empresa-del-futuro-en-la-era-de-la-ia\/\" target=\"_self\">\n\t\t\t\t\t<img loading=\"lazy\" decoding=\"async\" src=\"https:\/\/esi.uclm.es\/assets\/uploads\/2026\/04\/Dori_conferencia_web2-85x85.webp\" alt=\"Dori L\u00f3pez durante la conferencia en la esi\" width=\"85\" height=\"85\" \/>\t\t\t\t<\/a>\n\t\t\t<\/div>\n\t\t\t\t<div class=\"mkd-pt-seven-content-holder\">\n\t\t\t<div class=\"mkd-pt-seven-title-holder\">\n\t\t\t\t<h6 class=\"mkd-pt-seven-title\">\n\t\t\t\t\t<a itemprop=\"url\" class=\"mkd-pt-link\" href=\"https:\/\/esi.uclm.es\/index.php\/2026\/04\/24\/en-video-la-empresa-del-futuro-en-la-era-de-la-ia\/\" target=\"_self\">En v\u00eddeo | La empresa del fut...<\/a>\n\t\t\t\t<\/h6>\n\t\t\t<\/div>\n\t\t\t<div itemprop=\"dateCreated\" class=\"mkd-post-info-date entry-date updated\">\n\t\t\t<a itemprop=\"url\" href=\"https:\/\/esi.uclm.es\/index.php\/2026\/04\/\">\n\t\t24 de abril de 2026\t\t\t<\/a>\n\t\t<meta itemprop=\"interactionCount\" content=\"UserComments: 0\"\/>\n<\/div>\t\t\t\t\t<\/div>\n\t<\/div>\n<\/div><\/div><div class=\"mkd-pb-item-row mkd-post-reveal-item\"><div class=\"mkd-pt-seven-item mkd-post-item\">\n\t<div class=\"mkd-pt-seven-item-inner clearfix\">\n\t\t\t\t\t<div class=\"mkd-pt-seven-image-holder\" style=\"width: 85px\">\n\t\t\t\t<a itemprop=\"url\" class=\"mkd-pt-seven-link mkd-image-link\" href=\"https:\/\/esi.uclm.es\/index.php\/2026\/04\/23\/mejores-momentos-de-la-final-intercampus-de-e-sports\/\" target=\"_self\">\n\t\t\t\t\t<img loading=\"lazy\" decoding=\"async\" src=\"https:\/\/esi.uclm.es\/assets\/uploads\/2026\/04\/esports_intercampus-85x85.webp\" alt=\"Celebraci\u00f3n final intercampus\" width=\"85\" height=\"85\" \/>\t\t\t\t<\/a>\n\t\t\t<\/div>\n\t\t\t\t<div class=\"mkd-pt-seven-content-holder\">\n\t\t\t<div class=\"mkd-pt-seven-title-holder\">\n\t\t\t\t<h6 class=\"mkd-pt-seven-title\">\n\t\t\t\t\t<a itemprop=\"url\" class=\"mkd-pt-link\" href=\"https:\/\/esi.uclm.es\/index.php\/2026\/04\/23\/mejores-momentos-de-la-final-intercampus-de-e-sports\/\" target=\"_self\">Mejores momentos de la final...<\/a>\n\t\t\t\t<\/h6>\n\t\t\t<\/div>\n\t\t\t<div itemprop=\"dateCreated\" class=\"mkd-post-info-date entry-date updated\">\n\t\t\t<a itemprop=\"url\" href=\"https:\/\/esi.uclm.es\/index.php\/2026\/04\/\">\n\t\t23 de abril de 2026\t\t\t<\/a>\n\t\t<meta itemprop=\"interactionCount\" content=\"UserComments: 0\"\/>\n<\/div>\t\t\t\t\t<\/div>\n\t<\/div>\n<\/div><\/div><div class=\"mkd-pb-item-row mkd-post-reveal-item\"><div class=\"mkd-pt-seven-item mkd-post-item\">\n\t<div class=\"mkd-pt-seven-item-inner clearfix\">\n\t\t\t\t\t<div class=\"mkd-pt-seven-image-holder\" style=\"width: 85px\">\n\t\t\t\t<a itemprop=\"url\" class=\"mkd-pt-seven-link mkd-image-link\" href=\"https:\/\/esi.uclm.es\/index.php\/2026\/04\/22\/estudiantes-de-la-esi-ganadores-del-i-dedalus-datathon-castilla-la-mancha\/\" target=\"_self\">\n\t\t\t\t\t<img loading=\"lazy\" decoding=\"async\" src=\"https:\/\/esi.uclm.es\/assets\/uploads\/2026\/04\/GanadoreS_Datathon-85x85.jpeg\" alt=\"Ganadores del Datathon\" width=\"85\" height=\"85\" \/>\t\t\t\t<\/a>\n\t\t\t<\/div>\n\t\t\t\t<div class=\"mkd-pt-seven-content-holder\">\n\t\t\t<div class=\"mkd-pt-seven-title-holder\">\n\t\t\t\t<h6 class=\"mkd-pt-seven-title\">\n\t\t\t\t\t<a itemprop=\"url\" class=\"mkd-pt-link\" href=\"https:\/\/esi.uclm.es\/index.php\/2026\/04\/22\/estudiantes-de-la-esi-ganadores-del-i-dedalus-datathon-castilla-la-mancha\/\" target=\"_self\">Estudiantes de la ESI Ganador...<\/a>\n\t\t\t\t<\/h6>\n\t\t\t<\/div>\n\t\t\t<div itemprop=\"dateCreated\" class=\"mkd-post-info-date entry-date updated\">\n\t\t\t<a itemprop=\"url\" href=\"https:\/\/esi.uclm.es\/index.php\/2026\/04\/\">\n\t\t22 de abril de 2026\t\t\t<\/a>\n\t\t<meta itemprop=\"interactionCount\" content=\"UserComments: 0\"\/>\n<\/div>\t\t\t\t\t<\/div>\n\t<\/div>\n<\/div><\/div><div class=\"mkd-pb-item-row mkd-post-reveal-item\"><div class=\"mkd-pt-seven-item mkd-post-item\">\n\t<div class=\"mkd-pt-seven-item-inner clearfix\">\n\t\t\t\t\t<div class=\"mkd-pt-seven-image-holder\" style=\"width: 85px\">\n\t\t\t\t<a itemprop=\"url\" class=\"mkd-pt-seven-link mkd-image-link\" href=\"https:\/\/esi.uclm.es\/index.php\/2026\/04\/22\/highlights-y-final-de-futbol-sala-2026\/\" target=\"_self\">\n\t\t\t\t\t<img loading=\"lazy\" decoding=\"async\" src=\"https:\/\/esi.uclm.es\/assets\/uploads\/2026\/04\/futsalfinal-85x85.webp\" alt=\"Jugadores de la ESI disputando la final de f\u00fatbol Sala 2026\" width=\"85\" height=\"85\" \/>\t\t\t\t<\/a>\n\t\t\t<\/div>\n\t\t\t\t<div class=\"mkd-pt-seven-content-holder\">\n\t\t\t<div class=\"mkd-pt-seven-title-holder\">\n\t\t\t\t<h6 class=\"mkd-pt-seven-title\">\n\t\t\t\t\t<a itemprop=\"url\" class=\"mkd-pt-link\" href=\"https:\/\/esi.uclm.es\/index.php\/2026\/04\/22\/highlights-y-final-de-futbol-sala-2026\/\" target=\"_self\">Highlights y Final de F\u00fatbol...<\/a>\n\t\t\t\t<\/h6>\n\t\t\t<\/div>\n\t\t\t<div itemprop=\"dateCreated\" class=\"mkd-post-info-date entry-date updated\">\n\t\t\t<a itemprop=\"url\" href=\"https:\/\/esi.uclm.es\/index.php\/2026\/04\/\">\n\t\t22 de abril de 2026\t\t\t<\/a>\n\t\t<meta itemprop=\"interactionCount\" content=\"UserComments: 0\"\/>\n<\/div>\t\t\t\t\t<\/div>\n\t<\/div>\n<\/div><\/div><\/div><\/div><\/div><\/div><\/div><\/div><\/div><\/div><\/div><\/div><div class=\"vc_row wpb_row vc_row-fluid mkd-section mkd-content-aligment-left mkd-grid-section\" style=\"\"><div class=\"clearfix mkd-section-inner\"><div class=\"mkd-section-inner-margin clearfix\"><div class=\"wpb_column vc_column_container vc_col-sm-12 vc_col-lg-9 vc_col-md-12\"><div class=\"vc_column-inner\"><div class=\"wpb_wrapper\"><div class=\"vc_empty_space\"   style=\"height: 40px\"><span class=\"vc_empty_space_inner\"><\/span><\/div><div class=\"mkd-bnl-holder mkd-pl-six-holder  mkd-post-columns-2 mkd-post-pag-infinite\"  data-base=\"mkd_post_layout_six\"  data-number_of_posts=\"6\" data-column_number=\"2\" data-category_id=\"10\"     data-post_not_in=\"627, 629, 631, 633, 635\"  data-title=\"Latest News\" data-pattern_style=\"light\" data-thumb_image_size=\"custom_size\" data-thumb_image_width=\"478\" data-thumb_image_height=\"300\" data-title_tag=\"h4\" data-title_length=\"30\"    data-display_comments=\"yes\" data-display_share=\"yes\" data-display_excerpt=\"yes\" data-excerpt_length=\"15\"  data-display_pagination=\"yes\" data-pagination_type=\"infinite\"   data-paged=\"1\" data-max_pages=\"204\"  data-next_page=\"2\"><div class=\"mkd-layout-title-holder\"><span class=\"mkd-section-title-holder clearfix mkd-pattern-light\">\n            <span class=\"mkd-st-title\">\n        Latest News        <\/span>\n    <\/span><\/div><div class=\"mkd-bnl-outer\"><div class=\"mkd-bnl-inner\"><div class=\"mkd-pt-six-item mkd-post-item\">\n            <div class=\"mkd-pt-six-image-holder\">\n            <div class=\"mkd-post-info-category\"><a href=\"https:\/\/esi.uclm.es\/index.php\/category\/portada\/\" rel=\"category tag\">Portada<\/a><\/div>            <a itemprop=\"url\" class=\"mkd-pt-six-slide-link mkd-image-link\" href=\"https:\/\/esi.uclm.es\/index.php\/2026\/04\/26\/abierta-la-preinscripcion-para-los-masteres-oficiales-de-la-esi-curso-2026-2027\/\" target=\"_self\">\n                <img loading=\"lazy\" decoding=\"async\" src=\"https:\/\/esi.uclm.es\/assets\/uploads\/2026\/04\/render_titulos_personas-478x300.webp\" alt=\"T\u00edtulos esi 2025-2026\" width=\"478\" height=\"300\" \/>\t\t\t\t            <\/a>\n        <\/div>\n        <div class=\"mkd-pt-six-content-holder\">\n        <div class=\"mkd-pt-six-title-holder\">\n            <h4 class=\"mkd-pt-six-title\">\n                <a itemprop=\"url\" class=\"mkd-pt-link\" href=\"https:\/\/esi.uclm.es\/index.php\/2026\/04\/26\/abierta-la-preinscripcion-para-los-masteres-oficiales-de-la-esi-curso-2026-2027\/\" target=\"_self\">Abierta la preinscripci\u00f3n para...<\/a>\n            <\/h4>\n        <\/div>\n\t\t<div itemprop=\"dateCreated\" class=\"mkd-post-info-date entry-date updated\">\n\t\t\t<a itemprop=\"url\" href=\"https:\/\/esi.uclm.es\/index.php\/2026\/04\/\">\n\t\t26 de abril de 2026\t\t\t<\/a>\n\t\t<meta itemprop=\"interactionCount\" content=\"UserComments: 0\"\/>\n<\/div>                    <div class=\"mkd-pt-one-excerpt\">\n                <p class=\"mkd-post-excerpt\">\nYa est\u00e1 abierto el plazo de preinscripci\u00f3n para acceder a los M\u00e1steres oficiales que la<\/p>            <\/div>\n            <\/div>\n\t\t\t<div class=\"mkd-pt-info-section clearfix\">\n\t\t\t<div>\n\t\t\t\t<div class =\"mkd-blog-share\">\n\t<div class=\"mkd-social-share-holder mkd-dropdown\">\n\t\t<a href=\"javascript:void(0)\" target=\"_self\" class=\"mkd-social-share-dropdown-opener\">\n\t\t\t<span class=\"mkd-social-share-title\">Share<\/span>\n\t\t<\/a>\n\t\t<div class=\"mkd-social-share-dropdown\">\n\t\t\t<ul>\n\t\t\t\t<li class=\"mkd-linkedin-share\">\n\t<a class=\"mkd-share-link\" href=\"#\" onclick=\"popUp=window.open('http:\/\/linkedin.com\/shareArticle?mini=true&amp;url=https%3A%2F%2Fesi.uclm.es%2Findex.php%2F2026%2F04%2F26%2Fabierta-la-preinscripcion-para-los-masteres-oficiales-de-la-esi-curso-2026-2027%2F&amp;title=Abierta+la+preinscripci%C3%B3n+para+los+M%C3%A1steres+oficiales+de+la+ESI+%7C+Curso+2026-2027', 'popupwindow', 'scrollbars=yes,width=800,height=400');popUp.focus();return false;\">\n\t\t\t\t\t<span class=\"mkd-social-network-icon social_linkedin\"><\/span>\n\t\t\t<\/a>\n<\/li><li class=\"mkd-twitter-share\">\n\t<a class=\"mkd-share-link\" href=\"#\" onclick=\"window.open('https:\/\/twitter.com\/intent\/tweet?text=Ya+est%C3%A1+abierto+el+plazo+de+preinscripci%C3%B3n+para+acceder+a+los+M%C3%A1steres+oficiales+que+la+Escuela+Superior+de+ https:\/\/esi.uclm.es\/index.php\/2026\/04\/26\/abierta-la-preinscripcion-para-los-masteres-oficiales-de-la-esi-curso-2026-2027\/', 'popupwindow', 'scrollbars=yes,width=800,height=400');\">\n\t\t\t\t\t<span class=\"mkd-social-network-icon social_twitter\"><\/span>\n\t\t\t<\/a>\n<\/li><li class=\"mkd-facebook-share\">\n\t<a class=\"mkd-share-link\" href=\"#\" onclick=\"window.open('https:\/\/www.facebook.com\/sharer.php?u=https%3A%2F%2Fesi.uclm.es%2Findex.php%2F2026%2F04%2F26%2Fabierta-la-preinscripcion-para-los-masteres-oficiales-de-la-esi-curso-2026-2027%2F', 'sharer', 'toolbar=0,status=0,width=620,height=280');\">\n\t\t\t\t\t<span class=\"mkd-social-network-icon social_facebook\"><\/span>\n\t\t\t<\/a>\n<\/li>\t\t\t<\/ul>\n\t\t<\/div>\n\t<\/div>\n<\/div><div class=\"mkd-post-info-comments-holder\"><a class=\"mkd-post-info-comments\" href=\"https:\/\/esi.uclm.es\/index.php\/2026\/04\/26\/abierta-la-preinscripcion-para-los-masteres-oficiales-de-la-esi-curso-2026-2027\/#respond\" target=\"_self\">0 Comments<\/a><\/div>\t\t\t<\/div>\n            <div class=\"mkd-pt-info-section-background\"><\/div>\n\t\t<\/div>\n\t<\/div><div class=\"mkd-pt-six-item mkd-post-item\">\n            <div class=\"mkd-pt-six-image-holder\">\n            <div class=\"mkd-post-info-category\"><a href=\"https:\/\/esi.uclm.es\/index.php\/category\/general\/\" rel=\"category tag\">General<\/a><\/div>            <a itemprop=\"url\" class=\"mkd-pt-six-slide-link mkd-image-link\" href=\"https:\/\/esi.uclm.es\/index.php\/2026\/04\/24\/en-video-la-empresa-del-futuro-en-la-era-de-la-ia\/\" target=\"_self\">\n                <img loading=\"lazy\" decoding=\"async\" src=\"https:\/\/esi.uclm.es\/assets\/uploads\/2026\/04\/Dori_conferencia_web2-478x300.webp\" alt=\"Dori L\u00f3pez durante la conferencia en la esi\" width=\"478\" height=\"300\" \/>\t\t\t\t            <\/a>\n        <\/div>\n        <div class=\"mkd-pt-six-content-holder\">\n        <div class=\"mkd-pt-six-title-holder\">\n            <h4 class=\"mkd-pt-six-title\">\n                <a itemprop=\"url\" class=\"mkd-pt-link\" href=\"https:\/\/esi.uclm.es\/index.php\/2026\/04\/24\/en-video-la-empresa-del-futuro-en-la-era-de-la-ia\/\" target=\"_self\">En v\u00eddeo | La empresa del futu...<\/a>\n            <\/h4>\n        <\/div>\n\t\t<div itemprop=\"dateCreated\" class=\"mkd-post-info-date entry-date updated\">\n\t\t\t<a itemprop=\"url\" href=\"https:\/\/esi.uclm.es\/index.php\/2026\/04\/\">\n\t\t24 de abril de 2026\t\t\t<\/a>\n\t\t<meta itemprop=\"interactionCount\" content=\"UserComments: 0\"\/>\n<\/div>                    <div class=\"mkd-pt-one-excerpt\">\n                <p class=\"mkd-post-excerpt\">\nYa est\u00e1 disponible la grabaci\u00f3n \u00edntegra de la conferencia impartida por Dori L\u00f3pez Nieves en<\/p>            <\/div>\n            <\/div>\n\t\t\t<div class=\"mkd-pt-info-section clearfix\">\n\t\t\t<div>\n\t\t\t\t<div class =\"mkd-blog-share\">\n\t<div class=\"mkd-social-share-holder mkd-dropdown\">\n\t\t<a href=\"javascript:void(0)\" target=\"_self\" class=\"mkd-social-share-dropdown-opener\">\n\t\t\t<span class=\"mkd-social-share-title\">Share<\/span>\n\t\t<\/a>\n\t\t<div class=\"mkd-social-share-dropdown\">\n\t\t\t<ul>\n\t\t\t\t<li class=\"mkd-linkedin-share\">\n\t<a class=\"mkd-share-link\" href=\"#\" onclick=\"popUp=window.open('http:\/\/linkedin.com\/shareArticle?mini=true&amp;url=https%3A%2F%2Fesi.uclm.es%2Findex.php%2F2026%2F04%2F24%2Fen-video-la-empresa-del-futuro-en-la-era-de-la-ia%2F&amp;title=En+v%C3%ADdeo+%7C+La+empresa+del+futuro+en+la+era+de+la+IA', 'popupwindow', 'scrollbars=yes,width=800,height=400');popUp.focus();return false;\">\n\t\t\t\t\t<span class=\"mkd-social-network-icon social_linkedin\"><\/span>\n\t\t\t<\/a>\n<\/li><li class=\"mkd-twitter-share\">\n\t<a class=\"mkd-share-link\" href=\"#\" onclick=\"window.open('https:\/\/twitter.com\/intent\/tweet?text=Ya+est%C3%A1+disponible+la+grabaci%C3%B3n+%C3%ADntegra+de+la+conferencia+impartida+por+Dori+L%C3%B3pez+Nieves+en+la+Escuela+Superior+de+ https:\/\/esi.uclm.es\/index.php\/2026\/04\/24\/en-video-la-empresa-del-futuro-en-la-era-de-la-ia\/', 'popupwindow', 'scrollbars=yes,width=800,height=400');\">\n\t\t\t\t\t<span class=\"mkd-social-network-icon social_twitter\"><\/span>\n\t\t\t<\/a>\n<\/li><li class=\"mkd-facebook-share\">\n\t<a class=\"mkd-share-link\" href=\"#\" onclick=\"window.open('https:\/\/www.facebook.com\/sharer.php?u=https%3A%2F%2Fesi.uclm.es%2Findex.php%2F2026%2F04%2F24%2Fen-video-la-empresa-del-futuro-en-la-era-de-la-ia%2F', 'sharer', 'toolbar=0,status=0,width=620,height=280');\">\n\t\t\t\t\t<span class=\"mkd-social-network-icon social_facebook\"><\/span>\n\t\t\t<\/a>\n<\/li>\t\t\t<\/ul>\n\t\t<\/div>\n\t<\/div>\n<\/div><div class=\"mkd-post-info-comments-holder\"><a class=\"mkd-post-info-comments\" href=\"https:\/\/esi.uclm.es\/index.php\/2026\/04\/24\/en-video-la-empresa-del-futuro-en-la-era-de-la-ia\/#respond\" target=\"_self\">0 Comments<\/a><\/div>\t\t\t<\/div>\n            <div class=\"mkd-pt-info-section-background\"><\/div>\n\t\t<\/div>\n\t<\/div><div class=\"mkd-pt-six-item mkd-post-item\">\n            <div class=\"mkd-pt-six-image-holder\">\n            <div class=\"mkd-post-info-category\"><a href=\"https:\/\/esi.uclm.es\/index.php\/category\/deportes\/\" rel=\"category tag\">Deportes<\/a> \/ <a href=\"https:\/\/esi.uclm.es\/index.php\/category\/general\/\" rel=\"category tag\">General<\/a><\/div>            <a itemprop=\"url\" class=\"mkd-pt-six-slide-link mkd-image-link\" href=\"https:\/\/esi.uclm.es\/index.php\/2026\/04\/23\/mejores-momentos-de-la-final-intercampus-de-e-sports\/\" target=\"_self\">\n                <img loading=\"lazy\" decoding=\"async\" src=\"https:\/\/esi.uclm.es\/assets\/uploads\/2026\/04\/esports_intercampus-478x300.webp\" alt=\"Celebraci\u00f3n final intercampus\" width=\"478\" height=\"300\" \/>\t\t\t\t            <\/a>\n        <\/div>\n        <div class=\"mkd-pt-six-content-holder\">\n        <div class=\"mkd-pt-six-title-holder\">\n            <h4 class=\"mkd-pt-six-title\">\n                <a itemprop=\"url\" class=\"mkd-pt-link\" href=\"https:\/\/esi.uclm.es\/index.php\/2026\/04\/23\/mejores-momentos-de-la-final-intercampus-de-e-sports\/\" target=\"_self\">Mejores momentos de la final i...<\/a>\n            <\/h4>\n        <\/div>\n\t\t<div itemprop=\"dateCreated\" class=\"mkd-post-info-date entry-date updated\">\n\t\t\t<a itemprop=\"url\" href=\"https:\/\/esi.uclm.es\/index.php\/2026\/04\/\">\n\t\t23 de abril de 2026\t\t\t<\/a>\n\t\t<meta itemprop=\"interactionCount\" content=\"UserComments: 0\"\/>\n<\/div>                    <div class=\"mkd-pt-one-excerpt\">\n                <p class=\"mkd-post-excerpt\">\nEl pasado viernes 19 de abril, los estudiantes de la Delegaci\u00f3n de Estudiantes de Inform\u00e1tica<\/p>            <\/div>\n            <\/div>\n\t\t\t<div class=\"mkd-pt-info-section clearfix\">\n\t\t\t<div>\n\t\t\t\t<div class =\"mkd-blog-share\">\n\t<div class=\"mkd-social-share-holder mkd-dropdown\">\n\t\t<a href=\"javascript:void(0)\" target=\"_self\" class=\"mkd-social-share-dropdown-opener\">\n\t\t\t<span class=\"mkd-social-share-title\">Share<\/span>\n\t\t<\/a>\n\t\t<div class=\"mkd-social-share-dropdown\">\n\t\t\t<ul>\n\t\t\t\t<li class=\"mkd-linkedin-share\">\n\t<a class=\"mkd-share-link\" href=\"#\" onclick=\"popUp=window.open('http:\/\/linkedin.com\/shareArticle?mini=true&amp;url=https%3A%2F%2Fesi.uclm.es%2Findex.php%2F2026%2F04%2F23%2Fmejores-momentos-de-la-final-intercampus-de-e-sports%2F&amp;title=Mejores+momentos+de+la+final+intercampus+de+e-sports', 'popupwindow', 'scrollbars=yes,width=800,height=400');popUp.focus();return false;\">\n\t\t\t\t\t<span class=\"mkd-social-network-icon social_linkedin\"><\/span>\n\t\t\t<\/a>\n<\/li><li class=\"mkd-twitter-share\">\n\t<a class=\"mkd-share-link\" href=\"#\" onclick=\"window.open('https:\/\/twitter.com\/intent\/tweet?text=El+pasado+viernes+19+de+abril%2C+los+estudiantes+de+la+Delegaci%C3%B3n+de+Estudiantes+de+Inform%C3%A1tica+de+la+ESI+organizaron+ https:\/\/esi.uclm.es\/index.php\/2026\/04\/23\/mejores-momentos-de-la-final-intercampus-de-e-sports\/', 'popupwindow', 'scrollbars=yes,width=800,height=400');\">\n\t\t\t\t\t<span class=\"mkd-social-network-icon social_twitter\"><\/span>\n\t\t\t<\/a>\n<\/li><li class=\"mkd-facebook-share\">\n\t<a class=\"mkd-share-link\" href=\"#\" onclick=\"window.open('https:\/\/www.facebook.com\/sharer.php?u=https%3A%2F%2Fesi.uclm.es%2Findex.php%2F2026%2F04%2F23%2Fmejores-momentos-de-la-final-intercampus-de-e-sports%2F', 'sharer', 'toolbar=0,status=0,width=620,height=280');\">\n\t\t\t\t\t<span class=\"mkd-social-network-icon social_facebook\"><\/span>\n\t\t\t<\/a>\n<\/li>\t\t\t<\/ul>\n\t\t<\/div>\n\t<\/div>\n<\/div><div class=\"mkd-post-info-comments-holder\"><a class=\"mkd-post-info-comments\" href=\"https:\/\/esi.uclm.es\/index.php\/2026\/04\/23\/mejores-momentos-de-la-final-intercampus-de-e-sports\/#respond\" target=\"_self\">0 Comments<\/a><\/div>\t\t\t<\/div>\n            <div class=\"mkd-pt-info-section-background\"><\/div>\n\t\t<\/div>\n\t<\/div><div class=\"mkd-pt-six-item mkd-post-item\">\n            <div class=\"mkd-pt-six-image-holder\">\n            <div class=\"mkd-post-info-category\"><a href=\"https:\/\/esi.uclm.es\/index.php\/category\/general\/\" rel=\"category tag\">General<\/a><\/div>            <a itemprop=\"url\" class=\"mkd-pt-six-slide-link mkd-image-link\" href=\"https:\/\/esi.uclm.es\/index.php\/2026\/04\/22\/estudiantes-de-la-esi-ganadores-del-i-dedalus-datathon-castilla-la-mancha\/\" target=\"_self\">\n                <img loading=\"lazy\" decoding=\"async\" src=\"https:\/\/esi.uclm.es\/assets\/uploads\/2026\/04\/GanadoreS_Datathon-478x300.jpeg\" alt=\"Ganadores del Datathon\" width=\"478\" height=\"300\" \/>\t\t\t\t            <\/a>\n        <\/div>\n        <div class=\"mkd-pt-six-content-holder\">\n        <div class=\"mkd-pt-six-title-holder\">\n            <h4 class=\"mkd-pt-six-title\">\n                <a itemprop=\"url\" class=\"mkd-pt-link\" href=\"https:\/\/esi.uclm.es\/index.php\/2026\/04\/22\/estudiantes-de-la-esi-ganadores-del-i-dedalus-datathon-castilla-la-mancha\/\" target=\"_self\">Estudiantes de la ESI Ganadore...<\/a>\n            <\/h4>\n        <\/div>\n\t\t<div itemprop=\"dateCreated\" class=\"mkd-post-info-date entry-date updated\">\n\t\t\t<a itemprop=\"url\" href=\"https:\/\/esi.uclm.es\/index.php\/2026\/04\/\">\n\t\t22 de abril de 2026\t\t\t<\/a>\n\t\t<meta itemprop=\"interactionCount\" content=\"UserComments: 0\"\/>\n<\/div>                    <div class=\"mkd-pt-one-excerpt\">\n                <p class=\"mkd-post-excerpt\">\nUn equipo formado por cuatro estudiantes de la Escuela Superior de Inform\u00e1tica del campus de<\/p>            <\/div>\n            <\/div>\n\t\t\t<div class=\"mkd-pt-info-section clearfix\">\n\t\t\t<div>\n\t\t\t\t<div class =\"mkd-blog-share\">\n\t<div class=\"mkd-social-share-holder mkd-dropdown\">\n\t\t<a href=\"javascript:void(0)\" target=\"_self\" class=\"mkd-social-share-dropdown-opener\">\n\t\t\t<span class=\"mkd-social-share-title\">Share<\/span>\n\t\t<\/a>\n\t\t<div class=\"mkd-social-share-dropdown\">\n\t\t\t<ul>\n\t\t\t\t<li class=\"mkd-linkedin-share\">\n\t<a class=\"mkd-share-link\" href=\"#\" onclick=\"popUp=window.open('http:\/\/linkedin.com\/shareArticle?mini=true&amp;url=https%3A%2F%2Fesi.uclm.es%2Findex.php%2F2026%2F04%2F22%2Festudiantes-de-la-esi-ganadores-del-i-dedalus-datathon-castilla-la-mancha%2F&amp;title=Estudiantes+de+la+ESI+Ganadores+del+I+Dedalus+Datathon+Castilla-La+Mancha', 'popupwindow', 'scrollbars=yes,width=800,height=400');popUp.focus();return false;\">\n\t\t\t\t\t<span class=\"mkd-social-network-icon social_linkedin\"><\/span>\n\t\t\t<\/a>\n<\/li><li class=\"mkd-twitter-share\">\n\t<a class=\"mkd-share-link\" href=\"#\" onclick=\"window.open('https:\/\/twitter.com\/intent\/tweet?text=Un+equipo+formado+por+cuatro+estudiantes+de+la+Escuela+Superior+de+Inform%C3%A1tica+del+campus+de+Ciudad+Real+se+ha+alzado+ https:\/\/esi.uclm.es\/index.php\/2026\/04\/22\/estudiantes-de-la-esi-ganadores-del-i-dedalus-datathon-castilla-la-mancha\/', 'popupwindow', 'scrollbars=yes,width=800,height=400');\">\n\t\t\t\t\t<span class=\"mkd-social-network-icon social_twitter\"><\/span>\n\t\t\t<\/a>\n<\/li><li class=\"mkd-facebook-share\">\n\t<a class=\"mkd-share-link\" href=\"#\" onclick=\"window.open('https:\/\/www.facebook.com\/sharer.php?u=https%3A%2F%2Fesi.uclm.es%2Findex.php%2F2026%2F04%2F22%2Festudiantes-de-la-esi-ganadores-del-i-dedalus-datathon-castilla-la-mancha%2F', 'sharer', 'toolbar=0,status=0,width=620,height=280');\">\n\t\t\t\t\t<span class=\"mkd-social-network-icon social_facebook\"><\/span>\n\t\t\t<\/a>\n<\/li>\t\t\t<\/ul>\n\t\t<\/div>\n\t<\/div>\n<\/div><div class=\"mkd-post-info-comments-holder\"><a class=\"mkd-post-info-comments\" href=\"https:\/\/esi.uclm.es\/index.php\/2026\/04\/22\/estudiantes-de-la-esi-ganadores-del-i-dedalus-datathon-castilla-la-mancha\/#respond\" target=\"_self\">0 Comments<\/a><\/div>\t\t\t<\/div>\n            <div class=\"mkd-pt-info-section-background\"><\/div>\n\t\t<\/div>\n\t<\/div><div class=\"mkd-pt-six-item mkd-post-item\">\n            <div class=\"mkd-pt-six-image-holder\">\n            <div class=\"mkd-post-info-category\"><a href=\"https:\/\/esi.uclm.es\/index.php\/category\/deportes\/\" rel=\"category tag\">Deportes<\/a> \/ <a href=\"https:\/\/esi.uclm.es\/index.php\/category\/general\/\" rel=\"category tag\">General<\/a><\/div>            <a itemprop=\"url\" class=\"mkd-pt-six-slide-link mkd-image-link\" href=\"https:\/\/esi.uclm.es\/index.php\/2026\/04\/22\/highlights-y-final-de-futbol-sala-2026\/\" target=\"_self\">\n                <img loading=\"lazy\" decoding=\"async\" src=\"https:\/\/esi.uclm.es\/assets\/uploads\/2026\/04\/futsalfinal-478x300.webp\" alt=\"Jugadores de la ESI disputando la final de f\u00fatbol Sala 2026\" width=\"478\" height=\"300\" \/>\t\t\t\t            <\/a>\n        <\/div>\n        <div class=\"mkd-pt-six-content-holder\">\n        <div class=\"mkd-pt-six-title-holder\">\n            <h4 class=\"mkd-pt-six-title\">\n                <a itemprop=\"url\" class=\"mkd-pt-link\" href=\"https:\/\/esi.uclm.es\/index.php\/2026\/04\/22\/highlights-y-final-de-futbol-sala-2026\/\" target=\"_self\">Highlights y Final de F\u00fatbol S...<\/a>\n            <\/h4>\n        <\/div>\n\t\t<div itemprop=\"dateCreated\" class=\"mkd-post-info-date entry-date updated\">\n\t\t\t<a itemprop=\"url\" href=\"https:\/\/esi.uclm.es\/index.php\/2026\/04\/\">\n\t\t22 de abril de 2026\t\t\t<\/a>\n\t\t<meta itemprop=\"interactionCount\" content=\"UserComments: 0\"\/>\n<\/div>                    <div class=\"mkd-pt-one-excerpt\">\n                <p class=\"mkd-post-excerpt\">\nEl pasado 15 de abril se disput\u00f3 la final del torneo de f\u00fatbol sala de<\/p>            <\/div>\n            <\/div>\n\t\t\t<div class=\"mkd-pt-info-section clearfix\">\n\t\t\t<div>\n\t\t\t\t<div class =\"mkd-blog-share\">\n\t<div class=\"mkd-social-share-holder mkd-dropdown\">\n\t\t<a href=\"javascript:void(0)\" target=\"_self\" class=\"mkd-social-share-dropdown-opener\">\n\t\t\t<span class=\"mkd-social-share-title\">Share<\/span>\n\t\t<\/a>\n\t\t<div class=\"mkd-social-share-dropdown\">\n\t\t\t<ul>\n\t\t\t\t<li class=\"mkd-linkedin-share\">\n\t<a class=\"mkd-share-link\" href=\"#\" onclick=\"popUp=window.open('http:\/\/linkedin.com\/shareArticle?mini=true&amp;url=https%3A%2F%2Fesi.uclm.es%2Findex.php%2F2026%2F04%2F22%2Fhighlights-y-final-de-futbol-sala-2026%2F&amp;title=Highlights+y+Final+de+F%C3%BAtbol+Sala+2026', 'popupwindow', 'scrollbars=yes,width=800,height=400');popUp.focus();return false;\">\n\t\t\t\t\t<span class=\"mkd-social-network-icon social_linkedin\"><\/span>\n\t\t\t<\/a>\n<\/li><li class=\"mkd-twitter-share\">\n\t<a class=\"mkd-share-link\" href=\"#\" onclick=\"window.open('https:\/\/twitter.com\/intent\/tweet?text=El+pasado+15+de+abril+se+disput%C3%B3+la+final+del+torneo+de+f%C3%BAtbol+sala+de+la+Escuela+Superior+de+Inform%C3%A1tica+en+la+ https:\/\/esi.uclm.es\/index.php\/2026\/04\/22\/highlights-y-final-de-futbol-sala-2026\/', 'popupwindow', 'scrollbars=yes,width=800,height=400');\">\n\t\t\t\t\t<span class=\"mkd-social-network-icon social_twitter\"><\/span>\n\t\t\t<\/a>\n<\/li><li class=\"mkd-facebook-share\">\n\t<a class=\"mkd-share-link\" href=\"#\" onclick=\"window.open('https:\/\/www.facebook.com\/sharer.php?u=https%3A%2F%2Fesi.uclm.es%2Findex.php%2F2026%2F04%2F22%2Fhighlights-y-final-de-futbol-sala-2026%2F', 'sharer', 'toolbar=0,status=0,width=620,height=280');\">\n\t\t\t\t\t<span class=\"mkd-social-network-icon social_facebook\"><\/span>\n\t\t\t<\/a>\n<\/li>\t\t\t<\/ul>\n\t\t<\/div>\n\t<\/div>\n<\/div><div class=\"mkd-post-info-comments-holder\"><a class=\"mkd-post-info-comments\" href=\"https:\/\/esi.uclm.es\/index.php\/2026\/04\/22\/highlights-y-final-de-futbol-sala-2026\/#respond\" target=\"_self\">0 Comments<\/a><\/div>\t\t\t<\/div>\n            <div class=\"mkd-pt-info-section-background\"><\/div>\n\t\t<\/div>\n\t<\/div><div class=\"mkd-pt-six-item mkd-post-item\">\n            <div class=\"mkd-pt-six-image-holder\">\n            <div class=\"mkd-post-info-category\"><a href=\"https:\/\/esi.uclm.es\/index.php\/category\/portada\/\" rel=\"category tag\">Portada<\/a><\/div>            <a itemprop=\"url\" class=\"mkd-pt-six-slide-link mkd-image-link\" href=\"https:\/\/esi.uclm.es\/index.php\/2026\/04\/21\/curso-y-competicion-de-minecraft-educativo-para-preuniversitarios-2026\/\" target=\"_self\">\n                <img loading=\"lazy\" decoding=\"async\" src=\"https:\/\/esi.uclm.es\/assets\/uploads\/2026\/04\/curso_minecraft2026_web-1-478x300.webp\" alt=\"\" width=\"478\" height=\"300\" \/>\t\t\t\t            <\/a>\n        <\/div>\n        <div class=\"mkd-pt-six-content-holder\">\n        <div class=\"mkd-pt-six-title-holder\">\n            <h4 class=\"mkd-pt-six-title\">\n                <a itemprop=\"url\" class=\"mkd-pt-link\" href=\"https:\/\/esi.uclm.es\/index.php\/2026\/04\/21\/curso-y-competicion-de-minecraft-educativo-para-preuniversitarios-2026\/\" target=\"_self\">Curso y Competici\u00f3n de Minecra...<\/a>\n            <\/h4>\n        <\/div>\n\t\t<div itemprop=\"dateCreated\" class=\"mkd-post-info-date entry-date updated\">\n\t\t\t<a itemprop=\"url\" href=\"https:\/\/esi.uclm.es\/index.php\/2026\/04\/\">\n\t\t21 de abril de 2026\t\t\t<\/a>\n\t\t<meta itemprop=\"interactionCount\" content=\"UserComments: 0\"\/>\n<\/div>                    <div class=\"mkd-pt-one-excerpt\">\n                <p class=\"mkd-post-excerpt\">\nTras el \u00e9xito de ediciones pasadas, con un 100% de ocupaci\u00f3n, vuelve el curso y<\/p>            <\/div>\n            <\/div>\n\t\t\t<div class=\"mkd-pt-info-section clearfix\">\n\t\t\t<div>\n\t\t\t\t<div class =\"mkd-blog-share\">\n\t<div class=\"mkd-social-share-holder mkd-dropdown\">\n\t\t<a href=\"javascript:void(0)\" target=\"_self\" class=\"mkd-social-share-dropdown-opener\">\n\t\t\t<span class=\"mkd-social-share-title\">Share<\/span>\n\t\t<\/a>\n\t\t<div class=\"mkd-social-share-dropdown\">\n\t\t\t<ul>\n\t\t\t\t<li class=\"mkd-linkedin-share\">\n\t<a class=\"mkd-share-link\" href=\"#\" onclick=\"popUp=window.open('http:\/\/linkedin.com\/shareArticle?mini=true&amp;url=https%3A%2F%2Fesi.uclm.es%2Findex.php%2F2026%2F04%2F21%2Fcurso-y-competicion-de-minecraft-educativo-para-preuniversitarios-2026%2F&amp;title=Curso+y+Competici%C3%B3n+de+Minecraft+Educativo+para+estudiantes+de+IES', 'popupwindow', 'scrollbars=yes,width=800,height=400');popUp.focus();return false;\">\n\t\t\t\t\t<span class=\"mkd-social-network-icon social_linkedin\"><\/span>\n\t\t\t<\/a>\n<\/li><li class=\"mkd-twitter-share\">\n\t<a class=\"mkd-share-link\" href=\"#\" onclick=\"window.open('https:\/\/twitter.com\/intent\/tweet?text=Tras+el+%C3%A9xito+de+ediciones+pasadas%2C+con+un+100%25+de+ocupaci%C3%B3n%2C+vuelve+el+curso+y+competici%C3%B3n+gratuitos+de+programaci%C3%B3n+ https:\/\/esi.uclm.es\/index.php\/2026\/04\/21\/curso-y-competicion-de-minecraft-educativo-para-preuniversitarios-2026\/', 'popupwindow', 'scrollbars=yes,width=800,height=400');\">\n\t\t\t\t\t<span class=\"mkd-social-network-icon social_twitter\"><\/span>\n\t\t\t<\/a>\n<\/li><li class=\"mkd-facebook-share\">\n\t<a class=\"mkd-share-link\" href=\"#\" onclick=\"window.open('https:\/\/www.facebook.com\/sharer.php?u=https%3A%2F%2Fesi.uclm.es%2Findex.php%2F2026%2F04%2F21%2Fcurso-y-competicion-de-minecraft-educativo-para-preuniversitarios-2026%2F', 'sharer', 'toolbar=0,status=0,width=620,height=280');\">\n\t\t\t\t\t<span class=\"mkd-social-network-icon social_facebook\"><\/span>\n\t\t\t<\/a>\n<\/li>\t\t\t<\/ul>\n\t\t<\/div>\n\t<\/div>\n<\/div><div class=\"mkd-post-info-comments-holder\"><a class=\"mkd-post-info-comments\" href=\"https:\/\/esi.uclm.es\/index.php\/2026\/04\/21\/curso-y-competicion-de-minecraft-educativo-para-preuniversitarios-2026\/#respond\" target=\"_self\">0 Comments<\/a><\/div>\t\t\t<\/div>\n            <div class=\"mkd-pt-info-section-background\"><\/div>\n\t\t<\/div>\n\t<\/div><\/div><\/div><\/div><\/div><\/div><\/div><div class=\"wpb_column vc_column_container vc_col-sm-8 vc_col-lg-3 vc_col-md-8\"><div class=\"vc_column-inner\"><div class=\"wpb_wrapper\"><div class=\"vc_empty_space\"   style=\"height: 40px\"><span class=\"vc_empty_space_inner\"><\/span><\/div>\n\t<div class=\"wpb_widgetised_column wpb_content_element\" >\n\t\t<div class=\"wpb_wrapper\">\n\t\t\t\n\t\t\t<div class=\"widget mkd-widget-sticky-sidebar\"><\/div><div class=\"widget widget_mkd_instagram_widget\"><\/div>\n\t\t<\/div>\n\t<\/div>\n<\/div><\/div><\/div><\/div><\/div><\/div>\n","protected":false},"excerpt":{"rendered":"Tras el \u00e9xito de ediciones pasadas, con un 100% de ocupaci\u00f3n, vuelve el curso y competici\u00f3n gratuitos de programaci\u00f3n con Minecraft Educativo (5\u00aa edici\u00f3n) para estudiantes de ESO y Bachillerato. La duraci\u00f3n total del taller es de 5 horas y ser\u00e1 dividida en dos sesiones [...]","protected":false},"author":1,"featured_media":0,"parent":0,"menu_order":0,"comment_status":"closed","ping_status":"closed","template":"full-width.php","meta":{"footnotes":""},"class_list":["post-2121","page","type-page","status-publish","hentry"],"yoast_head":"<!-- This site is optimized with the Yoast SEO plugin v27.4 - https:\/\/yoast.com\/product\/yoast-seo-wordpress\/ -->\n<title>Slider Block - Escuela Superior de Inform\u00e1tica de UCLM<\/title>\n<meta name=\"robots\" content=\"index, follow, max-snippet:-1, max-image-preview:large, max-video-preview:-1\" \/>\n<link rel=\"canonical\" href=\"https:\/\/esi.uclm.es\/index.php\/slider-block-example\/\" \/>\n<meta property=\"og:locale\" content=\"es_ES\" \/>\n<meta property=\"og:type\" content=\"article\" \/>\n<meta property=\"og:title\" content=\"Slider Block - Escuela Superior de Inform\u00e1tica de UCLM\" \/>\n<meta property=\"og:url\" content=\"https:\/\/esi.uclm.es\/index.php\/slider-block-example\/\" \/>\n<meta property=\"og:site_name\" content=\"Escuela Superior de Inform\u00e1tica de UCLM\" \/>\n<meta property=\"article:publisher\" content=\"https:\/\/www.facebook.com\/Escuela-Superior-de-Informtica-543261809027158\" \/>\n<meta name=\"twitter:card\" content=\"summary_large_image\" \/>\n<meta name=\"twitter:site\" content=\"@esiuclm\" \/>\n<meta name=\"twitter:label1\" content=\"Tiempo de lectura\" \/>\n\t<meta name=\"twitter:data1\" content=\"1 minuto\" \/>\n<script type=\"application\/ld+json\" class=\"yoast-schema-graph\">{\"@context\":\"https:\\\/\\\/schema.org\",\"@graph\":[{\"@type\":\"WebPage\",\"@id\":\"https:\\\/\\\/esi.uclm.es\\\/index.php\\\/slider-block-example\\\/\",\"url\":\"https:\\\/\\\/esi.uclm.es\\\/index.php\\\/slider-block-example\\\/\",\"name\":\"Slider Block - Escuela Superior de Inform\u00e1tica de UCLM\",\"isPartOf\":{\"@id\":\"https:\\\/\\\/esi.uclm.es\\\/#website\"},\"datePublished\":\"2016-03-08T09:10:56+00:00\",\"breadcrumb\":{\"@id\":\"https:\\\/\\\/esi.uclm.es\\\/index.php\\\/slider-block-example\\\/#breadcrumb\"},\"inLanguage\":\"es\",\"potentialAction\":[{\"@type\":\"ReadAction\",\"target\":[\"https:\\\/\\\/esi.uclm.es\\\/index.php\\\/slider-block-example\\\/\"]}]},{\"@type\":\"BreadcrumbList\",\"@id\":\"https:\\\/\\\/esi.uclm.es\\\/index.php\\\/slider-block-example\\\/#breadcrumb\",\"itemListElement\":[{\"@type\":\"ListItem\",\"position\":1,\"name\":\"Portada\",\"item\":\"https:\\\/\\\/esi.uclm.es\\\/\"},{\"@type\":\"ListItem\",\"position\":2,\"name\":\"Slider Block\"}]},{\"@type\":\"WebSite\",\"@id\":\"https:\\\/\\\/esi.uclm.es\\\/#website\",\"url\":\"https:\\\/\\\/esi.uclm.es\\\/\",\"name\":\"Escuela Superior de Inform\u00e1tica de UCLM en Ciudad Real, Castilla-La Mancha\",\"description\":\"La Escuela Superior de Inform\u00e1tica de Ciudad Real (Castilla-La Mancha), Universidad de Castilla-La Mancha es un centro universitario que imparte el ciclo completo de Ingenier\u00eda en Inform\u00e1tica: grado, m\u00e1ster y doctorado.\",\"publisher\":{\"@id\":\"https:\\\/\\\/esi.uclm.es\\\/#organization\"},\"potentialAction\":[{\"@type\":\"SearchAction\",\"target\":{\"@type\":\"EntryPoint\",\"urlTemplate\":\"https:\\\/\\\/esi.uclm.es\\\/?s={search_term_string}\"},\"query-input\":{\"@type\":\"PropertyValueSpecification\",\"valueRequired\":true,\"valueName\":\"search_term_string\"}}],\"inLanguage\":\"es\"},{\"@type\":\"Organization\",\"@id\":\"https:\\\/\\\/esi.uclm.es\\\/#organization\",\"name\":\"Escuela Superior de Inform\u00e1tica de UCLM\",\"url\":\"https:\\\/\\\/esi.uclm.es\\\/\",\"logo\":{\"@type\":\"ImageObject\",\"inLanguage\":\"es\",\"@id\":\"https:\\\/\\\/esi.uclm.es\\\/#\\\/schema\\\/logo\\\/image\\\/\",\"url\":\"https:\\\/\\\/esi.uclm.es\\\/assets\\\/uploads\\\/2022\\\/03\\\/LogoESI_cabecera-1.png\",\"contentUrl\":\"https:\\\/\\\/esi.uclm.es\\\/assets\\\/uploads\\\/2022\\\/03\\\/LogoESI_cabecera-1.png\",\"width\":460,\"height\":184,\"caption\":\"Escuela Superior de Inform\u00e1tica de UCLM\"},\"image\":{\"@id\":\"https:\\\/\\\/esi.uclm.es\\\/#\\\/schema\\\/logo\\\/image\\\/\"},\"sameAs\":[\"https:\\\/\\\/www.facebook.com\\\/Escuela-Superior-de-Informtica-543261809027158\",\"https:\\\/\\\/x.com\\\/esiuclm\",\"https:\\\/\\\/www.instagram.com\\\/esiuclm\\\/\",\"https:\\\/\\\/www.youtube.com\\\/user\\\/esiuclm\",\"https:\\\/\\\/www.twitch.tv\\\/esiuclm\",\"https:\\\/\\\/www.linkedin.com\\\/company\\\/12656631\\\/admin\\\/\"]}]}<\/script>\n<!-- \/ Yoast SEO plugin. -->","yoast_head_json":{"title":"Slider Block - Escuela Superior de Inform\u00e1tica de UCLM","robots":{"index":"index","follow":"follow","max-snippet":"max-snippet:-1","max-image-preview":"max-image-preview:large","max-video-preview":"max-video-preview:-1"},"canonical":"https:\/\/esi.uclm.es\/index.php\/slider-block-example\/","og_locale":"es_ES","og_type":"article","og_title":"Slider Block - Escuela Superior de Inform\u00e1tica de UCLM","og_url":"https:\/\/esi.uclm.es\/index.php\/slider-block-example\/","og_site_name":"Escuela Superior de Inform\u00e1tica de UCLM","article_publisher":"https:\/\/www.facebook.com\/Escuela-Superior-de-Informtica-543261809027158","twitter_card":"summary_large_image","twitter_site":"@esiuclm","twitter_misc":{"Tiempo de lectura":"1 minuto"},"schema":{"@context":"https:\/\/schema.org","@graph":[{"@type":"WebPage","@id":"https:\/\/esi.uclm.es\/index.php\/slider-block-example\/","url":"https:\/\/esi.uclm.es\/index.php\/slider-block-example\/","name":"Slider Block - Escuela Superior de Inform\u00e1tica de UCLM","isPartOf":{"@id":"https:\/\/esi.uclm.es\/#website"},"datePublished":"2016-03-08T09:10:56+00:00","breadcrumb":{"@id":"https:\/\/esi.uclm.es\/index.php\/slider-block-example\/#breadcrumb"},"inLanguage":"es","potentialAction":[{"@type":"ReadAction","target":["https:\/\/esi.uclm.es\/index.php\/slider-block-example\/"]}]},{"@type":"BreadcrumbList","@id":"https:\/\/esi.uclm.es\/index.php\/slider-block-example\/#breadcrumb","itemListElement":[{"@type":"ListItem","position":1,"name":"Portada","item":"https:\/\/esi.uclm.es\/"},{"@type":"ListItem","position":2,"name":"Slider Block"}]},{"@type":"WebSite","@id":"https:\/\/esi.uclm.es\/#website","url":"https:\/\/esi.uclm.es\/","name":"Escuela Superior de Inform\u00e1tica de UCLM en Ciudad Real, Castilla-La Mancha","description":"La Escuela Superior de Inform\u00e1tica de Ciudad Real (Castilla-La Mancha), Universidad de Castilla-La Mancha es un centro universitario que imparte el ciclo completo de Ingenier\u00eda en Inform\u00e1tica: grado, m\u00e1ster y doctorado.","publisher":{"@id":"https:\/\/esi.uclm.es\/#organization"},"potentialAction":[{"@type":"SearchAction","target":{"@type":"EntryPoint","urlTemplate":"https:\/\/esi.uclm.es\/?s={search_term_string}"},"query-input":{"@type":"PropertyValueSpecification","valueRequired":true,"valueName":"search_term_string"}}],"inLanguage":"es"},{"@type":"Organization","@id":"https:\/\/esi.uclm.es\/#organization","name":"Escuela Superior de Inform\u00e1tica de UCLM","url":"https:\/\/esi.uclm.es\/","logo":{"@type":"ImageObject","inLanguage":"es","@id":"https:\/\/esi.uclm.es\/#\/schema\/logo\/image\/","url":"https:\/\/esi.uclm.es\/assets\/uploads\/2022\/03\/LogoESI_cabecera-1.png","contentUrl":"https:\/\/esi.uclm.es\/assets\/uploads\/2022\/03\/LogoESI_cabecera-1.png","width":460,"height":184,"caption":"Escuela Superior de Inform\u00e1tica de UCLM"},"image":{"@id":"https:\/\/esi.uclm.es\/#\/schema\/logo\/image\/"},"sameAs":["https:\/\/www.facebook.com\/Escuela-Superior-de-Informtica-543261809027158","https:\/\/x.com\/esiuclm","https:\/\/www.instagram.com\/esiuclm\/","https:\/\/www.youtube.com\/user\/esiuclm","https:\/\/www.twitch.tv\/esiuclm","https:\/\/www.linkedin.com\/company\/12656631\/admin\/"]}]}},"_links":{"self":[{"href":"https:\/\/esi.uclm.es\/index.php\/wp-json\/wp\/v2\/pages\/2121","targetHints":{"allow":["GET"]}}],"collection":[{"href":"https:\/\/esi.uclm.es\/index.php\/wp-json\/wp\/v2\/pages"}],"about":[{"href":"https:\/\/esi.uclm.es\/index.php\/wp-json\/wp\/v2\/types\/page"}],"author":[{"embeddable":true,"href":"https:\/\/esi.uclm.es\/index.php\/wp-json\/wp\/v2\/users\/1"}],"replies":[{"embeddable":true,"href":"https:\/\/esi.uclm.es\/index.php\/wp-json\/wp\/v2\/comments?post=2121"}],"version-history":[{"count":0,"href":"https:\/\/esi.uclm.es\/index.php\/wp-json\/wp\/v2\/pages\/2121\/revisions"}],"wp:attachment":[{"href":"https:\/\/esi.uclm.es\/index.php\/wp-json\/wp\/v2\/media?parent=2121"}],"curies":[{"name":"wp","href":"https:\/\/api.w.org\/{rel}","templated":true}]}}