{"id":2121,"date":"2016-03-08T09:10:56","date_gmt":"2016-03-08T09:10:56","guid":{"rendered":"http:\/\/discussion.mikado-themes.com\/?page_id=2121"},"modified":"2016-03-08T09:10:56","modified_gmt":"2016-03-08T09:10:56","slug":"slider-block-example","status":"publish","type":"page","link":"https:\/\/esi.uclm.es\/index.php\/slider-block-example\/","title":{"rendered":"Slider Block"},"content":{"rendered":"<div class=\"vc_row wpb_row vc_row-fluid mkd-section mkd-content-aligment-left\" style=\"\"><div class=\"clearfix mkd-full-section-inner\"><div class=\"wpb_column vc_column_container vc_col-sm-12\"><div class=\"vc_column-inner\"><div class=\"wpb_wrapper\"><div class=\"mkd-bnl-holder mkd-pb-four-holder  mkd-block-revealing\"  data-base=\"mkd_block_four\"  data-content_in_grid=\"yes\" data-slider_height=\"610\" data-category_id=\"10\"     data-post_not_in=\"641, 638\"  data-featured_thumb_image_size=\"custom_size\" data-featured_thumb_image_width=\"1920\" data-featured_thumb_image_height=\"615\"        data-custom_thumb_image_width=\"85\" data-custom_thumb_image_height=\"85\"   data-title_length=\"29\"    data-number_of_posts=\"5\"  data-paged=\"1\" data-max_pages=\"251\"><div class=\"mkd-bnl-outer\"><div class=\"mkd-bnl-inner\"><div class=\"mkd-post-block-part mkd-pb-four-featured mkd-pbr-featured\" data-image-height=610 ><div class=\"mkd-post-block-part-inner\"><div class=\"mkd-pt-five-item mkd-post-item\" data-image-proportion=\"0.3203125\" style=\"background-image: url(https:\/\/esi.uclm.es\/assets\/uploads\/2026\/09\/Grupo-Tragsa-1920x615.webp)\">\n    <a itemprop=\"url\" class=\"mkd-post-item-link\" href=\"https:\/\/esi.uclm.es\/index.php\/2026\/09\/03\/oferta-de-empleo-grupo-tragsa-3\/\" target=\"_self\">\n    <\/a>\n\t\t<div class=\"mkd-grid\">\n\t\t\t<div class=\"mkd-pt-five-item-inner\">\n\t\t\t<div class=\"mkd-pt-five-top-content\">\n\t\t\t\t<div class=\"mkd-pt-five-content\">\n\t\t\t\t\t<div class=\"mkd-pt-five-content-inner\">\n\t\t\t\t\t\t<div class=\"mkd-post-info-category\"><a href=\"https:\/\/esi.uclm.es\/index.php\/category\/becas_y_empleo\/\" rel=\"category tag\">Becas\/Empleo<\/a><\/div>\t\t\t\t\t\t<h2 class=\"mkd-pt-five-title\">\n\t\t\t\t\t\t\t<a itemprop=\"url\" class=\"mkd-pt-link\" href=\"https:\/\/esi.uclm.es\/index.php\/2026\/09\/03\/oferta-de-empleo-grupo-tragsa-3\/\" target=\"_self\">Oferta de empleo Grupo Tragsa<\/a>\n\t\t\t\t\t\t<\/h2>\n\t\t\t\t\t\t<div itemprop=\"dateCreated\" class=\"mkd-post-info-date entry-date updated\">\n\t\t\t<a itemprop=\"url\" href=\"https:\/\/esi.uclm.es\/index.php\/2026\/09\/\">\n\t\t3 de septiembre de 2026\t\t\t<\/a>\n\t\t<meta itemprop=\"interactionCount\" content=\"UserComments: 0\"\/>\n<\/div>\t\t\t\t\t\t\t\t\t\t\t\t\t<div class=\"mkd-pt-five-excerpt\">\n\t\t\t\t\t\t\t\t<p class=\"mkd-post-excerpt\">\nGrupo Tragsa, desde su Departamento de Selecci\u00f3n, nos informa de que disponen de 15 puestos para Ingenieros T\u00e9cnicos o Graduados en Ingenier\u00eda, para prestar apoyo en asistencia t\u00e9cnica en trabajos<\/p>\t\t\t\t\t\t\t<\/div>\n\t\t\t\t\t\t\t\t\t\t\t<\/div>\n\t\t\t\t<\/div>\n\t\t\t<\/div>\n\t\t<\/div>\n\t\t<\/div>\n\t<\/div><\/div><div class=\"mkd-post-block-part-inner\"><div class=\"mkd-pt-five-item mkd-post-item\" data-image-proportion=\"0.3203125\" style=\"background-image: url(https:\/\/esi.uclm.es\/assets\/uploads\/2023\/09\/obsequio_calendario-1920x615.webp)\">\n    <a itemprop=\"url\" class=\"mkd-post-item-link\" href=\"https:\/\/esi.uclm.es\/index.php\/2026\/09\/03\/presentacion-del-curso-2026-2027\/\" target=\"_self\">\n    <\/a>\n\t\t<div class=\"mkd-grid\">\n\t\t\t<div class=\"mkd-pt-five-item-inner\">\n\t\t\t<div class=\"mkd-pt-five-top-content\">\n\t\t\t\t<div class=\"mkd-pt-five-content\">\n\t\t\t\t\t<div class=\"mkd-pt-five-content-inner\">\n\t\t\t\t\t\t<div class=\"mkd-post-info-category\"><a href=\"https:\/\/esi.uclm.es\/index.php\/category\/portada\/\" rel=\"category tag\">Portada<\/a><\/div>\t\t\t\t\t\t<h2 class=\"mkd-pt-five-title\">\n\t\t\t\t\t\t\t<a itemprop=\"url\" class=\"mkd-pt-link\" href=\"https:\/\/esi.uclm.es\/index.php\/2026\/09\/03\/presentacion-del-curso-2026-2027\/\" target=\"_self\">Presentaci\u00f3n del curso 2026-2027<\/a>\n\t\t\t\t\t\t<\/h2>\n\t\t\t\t\t\t<div itemprop=\"dateCreated\" class=\"mkd-post-info-date entry-date updated\">\n\t\t\t<a itemprop=\"url\" href=\"https:\/\/esi.uclm.es\/index.php\/2026\/09\/\">\n\t\t3 de septiembre de 2026\t\t\t<\/a>\n\t\t<meta itemprop=\"interactionCount\" content=\"UserComments: 0\"\/>\n<\/div>\t\t\t\t\t\t\t\t\t\t\t\t\t<div class=\"mkd-pt-five-excerpt\">\n\t\t\t\t\t\t\t\t<p class=\"mkd-post-excerpt\">\nEl mi\u00e9rcoles 9 de septiembre de 2026, en el Sal\u00f3n de Actos\u00a0Alan Turing\u00a0del Edificio Ferm\u00edn Caballero, se celebrar\u00e1 la\u00a0jornada de presentaci\u00f3n y acogida del curso 2026-2027\u00a0(los estudiantes nuevos de primer<\/p>\t\t\t\t\t\t\t<\/div>\n\t\t\t\t\t\t\t\t\t\t\t<\/div>\n\t\t\t\t<\/div>\n\t\t\t<\/div>\n\t\t<\/div>\n\t\t<\/div>\n\t<\/div><\/div><div class=\"mkd-post-block-part-inner\"><div class=\"mkd-pt-five-item mkd-post-item\" data-image-proportion=\"0.3203125\" style=\"background-image: url(https:\/\/esi.uclm.es\/assets\/uploads\/2023\/11\/smart_esi_web_2-1920x615.webp)\">\n    <a itemprop=\"url\" class=\"mkd-post-item-link\" href=\"https:\/\/esi.uclm.es\/index.php\/2026\/09\/01\/beca-de-colaboracion-smart-esi-3\/\" target=\"_self\">\n    <\/a>\n\t\t<div class=\"mkd-grid\">\n\t\t\t<div class=\"mkd-pt-five-item-inner\">\n\t\t\t<div class=\"mkd-pt-five-top-content\">\n\t\t\t\t<div class=\"mkd-pt-five-content\">\n\t\t\t\t\t<div class=\"mkd-pt-five-content-inner\">\n\t\t\t\t\t\t<div class=\"mkd-post-info-category\"><a href=\"https:\/\/esi.uclm.es\/index.php\/category\/becas_y_empleo\/\" rel=\"category tag\">Becas\/Empleo<\/a><\/div>\t\t\t\t\t\t<h2 class=\"mkd-pt-five-title\">\n\t\t\t\t\t\t\t<a itemprop=\"url\" class=\"mkd-pt-link\" href=\"https:\/\/esi.uclm.es\/index.php\/2026\/09\/01\/beca-de-colaboracion-smart-esi-3\/\" target=\"_self\">Beca de Colaboraci\u00f3n Smart ESI<\/a>\n\t\t\t\t\t\t<\/h2>\n\t\t\t\t\t\t<div itemprop=\"dateCreated\" class=\"mkd-post-info-date entry-date updated\">\n\t\t\t<a itemprop=\"url\" href=\"https:\/\/esi.uclm.es\/index.php\/2026\/09\/\">\n\t\t1 de septiembre de 2026\t\t\t<\/a>\n\t\t<meta itemprop=\"interactionCount\" content=\"UserComments: 0\"\/>\n<\/div>\t\t\t\t\t\t\t\t\t\t\t\t\t<div class=\"mkd-pt-five-excerpt\">\n\t\t\t\t\t\t\t\t<p class=\"mkd-post-excerpt\">\nSe convoca una beca destinada a que la persona beneficiaria preste su colaboraci\u00f3n, en r\u00e9gimen de compatibilidad con sus estudios, en la Escuela Superior de Inform\u00e1tica del campus de Ciudad<\/p>\t\t\t\t\t\t\t<\/div>\n\t\t\t\t\t\t\t\t\t\t\t<\/div>\n\t\t\t\t<\/div>\n\t\t\t<\/div>\n\t\t<\/div>\n\t\t<\/div>\n\t<\/div><\/div><div class=\"mkd-post-block-part-inner\"><div class=\"mkd-pt-five-item mkd-post-item\" data-image-proportion=\"0.3203125\" style=\"background-image: url(https:\/\/esi.uclm.es\/assets\/uploads\/2024\/09\/mentor2425_web-1920x615.webp)\">\n    <a itemprop=\"url\" class=\"mkd-post-item-link\" href=\"https:\/\/esi.uclm.es\/index.php\/2026\/07\/30\/beca-de-colaboracion-programa-mentor-2\/\" target=\"_self\">\n    <\/a>\n\t\t<div class=\"mkd-grid\">\n\t\t\t<div class=\"mkd-pt-five-item-inner\">\n\t\t\t<div class=\"mkd-pt-five-top-content\">\n\t\t\t\t<div class=\"mkd-pt-five-content\">\n\t\t\t\t\t<div class=\"mkd-pt-five-content-inner\">\n\t\t\t\t\t\t<div class=\"mkd-post-info-category\"><a href=\"https:\/\/esi.uclm.es\/index.php\/category\/becas_y_empleo\/\" rel=\"category tag\">Becas\/Empleo<\/a><\/div>\t\t\t\t\t\t<h2 class=\"mkd-pt-five-title\">\n\t\t\t\t\t\t\t<a itemprop=\"url\" class=\"mkd-pt-link\" href=\"https:\/\/esi.uclm.es\/index.php\/2026\/07\/30\/beca-de-colaboracion-programa-mentor-2\/\" target=\"_self\">Beca de Colaboraci\u00f3n Programa Mentor<\/a>\n\t\t\t\t\t\t<\/h2>\n\t\t\t\t\t\t<div itemprop=\"dateCreated\" class=\"mkd-post-info-date entry-date updated\">\n\t\t\t<a itemprop=\"url\" href=\"https:\/\/esi.uclm.es\/index.php\/2026\/07\/\">\n\t\t30 de julio de 2026\t\t\t<\/a>\n\t\t<meta itemprop=\"interactionCount\" content=\"UserComments: 0\"\/>\n<\/div>\t\t\t\t\t\t\t\t\t\t\t\t\t<div class=\"mkd-pt-five-excerpt\">\n\t\t\t\t\t\t\t\t<p class=\"mkd-post-excerpt\">\nSe convoca una beca de colaboraci\u00f3n destinada a que la persona beneficiaria preste su colaboraci\u00f3n, en r\u00e9gimen de compatibilidad con sus estudios, en la Escuela Superior de Inform\u00e1tica del campus<\/p>\t\t\t\t\t\t\t<\/div>\n\t\t\t\t\t\t\t\t\t\t\t<\/div>\n\t\t\t\t<\/div>\n\t\t\t<\/div>\n\t\t<\/div>\n\t\t<\/div>\n\t<\/div><\/div><div class=\"mkd-post-block-part-inner\"><div class=\"mkd-pt-five-item mkd-post-item\" data-image-proportion=\"0.3203125\" style=\"background-image: url(https:\/\/esi.uclm.es\/assets\/uploads\/2026\/07\/portada_curso2026_2027-1920x615.webp)\">\n    <a itemprop=\"url\" class=\"mkd-post-item-link\" href=\"https:\/\/esi.uclm.es\/index.php\/2026\/07\/27\/inicio-del-curso-2026-2027\/\" target=\"_self\">\n    <\/a>\n\t\t<div class=\"mkd-grid\">\n\t\t\t<div class=\"mkd-pt-five-item-inner\">\n\t\t\t<div class=\"mkd-pt-five-top-content\">\n\t\t\t\t<div class=\"mkd-pt-five-content\">\n\t\t\t\t\t<div class=\"mkd-pt-five-content-inner\">\n\t\t\t\t\t\t<div class=\"mkd-post-info-category\"><a href=\"https:\/\/esi.uclm.es\/index.php\/category\/general\/\" rel=\"category tag\">General<\/a><\/div>\t\t\t\t\t\t<h2 class=\"mkd-pt-five-title\">\n\t\t\t\t\t\t\t<a itemprop=\"url\" class=\"mkd-pt-link\" href=\"https:\/\/esi.uclm.es\/index.php\/2026\/07\/27\/inicio-del-curso-2026-2027\/\" target=\"_self\">Inicio del curso 2026-2027<\/a>\n\t\t\t\t\t\t<\/h2>\n\t\t\t\t\t\t<div itemprop=\"dateCreated\" class=\"mkd-post-info-date entry-date updated\">\n\t\t\t<a itemprop=\"url\" href=\"https:\/\/esi.uclm.es\/index.php\/2026\/07\/\">\n\t\t27 de julio de 2026\t\t\t<\/a>\n\t\t<meta itemprop=\"interactionCount\" content=\"UserComments: 0\"\/>\n<\/div>\t\t\t\t\t\t\t\t\t\t\t\t\t<div class=\"mkd-pt-five-excerpt\">\n\t\t\t\t\t\t\t\t<p class=\"mkd-post-excerpt\">\nDurante los primeros d\u00edas de septiembre dar\u00e1 comienzo el curso acad\u00e9mico 2026-2027, y lo har\u00e1 con una agenda cargada de actividades. Para algunos y algunas comenzar\u00e1 un intenso y apasionante<\/p>\t\t\t\t\t\t\t<\/div>\n\t\t\t\t\t\t\t\t\t\t\t<\/div>\n\t\t\t\t<\/div>\n\t\t\t<\/div>\n\t\t<\/div>\n\t\t<\/div>\n\t<\/div><\/div><\/div><div class=\"mkd-post-block-part mkd-pb-four-non-featured\"><span class=\"mkd-hide-show-button\"><span>Show<\/span><span>Hide<\/span><\/span><div class=\"mkd-pb-non-featured-inner mkd-pbr-non-featured\"><div class=\"mkd-pb-item-row mkd-post-reveal-item\"><div class=\"mkd-pt-seven-item mkd-post-item\">\n\t<div class=\"mkd-pt-seven-item-inner clearfix\">\n\t\t\t\t\t<div class=\"mkd-pt-seven-image-holder\" style=\"width: 85px\">\n\t\t\t\t<a itemprop=\"url\" class=\"mkd-pt-seven-link mkd-image-link\" href=\"https:\/\/esi.uclm.es\/index.php\/2026\/09\/03\/oferta-de-empleo-grupo-tragsa-3\/\" target=\"_self\">\n\t\t\t\t\t<img loading=\"lazy\" decoding=\"async\" src=\"https:\/\/esi.uclm.es\/assets\/uploads\/2026\/09\/Grupo-Tragsa-85x85.webp\" alt=\"\" width=\"85\" height=\"85\" \/>\t\t\t\t<\/a>\n\t\t\t<\/div>\n\t\t\t\t<div class=\"mkd-pt-seven-content-holder\">\n\t\t\t<div class=\"mkd-pt-seven-title-holder\">\n\t\t\t\t<h6 class=\"mkd-pt-seven-title\">\n\t\t\t\t\t<a itemprop=\"url\" class=\"mkd-pt-link\" href=\"https:\/\/esi.uclm.es\/index.php\/2026\/09\/03\/oferta-de-empleo-grupo-tragsa-3\/\" target=\"_self\">Oferta de empleo Grupo Tragsa<\/a>\n\t\t\t\t<\/h6>\n\t\t\t<\/div>\n\t\t\t<div itemprop=\"dateCreated\" class=\"mkd-post-info-date entry-date updated\">\n\t\t\t<a itemprop=\"url\" href=\"https:\/\/esi.uclm.es\/index.php\/2026\/09\/\">\n\t\t3 de septiembre de 2026\t\t\t<\/a>\n\t\t<meta itemprop=\"interactionCount\" content=\"UserComments: 0\"\/>\n<\/div>\t\t\t\t\t<\/div>\n\t<\/div>\n<\/div><\/div><div class=\"mkd-pb-item-row mkd-post-reveal-item\"><div class=\"mkd-pt-seven-item mkd-post-item\">\n\t<div class=\"mkd-pt-seven-item-inner clearfix\">\n\t\t\t\t\t<div class=\"mkd-pt-seven-image-holder\" style=\"width: 85px\">\n\t\t\t\t<a itemprop=\"url\" class=\"mkd-pt-seven-link mkd-image-link\" href=\"https:\/\/esi.uclm.es\/index.php\/2026\/09\/03\/presentacion-del-curso-2026-2027\/\" target=\"_self\">\n\t\t\t\t\t<img loading=\"lazy\" decoding=\"async\" src=\"https:\/\/esi.uclm.es\/assets\/uploads\/2023\/09\/obsequio_calendario-85x85.webp\" alt=\"Estudiantes en el sal\u00f3n de actos levantando tarjetas verdes y rojas, en una actividad gamificada. Se muestra en un c\u00edrculo un calendario como obsequio para los asistentes\" width=\"85\" height=\"85\" \/>\t\t\t\t<\/a>\n\t\t\t<\/div>\n\t\t\t\t<div class=\"mkd-pt-seven-content-holder\">\n\t\t\t<div class=\"mkd-pt-seven-title-holder\">\n\t\t\t\t<h6 class=\"mkd-pt-seven-title\">\n\t\t\t\t\t<a itemprop=\"url\" class=\"mkd-pt-link\" href=\"https:\/\/esi.uclm.es\/index.php\/2026\/09\/03\/presentacion-del-curso-2026-2027\/\" target=\"_self\">Presentaci\u00f3n del curso 2026-2...<\/a>\n\t\t\t\t<\/h6>\n\t\t\t<\/div>\n\t\t\t<div itemprop=\"dateCreated\" class=\"mkd-post-info-date entry-date updated\">\n\t\t\t<a itemprop=\"url\" href=\"https:\/\/esi.uclm.es\/index.php\/2026\/09\/\">\n\t\t3 de septiembre de 2026\t\t\t<\/a>\n\t\t<meta itemprop=\"interactionCount\" content=\"UserComments: 0\"\/>\n<\/div>\t\t\t\t\t<\/div>\n\t<\/div>\n<\/div><\/div><div class=\"mkd-pb-item-row mkd-post-reveal-item\"><div class=\"mkd-pt-seven-item mkd-post-item\">\n\t<div class=\"mkd-pt-seven-item-inner clearfix\">\n\t\t\t\t\t<div class=\"mkd-pt-seven-image-holder\" style=\"width: 85px\">\n\t\t\t\t<a itemprop=\"url\" class=\"mkd-pt-seven-link mkd-image-link\" href=\"https:\/\/esi.uclm.es\/index.php\/2026\/09\/01\/beca-de-colaboracion-smart-esi-3\/\" target=\"_self\">\n\t\t\t\t\t<img loading=\"lazy\" decoding=\"async\" src=\"https:\/\/esi.uclm.es\/assets\/uploads\/2023\/11\/smart_esi_web_2-85x85.webp\" alt=\"Smart ESI y la Escuela Superior de Inform\u00e1tica\" width=\"85\" height=\"85\" \/>\t\t\t\t<\/a>\n\t\t\t<\/div>\n\t\t\t\t<div class=\"mkd-pt-seven-content-holder\">\n\t\t\t<div class=\"mkd-pt-seven-title-holder\">\n\t\t\t\t<h6 class=\"mkd-pt-seven-title\">\n\t\t\t\t\t<a itemprop=\"url\" class=\"mkd-pt-link\" href=\"https:\/\/esi.uclm.es\/index.php\/2026\/09\/01\/beca-de-colaboracion-smart-esi-3\/\" target=\"_self\">Beca de Colaboraci\u00f3n Smart ES...<\/a>\n\t\t\t\t<\/h6>\n\t\t\t<\/div>\n\t\t\t<div itemprop=\"dateCreated\" class=\"mkd-post-info-date entry-date updated\">\n\t\t\t<a itemprop=\"url\" href=\"https:\/\/esi.uclm.es\/index.php\/2026\/09\/\">\n\t\t1 de septiembre de 2026\t\t\t<\/a>\n\t\t<meta itemprop=\"interactionCount\" content=\"UserComments: 0\"\/>\n<\/div>\t\t\t\t\t<\/div>\n\t<\/div>\n<\/div><\/div><div class=\"mkd-pb-item-row mkd-post-reveal-item\"><div class=\"mkd-pt-seven-item mkd-post-item\">\n\t<div class=\"mkd-pt-seven-item-inner clearfix\">\n\t\t\t\t\t<div class=\"mkd-pt-seven-image-holder\" style=\"width: 85px\">\n\t\t\t\t<a itemprop=\"url\" class=\"mkd-pt-seven-link mkd-image-link\" href=\"https:\/\/esi.uclm.es\/index.php\/2026\/07\/30\/beca-de-colaboracion-programa-mentor-2\/\" target=\"_self\">\n\t\t\t\t\t<img loading=\"lazy\" decoding=\"async\" src=\"https:\/\/esi.uclm.es\/assets\/uploads\/2024\/09\/mentor2425_web-85x85.webp\" alt=\"estudiantes del programa mentor\" width=\"85\" height=\"85\" \/>\t\t\t\t<\/a>\n\t\t\t<\/div>\n\t\t\t\t<div class=\"mkd-pt-seven-content-holder\">\n\t\t\t<div class=\"mkd-pt-seven-title-holder\">\n\t\t\t\t<h6 class=\"mkd-pt-seven-title\">\n\t\t\t\t\t<a itemprop=\"url\" class=\"mkd-pt-link\" href=\"https:\/\/esi.uclm.es\/index.php\/2026\/07\/30\/beca-de-colaboracion-programa-mentor-2\/\" target=\"_self\">Beca de Colaboraci\u00f3n Programa...<\/a>\n\t\t\t\t<\/h6>\n\t\t\t<\/div>\n\t\t\t<div itemprop=\"dateCreated\" class=\"mkd-post-info-date entry-date updated\">\n\t\t\t<a itemprop=\"url\" href=\"https:\/\/esi.uclm.es\/index.php\/2026\/07\/\">\n\t\t30 de julio de 2026\t\t\t<\/a>\n\t\t<meta itemprop=\"interactionCount\" content=\"UserComments: 0\"\/>\n<\/div>\t\t\t\t\t<\/div>\n\t<\/div>\n<\/div><\/div><div class=\"mkd-pb-item-row mkd-post-reveal-item\"><div class=\"mkd-pt-seven-item mkd-post-item\">\n\t<div class=\"mkd-pt-seven-item-inner clearfix\">\n\t\t\t\t\t<div class=\"mkd-pt-seven-image-holder\" style=\"width: 85px\">\n\t\t\t\t<a itemprop=\"url\" class=\"mkd-pt-seven-link mkd-image-link\" href=\"https:\/\/esi.uclm.es\/index.php\/2026\/07\/27\/inicio-del-curso-2026-2027\/\" target=\"_self\">\n\t\t\t\t\t<img loading=\"lazy\" decoding=\"async\" src=\"https:\/\/esi.uclm.es\/assets\/uploads\/2026\/07\/portada_curso2026_2027-85x85.webp\" alt=\"fechas de inicio del nuevo curso\" width=\"85\" height=\"85\" \/>\t\t\t\t<\/a>\n\t\t\t<\/div>\n\t\t\t\t<div class=\"mkd-pt-seven-content-holder\">\n\t\t\t<div class=\"mkd-pt-seven-title-holder\">\n\t\t\t\t<h6 class=\"mkd-pt-seven-title\">\n\t\t\t\t\t<a itemprop=\"url\" class=\"mkd-pt-link\" href=\"https:\/\/esi.uclm.es\/index.php\/2026\/07\/27\/inicio-del-curso-2026-2027\/\" target=\"_self\">Inicio del curso 2026-2027<\/a>\n\t\t\t\t<\/h6>\n\t\t\t<\/div>\n\t\t\t<div itemprop=\"dateCreated\" class=\"mkd-post-info-date entry-date updated\">\n\t\t\t<a itemprop=\"url\" href=\"https:\/\/esi.uclm.es\/index.php\/2026\/07\/\">\n\t\t27 de julio de 2026\t\t\t<\/a>\n\t\t<meta itemprop=\"interactionCount\" content=\"UserComments: 0\"\/>\n<\/div>\t\t\t\t\t<\/div>\n\t<\/div>\n<\/div><\/div><\/div><\/div><\/div><\/div><\/div><\/div><\/div><\/div><\/div><\/div><div class=\"vc_row wpb_row vc_row-fluid mkd-section mkd-content-aligment-left mkd-grid-section\" style=\"\"><div class=\"clearfix mkd-section-inner\"><div class=\"mkd-section-inner-margin clearfix\"><div class=\"wpb_column vc_column_container vc_col-sm-12 vc_col-lg-9 vc_col-md-12\"><div class=\"vc_column-inner\"><div class=\"wpb_wrapper\"><div class=\"vc_empty_space\"   style=\"height: 40px\"><span class=\"vc_empty_space_inner\"><\/span><\/div><div class=\"mkd-bnl-holder mkd-pl-six-holder  mkd-post-columns-2 mkd-post-pag-infinite\"  data-base=\"mkd_post_layout_six\"  data-number_of_posts=\"6\" data-column_number=\"2\" data-category_id=\"10\"     data-post_not_in=\"627, 629, 631, 633, 635\"  data-title=\"Latest News\" data-pattern_style=\"light\" data-thumb_image_size=\"custom_size\" data-thumb_image_width=\"478\" data-thumb_image_height=\"300\" data-title_tag=\"h4\" data-title_length=\"30\"    data-display_comments=\"yes\" data-display_share=\"yes\" data-display_excerpt=\"yes\" data-excerpt_length=\"15\"  data-display_pagination=\"yes\" data-pagination_type=\"infinite\"   data-paged=\"1\" data-max_pages=\"209\"  data-next_page=\"2\"><div class=\"mkd-layout-title-holder\"><span class=\"mkd-section-title-holder clearfix mkd-pattern-light\">\n            <span class=\"mkd-st-title\">\n        Latest News        <\/span>\n    <\/span><\/div><div class=\"mkd-bnl-outer\"><div class=\"mkd-bnl-inner\"><div class=\"mkd-pt-six-item mkd-post-item\">\n            <div class=\"mkd-pt-six-image-holder\">\n            <div class=\"mkd-post-info-category\"><a href=\"https:\/\/esi.uclm.es\/index.php\/category\/becas_y_empleo\/\" rel=\"category tag\">Becas\/Empleo<\/a><\/div>            <a itemprop=\"url\" class=\"mkd-pt-six-slide-link mkd-image-link\" href=\"https:\/\/esi.uclm.es\/index.php\/2026\/09\/03\/oferta-de-empleo-grupo-tragsa-3\/\" target=\"_self\">\n                <img loading=\"lazy\" decoding=\"async\" src=\"https:\/\/esi.uclm.es\/assets\/uploads\/2026\/09\/Grupo-Tragsa-478x300.webp\" alt=\"\" width=\"478\" height=\"300\" \/>\t\t\t\t            <\/a>\n        <\/div>\n        <div class=\"mkd-pt-six-content-holder\">\n        <div class=\"mkd-pt-six-title-holder\">\n            <h4 class=\"mkd-pt-six-title\">\n                <a itemprop=\"url\" class=\"mkd-pt-link\" href=\"https:\/\/esi.uclm.es\/index.php\/2026\/09\/03\/oferta-de-empleo-grupo-tragsa-3\/\" target=\"_self\">Oferta de empleo Grupo Tragsa<\/a>\n            <\/h4>\n        <\/div>\n\t\t<div itemprop=\"dateCreated\" class=\"mkd-post-info-date entry-date updated\">\n\t\t\t<a itemprop=\"url\" href=\"https:\/\/esi.uclm.es\/index.php\/2026\/09\/\">\n\t\t3 de septiembre de 2026\t\t\t<\/a>\n\t\t<meta itemprop=\"interactionCount\" content=\"UserComments: 0\"\/>\n<\/div>                    <div class=\"mkd-pt-one-excerpt\">\n                <p class=\"mkd-post-excerpt\">\nGrupo Tragsa, desde su Departamento de Selecci\u00f3n, nos informa de que disponen de 15 puestos<\/p>            <\/div>\n            <\/div>\n\t\t\t<div class=\"mkd-pt-info-section clearfix\">\n\t\t\t<div>\n\t\t\t\t<div class =\"mkd-blog-share\">\n\t<div class=\"mkd-social-share-holder mkd-dropdown\">\n\t\t<a href=\"javascript:void(0)\" target=\"_self\" class=\"mkd-social-share-dropdown-opener\">\n\t\t\t<span class=\"mkd-social-share-title\">Share<\/span>\n\t\t<\/a>\n\t\t<div class=\"mkd-social-share-dropdown\">\n\t\t\t<ul>\n\t\t\t\t<li class=\"mkd-linkedin-share\">\n\t<a class=\"mkd-share-link\" href=\"#\" onclick=\"popUp=window.open('http:\/\/linkedin.com\/shareArticle?mini=true&amp;url=https%3A%2F%2Fesi.uclm.es%2Findex.php%2F2026%2F09%2F03%2Foferta-de-empleo-grupo-tragsa-3%2F&amp;title=Oferta+de+empleo+Grupo+Tragsa', 'popupwindow', 'scrollbars=yes,width=800,height=400');popUp.focus();return false;\">\n\t\t\t\t\t<span class=\"mkd-social-network-icon social_linkedin\"><\/span>\n\t\t\t<\/a>\n<\/li><li class=\"mkd-twitter-share\">\n\t<a class=\"mkd-share-link\" href=\"#\" onclick=\"window.open('https:\/\/twitter.com\/intent\/tweet?text=Grupo+Tragsa%2C+desde+su+Departamento+de+Selecci%C3%B3n%2C+nos+informa+de+que+disponen+de+15+puestos+para+Ingenieros+T%C3%A9cnicos+ https:\/\/esi.uclm.es\/index.php\/2026\/09\/03\/oferta-de-empleo-grupo-tragsa-3\/', 'popupwindow', 'scrollbars=yes,width=800,height=400');\">\n\t\t\t\t\t<span class=\"mkd-social-network-icon social_twitter\"><\/span>\n\t\t\t<\/a>\n<\/li><li class=\"mkd-facebook-share\">\n\t<a class=\"mkd-share-link\" href=\"#\" onclick=\"window.open('https:\/\/www.facebook.com\/sharer.php?u=https%3A%2F%2Fesi.uclm.es%2Findex.php%2F2026%2F09%2F03%2Foferta-de-empleo-grupo-tragsa-3%2F', 'sharer', 'toolbar=0,status=0,width=620,height=280');\">\n\t\t\t\t\t<span class=\"mkd-social-network-icon social_facebook\"><\/span>\n\t\t\t<\/a>\n<\/li>\t\t\t<\/ul>\n\t\t<\/div>\n\t<\/div>\n<\/div><div class=\"mkd-post-info-comments-holder\"><a class=\"mkd-post-info-comments\" href=\"https:\/\/esi.uclm.es\/index.php\/2026\/09\/03\/oferta-de-empleo-grupo-tragsa-3\/#respond\" target=\"_self\">0 Comments<\/a><\/div>\t\t\t<\/div>\n            <div class=\"mkd-pt-info-section-background\"><\/div>\n\t\t<\/div>\n\t<\/div><div class=\"mkd-pt-six-item mkd-post-item\">\n            <div class=\"mkd-pt-six-image-holder\">\n            <div class=\"mkd-post-info-category\"><a href=\"https:\/\/esi.uclm.es\/index.php\/category\/portada\/\" rel=\"category tag\">Portada<\/a><\/div>            <a itemprop=\"url\" class=\"mkd-pt-six-slide-link mkd-image-link\" href=\"https:\/\/esi.uclm.es\/index.php\/2026\/09\/03\/presentacion-del-curso-2026-2027\/\" target=\"_self\">\n                <img loading=\"lazy\" decoding=\"async\" src=\"https:\/\/esi.uclm.es\/assets\/uploads\/2023\/09\/obsequio_calendario-478x300.webp\" alt=\"Estudiantes en el sal\u00f3n de actos levantando tarjetas verdes y rojas, en una actividad gamificada. Se muestra en un c\u00edrculo un calendario como obsequio para los asistentes\" width=\"478\" height=\"300\" \/>\t\t\t\t            <\/a>\n        <\/div>\n        <div class=\"mkd-pt-six-content-holder\">\n        <div class=\"mkd-pt-six-title-holder\">\n            <h4 class=\"mkd-pt-six-title\">\n                <a itemprop=\"url\" class=\"mkd-pt-link\" href=\"https:\/\/esi.uclm.es\/index.php\/2026\/09\/03\/presentacion-del-curso-2026-2027\/\" target=\"_self\">Presentaci\u00f3n del curso 2026-20...<\/a>\n            <\/h4>\n        <\/div>\n\t\t<div itemprop=\"dateCreated\" class=\"mkd-post-info-date entry-date updated\">\n\t\t\t<a itemprop=\"url\" href=\"https:\/\/esi.uclm.es\/index.php\/2026\/09\/\">\n\t\t3 de septiembre de 2026\t\t\t<\/a>\n\t\t<meta itemprop=\"interactionCount\" content=\"UserComments: 0\"\/>\n<\/div>                    <div class=\"mkd-pt-one-excerpt\">\n                <p class=\"mkd-post-excerpt\">\nEl mi\u00e9rcoles 9 de septiembre de 2026, en el Sal\u00f3n de Actos\u00a0Alan Turing\u00a0del Edificio Ferm\u00edn<\/p>            <\/div>\n            <\/div>\n\t\t\t<div class=\"mkd-pt-info-section clearfix\">\n\t\t\t<div>\n\t\t\t\t<div class =\"mkd-blog-share\">\n\t<div class=\"mkd-social-share-holder mkd-dropdown\">\n\t\t<a href=\"javascript:void(0)\" target=\"_self\" class=\"mkd-social-share-dropdown-opener\">\n\t\t\t<span class=\"mkd-social-share-title\">Share<\/span>\n\t\t<\/a>\n\t\t<div class=\"mkd-social-share-dropdown\">\n\t\t\t<ul>\n\t\t\t\t<li class=\"mkd-linkedin-share\">\n\t<a class=\"mkd-share-link\" href=\"#\" onclick=\"popUp=window.open('http:\/\/linkedin.com\/shareArticle?mini=true&amp;url=https%3A%2F%2Fesi.uclm.es%2Findex.php%2F2026%2F09%2F03%2Fpresentacion-del-curso-2026-2027%2F&amp;title=Presentaci%C3%B3n+del+curso+2026-2027', 'popupwindow', 'scrollbars=yes,width=800,height=400');popUp.focus();return false;\">\n\t\t\t\t\t<span class=\"mkd-social-network-icon social_linkedin\"><\/span>\n\t\t\t<\/a>\n<\/li><li class=\"mkd-twitter-share\">\n\t<a class=\"mkd-share-link\" href=\"#\" onclick=\"window.open('https:\/\/twitter.com\/intent\/tweet?text=El+mi%C3%A9rcoles+9+de+septiembre+de+2026%2C+en+el+Sal%C3%B3n+de+Actos%C2%A0Alan+Turing%C2%A0del+Edificio+Ferm%C3%ADn+Caballero%2C+se+celebrar%C3%A1+ https:\/\/esi.uclm.es\/index.php\/2026\/09\/03\/presentacion-del-curso-2026-2027\/', 'popupwindow', 'scrollbars=yes,width=800,height=400');\">\n\t\t\t\t\t<span class=\"mkd-social-network-icon social_twitter\"><\/span>\n\t\t\t<\/a>\n<\/li><li class=\"mkd-facebook-share\">\n\t<a class=\"mkd-share-link\" href=\"#\" onclick=\"window.open('https:\/\/www.facebook.com\/sharer.php?u=https%3A%2F%2Fesi.uclm.es%2Findex.php%2F2026%2F09%2F03%2Fpresentacion-del-curso-2026-2027%2F', 'sharer', 'toolbar=0,status=0,width=620,height=280');\">\n\t\t\t\t\t<span class=\"mkd-social-network-icon social_facebook\"><\/span>\n\t\t\t<\/a>\n<\/li>\t\t\t<\/ul>\n\t\t<\/div>\n\t<\/div>\n<\/div><div class=\"mkd-post-info-comments-holder\"><a class=\"mkd-post-info-comments\" href=\"https:\/\/esi.uclm.es\/index.php\/2026\/09\/03\/presentacion-del-curso-2026-2027\/#respond\" target=\"_self\">0 Comments<\/a><\/div>\t\t\t<\/div>\n            <div class=\"mkd-pt-info-section-background\"><\/div>\n\t\t<\/div>\n\t<\/div><div class=\"mkd-pt-six-item mkd-post-item\">\n            <div class=\"mkd-pt-six-image-holder\">\n            <div class=\"mkd-post-info-category\"><a href=\"https:\/\/esi.uclm.es\/index.php\/category\/becas_y_empleo\/\" rel=\"category tag\">Becas\/Empleo<\/a><\/div>            <a itemprop=\"url\" class=\"mkd-pt-six-slide-link mkd-image-link\" href=\"https:\/\/esi.uclm.es\/index.php\/2026\/09\/01\/beca-de-colaboracion-smart-esi-3\/\" target=\"_self\">\n                <img loading=\"lazy\" decoding=\"async\" src=\"https:\/\/esi.uclm.es\/assets\/uploads\/2023\/11\/smart_esi_web_2-478x300.webp\" alt=\"Smart ESI y la Escuela Superior de Inform\u00e1tica\" width=\"478\" height=\"300\" \/>\t\t\t\t            <\/a>\n        <\/div>\n        <div class=\"mkd-pt-six-content-holder\">\n        <div class=\"mkd-pt-six-title-holder\">\n            <h4 class=\"mkd-pt-six-title\">\n                <a itemprop=\"url\" class=\"mkd-pt-link\" href=\"https:\/\/esi.uclm.es\/index.php\/2026\/09\/01\/beca-de-colaboracion-smart-esi-3\/\" target=\"_self\">Beca de Colaboraci\u00f3n Smart ESI...<\/a>\n            <\/h4>\n        <\/div>\n\t\t<div itemprop=\"dateCreated\" class=\"mkd-post-info-date entry-date updated\">\n\t\t\t<a itemprop=\"url\" href=\"https:\/\/esi.uclm.es\/index.php\/2026\/09\/\">\n\t\t1 de septiembre de 2026\t\t\t<\/a>\n\t\t<meta itemprop=\"interactionCount\" content=\"UserComments: 0\"\/>\n<\/div>                    <div class=\"mkd-pt-one-excerpt\">\n                <p class=\"mkd-post-excerpt\">\nSe convoca una beca destinada a que la persona beneficiaria preste su colaboraci\u00f3n, en r\u00e9gimen<\/p>            <\/div>\n            <\/div>\n\t\t\t<div class=\"mkd-pt-info-section clearfix\">\n\t\t\t<div>\n\t\t\t\t<div class =\"mkd-blog-share\">\n\t<div class=\"mkd-social-share-holder mkd-dropdown\">\n\t\t<a href=\"javascript:void(0)\" target=\"_self\" class=\"mkd-social-share-dropdown-opener\">\n\t\t\t<span class=\"mkd-social-share-title\">Share<\/span>\n\t\t<\/a>\n\t\t<div class=\"mkd-social-share-dropdown\">\n\t\t\t<ul>\n\t\t\t\t<li class=\"mkd-linkedin-share\">\n\t<a class=\"mkd-share-link\" href=\"#\" onclick=\"popUp=window.open('http:\/\/linkedin.com\/shareArticle?mini=true&amp;url=https%3A%2F%2Fesi.uclm.es%2Findex.php%2F2026%2F09%2F01%2Fbeca-de-colaboracion-smart-esi-3%2F&amp;title=Beca+de+Colaboraci%C3%B3n+Smart+ESI', 'popupwindow', 'scrollbars=yes,width=800,height=400');popUp.focus();return false;\">\n\t\t\t\t\t<span class=\"mkd-social-network-icon social_linkedin\"><\/span>\n\t\t\t<\/a>\n<\/li><li class=\"mkd-twitter-share\">\n\t<a class=\"mkd-share-link\" href=\"#\" onclick=\"window.open('https:\/\/twitter.com\/intent\/tweet?text=Se+convoca+una+beca+destinada+a+que+la+persona+beneficiaria+preste+su+colaboraci%C3%B3n%2C+en+r%C3%A9gimen+de+compatibilidad+con+ https:\/\/esi.uclm.es\/index.php\/2026\/09\/01\/beca-de-colaboracion-smart-esi-3\/', 'popupwindow', 'scrollbars=yes,width=800,height=400');\">\n\t\t\t\t\t<span class=\"mkd-social-network-icon social_twitter\"><\/span>\n\t\t\t<\/a>\n<\/li><li class=\"mkd-facebook-share\">\n\t<a class=\"mkd-share-link\" href=\"#\" onclick=\"window.open('https:\/\/www.facebook.com\/sharer.php?u=https%3A%2F%2Fesi.uclm.es%2Findex.php%2F2026%2F09%2F01%2Fbeca-de-colaboracion-smart-esi-3%2F', 'sharer', 'toolbar=0,status=0,width=620,height=280');\">\n\t\t\t\t\t<span class=\"mkd-social-network-icon social_facebook\"><\/span>\n\t\t\t<\/a>\n<\/li>\t\t\t<\/ul>\n\t\t<\/div>\n\t<\/div>\n<\/div><div class=\"mkd-post-info-comments-holder\"><a class=\"mkd-post-info-comments\" href=\"https:\/\/esi.uclm.es\/index.php\/2026\/09\/01\/beca-de-colaboracion-smart-esi-3\/#respond\" target=\"_self\">0 Comments<\/a><\/div>\t\t\t<\/div>\n            <div class=\"mkd-pt-info-section-background\"><\/div>\n\t\t<\/div>\n\t<\/div><div class=\"mkd-pt-six-item mkd-post-item\">\n            <div class=\"mkd-pt-six-image-holder\">\n            <div class=\"mkd-post-info-category\"><a href=\"https:\/\/esi.uclm.es\/index.php\/category\/becas_y_empleo\/\" rel=\"category tag\">Becas\/Empleo<\/a><\/div>            <a itemprop=\"url\" class=\"mkd-pt-six-slide-link mkd-image-link\" href=\"https:\/\/esi.uclm.es\/index.php\/2026\/07\/30\/beca-de-colaboracion-programa-mentor-2\/\" target=\"_self\">\n                <img loading=\"lazy\" decoding=\"async\" src=\"https:\/\/esi.uclm.es\/assets\/uploads\/2024\/09\/mentor2425_web-478x300.webp\" alt=\"estudiantes del programa mentor\" width=\"478\" height=\"300\" \/>\t\t\t\t            <\/a>\n        <\/div>\n        <div class=\"mkd-pt-six-content-holder\">\n        <div class=\"mkd-pt-six-title-holder\">\n            <h4 class=\"mkd-pt-six-title\">\n                <a itemprop=\"url\" class=\"mkd-pt-link\" href=\"https:\/\/esi.uclm.es\/index.php\/2026\/07\/30\/beca-de-colaboracion-programa-mentor-2\/\" target=\"_self\">Beca de Colaboraci\u00f3n Programa...<\/a>\n            <\/h4>\n        <\/div>\n\t\t<div itemprop=\"dateCreated\" class=\"mkd-post-info-date entry-date updated\">\n\t\t\t<a itemprop=\"url\" href=\"https:\/\/esi.uclm.es\/index.php\/2026\/07\/\">\n\t\t30 de julio de 2026\t\t\t<\/a>\n\t\t<meta itemprop=\"interactionCount\" content=\"UserComments: 0\"\/>\n<\/div>                    <div class=\"mkd-pt-one-excerpt\">\n                <p class=\"mkd-post-excerpt\">\nSe convoca una beca de colaboraci\u00f3n destinada a que la persona beneficiaria preste su colaboraci\u00f3n,<\/p>            <\/div>\n            <\/div>\n\t\t\t<div class=\"mkd-pt-info-section clearfix\">\n\t\t\t<div>\n\t\t\t\t<div class =\"mkd-blog-share\">\n\t<div class=\"mkd-social-share-holder mkd-dropdown\">\n\t\t<a href=\"javascript:void(0)\" target=\"_self\" class=\"mkd-social-share-dropdown-opener\">\n\t\t\t<span class=\"mkd-social-share-title\">Share<\/span>\n\t\t<\/a>\n\t\t<div class=\"mkd-social-share-dropdown\">\n\t\t\t<ul>\n\t\t\t\t<li class=\"mkd-linkedin-share\">\n\t<a class=\"mkd-share-link\" href=\"#\" onclick=\"popUp=window.open('http:\/\/linkedin.com\/shareArticle?mini=true&amp;url=https%3A%2F%2Fesi.uclm.es%2Findex.php%2F2026%2F07%2F30%2Fbeca-de-colaboracion-programa-mentor-2%2F&amp;title=Beca+de+Colaboraci%C3%B3n+Programa+Mentor', 'popupwindow', 'scrollbars=yes,width=800,height=400');popUp.focus();return false;\">\n\t\t\t\t\t<span class=\"mkd-social-network-icon social_linkedin\"><\/span>\n\t\t\t<\/a>\n<\/li><li class=\"mkd-twitter-share\">\n\t<a class=\"mkd-share-link\" href=\"#\" onclick=\"window.open('https:\/\/twitter.com\/intent\/tweet?text=Se+convoca+una+beca+de+colaboraci%C3%B3n+destinada+a+que+la+persona+beneficiaria+preste+su+colaboraci%C3%B3n%2C+en+r%C3%A9gimen+de+ https:\/\/esi.uclm.es\/index.php\/2026\/07\/30\/beca-de-colaboracion-programa-mentor-2\/', 'popupwindow', 'scrollbars=yes,width=800,height=400');\">\n\t\t\t\t\t<span class=\"mkd-social-network-icon social_twitter\"><\/span>\n\t\t\t<\/a>\n<\/li><li class=\"mkd-facebook-share\">\n\t<a class=\"mkd-share-link\" href=\"#\" onclick=\"window.open('https:\/\/www.facebook.com\/sharer.php?u=https%3A%2F%2Fesi.uclm.es%2Findex.php%2F2026%2F07%2F30%2Fbeca-de-colaboracion-programa-mentor-2%2F', 'sharer', 'toolbar=0,status=0,width=620,height=280');\">\n\t\t\t\t\t<span class=\"mkd-social-network-icon social_facebook\"><\/span>\n\t\t\t<\/a>\n<\/li>\t\t\t<\/ul>\n\t\t<\/div>\n\t<\/div>\n<\/div><div class=\"mkd-post-info-comments-holder\"><a class=\"mkd-post-info-comments\" href=\"https:\/\/esi.uclm.es\/index.php\/2026\/07\/30\/beca-de-colaboracion-programa-mentor-2\/#respond\" target=\"_self\">0 Comments<\/a><\/div>\t\t\t<\/div>\n            <div class=\"mkd-pt-info-section-background\"><\/div>\n\t\t<\/div>\n\t<\/div><div class=\"mkd-pt-six-item mkd-post-item\">\n            <div class=\"mkd-pt-six-image-holder\">\n            <div class=\"mkd-post-info-category\"><a href=\"https:\/\/esi.uclm.es\/index.php\/category\/general\/\" rel=\"category tag\">General<\/a><\/div>            <a itemprop=\"url\" class=\"mkd-pt-six-slide-link mkd-image-link\" href=\"https:\/\/esi.uclm.es\/index.php\/2026\/07\/27\/inicio-del-curso-2026-2027\/\" target=\"_self\">\n                <img loading=\"lazy\" decoding=\"async\" src=\"https:\/\/esi.uclm.es\/assets\/uploads\/2026\/07\/portada_curso2026_2027-478x300.webp\" alt=\"fechas de inicio del nuevo curso\" width=\"478\" height=\"300\" \/>\t\t\t\t            <\/a>\n        <\/div>\n        <div class=\"mkd-pt-six-content-holder\">\n        <div class=\"mkd-pt-six-title-holder\">\n            <h4 class=\"mkd-pt-six-title\">\n                <a itemprop=\"url\" class=\"mkd-pt-link\" href=\"https:\/\/esi.uclm.es\/index.php\/2026\/07\/27\/inicio-del-curso-2026-2027\/\" target=\"_self\">Inicio del curso 2026-2027<\/a>\n            <\/h4>\n        <\/div>\n\t\t<div itemprop=\"dateCreated\" class=\"mkd-post-info-date entry-date updated\">\n\t\t\t<a itemprop=\"url\" href=\"https:\/\/esi.uclm.es\/index.php\/2026\/07\/\">\n\t\t27 de julio de 2026\t\t\t<\/a>\n\t\t<meta itemprop=\"interactionCount\" content=\"UserComments: 0\"\/>\n<\/div>                    <div class=\"mkd-pt-one-excerpt\">\n                <p class=\"mkd-post-excerpt\">\nDurante los primeros d\u00edas de septiembre dar\u00e1 comienzo el curso acad\u00e9mico 2026-2027, y lo har\u00e1<\/p>            <\/div>\n            <\/div>\n\t\t\t<div class=\"mkd-pt-info-section clearfix\">\n\t\t\t<div>\n\t\t\t\t<div class =\"mkd-blog-share\">\n\t<div class=\"mkd-social-share-holder mkd-dropdown\">\n\t\t<a href=\"javascript:void(0)\" target=\"_self\" class=\"mkd-social-share-dropdown-opener\">\n\t\t\t<span class=\"mkd-social-share-title\">Share<\/span>\n\t\t<\/a>\n\t\t<div class=\"mkd-social-share-dropdown\">\n\t\t\t<ul>\n\t\t\t\t<li class=\"mkd-linkedin-share\">\n\t<a class=\"mkd-share-link\" href=\"#\" onclick=\"popUp=window.open('http:\/\/linkedin.com\/shareArticle?mini=true&amp;url=https%3A%2F%2Fesi.uclm.es%2Findex.php%2F2026%2F07%2F27%2Finicio-del-curso-2026-2027%2F&amp;title=Inicio+del+curso+2026-2027', 'popupwindow', 'scrollbars=yes,width=800,height=400');popUp.focus();return false;\">\n\t\t\t\t\t<span class=\"mkd-social-network-icon social_linkedin\"><\/span>\n\t\t\t<\/a>\n<\/li><li class=\"mkd-twitter-share\">\n\t<a class=\"mkd-share-link\" href=\"#\" onclick=\"window.open('https:\/\/twitter.com\/intent\/tweet?text=Durante+los+primeros+d%C3%ADas+de+septiembre+dar%C3%A1+comienzo+el+curso+acad%C3%A9mico+2026-2027%2C+y+lo+har%C3%A1+con+una+agenda+cargada+ https:\/\/esi.uclm.es\/index.php\/2026\/07\/27\/inicio-del-curso-2026-2027\/', 'popupwindow', 'scrollbars=yes,width=800,height=400');\">\n\t\t\t\t\t<span class=\"mkd-social-network-icon social_twitter\"><\/span>\n\t\t\t<\/a>\n<\/li><li class=\"mkd-facebook-share\">\n\t<a class=\"mkd-share-link\" href=\"#\" onclick=\"window.open('https:\/\/www.facebook.com\/sharer.php?u=https%3A%2F%2Fesi.uclm.es%2Findex.php%2F2026%2F07%2F27%2Finicio-del-curso-2026-2027%2F', 'sharer', 'toolbar=0,status=0,width=620,height=280');\">\n\t\t\t\t\t<span class=\"mkd-social-network-icon social_facebook\"><\/span>\n\t\t\t<\/a>\n<\/li>\t\t\t<\/ul>\n\t\t<\/div>\n\t<\/div>\n<\/div><div class=\"mkd-post-info-comments-holder\"><a class=\"mkd-post-info-comments\" href=\"https:\/\/esi.uclm.es\/index.php\/2026\/07\/27\/inicio-del-curso-2026-2027\/#respond\" target=\"_self\">0 Comments<\/a><\/div>\t\t\t<\/div>\n            <div class=\"mkd-pt-info-section-background\"><\/div>\n\t\t<\/div>\n\t<\/div><div class=\"mkd-pt-six-item mkd-post-item\">\n            <div class=\"mkd-pt-six-image-holder\">\n            <div class=\"mkd-post-info-category\"><a href=\"https:\/\/esi.uclm.es\/index.php\/category\/portada\/\" rel=\"category tag\">Portada<\/a><\/div>            <a itemprop=\"url\" class=\"mkd-pt-six-slide-link mkd-image-link\" href=\"https:\/\/esi.uclm.es\/index.php\/2026\/07\/27\/publicados-los-horarios-del-curso-2026-2027\/\" target=\"_self\">\n                <img loading=\"lazy\" decoding=\"async\" src=\"https:\/\/esi.uclm.es\/assets\/uploads\/2023\/07\/horarios2324_web-478x300.webp\" alt=\"reloj y adorno azul\" width=\"478\" height=\"300\" \/>\t\t\t\t            <\/a>\n        <\/div>\n        <div class=\"mkd-pt-six-content-holder\">\n        <div class=\"mkd-pt-six-title-holder\">\n            <h4 class=\"mkd-pt-six-title\">\n                <a itemprop=\"url\" class=\"mkd-pt-link\" href=\"https:\/\/esi.uclm.es\/index.php\/2026\/07\/27\/publicados-los-horarios-del-curso-2026-2027\/\" target=\"_self\">Publicados los horarios del cu...<\/a>\n            <\/h4>\n        <\/div>\n\t\t<div itemprop=\"dateCreated\" class=\"mkd-post-info-date entry-date updated\">\n\t\t\t<a itemprop=\"url\" href=\"https:\/\/esi.uclm.es\/index.php\/2026\/07\/\">\n\t\t27 de julio de 2026\t\t\t<\/a>\n\t\t<meta itemprop=\"interactionCount\" content=\"UserComments: 0\"\/>\n<\/div>                    <div class=\"mkd-pt-one-excerpt\">\n                <p class=\"mkd-post-excerpt\">\nYa est\u00e1n disponibles los horarios del Grado en Ingenier\u00eda Inform\u00e1tica para el curso 2026\/2027.\n\n\n\nLos horarios<\/p>            <\/div>\n            <\/div>\n\t\t\t<div class=\"mkd-pt-info-section clearfix\">\n\t\t\t<div>\n\t\t\t\t<div class =\"mkd-blog-share\">\n\t<div class=\"mkd-social-share-holder mkd-dropdown\">\n\t\t<a href=\"javascript:void(0)\" target=\"_self\" class=\"mkd-social-share-dropdown-opener\">\n\t\t\t<span class=\"mkd-social-share-title\">Share<\/span>\n\t\t<\/a>\n\t\t<div class=\"mkd-social-share-dropdown\">\n\t\t\t<ul>\n\t\t\t\t<li class=\"mkd-linkedin-share\">\n\t<a class=\"mkd-share-link\" href=\"#\" onclick=\"popUp=window.open('http:\/\/linkedin.com\/shareArticle?mini=true&amp;url=https%3A%2F%2Fesi.uclm.es%2Findex.php%2F2026%2F07%2F27%2Fpublicados-los-horarios-del-curso-2026-2027%2F&amp;title=Publicados+los+horarios+del+curso+2026%2F2027', 'popupwindow', 'scrollbars=yes,width=800,height=400');popUp.focus();return false;\">\n\t\t\t\t\t<span class=\"mkd-social-network-icon social_linkedin\"><\/span>\n\t\t\t<\/a>\n<\/li><li class=\"mkd-twitter-share\">\n\t<a class=\"mkd-share-link\" href=\"#\" onclick=\"window.open('https:\/\/twitter.com\/intent\/tweet?text=Ya+est%C3%A1n+disponibles+los+horarios+del+Grado+en+Ingenier%C3%ADa+Inform%C3%A1tica+para+el+curso+2026%2F2027.+Los+horarios+pueden+ https:\/\/esi.uclm.es\/index.php\/2026\/07\/27\/publicados-los-horarios-del-curso-2026-2027\/', 'popupwindow', 'scrollbars=yes,width=800,height=400');\">\n\t\t\t\t\t<span class=\"mkd-social-network-icon social_twitter\"><\/span>\n\t\t\t<\/a>\n<\/li><li class=\"mkd-facebook-share\">\n\t<a class=\"mkd-share-link\" href=\"#\" onclick=\"window.open('https:\/\/www.facebook.com\/sharer.php?u=https%3A%2F%2Fesi.uclm.es%2Findex.php%2F2026%2F07%2F27%2Fpublicados-los-horarios-del-curso-2026-2027%2F', 'sharer', 'toolbar=0,status=0,width=620,height=280');\">\n\t\t\t\t\t<span class=\"mkd-social-network-icon social_facebook\"><\/span>\n\t\t\t<\/a>\n<\/li>\t\t\t<\/ul>\n\t\t<\/div>\n\t<\/div>\n<\/div><div class=\"mkd-post-info-comments-holder\"><a class=\"mkd-post-info-comments\" href=\"https:\/\/esi.uclm.es\/index.php\/2026\/07\/27\/publicados-los-horarios-del-curso-2026-2027\/#respond\" target=\"_self\">0 Comments<\/a><\/div>\t\t\t<\/div>\n            <div class=\"mkd-pt-info-section-background\"><\/div>\n\t\t<\/div>\n\t<\/div><\/div><\/div><\/div><\/div><\/div><\/div><div class=\"wpb_column vc_column_container vc_col-sm-8 vc_col-lg-3 vc_col-md-8\"><div class=\"vc_column-inner\"><div class=\"wpb_wrapper\"><div class=\"vc_empty_space\"   style=\"height: 40px\"><span class=\"vc_empty_space_inner\"><\/span><\/div>\n\t<div class=\"wpb_widgetised_column wpb_content_element\" >\n\t\t<div class=\"wpb_wrapper\">\n\t\t\t\n\t\t\t<div class=\"widget mkd-widget-sticky-sidebar\"><\/div><div class=\"widget widget_mkd_instagram_widget\"><\/div>\n\t\t<\/div>\n\t<\/div>\n<\/div><\/div><\/div><\/div><\/div><\/div>\n","protected":false},"excerpt":{"rendered":"Ya est\u00e1n disponibles los horarios del Grado en Ingenier\u00eda Inform\u00e1tica para el curso 2026\/2027. Los horarios pueden consultarse de forma interactiva en la p\u00e1gina de consulta de horarios, donde es posible filtrar por grupo, aula o profesor y alternar entre los dos cuatrimestres. Para localizar [...]","protected":false},"author":1,"featured_media":0,"parent":0,"menu_order":0,"comment_status":"closed","ping_status":"closed","template":"full-width.php","meta":{"footnotes":""},"class_list":["post-2121","page","type-page","status-publish","hentry"],"yoast_head":"<!-- This site is optimized with the Yoast SEO plugin v28.4 - https:\/\/yoast.com\/product\/yoast-seo-wordpress\/ -->\n<title>Slider Block - Escuela Superior de Inform\u00e1tica de UCLM<\/title>\n<meta name=\"robots\" content=\"index, follow, max-snippet:-1, max-image-preview:large, max-video-preview:-1\" \/>\n<link rel=\"canonical\" href=\"https:\/\/esi.uclm.es\/index.php\/slider-block-example\/\" \/>\n<meta property=\"og:locale\" content=\"es_ES\" \/>\n<meta property=\"og:type\" content=\"article\" \/>\n<meta property=\"og:title\" content=\"Slider Block - Escuela Superior de Inform\u00e1tica de UCLM\" \/>\n<meta property=\"og:url\" content=\"https:\/\/esi.uclm.es\/index.php\/slider-block-example\/\" \/>\n<meta property=\"og:site_name\" content=\"Escuela Superior de Inform\u00e1tica de UCLM\" \/>\n<meta property=\"article:publisher\" content=\"https:\/\/www.facebook.com\/Escuela-Superior-de-Informtica-543261809027158\" \/>\n<meta name=\"twitter:card\" content=\"summary_large_image\" \/>\n<meta name=\"twitter:site\" content=\"@esiuclm\" \/>\n<meta name=\"twitter:label1\" content=\"Tiempo de lectura\" \/>\n\t<meta name=\"twitter:data1\" content=\"1 minuto\" \/>\n<script type=\"application\/ld+json\" class=\"yoast-schema-graph\">{\"@context\":\"https:\\\/\\\/schema.org\",\"@graph\":[{\"@type\":\"WebPage\",\"@id\":\"https:\\\/\\\/esi.uclm.es\\\/index.php\\\/slider-block-example\\\/\",\"url\":\"https:\\\/\\\/esi.uclm.es\\\/index.php\\\/slider-block-example\\\/\",\"name\":\"Slider Block - Escuela Superior de Inform\u00e1tica de UCLM\",\"isPartOf\":{\"@id\":\"https:\\\/\\\/esi.uclm.es\\\/#website\"},\"datePublished\":\"2016-03-08T09:10:56+00:00\",\"breadcrumb\":{\"@id\":\"https:\\\/\\\/esi.uclm.es\\\/index.php\\\/slider-block-example\\\/#breadcrumb\"},\"inLanguage\":\"es\",\"potentialAction\":[{\"@type\":\"ReadAction\",\"target\":[\"https:\\\/\\\/esi.uclm.es\\\/index.php\\\/slider-block-example\\\/\"]}]},{\"@type\":\"BreadcrumbList\",\"@id\":\"https:\\\/\\\/esi.uclm.es\\\/index.php\\\/slider-block-example\\\/#breadcrumb\",\"itemListElement\":[{\"@type\":\"ListItem\",\"position\":1,\"name\":\"Portada\",\"item\":\"https:\\\/\\\/esi.uclm.es\\\/\"},{\"@type\":\"ListItem\",\"position\":2,\"name\":\"Slider Block\"}]},{\"@type\":\"WebSite\",\"@id\":\"https:\\\/\\\/esi.uclm.es\\\/#website\",\"url\":\"https:\\\/\\\/esi.uclm.es\\\/\",\"name\":\"Escuela Superior de Inform\u00e1tica de UCLM en Ciudad Real, Castilla-La Mancha\",\"description\":\"La Escuela Superior de Inform\u00e1tica de Ciudad Real (Castilla-La Mancha), Universidad de Castilla-La Mancha es un centro universitario que imparte el ciclo completo de Ingenier\u00eda en Inform\u00e1tica: grado, m\u00e1ster y doctorado.\",\"publisher\":{\"@id\":\"https:\\\/\\\/esi.uclm.es\\\/#organization\"},\"potentialAction\":[{\"@type\":\"SearchAction\",\"target\":{\"@type\":\"EntryPoint\",\"urlTemplate\":\"https:\\\/\\\/esi.uclm.es\\\/?s={search_term_string}\"},\"query-input\":{\"@type\":\"PropertyValueSpecification\",\"valueRequired\":true,\"valueName\":\"search_term_string\"}}],\"inLanguage\":\"es\"},{\"@type\":\"Organization\",\"@id\":\"https:\\\/\\\/esi.uclm.es\\\/#organization\",\"name\":\"Escuela Superior de Inform\u00e1tica de UCLM\",\"url\":\"https:\\\/\\\/esi.uclm.es\\\/\",\"logo\":{\"@type\":\"ImageObject\",\"inLanguage\":\"es\",\"@id\":\"https:\\\/\\\/esi.uclm.es\\\/#\\\/schema\\\/logo\\\/image\\\/\",\"url\":\"https:\\\/\\\/esi.uclm.es\\\/assets\\\/uploads\\\/2022\\\/03\\\/LogoESI_cabecera-1.png\",\"contentUrl\":\"https:\\\/\\\/esi.uclm.es\\\/assets\\\/uploads\\\/2022\\\/03\\\/LogoESI_cabecera-1.png\",\"width\":460,\"height\":184,\"caption\":\"Escuela Superior de Inform\u00e1tica de UCLM\"},\"image\":{\"@id\":\"https:\\\/\\\/esi.uclm.es\\\/#\\\/schema\\\/logo\\\/image\\\/\"},\"sameAs\":[\"https:\\\/\\\/www.facebook.com\\\/Escuela-Superior-de-Informtica-543261809027158\",\"https:\\\/\\\/x.com\\\/esiuclm\",\"https:\\\/\\\/www.instagram.com\\\/esiuclm\\\/\",\"https:\\\/\\\/www.youtube.com\\\/user\\\/esiuclm\",\"https:\\\/\\\/www.twitch.tv\\\/esiuclm\",\"https:\\\/\\\/www.linkedin.com\\\/company\\\/12656631\\\/admin\\\/\"]}]}<\/script>\n<!-- \/ Yoast SEO plugin. -->","yoast_head_json":{"title":"Slider Block - Escuela Superior de Inform\u00e1tica de UCLM","robots":{"index":"index","follow":"follow","max-snippet":"max-snippet:-1","max-image-preview":"max-image-preview:large","max-video-preview":"max-video-preview:-1"},"canonical":"https:\/\/esi.uclm.es\/index.php\/slider-block-example\/","og_locale":"es_ES","og_type":"article","og_title":"Slider Block - Escuela Superior de Inform\u00e1tica de UCLM","og_url":"https:\/\/esi.uclm.es\/index.php\/slider-block-example\/","og_site_name":"Escuela Superior de Inform\u00e1tica de UCLM","article_publisher":"https:\/\/www.facebook.com\/Escuela-Superior-de-Informtica-543261809027158","twitter_card":"summary_large_image","twitter_site":"@esiuclm","twitter_misc":{"Tiempo de lectura":"1 minuto"},"schema":{"@context":"https:\/\/schema.org","@graph":[{"@type":"WebPage","@id":"https:\/\/esi.uclm.es\/index.php\/slider-block-example\/","url":"https:\/\/esi.uclm.es\/index.php\/slider-block-example\/","name":"Slider Block - Escuela Superior de Inform\u00e1tica de UCLM","isPartOf":{"@id":"https:\/\/esi.uclm.es\/#website"},"datePublished":"2016-03-08T09:10:56+00:00","breadcrumb":{"@id":"https:\/\/esi.uclm.es\/index.php\/slider-block-example\/#breadcrumb"},"inLanguage":"es","potentialAction":[{"@type":"ReadAction","target":["https:\/\/esi.uclm.es\/index.php\/slider-block-example\/"]}]},{"@type":"BreadcrumbList","@id":"https:\/\/esi.uclm.es\/index.php\/slider-block-example\/#breadcrumb","itemListElement":[{"@type":"ListItem","position":1,"name":"Portada","item":"https:\/\/esi.uclm.es\/"},{"@type":"ListItem","position":2,"name":"Slider Block"}]},{"@type":"WebSite","@id":"https:\/\/esi.uclm.es\/#website","url":"https:\/\/esi.uclm.es\/","name":"Escuela Superior de Inform\u00e1tica de UCLM en Ciudad Real, Castilla-La Mancha","description":"La Escuela Superior de Inform\u00e1tica de Ciudad Real (Castilla-La Mancha), Universidad de Castilla-La Mancha es un centro universitario que imparte el ciclo completo de Ingenier\u00eda en Inform\u00e1tica: grado, m\u00e1ster y doctorado.","publisher":{"@id":"https:\/\/esi.uclm.es\/#organization"},"potentialAction":[{"@type":"SearchAction","target":{"@type":"EntryPoint","urlTemplate":"https:\/\/esi.uclm.es\/?s={search_term_string}"},"query-input":{"@type":"PropertyValueSpecification","valueRequired":true,"valueName":"search_term_string"}}],"inLanguage":"es"},{"@type":"Organization","@id":"https:\/\/esi.uclm.es\/#organization","name":"Escuela Superior de Inform\u00e1tica de UCLM","url":"https:\/\/esi.uclm.es\/","logo":{"@type":"ImageObject","inLanguage":"es","@id":"https:\/\/esi.uclm.es\/#\/schema\/logo\/image\/","url":"https:\/\/esi.uclm.es\/assets\/uploads\/2022\/03\/LogoESI_cabecera-1.png","contentUrl":"https:\/\/esi.uclm.es\/assets\/uploads\/2022\/03\/LogoESI_cabecera-1.png","width":460,"height":184,"caption":"Escuela Superior de Inform\u00e1tica de UCLM"},"image":{"@id":"https:\/\/esi.uclm.es\/#\/schema\/logo\/image\/"},"sameAs":["https:\/\/www.facebook.com\/Escuela-Superior-de-Informtica-543261809027158","https:\/\/x.com\/esiuclm","https:\/\/www.instagram.com\/esiuclm\/","https:\/\/www.youtube.com\/user\/esiuclm","https:\/\/www.twitch.tv\/esiuclm","https:\/\/www.linkedin.com\/company\/12656631\/admin\/"]}]}},"_links":{"self":[{"href":"https:\/\/esi.uclm.es\/index.php\/wp-json\/wp\/v2\/pages\/2121","targetHints":{"allow":["GET"]}}],"collection":[{"href":"https:\/\/esi.uclm.es\/index.php\/wp-json\/wp\/v2\/pages"}],"about":[{"href":"https:\/\/esi.uclm.es\/index.php\/wp-json\/wp\/v2\/types\/page"}],"author":[{"embeddable":true,"href":"https:\/\/esi.uclm.es\/index.php\/wp-json\/wp\/v2\/users\/1"}],"replies":[{"embeddable":true,"href":"https:\/\/esi.uclm.es\/index.php\/wp-json\/wp\/v2\/comments?post=2121"}],"version-history":[{"count":0,"href":"https:\/\/esi.uclm.es\/index.php\/wp-json\/wp\/v2\/pages\/2121\/revisions"}],"wp:attachment":[{"href":"https:\/\/esi.uclm.es\/index.php\/wp-json\/wp\/v2\/media?parent=2121"}],"curies":[{"name":"wp","href":"https:\/\/api.w.org\/{rel}","templated":true}]}}