{"id":18463,"date":"2024-04-29T08:20:58","date_gmt":"2024-04-29T08:20:58","guid":{"rendered":"https:\/\/esi.uclm.es\/?page_id=18463"},"modified":"2025-03-18T11:51:04","modified_gmt":"2025-03-18T11:51:04","slug":"propuestas-de-tfgs","status":"publish","type":"page","link":"https:\/\/esi.uclm.es\/index.php\/grado-en-ingenieria-informatica\/trabajos-fin-de-grado\/propuestas-de-tfgs\/","title":{"rendered":"Propuestas de TFGs"},"content":{"rendered":"\n<figure class=\"wp-block-image size-large\"><img loading=\"lazy\" decoding=\"async\" width=\"1024\" height=\"256\" src=\"https:\/\/esi.uclm.es\/assets\/uploads\/2022\/05\/proyectos-1024x256.jpeg\" alt=\"Estudiantes debatiendo ideas\" class=\"wp-image-10516\" srcset=\"https:\/\/esi.uclm.es\/assets\/uploads\/2022\/05\/proyectos-1024x256.jpeg 1024w, https:\/\/esi.uclm.es\/assets\/uploads\/2022\/05\/proyectos-300x75.jpeg 300w, https:\/\/esi.uclm.es\/assets\/uploads\/2022\/05\/proyectos-768x192.jpeg 768w, https:\/\/esi.uclm.es\/assets\/uploads\/2022\/05\/proyectos-600x150.jpeg 600w, https:\/\/esi.uclm.es\/assets\/uploads\/2022\/05\/proyectos.jpeg 1199w\" sizes=\"auto, (max-width: 1024px) 100vw, 1024px\" \/><\/figure>\n\n\n\n<h3 class=\"wp-block-heading\" id=\"primer-curso\">Propuestas de TFGs<\/h3>\n\n\n\n<hr class=\"wp-block-separator has-text-color has-vivid-cyan-blue-color has-alpha-channel-opacity has-vivid-cyan-blue-background-color has-background\"\/>\n\n\n\n<figure class=\"wp-block-table\"><table><thead><tr><th>T\u00edtulo<\/th><td><strong>Intensificaci\u00f3n<\/strong><\/td><td><strong>Tutores<\/strong><\/td><\/tr><\/thead><tbody><tr><td>AVT-SC: An\u00e1lisis y visualizaci\u00f3n de telemetr\u00eda en un simulador de conducci\u00f3n<\/td><td>Computaci\u00f3n<\/td><td>Luis Jim\u00e9nez Linares<\/td><\/tr><tr><td>Dise\u00f1o de una extensi\u00f3n de la ISA b\u00e1sica del procesador RISC-V<\/td><td>Ingenier\u00eda de Computadores<\/td><td>Fernando Rinc\u00f3n<br>M\u00aa Soledad Escolar<\/td><\/tr><tr><td>Protocolo de sincronizaci\u00f3n de dispositivos IoT basado en TDMA<\/td><td>Ingenier\u00eda de Computadores<\/td><td>Fernando Rinc\u00f3n<br>M\u00aa Soledad Escolar<\/td><\/tr><tr><td>Optimizaci\u00f3n de un sistema de posicionamiento indoor basado en Bluetooth Low Energy<\/td><td>Ingenier\u00eda de Computadores<\/td><td>Fernando Rinc\u00f3n<br>M\u00aa Soledad Escolar<\/td><\/tr><tr><td>An\u00e1lisis de materiales mediante im\u00e1genes hiperespectrales<\/td><td>Ingenier\u00eda de Computadores<\/td><td>Juli\u00e1n Caba Jim\u00e9nez<\/td><\/tr><tr><td>Soporte a la inferencia local mediante cat\u00e1logos de modelos de inteligencia artificial en el Edge<\/td><td>Ingenier\u00eda de Computadores<\/td><td>Jes\u00fas Barba Romero<\/td><\/tr><tr><td>Simulador de entornos IoT<\/td><td>Ingenier\u00eda de Computadores<\/td><td>Jos\u00e9 Antonio de la Torre de las Heras<\/td><\/tr><tr><td>Identificaci\u00f3n y seguimiento de grandes ungulados mediante imagen mixta RGB+t\u00e9rmica capturada por drones<\/td><td>Ingenier\u00eda de Computadores<\/td><td>Jes\u00fas Barba Romero<br>Juli\u00e1n Caba Jim\u00e9nez<\/td><\/tr><tr><td>Sistema de monitorizaci\u00f3n de gallinas en aviario mediante an\u00e1lisis inteligente de imagen<\/td><td>Ingenier\u00eda de Computadores<\/td><td>Jes\u00fas Barba Romero<\/td><\/tr><tr><td>Desarrollo de un software de adquisici\u00f3n de imagen hiperespectral en sistemas GNU\/Linux<\/td><td>Ingenier\u00eda de Computadores<\/td><td>Jes\u00fas Barba Romero<\/td><\/tr><tr><td>Aceleraci\u00f3n de procesamiento de im\u00e1genes hiperespectrales en aplicaciones de observaci\u00f3n terrestre<\/td><td>Ingenier\u00eda de Computadores<\/td><td>Jes\u00fas Barba Romero<br>Juli\u00e1n Caba Jim\u00e9nez<\/td><\/tr><tr><td>TAICareApp: Herramienta multiplataforma integral para la creaci\u00f3n y configuraci\u00f3n de entornos conectados, y visualizaci\u00f3n de informaci\u00f3n, basada en actividades de la vida diaria<\/td><td>Tecnolog\u00edas de la Informaci\u00f3n<\/td><td>Jes\u00fas Fontecha Diezma<\/td><\/tr><tr><td>sSITHMonitor: Aplicaci\u00f3n multiplataforma para la configuraci\u00f3n y monitorizaci\u00f3n de datos de la marcha humana a partir del uso de plantillas sensorizadas<\/td><td>Tecnolog\u00edas de la Informaci\u00f3n<\/td><td>Jes\u00fas Fontecha Diezma<\/td><\/tr><tr><td>Identificaci\u00f3n y selecci\u00f3n de vulnerabilidades de ciberseguridad<\/td><td>Ingenier\u00eda del Software<\/td><td>Eduardo Fern\u00e1ndez-Medina Pat\u00f3n<\/td><\/tr><tr><td>Machine Learning sobre datasets de seguridad<\/td><td>Ingenier\u00eda del Software<\/td><td>Eduardo Fern\u00e1ndez-Medina Pat\u00f3n<\/td><\/tr><tr><td>Ciberseguridad en entornos personales y dom\u00e9sticos<\/td><td>Ingenier\u00eda del Software<\/td><td>Eduardo Fern\u00e1ndez-Medina Pat\u00f3n<\/td><\/tr><tr><td>Desarrollo y evaluaci\u00f3n de un protocolo de comunicaci\u00f3n eficiente basado en LoRaWAN para escenarios de agricultura inteligente<\/td><td>Ingenier\u00eda de Computadores<\/td><td>Mar\u00eda Soledad Escolar<\/td><\/tr><tr><td>Sistema de monitorizaci\u00f3n de aforo y ocupaci\u00f3n de espacios basado en sensores de bajo coste para la optimizaci\u00f3n de planes de desinfecci\u00f3n y limpieza<\/td><td>Computaci\u00f3n<\/td><td>Jes\u00fas Fontecha Diezma<\/td><\/tr><tr><td>Conectando Prolog con Wordnet<\/td><td>Computaci\u00f3n<\/td><td>Pascual Juli\u00e1n Iranzo <\/td><\/tr><tr><td>Sistema de visualizaci\u00f3n de programas concurrentes basado en realidad mixta<\/td><td>Computaci\u00f3n<\/td><td>David Vallejo Fern\u00e1ndez<\/td><\/tr><tr><td>Sistema inteligente para la gesti\u00f3n din\u00e1mica de prestaci\u00f3n de servicios<\/td><td>Computaci\u00f3n<\/td><td>David Vallejo Fern\u00e1ndez<\/td><\/tr><tr><td>Edge Computing y microscop\u00eda 3D: aplicaciones en la caracterizaci\u00f3n del fitoplancton<\/td><td>Computaci\u00f3n<\/td><td>Jes\u00fas Salido Tercero<\/td><\/tr><tr><td>Sistema para el an\u00e1lisis de tiempos de juego en campos de golf<\/td><td>Computaci\u00f3n<\/td><td>David Vallejo Fern\u00e1ndez<\/td><\/tr><tr><td>Desarrollo de una Aplicaci\u00f3n de Realidad Virtual para la Movilidad y Bienestar de Pacientes de Hemodi\u00e1lisis<\/td><td>Tecnolog\u00edas de la Informaci\u00f3n<\/td><td>Javier Alonso Albusac<\/td><\/tr><tr><td>An\u00e1lisis y evaluaci\u00f3n de tecnolog\u00edas basadas en bluetooth para la localizaci\u00f3n de personas en interiores<\/td><td>Ingenier\u00eda de Computadores<\/td><td>David Villa Alises<\/td><\/tr><tr><td>Gemelo digital de la red IoT de la Escuela Superior de Inform\u00e1tica<\/td><td>Ingenier\u00eda de Computadores<\/td><td>Mar\u00eda Soledad Escolar<\/td><\/tr><\/tbody><\/table><\/figure>\n\n\n<div class=\"vc_row wpb_row vc_row-fluid mkd-section mkd-content-aligment-left\" style=\"\"><div class=\"clearfix mkd-full-section-inner\"><div class=\"wpb_column vc_column_container vc_col-sm-12\"><div class=\"vc_column-inner\"><div class=\"wpb_wrapper\"><div class=\"mkd-bnl-holder mkd-pl-seven-holder  mkd-post-columns-2\"  data-base=\"mkd_post_layout_seven\"  data-number_of_posts=\"6\" data-column_number=\"2\"       data-sort=\"latest\"            data-display_pagination=\"no\"     data-paged=\"1\" data-max_pages=\"204\"><div class=\"mkd-bnl-outer\"><div class=\"mkd-bnl-inner\"><div class=\"mkd-pt-seven-item mkd-post-item\">\n\t<div class=\"mkd-pt-seven-item-inner clearfix\">\n\t\t\t\t\t<div class=\"mkd-pt-seven-image-holder\" style=\"width: 123px\">\n\t\t\t\t<a itemprop=\"url\" class=\"mkd-pt-seven-link mkd-image-link\" href=\"https:\/\/esi.uclm.es\/index.php\/2026\/04\/26\/abierta-la-preinscripcion-para-los-masteres-oficiales-de-la-esi-curso-2026-2027\/\" target=\"_self\">\n\t\t\t\t\t<img loading=\"lazy\" decoding=\"async\" src=\"https:\/\/esi.uclm.es\/assets\/uploads\/2026\/04\/render_titulos_personas-123x105.webp\" alt=\"T\u00edtulos esi 2025-2026\" width=\"123\" height=\"105\" \/>\t\t\t\t<\/a>\n\t\t\t<\/div>\n\t\t\t\t<div class=\"mkd-pt-seven-content-holder\">\n\t\t\t<div class=\"mkd-pt-seven-title-holder\">\n\t\t\t\t<h5 class=\"mkd-pt-seven-title\">\n\t\t\t\t\t<a itemprop=\"url\" class=\"mkd-pt-link\" href=\"https:\/\/esi.uclm.es\/index.php\/2026\/04\/26\/abierta-la-preinscripcion-para-los-masteres-oficiales-de-la-esi-curso-2026-2027\/\" target=\"_self\">Abierta la preinscripci\u00f3n para los M\u00e1steres oficiales de la ESI | Curso 2026-2027<\/a>\n\t\t\t\t<\/h5>\n\t\t\t<\/div>\n\t\t\t<div itemprop=\"dateCreated\" class=\"mkd-post-info-date entry-date updated\">\n\t\t\t<a itemprop=\"url\" href=\"https:\/\/esi.uclm.es\/index.php\/2026\/04\/\">\n\t\t26 de abril de 2026\t\t\t<\/a>\n\t\t<meta itemprop=\"interactionCount\" content=\"UserComments: 0\"\/>\n<\/div>\t\t\t\t\t<\/div>\n\t<\/div>\n<\/div><div class=\"mkd-pt-seven-item mkd-post-item\">\n\t<div class=\"mkd-pt-seven-item-inner clearfix\">\n\t\t\t\t\t<div class=\"mkd-pt-seven-image-holder\" style=\"width: 123px\">\n\t\t\t\t<a itemprop=\"url\" class=\"mkd-pt-seven-link mkd-image-link\" href=\"https:\/\/esi.uclm.es\/index.php\/2026\/04\/24\/en-video-la-empresa-del-futuro-en-la-era-de-la-ia\/\" target=\"_self\">\n\t\t\t\t\t<img loading=\"lazy\" decoding=\"async\" src=\"https:\/\/esi.uclm.es\/assets\/uploads\/2026\/04\/Dori_conferencia_web2-123x105.webp\" alt=\"Dori L\u00f3pez durante la conferencia en la esi\" width=\"123\" height=\"105\" \/>\t\t\t\t<\/a>\n\t\t\t<\/div>\n\t\t\t\t<div class=\"mkd-pt-seven-content-holder\">\n\t\t\t<div class=\"mkd-pt-seven-title-holder\">\n\t\t\t\t<h5 class=\"mkd-pt-seven-title\">\n\t\t\t\t\t<a itemprop=\"url\" class=\"mkd-pt-link\" href=\"https:\/\/esi.uclm.es\/index.php\/2026\/04\/24\/en-video-la-empresa-del-futuro-en-la-era-de-la-ia\/\" target=\"_self\">En v\u00eddeo | La empresa del futuro en la era de la IA<\/a>\n\t\t\t\t<\/h5>\n\t\t\t<\/div>\n\t\t\t<div itemprop=\"dateCreated\" class=\"mkd-post-info-date entry-date updated\">\n\t\t\t<a itemprop=\"url\" href=\"https:\/\/esi.uclm.es\/index.php\/2026\/04\/\">\n\t\t24 de abril de 2026\t\t\t<\/a>\n\t\t<meta itemprop=\"interactionCount\" content=\"UserComments: 0\"\/>\n<\/div>\t\t\t\t\t<\/div>\n\t<\/div>\n<\/div><div class=\"mkd-pt-seven-item mkd-post-item\">\n\t<div class=\"mkd-pt-seven-item-inner clearfix\">\n\t\t\t\t\t<div class=\"mkd-pt-seven-image-holder\" style=\"width: 123px\">\n\t\t\t\t<a itemprop=\"url\" class=\"mkd-pt-seven-link mkd-image-link\" href=\"https:\/\/esi.uclm.es\/index.php\/2026\/04\/23\/mejores-momentos-de-la-final-intercampus-de-e-sports\/\" target=\"_self\">\n\t\t\t\t\t<img loading=\"lazy\" decoding=\"async\" src=\"https:\/\/esi.uclm.es\/assets\/uploads\/2026\/04\/esports_intercampus-123x105.webp\" alt=\"Celebraci\u00f3n final intercampus\" width=\"123\" height=\"105\" \/>\t\t\t\t<\/a>\n\t\t\t<\/div>\n\t\t\t\t<div class=\"mkd-pt-seven-content-holder\">\n\t\t\t<div class=\"mkd-pt-seven-title-holder\">\n\t\t\t\t<h5 class=\"mkd-pt-seven-title\">\n\t\t\t\t\t<a itemprop=\"url\" class=\"mkd-pt-link\" href=\"https:\/\/esi.uclm.es\/index.php\/2026\/04\/23\/mejores-momentos-de-la-final-intercampus-de-e-sports\/\" target=\"_self\">Mejores momentos de la final intercampus de e-sports<\/a>\n\t\t\t\t<\/h5>\n\t\t\t<\/div>\n\t\t\t<div itemprop=\"dateCreated\" class=\"mkd-post-info-date entry-date updated\">\n\t\t\t<a itemprop=\"url\" href=\"https:\/\/esi.uclm.es\/index.php\/2026\/04\/\">\n\t\t23 de abril de 2026\t\t\t<\/a>\n\t\t<meta itemprop=\"interactionCount\" content=\"UserComments: 0\"\/>\n<\/div>\t\t\t\t\t<\/div>\n\t<\/div>\n<\/div><div class=\"mkd-pt-seven-item mkd-post-item\">\n\t<div class=\"mkd-pt-seven-item-inner clearfix\">\n\t\t\t\t\t<div class=\"mkd-pt-seven-image-holder\" style=\"width: 123px\">\n\t\t\t\t<a itemprop=\"url\" class=\"mkd-pt-seven-link mkd-image-link\" href=\"https:\/\/esi.uclm.es\/index.php\/2026\/04\/22\/estudiantes-de-la-esi-ganadores-del-i-dedalus-datathon-castilla-la-mancha\/\" target=\"_self\">\n\t\t\t\t\t<img loading=\"lazy\" decoding=\"async\" src=\"https:\/\/esi.uclm.es\/assets\/uploads\/2026\/04\/GanadoreS_Datathon-123x105.jpeg\" alt=\"Ganadores del Datathon\" width=\"123\" height=\"105\" \/>\t\t\t\t<\/a>\n\t\t\t<\/div>\n\t\t\t\t<div class=\"mkd-pt-seven-content-holder\">\n\t\t\t<div class=\"mkd-pt-seven-title-holder\">\n\t\t\t\t<h5 class=\"mkd-pt-seven-title\">\n\t\t\t\t\t<a itemprop=\"url\" class=\"mkd-pt-link\" href=\"https:\/\/esi.uclm.es\/index.php\/2026\/04\/22\/estudiantes-de-la-esi-ganadores-del-i-dedalus-datathon-castilla-la-mancha\/\" target=\"_self\">Estudiantes de la ESI Ganadores del I Dedalus Datathon Castilla-La Mancha<\/a>\n\t\t\t\t<\/h5>\n\t\t\t<\/div>\n\t\t\t<div itemprop=\"dateCreated\" class=\"mkd-post-info-date entry-date updated\">\n\t\t\t<a itemprop=\"url\" href=\"https:\/\/esi.uclm.es\/index.php\/2026\/04\/\">\n\t\t22 de abril de 2026\t\t\t<\/a>\n\t\t<meta itemprop=\"interactionCount\" content=\"UserComments: 0\"\/>\n<\/div>\t\t\t\t\t<\/div>\n\t<\/div>\n<\/div><div class=\"mkd-pt-seven-item mkd-post-item\">\n\t<div class=\"mkd-pt-seven-item-inner clearfix\">\n\t\t\t\t\t<div class=\"mkd-pt-seven-image-holder\" style=\"width: 123px\">\n\t\t\t\t<a itemprop=\"url\" class=\"mkd-pt-seven-link mkd-image-link\" href=\"https:\/\/esi.uclm.es\/index.php\/2026\/04\/22\/highlights-y-final-de-futbol-sala-2026\/\" target=\"_self\">\n\t\t\t\t\t<img loading=\"lazy\" decoding=\"async\" src=\"https:\/\/esi.uclm.es\/assets\/uploads\/2026\/04\/futsalfinal-123x105.webp\" alt=\"Jugadores de la ESI disputando la final de f\u00fatbol Sala 2026\" width=\"123\" height=\"105\" \/>\t\t\t\t<\/a>\n\t\t\t<\/div>\n\t\t\t\t<div class=\"mkd-pt-seven-content-holder\">\n\t\t\t<div class=\"mkd-pt-seven-title-holder\">\n\t\t\t\t<h5 class=\"mkd-pt-seven-title\">\n\t\t\t\t\t<a itemprop=\"url\" class=\"mkd-pt-link\" href=\"https:\/\/esi.uclm.es\/index.php\/2026\/04\/22\/highlights-y-final-de-futbol-sala-2026\/\" target=\"_self\">Highlights y Final de F\u00fatbol Sala 2026<\/a>\n\t\t\t\t<\/h5>\n\t\t\t<\/div>\n\t\t\t<div itemprop=\"dateCreated\" class=\"mkd-post-info-date entry-date updated\">\n\t\t\t<a itemprop=\"url\" href=\"https:\/\/esi.uclm.es\/index.php\/2026\/04\/\">\n\t\t22 de abril de 2026\t\t\t<\/a>\n\t\t<meta itemprop=\"interactionCount\" content=\"UserComments: 0\"\/>\n<\/div>\t\t\t\t\t<\/div>\n\t<\/div>\n<\/div><div class=\"mkd-pt-seven-item mkd-post-item\">\n\t<div class=\"mkd-pt-seven-item-inner clearfix\">\n\t\t\t\t\t<div class=\"mkd-pt-seven-image-holder\" style=\"width: 123px\">\n\t\t\t\t<a itemprop=\"url\" class=\"mkd-pt-seven-link mkd-image-link\" href=\"https:\/\/esi.uclm.es\/index.php\/2026\/04\/21\/curso-y-competicion-de-minecraft-educativo-para-preuniversitarios-2026\/\" target=\"_self\">\n\t\t\t\t\t<img loading=\"lazy\" decoding=\"async\" src=\"https:\/\/esi.uclm.es\/assets\/uploads\/2026\/04\/curso_minecraft2026_web-1-123x105.webp\" alt=\"\" width=\"123\" height=\"105\" \/>\t\t\t\t<\/a>\n\t\t\t<\/div>\n\t\t\t\t<div class=\"mkd-pt-seven-content-holder\">\n\t\t\t<div class=\"mkd-pt-seven-title-holder\">\n\t\t\t\t<h5 class=\"mkd-pt-seven-title\">\n\t\t\t\t\t<a itemprop=\"url\" class=\"mkd-pt-link\" href=\"https:\/\/esi.uclm.es\/index.php\/2026\/04\/21\/curso-y-competicion-de-minecraft-educativo-para-preuniversitarios-2026\/\" target=\"_self\">Curso y Competici\u00f3n de Minecraft Educativo para estudiantes de IES<\/a>\n\t\t\t\t<\/h5>\n\t\t\t<\/div>\n\t\t\t<div itemprop=\"dateCreated\" class=\"mkd-post-info-date entry-date updated\">\n\t\t\t<a itemprop=\"url\" href=\"https:\/\/esi.uclm.es\/index.php\/2026\/04\/\">\n\t\t21 de abril de 2026\t\t\t<\/a>\n\t\t<meta itemprop=\"interactionCount\" content=\"UserComments: 0\"\/>\n<\/div>\t\t\t\t\t<\/div>\n\t<\/div>\n<\/div><\/div><\/div><\/div><\/div><\/div><\/div><\/div><\/div>\n","protected":false},"excerpt":{"rendered":"<p>Propuestas de TFGs T\u00edtulo Intensificaci\u00f3n Tutores AVT-SC: An\u00e1lisis y visualizaci\u00f3n de telemetr\u00eda en un simulador de conducci\u00f3n Computaci\u00f3n Luis Jim\u00e9nez Linares Dise\u00f1o de una extensi\u00f3n de la ISA b\u00e1sica del procesador RISC-V Ingenier\u00eda de Computadores Fernando Rinc\u00f3nM\u00aa Soledad Escolar Protocolo de sincronizaci\u00f3n de dispositivos IoT [&hellip;]<\/p>\n","protected":false},"author":4,"featured_media":0,"parent":4045,"menu_order":0,"comment_status":"closed","ping_status":"closed","template":"","meta":{"footnotes":""},"class_list":["post-18463","page","type-page","status-publish","hentry"],"yoast_head":"<!-- This site is optimized with the Yoast SEO plugin v27.5 - https:\/\/yoast.com\/product\/yoast-seo-wordpress\/ -->\n<title>Propuestas de TFGs - Escuela Superior de Inform\u00e1tica de UCLM<\/title>\n<meta name=\"robots\" content=\"index, follow, max-snippet:-1, max-image-preview:large, max-video-preview:-1\" \/>\n<link rel=\"canonical\" href=\"https:\/\/esi.uclm.es\/index.php\/grado-en-ingenieria-informatica\/trabajos-fin-de-grado\/propuestas-de-tfgs\/\" \/>\n<meta property=\"og:locale\" content=\"es_ES\" \/>\n<meta property=\"og:type\" content=\"article\" \/>\n<meta property=\"og:title\" content=\"Propuestas de TFGs - Escuela Superior de Inform\u00e1tica de UCLM\" \/>\n<meta property=\"og:description\" content=\"Propuestas de TFGs T\u00edtulo Intensificaci\u00f3n Tutores AVT-SC: An\u00e1lisis y visualizaci\u00f3n de telemetr\u00eda en un simulador de conducci\u00f3n Computaci\u00f3n Luis Jim\u00e9nez Linares Dise\u00f1o de una extensi\u00f3n de la ISA b\u00e1sica del procesador RISC-V Ingenier\u00eda de Computadores Fernando Rinc\u00f3nM\u00aa Soledad Escolar Protocolo de sincronizaci\u00f3n de dispositivos IoT [&hellip;]\" \/>\n<meta property=\"og:url\" content=\"https:\/\/esi.uclm.es\/index.php\/grado-en-ingenieria-informatica\/trabajos-fin-de-grado\/propuestas-de-tfgs\/\" \/>\n<meta property=\"og:site_name\" content=\"Escuela Superior de Inform\u00e1tica de UCLM\" \/>\n<meta property=\"article:publisher\" content=\"https:\/\/www.facebook.com\/Escuela-Superior-de-Informtica-543261809027158\" \/>\n<meta property=\"article:modified_time\" content=\"2025-03-18T11:51:04+00:00\" \/>\n<meta property=\"og:image\" content=\"https:\/\/esi.uclm.es\/assets\/uploads\/2022\/05\/proyectos.jpeg\" \/>\n\t<meta property=\"og:image:width\" content=\"1199\" \/>\n\t<meta property=\"og:image:height\" content=\"300\" \/>\n\t<meta property=\"og:image:type\" content=\"image\/jpeg\" \/>\n<meta name=\"twitter:card\" content=\"summary_large_image\" \/>\n<meta name=\"twitter:site\" content=\"@esiuclm\" \/>\n<meta name=\"twitter:label1\" content=\"Tiempo de lectura\" \/>\n\t<meta name=\"twitter:data1\" content=\"3 minutos\" \/>\n<script type=\"application\/ld+json\" class=\"yoast-schema-graph\">{\"@context\":\"https:\\\/\\\/schema.org\",\"@graph\":[{\"@type\":\"WebPage\",\"@id\":\"https:\\\/\\\/esi.uclm.es\\\/index.php\\\/grado-en-ingenieria-informatica\\\/trabajos-fin-de-grado\\\/propuestas-de-tfgs\\\/\",\"url\":\"https:\\\/\\\/esi.uclm.es\\\/index.php\\\/grado-en-ingenieria-informatica\\\/trabajos-fin-de-grado\\\/propuestas-de-tfgs\\\/\",\"name\":\"Propuestas de TFGs - Escuela Superior de Inform\u00e1tica de UCLM\",\"isPartOf\":{\"@id\":\"https:\\\/\\\/esi.uclm.es\\\/#website\"},\"primaryImageOfPage\":{\"@id\":\"https:\\\/\\\/esi.uclm.es\\\/index.php\\\/grado-en-ingenieria-informatica\\\/trabajos-fin-de-grado\\\/propuestas-de-tfgs\\\/#primaryimage\"},\"image\":{\"@id\":\"https:\\\/\\\/esi.uclm.es\\\/index.php\\\/grado-en-ingenieria-informatica\\\/trabajos-fin-de-grado\\\/propuestas-de-tfgs\\\/#primaryimage\"},\"thumbnailUrl\":\"https:\\\/\\\/esi.uclm.es\\\/assets\\\/uploads\\\/2022\\\/05\\\/proyectos-1024x256.jpeg\",\"datePublished\":\"2024-04-29T08:20:58+00:00\",\"dateModified\":\"2025-03-18T11:51:04+00:00\",\"breadcrumb\":{\"@id\":\"https:\\\/\\\/esi.uclm.es\\\/index.php\\\/grado-en-ingenieria-informatica\\\/trabajos-fin-de-grado\\\/propuestas-de-tfgs\\\/#breadcrumb\"},\"inLanguage\":\"es\",\"potentialAction\":[{\"@type\":\"ReadAction\",\"target\":[\"https:\\\/\\\/esi.uclm.es\\\/index.php\\\/grado-en-ingenieria-informatica\\\/trabajos-fin-de-grado\\\/propuestas-de-tfgs\\\/\"]}]},{\"@type\":\"ImageObject\",\"inLanguage\":\"es\",\"@id\":\"https:\\\/\\\/esi.uclm.es\\\/index.php\\\/grado-en-ingenieria-informatica\\\/trabajos-fin-de-grado\\\/propuestas-de-tfgs\\\/#primaryimage\",\"url\":\"https:\\\/\\\/esi.uclm.es\\\/assets\\\/uploads\\\/2022\\\/05\\\/proyectos-1024x256.jpeg\",\"contentUrl\":\"https:\\\/\\\/esi.uclm.es\\\/assets\\\/uploads\\\/2022\\\/05\\\/proyectos-1024x256.jpeg\"},{\"@type\":\"BreadcrumbList\",\"@id\":\"https:\\\/\\\/esi.uclm.es\\\/index.php\\\/grado-en-ingenieria-informatica\\\/trabajos-fin-de-grado\\\/propuestas-de-tfgs\\\/#breadcrumb\",\"itemListElement\":[{\"@type\":\"ListItem\",\"position\":1,\"name\":\"Portada\",\"item\":\"https:\\\/\\\/esi.uclm.es\\\/\"},{\"@type\":\"ListItem\",\"position\":2,\"name\":\"Grado en Ingenier\u00eda Inform\u00e1tica\",\"item\":\"https:\\\/\\\/esi.uclm.es\\\/index.php\\\/grado-en-ingenieria-informatica\\\/\"},{\"@type\":\"ListItem\",\"position\":3,\"name\":\"Trabajos Fin de Grado\",\"item\":\"https:\\\/\\\/esi.uclm.es\\\/index.php\\\/grado-en-ingenieria-informatica\\\/trabajos-fin-de-grado\\\/\"},{\"@type\":\"ListItem\",\"position\":4,\"name\":\"Propuestas de TFGs\"}]},{\"@type\":\"WebSite\",\"@id\":\"https:\\\/\\\/esi.uclm.es\\\/#website\",\"url\":\"https:\\\/\\\/esi.uclm.es\\\/\",\"name\":\"Escuela Superior de Inform\u00e1tica de UCLM en Ciudad Real, Castilla-La Mancha\",\"description\":\"La Escuela Superior de Inform\u00e1tica de Ciudad Real (Castilla-La Mancha), Universidad de Castilla-La Mancha es un centro universitario que imparte el ciclo completo de Ingenier\u00eda en Inform\u00e1tica: grado, m\u00e1ster y doctorado.\",\"publisher\":{\"@id\":\"https:\\\/\\\/esi.uclm.es\\\/#organization\"},\"potentialAction\":[{\"@type\":\"SearchAction\",\"target\":{\"@type\":\"EntryPoint\",\"urlTemplate\":\"https:\\\/\\\/esi.uclm.es\\\/?s={search_term_string}\"},\"query-input\":{\"@type\":\"PropertyValueSpecification\",\"valueRequired\":true,\"valueName\":\"search_term_string\"}}],\"inLanguage\":\"es\"},{\"@type\":\"Organization\",\"@id\":\"https:\\\/\\\/esi.uclm.es\\\/#organization\",\"name\":\"Escuela Superior de Inform\u00e1tica de UCLM\",\"url\":\"https:\\\/\\\/esi.uclm.es\\\/\",\"logo\":{\"@type\":\"ImageObject\",\"inLanguage\":\"es\",\"@id\":\"https:\\\/\\\/esi.uclm.es\\\/#\\\/schema\\\/logo\\\/image\\\/\",\"url\":\"https:\\\/\\\/esi.uclm.es\\\/assets\\\/uploads\\\/2022\\\/03\\\/LogoESI_cabecera-1.png\",\"contentUrl\":\"https:\\\/\\\/esi.uclm.es\\\/assets\\\/uploads\\\/2022\\\/03\\\/LogoESI_cabecera-1.png\",\"width\":460,\"height\":184,\"caption\":\"Escuela Superior de Inform\u00e1tica de UCLM\"},\"image\":{\"@id\":\"https:\\\/\\\/esi.uclm.es\\\/#\\\/schema\\\/logo\\\/image\\\/\"},\"sameAs\":[\"https:\\\/\\\/www.facebook.com\\\/Escuela-Superior-de-Informtica-543261809027158\",\"https:\\\/\\\/x.com\\\/esiuclm\",\"https:\\\/\\\/www.instagram.com\\\/esiuclm\\\/\",\"https:\\\/\\\/www.youtube.com\\\/user\\\/esiuclm\",\"https:\\\/\\\/www.twitch.tv\\\/esiuclm\",\"https:\\\/\\\/www.linkedin.com\\\/company\\\/12656631\\\/admin\\\/\"]}]}<\/script>\n<!-- \/ Yoast SEO plugin. -->","yoast_head_json":{"title":"Propuestas de TFGs - Escuela Superior de Inform\u00e1tica de UCLM","robots":{"index":"index","follow":"follow","max-snippet":"max-snippet:-1","max-image-preview":"max-image-preview:large","max-video-preview":"max-video-preview:-1"},"canonical":"https:\/\/esi.uclm.es\/index.php\/grado-en-ingenieria-informatica\/trabajos-fin-de-grado\/propuestas-de-tfgs\/","og_locale":"es_ES","og_type":"article","og_title":"Propuestas de TFGs - Escuela Superior de Inform\u00e1tica de UCLM","og_description":"Propuestas de TFGs T\u00edtulo Intensificaci\u00f3n Tutores AVT-SC: An\u00e1lisis y visualizaci\u00f3n de telemetr\u00eda en un simulador de conducci\u00f3n Computaci\u00f3n Luis Jim\u00e9nez Linares Dise\u00f1o de una extensi\u00f3n de la ISA b\u00e1sica del procesador RISC-V Ingenier\u00eda de Computadores Fernando Rinc\u00f3nM\u00aa Soledad Escolar Protocolo de sincronizaci\u00f3n de dispositivos IoT [&hellip;]","og_url":"https:\/\/esi.uclm.es\/index.php\/grado-en-ingenieria-informatica\/trabajos-fin-de-grado\/propuestas-de-tfgs\/","og_site_name":"Escuela Superior de Inform\u00e1tica de UCLM","article_publisher":"https:\/\/www.facebook.com\/Escuela-Superior-de-Informtica-543261809027158","article_modified_time":"2025-03-18T11:51:04+00:00","og_image":[{"width":1199,"height":300,"url":"https:\/\/esi.uclm.es\/assets\/uploads\/2022\/05\/proyectos.jpeg","type":"image\/jpeg"}],"twitter_card":"summary_large_image","twitter_site":"@esiuclm","twitter_misc":{"Tiempo de lectura":"3 minutos"},"schema":{"@context":"https:\/\/schema.org","@graph":[{"@type":"WebPage","@id":"https:\/\/esi.uclm.es\/index.php\/grado-en-ingenieria-informatica\/trabajos-fin-de-grado\/propuestas-de-tfgs\/","url":"https:\/\/esi.uclm.es\/index.php\/grado-en-ingenieria-informatica\/trabajos-fin-de-grado\/propuestas-de-tfgs\/","name":"Propuestas de TFGs - Escuela Superior de Inform\u00e1tica de UCLM","isPartOf":{"@id":"https:\/\/esi.uclm.es\/#website"},"primaryImageOfPage":{"@id":"https:\/\/esi.uclm.es\/index.php\/grado-en-ingenieria-informatica\/trabajos-fin-de-grado\/propuestas-de-tfgs\/#primaryimage"},"image":{"@id":"https:\/\/esi.uclm.es\/index.php\/grado-en-ingenieria-informatica\/trabajos-fin-de-grado\/propuestas-de-tfgs\/#primaryimage"},"thumbnailUrl":"https:\/\/esi.uclm.es\/assets\/uploads\/2022\/05\/proyectos-1024x256.jpeg","datePublished":"2024-04-29T08:20:58+00:00","dateModified":"2025-03-18T11:51:04+00:00","breadcrumb":{"@id":"https:\/\/esi.uclm.es\/index.php\/grado-en-ingenieria-informatica\/trabajos-fin-de-grado\/propuestas-de-tfgs\/#breadcrumb"},"inLanguage":"es","potentialAction":[{"@type":"ReadAction","target":["https:\/\/esi.uclm.es\/index.php\/grado-en-ingenieria-informatica\/trabajos-fin-de-grado\/propuestas-de-tfgs\/"]}]},{"@type":"ImageObject","inLanguage":"es","@id":"https:\/\/esi.uclm.es\/index.php\/grado-en-ingenieria-informatica\/trabajos-fin-de-grado\/propuestas-de-tfgs\/#primaryimage","url":"https:\/\/esi.uclm.es\/assets\/uploads\/2022\/05\/proyectos-1024x256.jpeg","contentUrl":"https:\/\/esi.uclm.es\/assets\/uploads\/2022\/05\/proyectos-1024x256.jpeg"},{"@type":"BreadcrumbList","@id":"https:\/\/esi.uclm.es\/index.php\/grado-en-ingenieria-informatica\/trabajos-fin-de-grado\/propuestas-de-tfgs\/#breadcrumb","itemListElement":[{"@type":"ListItem","position":1,"name":"Portada","item":"https:\/\/esi.uclm.es\/"},{"@type":"ListItem","position":2,"name":"Grado en Ingenier\u00eda Inform\u00e1tica","item":"https:\/\/esi.uclm.es\/index.php\/grado-en-ingenieria-informatica\/"},{"@type":"ListItem","position":3,"name":"Trabajos Fin de Grado","item":"https:\/\/esi.uclm.es\/index.php\/grado-en-ingenieria-informatica\/trabajos-fin-de-grado\/"},{"@type":"ListItem","position":4,"name":"Propuestas de TFGs"}]},{"@type":"WebSite","@id":"https:\/\/esi.uclm.es\/#website","url":"https:\/\/esi.uclm.es\/","name":"Escuela Superior de Inform\u00e1tica de UCLM en Ciudad Real, Castilla-La Mancha","description":"La Escuela Superior de Inform\u00e1tica de Ciudad Real (Castilla-La Mancha), Universidad de Castilla-La Mancha es un centro universitario que imparte el ciclo completo de Ingenier\u00eda en Inform\u00e1tica: grado, m\u00e1ster y doctorado.","publisher":{"@id":"https:\/\/esi.uclm.es\/#organization"},"potentialAction":[{"@type":"SearchAction","target":{"@type":"EntryPoint","urlTemplate":"https:\/\/esi.uclm.es\/?s={search_term_string}"},"query-input":{"@type":"PropertyValueSpecification","valueRequired":true,"valueName":"search_term_string"}}],"inLanguage":"es"},{"@type":"Organization","@id":"https:\/\/esi.uclm.es\/#organization","name":"Escuela Superior de Inform\u00e1tica de UCLM","url":"https:\/\/esi.uclm.es\/","logo":{"@type":"ImageObject","inLanguage":"es","@id":"https:\/\/esi.uclm.es\/#\/schema\/logo\/image\/","url":"https:\/\/esi.uclm.es\/assets\/uploads\/2022\/03\/LogoESI_cabecera-1.png","contentUrl":"https:\/\/esi.uclm.es\/assets\/uploads\/2022\/03\/LogoESI_cabecera-1.png","width":460,"height":184,"caption":"Escuela Superior de Inform\u00e1tica de UCLM"},"image":{"@id":"https:\/\/esi.uclm.es\/#\/schema\/logo\/image\/"},"sameAs":["https:\/\/www.facebook.com\/Escuela-Superior-de-Informtica-543261809027158","https:\/\/x.com\/esiuclm","https:\/\/www.instagram.com\/esiuclm\/","https:\/\/www.youtube.com\/user\/esiuclm","https:\/\/www.twitch.tv\/esiuclm","https:\/\/www.linkedin.com\/company\/12656631\/admin\/"]}]}},"_links":{"self":[{"href":"https:\/\/esi.uclm.es\/index.php\/wp-json\/wp\/v2\/pages\/18463","targetHints":{"allow":["GET"]}}],"collection":[{"href":"https:\/\/esi.uclm.es\/index.php\/wp-json\/wp\/v2\/pages"}],"about":[{"href":"https:\/\/esi.uclm.es\/index.php\/wp-json\/wp\/v2\/types\/page"}],"author":[{"embeddable":true,"href":"https:\/\/esi.uclm.es\/index.php\/wp-json\/wp\/v2\/users\/4"}],"replies":[{"embeddable":true,"href":"https:\/\/esi.uclm.es\/index.php\/wp-json\/wp\/v2\/comments?post=18463"}],"version-history":[{"count":7,"href":"https:\/\/esi.uclm.es\/index.php\/wp-json\/wp\/v2\/pages\/18463\/revisions"}],"predecessor-version":[{"id":20521,"href":"https:\/\/esi.uclm.es\/index.php\/wp-json\/wp\/v2\/pages\/18463\/revisions\/20521"}],"up":[{"embeddable":true,"href":"https:\/\/esi.uclm.es\/index.php\/wp-json\/wp\/v2\/pages\/4045"}],"wp:attachment":[{"href":"https:\/\/esi.uclm.es\/index.php\/wp-json\/wp\/v2\/media?parent=18463"}],"curies":[{"name":"wp","href":"https:\/\/api.w.org\/{rel}","templated":true}]}}