{"id":18242,"date":"2024-03-13T07:42:59","date_gmt":"2024-03-13T07:42:59","guid":{"rendered":"https:\/\/esi.uclm.es\/?post_type=mec-events&#038;p=18242"},"modified":"2024-03-13T07:46:14","modified_gmt":"2024-03-13T07:46:14","slug":"taller-de-programacion-con-minecraft-educativo","status":"publish","type":"mec-events","link":"https:\/\/esi.uclm.es\/index.php\/events\/taller-de-programacion-con-minecraft-educativo\/","title":{"rendered":"Taller de Programaci\u00f3n con Minecraft Educativo"},"content":{"rendered":"<p>Tras el \u00e9xito de ediciones pasadas, con un 100% de ocupaci\u00f3n, vuelve el\u00a0<strong>taller gratuito de programaci\u00f3n con Minecraft Educativo<\/strong>\u00a0para estudiantes de \u00faltimos cursos de\u00a0<strong>ESO<\/strong>\u00a0y\u00a0<strong>Bachillerato<\/strong>. La duraci\u00f3n total del taller es de 5 horas y ser\u00e1 dividida en dos sesiones de 2,5 horas en los\u00a0<strong>viernes 19 y 26 de abril, de 17h a 19.30h<\/strong>. El n\u00famero de plazas est\u00e1 limitado a 40 estudiantes, dando prioridad a estudiantes de cursos m\u00e1s pr\u00f3ximos a la etapa universitaria, y al orden de inscripci\u00f3n.<\/p>\n<p>Puedes obtener m\u00e1s informaci\u00f3n y realizar tu inscripci\u00f3n en\u00a0<a href=\"https:\/\/esi.uclm.es\/taller\">https:\/\/esi.uclm.es\/taller<\/a>\u00a0::\u00a0<a href=\"https:\/\/forms.office.com\/e\/WQDQeJA68L\">[acceso directo al formulario de inscripci\u00f3n]<\/a><\/p>\n","protected":false},"excerpt":{"rendered":"<p>Tras el \u00e9xito de ediciones pasadas, con un 100% de ocupaci\u00f3n, vuelve el\u00a0taller gratuito de programaci\u00f3n con Minecraft Educativo\u00a0para estudiantes de \u00faltimos cursos de\u00a0ESO\u00a0y\u00a0Bachillerato. La duraci\u00f3n total del taller es de 5 horas y ser\u00e1 dividida en dos sesiones de 2,5 horas en los\u00a0viernes 19 [&hellip;]<\/p>\n","protected":false},"author":4,"featured_media":18231,"comment_status":"open","ping_status":"closed","template":"","tags":[],"mec_category":[],"class_list":["post-18242","mec-events","type-mec-events","status-publish","has-post-thumbnail","hentry"],"yoast_head":"<!-- This site is optimized with the Yoast SEO plugin v27.5 - https:\/\/yoast.com\/product\/yoast-seo-wordpress\/ -->\n<title>Taller de Programaci\u00f3n con Minecraft Educativo - Escuela Superior de Inform\u00e1tica de UCLM<\/title>\n<meta name=\"robots\" content=\"index, follow, max-snippet:-1, max-image-preview:large, max-video-preview:-1\" \/>\n<link rel=\"canonical\" href=\"https:\/\/esi.uclm.es\/index.php\/events\/taller-de-programacion-con-minecraft-educativo\/\" \/>\n<meta property=\"og:locale\" content=\"es_ES\" \/>\n<meta property=\"og:type\" content=\"article\" \/>\n<meta property=\"og:title\" content=\"Taller de Programaci\u00f3n con Minecraft Educativo - Escuela Superior de Inform\u00e1tica de UCLM\" \/>\n<meta property=\"og:description\" content=\"Tras el \u00e9xito de ediciones pasadas, con un 100% de ocupaci\u00f3n, vuelve el\u00a0taller gratuito de programaci\u00f3n con Minecraft Educativo\u00a0para estudiantes de \u00faltimos cursos de\u00a0ESO\u00a0y\u00a0Bachillerato. La duraci\u00f3n total del taller es de 5 horas y ser\u00e1 dividida en dos sesiones de 2,5 horas en los\u00a0viernes 19 [&hellip;]\" \/>\n<meta property=\"og:url\" content=\"https:\/\/esi.uclm.es\/index.php\/events\/taller-de-programacion-con-minecraft-educativo\/\" \/>\n<meta property=\"og:site_name\" content=\"Escuela Superior de Inform\u00e1tica de UCLM\" \/>\n<meta property=\"article:publisher\" content=\"https:\/\/www.facebook.com\/Escuela-Superior-de-Informtica-543261809027158\" \/>\n<meta property=\"article:modified_time\" content=\"2024-03-13T07:46:14+00:00\" \/>\n<meta property=\"og:image\" content=\"http:\/\/esi.uclm.es\/assets\/uploads\/2024\/03\/flyer_taller_minecraft2024.webp\" \/>\n\t<meta property=\"og:image:width\" content=\"2401\" \/>\n\t<meta property=\"og:image:height\" content=\"1080\" \/>\n\t<meta property=\"og:image:type\" content=\"image\/webp\" \/>\n<meta name=\"twitter:card\" content=\"summary_large_image\" \/>\n<meta name=\"twitter:site\" content=\"@esiuclm\" \/>\n<meta name=\"twitter:label1\" content=\"Tiempo de lectura\" \/>\n\t<meta name=\"twitter:data1\" content=\"1 minuto\" \/>\n<script type=\"application\/ld+json\" class=\"yoast-schema-graph\">{\"@context\":\"https:\\\/\\\/schema.org\",\"@graph\":[{\"@type\":\"WebPage\",\"@id\":\"https:\\\/\\\/esi.uclm.es\\\/index.php\\\/events\\\/taller-de-programacion-con-minecraft-educativo\\\/\",\"url\":\"https:\\\/\\\/esi.uclm.es\\\/index.php\\\/events\\\/taller-de-programacion-con-minecraft-educativo\\\/\",\"name\":\"Taller de Programaci\u00f3n con Minecraft Educativo - Escuela Superior de Inform\u00e1tica de UCLM\",\"isPartOf\":{\"@id\":\"https:\\\/\\\/esi.uclm.es\\\/#website\"},\"primaryImageOfPage\":{\"@id\":\"https:\\\/\\\/esi.uclm.es\\\/index.php\\\/events\\\/taller-de-programacion-con-minecraft-educativo\\\/#primaryimage\"},\"image\":{\"@id\":\"https:\\\/\\\/esi.uclm.es\\\/index.php\\\/events\\\/taller-de-programacion-con-minecraft-educativo\\\/#primaryimage\"},\"thumbnailUrl\":\"https:\\\/\\\/esi.uclm.es\\\/assets\\\/uploads\\\/2024\\\/03\\\/flyer_taller_minecraft2024.webp\",\"datePublished\":\"2024-03-13T07:42:59+00:00\",\"dateModified\":\"2024-03-13T07:46:14+00:00\",\"breadcrumb\":{\"@id\":\"https:\\\/\\\/esi.uclm.es\\\/index.php\\\/events\\\/taller-de-programacion-con-minecraft-educativo\\\/#breadcrumb\"},\"inLanguage\":\"es\",\"potentialAction\":[{\"@type\":\"ReadAction\",\"target\":[\"https:\\\/\\\/esi.uclm.es\\\/index.php\\\/events\\\/taller-de-programacion-con-minecraft-educativo\\\/\"]}]},{\"@type\":\"ImageObject\",\"inLanguage\":\"es\",\"@id\":\"https:\\\/\\\/esi.uclm.es\\\/index.php\\\/events\\\/taller-de-programacion-con-minecraft-educativo\\\/#primaryimage\",\"url\":\"https:\\\/\\\/esi.uclm.es\\\/assets\\\/uploads\\\/2024\\\/03\\\/flyer_taller_minecraft2024.webp\",\"contentUrl\":\"https:\\\/\\\/esi.uclm.es\\\/assets\\\/uploads\\\/2024\\\/03\\\/flyer_taller_minecraft2024.webp\",\"width\":2401,\"height\":1080},{\"@type\":\"BreadcrumbList\",\"@id\":\"https:\\\/\\\/esi.uclm.es\\\/index.php\\\/events\\\/taller-de-programacion-con-minecraft-educativo\\\/#breadcrumb\",\"itemListElement\":[{\"@type\":\"ListItem\",\"position\":1,\"name\":\"Portada\",\"item\":\"https:\\\/\\\/esi.uclm.es\\\/\"},{\"@type\":\"ListItem\",\"position\":2,\"name\":\"Eventos\",\"item\":\"https:\\\/\\\/esi.uclm.es\\\/index.php\\\/events\\\/\"},{\"@type\":\"ListItem\",\"position\":3,\"name\":\"Taller de Programaci\u00f3n con Minecraft Educativo\"}]},{\"@type\":\"WebSite\",\"@id\":\"https:\\\/\\\/esi.uclm.es\\\/#website\",\"url\":\"https:\\\/\\\/esi.uclm.es\\\/\",\"name\":\"Escuela Superior de Inform\u00e1tica de UCLM en Ciudad Real, Castilla-La Mancha\",\"description\":\"La Escuela Superior de Inform\u00e1tica de Ciudad Real (Castilla-La Mancha), Universidad de Castilla-La Mancha es un centro universitario que imparte el ciclo completo de Ingenier\u00eda en Inform\u00e1tica: grado, m\u00e1ster y doctorado.\",\"publisher\":{\"@id\":\"https:\\\/\\\/esi.uclm.es\\\/#organization\"},\"potentialAction\":[{\"@type\":\"SearchAction\",\"target\":{\"@type\":\"EntryPoint\",\"urlTemplate\":\"https:\\\/\\\/esi.uclm.es\\\/?s={search_term_string}\"},\"query-input\":{\"@type\":\"PropertyValueSpecification\",\"valueRequired\":true,\"valueName\":\"search_term_string\"}}],\"inLanguage\":\"es\"},{\"@type\":\"Organization\",\"@id\":\"https:\\\/\\\/esi.uclm.es\\\/#organization\",\"name\":\"Escuela Superior de Inform\u00e1tica de UCLM\",\"url\":\"https:\\\/\\\/esi.uclm.es\\\/\",\"logo\":{\"@type\":\"ImageObject\",\"inLanguage\":\"es\",\"@id\":\"https:\\\/\\\/esi.uclm.es\\\/#\\\/schema\\\/logo\\\/image\\\/\",\"url\":\"https:\\\/\\\/esi.uclm.es\\\/assets\\\/uploads\\\/2022\\\/03\\\/LogoESI_cabecera-1.png\",\"contentUrl\":\"https:\\\/\\\/esi.uclm.es\\\/assets\\\/uploads\\\/2022\\\/03\\\/LogoESI_cabecera-1.png\",\"width\":460,\"height\":184,\"caption\":\"Escuela Superior de Inform\u00e1tica de UCLM\"},\"image\":{\"@id\":\"https:\\\/\\\/esi.uclm.es\\\/#\\\/schema\\\/logo\\\/image\\\/\"},\"sameAs\":[\"https:\\\/\\\/www.facebook.com\\\/Escuela-Superior-de-Informtica-543261809027158\",\"https:\\\/\\\/x.com\\\/esiuclm\",\"https:\\\/\\\/www.instagram.com\\\/esiuclm\\\/\",\"https:\\\/\\\/www.youtube.com\\\/user\\\/esiuclm\",\"https:\\\/\\\/www.twitch.tv\\\/esiuclm\",\"https:\\\/\\\/www.linkedin.com\\\/company\\\/12656631\\\/admin\\\/\"]}]}<\/script>\n<!-- \/ Yoast SEO plugin. -->","yoast_head_json":{"title":"Taller de Programaci\u00f3n con Minecraft Educativo - Escuela Superior de Inform\u00e1tica de UCLM","robots":{"index":"index","follow":"follow","max-snippet":"max-snippet:-1","max-image-preview":"max-image-preview:large","max-video-preview":"max-video-preview:-1"},"canonical":"https:\/\/esi.uclm.es\/index.php\/events\/taller-de-programacion-con-minecraft-educativo\/","og_locale":"es_ES","og_type":"article","og_title":"Taller de Programaci\u00f3n con Minecraft Educativo - Escuela Superior de Inform\u00e1tica de UCLM","og_description":"Tras el \u00e9xito de ediciones pasadas, con un 100% de ocupaci\u00f3n, vuelve el\u00a0taller gratuito de programaci\u00f3n con Minecraft Educativo\u00a0para estudiantes de \u00faltimos cursos de\u00a0ESO\u00a0y\u00a0Bachillerato. La duraci\u00f3n total del taller es de 5 horas y ser\u00e1 dividida en dos sesiones de 2,5 horas en los\u00a0viernes 19 [&hellip;]","og_url":"https:\/\/esi.uclm.es\/index.php\/events\/taller-de-programacion-con-minecraft-educativo\/","og_site_name":"Escuela Superior de Inform\u00e1tica de UCLM","article_publisher":"https:\/\/www.facebook.com\/Escuela-Superior-de-Informtica-543261809027158","article_modified_time":"2024-03-13T07:46:14+00:00","og_image":[{"width":2401,"height":1080,"url":"http:\/\/esi.uclm.es\/assets\/uploads\/2024\/03\/flyer_taller_minecraft2024.webp","type":"image\/webp"}],"twitter_card":"summary_large_image","twitter_site":"@esiuclm","twitter_misc":{"Tiempo de lectura":"1 minuto"},"schema":{"@context":"https:\/\/schema.org","@graph":[{"@type":"WebPage","@id":"https:\/\/esi.uclm.es\/index.php\/events\/taller-de-programacion-con-minecraft-educativo\/","url":"https:\/\/esi.uclm.es\/index.php\/events\/taller-de-programacion-con-minecraft-educativo\/","name":"Taller de Programaci\u00f3n con Minecraft Educativo - Escuela Superior de Inform\u00e1tica de UCLM","isPartOf":{"@id":"https:\/\/esi.uclm.es\/#website"},"primaryImageOfPage":{"@id":"https:\/\/esi.uclm.es\/index.php\/events\/taller-de-programacion-con-minecraft-educativo\/#primaryimage"},"image":{"@id":"https:\/\/esi.uclm.es\/index.php\/events\/taller-de-programacion-con-minecraft-educativo\/#primaryimage"},"thumbnailUrl":"https:\/\/esi.uclm.es\/assets\/uploads\/2024\/03\/flyer_taller_minecraft2024.webp","datePublished":"2024-03-13T07:42:59+00:00","dateModified":"2024-03-13T07:46:14+00:00","breadcrumb":{"@id":"https:\/\/esi.uclm.es\/index.php\/events\/taller-de-programacion-con-minecraft-educativo\/#breadcrumb"},"inLanguage":"es","potentialAction":[{"@type":"ReadAction","target":["https:\/\/esi.uclm.es\/index.php\/events\/taller-de-programacion-con-minecraft-educativo\/"]}]},{"@type":"ImageObject","inLanguage":"es","@id":"https:\/\/esi.uclm.es\/index.php\/events\/taller-de-programacion-con-minecraft-educativo\/#primaryimage","url":"https:\/\/esi.uclm.es\/assets\/uploads\/2024\/03\/flyer_taller_minecraft2024.webp","contentUrl":"https:\/\/esi.uclm.es\/assets\/uploads\/2024\/03\/flyer_taller_minecraft2024.webp","width":2401,"height":1080},{"@type":"BreadcrumbList","@id":"https:\/\/esi.uclm.es\/index.php\/events\/taller-de-programacion-con-minecraft-educativo\/#breadcrumb","itemListElement":[{"@type":"ListItem","position":1,"name":"Portada","item":"https:\/\/esi.uclm.es\/"},{"@type":"ListItem","position":2,"name":"Eventos","item":"https:\/\/esi.uclm.es\/index.php\/events\/"},{"@type":"ListItem","position":3,"name":"Taller de Programaci\u00f3n con Minecraft Educativo"}]},{"@type":"WebSite","@id":"https:\/\/esi.uclm.es\/#website","url":"https:\/\/esi.uclm.es\/","name":"Escuela Superior de Inform\u00e1tica de UCLM en Ciudad Real, Castilla-La Mancha","description":"La Escuela Superior de Inform\u00e1tica de Ciudad Real (Castilla-La Mancha), Universidad de Castilla-La Mancha es un centro universitario que imparte el ciclo completo de Ingenier\u00eda en Inform\u00e1tica: grado, m\u00e1ster y doctorado.","publisher":{"@id":"https:\/\/esi.uclm.es\/#organization"},"potentialAction":[{"@type":"SearchAction","target":{"@type":"EntryPoint","urlTemplate":"https:\/\/esi.uclm.es\/?s={search_term_string}"},"query-input":{"@type":"PropertyValueSpecification","valueRequired":true,"valueName":"search_term_string"}}],"inLanguage":"es"},{"@type":"Organization","@id":"https:\/\/esi.uclm.es\/#organization","name":"Escuela Superior de Inform\u00e1tica de UCLM","url":"https:\/\/esi.uclm.es\/","logo":{"@type":"ImageObject","inLanguage":"es","@id":"https:\/\/esi.uclm.es\/#\/schema\/logo\/image\/","url":"https:\/\/esi.uclm.es\/assets\/uploads\/2022\/03\/LogoESI_cabecera-1.png","contentUrl":"https:\/\/esi.uclm.es\/assets\/uploads\/2022\/03\/LogoESI_cabecera-1.png","width":460,"height":184,"caption":"Escuela Superior de Inform\u00e1tica de UCLM"},"image":{"@id":"https:\/\/esi.uclm.es\/#\/schema\/logo\/image\/"},"sameAs":["https:\/\/www.facebook.com\/Escuela-Superior-de-Informtica-543261809027158","https:\/\/x.com\/esiuclm","https:\/\/www.instagram.com\/esiuclm\/","https:\/\/www.youtube.com\/user\/esiuclm","https:\/\/www.twitch.tv\/esiuclm","https:\/\/www.linkedin.com\/company\/12656631\/admin\/"]}]}},"_links":{"self":[{"href":"https:\/\/esi.uclm.es\/index.php\/wp-json\/wp\/v2\/mec-events\/18242","targetHints":{"allow":["GET"]}}],"collection":[{"href":"https:\/\/esi.uclm.es\/index.php\/wp-json\/wp\/v2\/mec-events"}],"about":[{"href":"https:\/\/esi.uclm.es\/index.php\/wp-json\/wp\/v2\/types\/mec-events"}],"author":[{"embeddable":true,"href":"https:\/\/esi.uclm.es\/index.php\/wp-json\/wp\/v2\/users\/4"}],"replies":[{"embeddable":true,"href":"https:\/\/esi.uclm.es\/index.php\/wp-json\/wp\/v2\/comments?post=18242"}],"wp:featuredmedia":[{"embeddable":true,"href":"https:\/\/esi.uclm.es\/index.php\/wp-json\/wp\/v2\/media\/18231"}],"wp:attachment":[{"href":"https:\/\/esi.uclm.es\/index.php\/wp-json\/wp\/v2\/media?parent=18242"}],"wp:term":[{"taxonomy":"post_tag","embeddable":true,"href":"https:\/\/esi.uclm.es\/index.php\/wp-json\/wp\/v2\/tags?post=18242"},{"taxonomy":"mec_category","embeddable":true,"href":"https:\/\/esi.uclm.es\/index.php\/wp-json\/wp\/v2\/mec_category?post=18242"}],"curies":[{"name":"wp","href":"https:\/\/api.w.org\/{rel}","templated":true}]}}