{"id":16865,"date":"2023-09-26T21:35:59","date_gmt":"2023-09-26T21:35:59","guid":{"rendered":"https:\/\/esi.uclm.es\/?post_type=mec-events&#038;p=16865"},"modified":"2023-09-26T21:36:31","modified_gmt":"2023-09-26T21:36:31","slug":"conferencia-de-dotcsv","status":"publish","type":"mec-events","link":"https:\/\/esi.uclm.es\/index.php\/events\/conferencia-de-dotcsv\/","title":{"rendered":"Conferencia de DotCSV"},"content":{"rendered":"<p>Carlos Santana, m\u00e1s conocido como DotCSV, ser\u00e1 el conferenciante encargado de inaugurar el ciclo de conferencias de oto\u00f1o 2023 en la Escuela Superior de Inform\u00e1tica (UCLM), con la conferencia titulada\u00a0<em>El futuro de la IA: M\u00e1s all\u00e1 de lo que conocemos<\/em>, el mi\u00e9rcoles 11 de octubre a las 11.30h en el Sal\u00f3n de Actos Alan Turing. Carlos Santana Vega es divulgador, youtuber y profesor en el campo de la Inteligencia Artificial y el Machine Learning. Es el creador del\u00a0<a href=\"https:\/\/www.youtube.com\/@DotCSV\">canal de YouTube Dot CSV<\/a>\u00a0que cuenta con m\u00e1s de 800.000 suscriptores y est\u00e1 especializado en el campo de la IA, aterrizando los conceptos m\u00e1s avanzados del mundo del Machine Learning. Tambi\u00e9n es profesor de Machine Learning &amp; Data Science en la Escuela de Organizaci\u00f3n Industrial as\u00ed como un reconocido ponente en numerosos eventos tecnol\u00f3gicos nacionales e internacionales.<\/p>\n<p>&nbsp;<\/p>\n<h3 class=\"wp-block-heading\"><strong>Resumen de la conferencia<\/strong><\/h3>\n<p>Hace tan solo un a\u00f1o, nos maravill\u00e1bamos ante la capacidad de la Inteligencia Artificial para crear rostros humanos realistas que jam\u00e1s han existido o para generar textos semejantes a los que escribir\u00eda cualquier persona. Pero la frontera de lo que consider\u00e1bamos asombroso se ha desplazado con rapidez. Herramientas innovadoras como ChatGPT, DALL\u00b7E 2, Copilot y Stable Diffusion han transformado a la Inteligencia Artificial de una mera curiosidad t\u00e9cnica en una herramienta integral, omnipresente en nuestra cotidianidad y en constante evoluci\u00f3n.<\/p>\n<p>Pero, \u00bfqu\u00e9 nos depara el futuro? Si el presente de la IA ya nos ha dejado perplejos, es crucial reflexionar sobre lo que est\u00e1 por llegar. En esta charla, no solo nos adentraremos en las maravillas tecnol\u00f3gicas que ya hemos presenciado, sino que exploraremos las promesas y potenciales de la IA en el horizonte y c\u00f3mo transformar\u00e1 nuestra sociedad. \u00bfqu\u00e9 podemos esperar del futuro de la IA, cuando parece que el futuro ya es hoy?<\/p>\n","protected":false},"excerpt":{"rendered":"<p>Carlos Santana, m\u00e1s conocido como DotCSV, ser\u00e1 el conferenciante encargado de inaugurar el ciclo de conferencias de oto\u00f1o 2023 en la Escuela Superior de Inform\u00e1tica (UCLM), con la conferencia titulada\u00a0El futuro de la IA: M\u00e1s all\u00e1 de lo que conocemos, el mi\u00e9rcoles 11 de octubre [&hellip;]<\/p>\n","protected":false},"author":1,"featured_media":16862,"comment_status":"open","ping_status":"closed","template":"","tags":[],"mec_category":[631],"class_list":["post-16865","mec-events","type-mec-events","status-publish","has-post-thumbnail","hentry","mec_category-conferencias"],"yoast_head":"<!-- This site is optimized with the Yoast SEO plugin v27.5 - https:\/\/yoast.com\/product\/yoast-seo-wordpress\/ -->\n<title>Conferencia de DotCSV - Escuela Superior de Inform\u00e1tica de UCLM<\/title>\n<meta name=\"robots\" content=\"index, follow, max-snippet:-1, max-image-preview:large, max-video-preview:-1\" \/>\n<link rel=\"canonical\" href=\"https:\/\/esi.uclm.es\/index.php\/events\/conferencia-de-dotcsv\/\" \/>\n<meta property=\"og:locale\" content=\"es_ES\" \/>\n<meta property=\"og:type\" content=\"article\" \/>\n<meta property=\"og:title\" content=\"Conferencia de DotCSV - Escuela Superior de Inform\u00e1tica de UCLM\" \/>\n<meta property=\"og:description\" content=\"Carlos Santana, m\u00e1s conocido como DotCSV, ser\u00e1 el conferenciante encargado de inaugurar el ciclo de conferencias de oto\u00f1o 2023 en la Escuela Superior de Inform\u00e1tica (UCLM), con la conferencia titulada\u00a0El futuro de la IA: M\u00e1s all\u00e1 de lo que conocemos, el mi\u00e9rcoles 11 de octubre [&hellip;]\" \/>\n<meta property=\"og:url\" content=\"https:\/\/esi.uclm.es\/index.php\/events\/conferencia-de-dotcsv\/\" \/>\n<meta property=\"og:site_name\" content=\"Escuela Superior de Inform\u00e1tica de UCLM\" \/>\n<meta property=\"article:publisher\" content=\"https:\/\/www.facebook.com\/Escuela-Superior-de-Informtica-543261809027158\" \/>\n<meta property=\"article:modified_time\" content=\"2023-09-26T21:36:31+00:00\" \/>\n<meta property=\"og:image\" content=\"http:\/\/esi.uclm.es\/assets\/uploads\/2023\/09\/dotcsv_web-1.webp\" \/>\n\t<meta property=\"og:image:width\" content=\"1960\" \/>\n\t<meta property=\"og:image:height\" content=\"1080\" \/>\n\t<meta property=\"og:image:type\" content=\"image\/webp\" \/>\n<meta name=\"twitter:card\" content=\"summary_large_image\" \/>\n<meta name=\"twitter:site\" content=\"@esiuclm\" \/>\n<meta name=\"twitter:label1\" content=\"Tiempo de lectura\" \/>\n\t<meta name=\"twitter:data1\" content=\"2 minutos\" \/>\n<script type=\"application\/ld+json\" class=\"yoast-schema-graph\">{\"@context\":\"https:\\\/\\\/schema.org\",\"@graph\":[{\"@type\":\"WebPage\",\"@id\":\"https:\\\/\\\/esi.uclm.es\\\/index.php\\\/events\\\/conferencia-de-dotcsv\\\/\",\"url\":\"https:\\\/\\\/esi.uclm.es\\\/index.php\\\/events\\\/conferencia-de-dotcsv\\\/\",\"name\":\"Conferencia de DotCSV - Escuela Superior de Inform\u00e1tica de UCLM\",\"isPartOf\":{\"@id\":\"https:\\\/\\\/esi.uclm.es\\\/#website\"},\"primaryImageOfPage\":{\"@id\":\"https:\\\/\\\/esi.uclm.es\\\/index.php\\\/events\\\/conferencia-de-dotcsv\\\/#primaryimage\"},\"image\":{\"@id\":\"https:\\\/\\\/esi.uclm.es\\\/index.php\\\/events\\\/conferencia-de-dotcsv\\\/#primaryimage\"},\"thumbnailUrl\":\"https:\\\/\\\/esi.uclm.es\\\/assets\\\/uploads\\\/2023\\\/09\\\/dotcsv_web-1.webp\",\"datePublished\":\"2023-09-26T21:35:59+00:00\",\"dateModified\":\"2023-09-26T21:36:31+00:00\",\"breadcrumb\":{\"@id\":\"https:\\\/\\\/esi.uclm.es\\\/index.php\\\/events\\\/conferencia-de-dotcsv\\\/#breadcrumb\"},\"inLanguage\":\"es\",\"potentialAction\":[{\"@type\":\"ReadAction\",\"target\":[\"https:\\\/\\\/esi.uclm.es\\\/index.php\\\/events\\\/conferencia-de-dotcsv\\\/\"]}]},{\"@type\":\"ImageObject\",\"inLanguage\":\"es\",\"@id\":\"https:\\\/\\\/esi.uclm.es\\\/index.php\\\/events\\\/conferencia-de-dotcsv\\\/#primaryimage\",\"url\":\"https:\\\/\\\/esi.uclm.es\\\/assets\\\/uploads\\\/2023\\\/09\\\/dotcsv_web-1.webp\",\"contentUrl\":\"https:\\\/\\\/esi.uclm.es\\\/assets\\\/uploads\\\/2023\\\/09\\\/dotcsv_web-1.webp\",\"width\":1960,\"height\":1080,\"caption\":\"Carlos Santana DotCSV en portada, en la Escuela Superior de Inform\u00e1tica\"},{\"@type\":\"BreadcrumbList\",\"@id\":\"https:\\\/\\\/esi.uclm.es\\\/index.php\\\/events\\\/conferencia-de-dotcsv\\\/#breadcrumb\",\"itemListElement\":[{\"@type\":\"ListItem\",\"position\":1,\"name\":\"Portada\",\"item\":\"https:\\\/\\\/esi.uclm.es\\\/\"},{\"@type\":\"ListItem\",\"position\":2,\"name\":\"Eventos\",\"item\":\"https:\\\/\\\/esi.uclm.es\\\/index.php\\\/events\\\/\"},{\"@type\":\"ListItem\",\"position\":3,\"name\":\"Conferencia de DotCSV\"}]},{\"@type\":\"WebSite\",\"@id\":\"https:\\\/\\\/esi.uclm.es\\\/#website\",\"url\":\"https:\\\/\\\/esi.uclm.es\\\/\",\"name\":\"Escuela Superior de Inform\u00e1tica de UCLM en Ciudad Real, Castilla-La Mancha\",\"description\":\"La Escuela Superior de Inform\u00e1tica de Ciudad Real (Castilla-La Mancha), Universidad de Castilla-La Mancha es un centro universitario que imparte el ciclo completo de Ingenier\u00eda en Inform\u00e1tica: grado, m\u00e1ster y doctorado.\",\"publisher\":{\"@id\":\"https:\\\/\\\/esi.uclm.es\\\/#organization\"},\"potentialAction\":[{\"@type\":\"SearchAction\",\"target\":{\"@type\":\"EntryPoint\",\"urlTemplate\":\"https:\\\/\\\/esi.uclm.es\\\/?s={search_term_string}\"},\"query-input\":{\"@type\":\"PropertyValueSpecification\",\"valueRequired\":true,\"valueName\":\"search_term_string\"}}],\"inLanguage\":\"es\"},{\"@type\":\"Organization\",\"@id\":\"https:\\\/\\\/esi.uclm.es\\\/#organization\",\"name\":\"Escuela Superior de Inform\u00e1tica de UCLM\",\"url\":\"https:\\\/\\\/esi.uclm.es\\\/\",\"logo\":{\"@type\":\"ImageObject\",\"inLanguage\":\"es\",\"@id\":\"https:\\\/\\\/esi.uclm.es\\\/#\\\/schema\\\/logo\\\/image\\\/\",\"url\":\"https:\\\/\\\/esi.uclm.es\\\/assets\\\/uploads\\\/2022\\\/03\\\/LogoESI_cabecera-1.png\",\"contentUrl\":\"https:\\\/\\\/esi.uclm.es\\\/assets\\\/uploads\\\/2022\\\/03\\\/LogoESI_cabecera-1.png\",\"width\":460,\"height\":184,\"caption\":\"Escuela Superior de Inform\u00e1tica de UCLM\"},\"image\":{\"@id\":\"https:\\\/\\\/esi.uclm.es\\\/#\\\/schema\\\/logo\\\/image\\\/\"},\"sameAs\":[\"https:\\\/\\\/www.facebook.com\\\/Escuela-Superior-de-Informtica-543261809027158\",\"https:\\\/\\\/x.com\\\/esiuclm\",\"https:\\\/\\\/www.instagram.com\\\/esiuclm\\\/\",\"https:\\\/\\\/www.youtube.com\\\/user\\\/esiuclm\",\"https:\\\/\\\/www.twitch.tv\\\/esiuclm\",\"https:\\\/\\\/www.linkedin.com\\\/company\\\/12656631\\\/admin\\\/\"]}]}<\/script>\n<!-- \/ Yoast SEO plugin. -->","yoast_head_json":{"title":"Conferencia de DotCSV - Escuela Superior de Inform\u00e1tica de UCLM","robots":{"index":"index","follow":"follow","max-snippet":"max-snippet:-1","max-image-preview":"max-image-preview:large","max-video-preview":"max-video-preview:-1"},"canonical":"https:\/\/esi.uclm.es\/index.php\/events\/conferencia-de-dotcsv\/","og_locale":"es_ES","og_type":"article","og_title":"Conferencia de DotCSV - Escuela Superior de Inform\u00e1tica de UCLM","og_description":"Carlos Santana, m\u00e1s conocido como DotCSV, ser\u00e1 el conferenciante encargado de inaugurar el ciclo de conferencias de oto\u00f1o 2023 en la Escuela Superior de Inform\u00e1tica (UCLM), con la conferencia titulada\u00a0El futuro de la IA: M\u00e1s all\u00e1 de lo que conocemos, el mi\u00e9rcoles 11 de octubre [&hellip;]","og_url":"https:\/\/esi.uclm.es\/index.php\/events\/conferencia-de-dotcsv\/","og_site_name":"Escuela Superior de Inform\u00e1tica de UCLM","article_publisher":"https:\/\/www.facebook.com\/Escuela-Superior-de-Informtica-543261809027158","article_modified_time":"2023-09-26T21:36:31+00:00","og_image":[{"width":1960,"height":1080,"url":"http:\/\/esi.uclm.es\/assets\/uploads\/2023\/09\/dotcsv_web-1.webp","type":"image\/webp"}],"twitter_card":"summary_large_image","twitter_site":"@esiuclm","twitter_misc":{"Tiempo de lectura":"2 minutos"},"schema":{"@context":"https:\/\/schema.org","@graph":[{"@type":"WebPage","@id":"https:\/\/esi.uclm.es\/index.php\/events\/conferencia-de-dotcsv\/","url":"https:\/\/esi.uclm.es\/index.php\/events\/conferencia-de-dotcsv\/","name":"Conferencia de DotCSV - Escuela Superior de Inform\u00e1tica de UCLM","isPartOf":{"@id":"https:\/\/esi.uclm.es\/#website"},"primaryImageOfPage":{"@id":"https:\/\/esi.uclm.es\/index.php\/events\/conferencia-de-dotcsv\/#primaryimage"},"image":{"@id":"https:\/\/esi.uclm.es\/index.php\/events\/conferencia-de-dotcsv\/#primaryimage"},"thumbnailUrl":"https:\/\/esi.uclm.es\/assets\/uploads\/2023\/09\/dotcsv_web-1.webp","datePublished":"2023-09-26T21:35:59+00:00","dateModified":"2023-09-26T21:36:31+00:00","breadcrumb":{"@id":"https:\/\/esi.uclm.es\/index.php\/events\/conferencia-de-dotcsv\/#breadcrumb"},"inLanguage":"es","potentialAction":[{"@type":"ReadAction","target":["https:\/\/esi.uclm.es\/index.php\/events\/conferencia-de-dotcsv\/"]}]},{"@type":"ImageObject","inLanguage":"es","@id":"https:\/\/esi.uclm.es\/index.php\/events\/conferencia-de-dotcsv\/#primaryimage","url":"https:\/\/esi.uclm.es\/assets\/uploads\/2023\/09\/dotcsv_web-1.webp","contentUrl":"https:\/\/esi.uclm.es\/assets\/uploads\/2023\/09\/dotcsv_web-1.webp","width":1960,"height":1080,"caption":"Carlos Santana DotCSV en portada, en la Escuela Superior de Inform\u00e1tica"},{"@type":"BreadcrumbList","@id":"https:\/\/esi.uclm.es\/index.php\/events\/conferencia-de-dotcsv\/#breadcrumb","itemListElement":[{"@type":"ListItem","position":1,"name":"Portada","item":"https:\/\/esi.uclm.es\/"},{"@type":"ListItem","position":2,"name":"Eventos","item":"https:\/\/esi.uclm.es\/index.php\/events\/"},{"@type":"ListItem","position":3,"name":"Conferencia de DotCSV"}]},{"@type":"WebSite","@id":"https:\/\/esi.uclm.es\/#website","url":"https:\/\/esi.uclm.es\/","name":"Escuela Superior de Inform\u00e1tica de UCLM en Ciudad Real, Castilla-La Mancha","description":"La Escuela Superior de Inform\u00e1tica de Ciudad Real (Castilla-La Mancha), Universidad de Castilla-La Mancha es un centro universitario que imparte el ciclo completo de Ingenier\u00eda en Inform\u00e1tica: grado, m\u00e1ster y doctorado.","publisher":{"@id":"https:\/\/esi.uclm.es\/#organization"},"potentialAction":[{"@type":"SearchAction","target":{"@type":"EntryPoint","urlTemplate":"https:\/\/esi.uclm.es\/?s={search_term_string}"},"query-input":{"@type":"PropertyValueSpecification","valueRequired":true,"valueName":"search_term_string"}}],"inLanguage":"es"},{"@type":"Organization","@id":"https:\/\/esi.uclm.es\/#organization","name":"Escuela Superior de Inform\u00e1tica de UCLM","url":"https:\/\/esi.uclm.es\/","logo":{"@type":"ImageObject","inLanguage":"es","@id":"https:\/\/esi.uclm.es\/#\/schema\/logo\/image\/","url":"https:\/\/esi.uclm.es\/assets\/uploads\/2022\/03\/LogoESI_cabecera-1.png","contentUrl":"https:\/\/esi.uclm.es\/assets\/uploads\/2022\/03\/LogoESI_cabecera-1.png","width":460,"height":184,"caption":"Escuela Superior de Inform\u00e1tica de UCLM"},"image":{"@id":"https:\/\/esi.uclm.es\/#\/schema\/logo\/image\/"},"sameAs":["https:\/\/www.facebook.com\/Escuela-Superior-de-Informtica-543261809027158","https:\/\/x.com\/esiuclm","https:\/\/www.instagram.com\/esiuclm\/","https:\/\/www.youtube.com\/user\/esiuclm","https:\/\/www.twitch.tv\/esiuclm","https:\/\/www.linkedin.com\/company\/12656631\/admin\/"]}]}},"_links":{"self":[{"href":"https:\/\/esi.uclm.es\/index.php\/wp-json\/wp\/v2\/mec-events\/16865","targetHints":{"allow":["GET"]}}],"collection":[{"href":"https:\/\/esi.uclm.es\/index.php\/wp-json\/wp\/v2\/mec-events"}],"about":[{"href":"https:\/\/esi.uclm.es\/index.php\/wp-json\/wp\/v2\/types\/mec-events"}],"author":[{"embeddable":true,"href":"https:\/\/esi.uclm.es\/index.php\/wp-json\/wp\/v2\/users\/1"}],"replies":[{"embeddable":true,"href":"https:\/\/esi.uclm.es\/index.php\/wp-json\/wp\/v2\/comments?post=16865"}],"wp:featuredmedia":[{"embeddable":true,"href":"https:\/\/esi.uclm.es\/index.php\/wp-json\/wp\/v2\/media\/16862"}],"wp:attachment":[{"href":"https:\/\/esi.uclm.es\/index.php\/wp-json\/wp\/v2\/media?parent=16865"}],"wp:term":[{"taxonomy":"post_tag","embeddable":true,"href":"https:\/\/esi.uclm.es\/index.php\/wp-json\/wp\/v2\/tags?post=16865"},{"taxonomy":"mec_category","embeddable":true,"href":"https:\/\/esi.uclm.es\/index.php\/wp-json\/wp\/v2\/mec_category?post=16865"}],"curies":[{"name":"wp","href":"https:\/\/api.w.org\/{rel}","templated":true}]}}