{"id":15140,"date":"2023-03-28T12:00:50","date_gmt":"2023-03-28T12:00:50","guid":{"rendered":"https:\/\/esi.uclm.es\/?post_type=mec-events&#038;p=15140"},"modified":"2023-03-28T12:00:50","modified_gmt":"2023-03-28T12:00:50","slug":"jornada-de-puertas-abiertas-2023","status":"publish","type":"mec-events","link":"https:\/\/esi.uclm.es\/index.php\/events\/jornada-de-puertas-abiertas-2023\/","title":{"rendered":"Jornada de Puertas Abiertas 2023"},"content":{"rendered":"<p>El\u00a0<strong>domingo 16 de abril de 2023<\/strong>\u00a0recibiremos a las\u00a0<strong>familias de futuros y futuras estudiantes de la Escuela Superior de Inform\u00e1tica\u00a0<\/strong>(Universidad de Castilla-La Mancha)<strong>\u00a0para el curso 2023-2024<\/strong>\u00a0en la Jornada de Puertas Abiertas y\u00a0<a href=\"https:\/\/eventos.uclm.es\/93110\/detail\/feria-estudia-en-la-uclm-2023\">participaremos en la Feria Estudia en la UCLM<\/a>. Durante vuestra visita os hablaremos sobre la profesi\u00f3n de ingeniero e ingeniera en inform\u00e1tica, su presente y futuro, haremos un recorrido por las instalaciones: aulas, laboratorios docentes, museo de la inform\u00e1tica, laboratorios de investigaci\u00f3n y el centro de datos. Adem\u00e1s podr\u00e1s disfrutar de diversas demostraciones sobre tecnolog\u00edas inform\u00e1ticas de \u00faltima generaci\u00f3n en el TechLab. Te estamos esperando\u00a0<img decoding=\"async\" class=\"emoji\" role=\"img\" draggable=\"false\" src=\"https:\/\/s.w.org\/images\/core\/emoji\/14.0.0\/svg\/1f642.svg\" alt=\"\ud83d\ude42\" \/>`+<\/p>\n<p><a href=\"https:\/\/esi.uclm.es\/index.php\/2023\/03\/26\/16-de-abril-jornada-de-puertas-abiertas\/\">[+] Inscripci\u00f3n y m\u00e1s informaci\u00f3n<\/a><\/p>\n<p>&nbsp;<\/p>\n","protected":false},"excerpt":{"rendered":"<p>El\u00a0domingo 16 de abril de 2023\u00a0recibiremos a las\u00a0familias de futuros y futuras estudiantes de la Escuela Superior de Inform\u00e1tica\u00a0(Universidad de Castilla-La Mancha)\u00a0para el curso 2023-2024\u00a0en la Jornada de Puertas Abiertas y\u00a0participaremos en la Feria Estudia en la UCLM. Durante vuestra visita os hablaremos sobre la [&hellip;]<\/p>\n","protected":false},"author":1,"featured_media":15107,"comment_status":"open","ping_status":"closed","template":"","tags":[],"mec_category":[1816],"class_list":["post-15140","mec-events","type-mec-events","status-publish","has-post-thumbnail","hentry","mec_category-puertas-abiertas"],"yoast_head":"<!-- This site is optimized with the Yoast SEO plugin v27.5 - https:\/\/yoast.com\/product\/yoast-seo-wordpress\/ -->\n<title>Jornada de Puertas Abiertas 2023 - Escuela Superior de Inform\u00e1tica de UCLM<\/title>\n<meta name=\"robots\" content=\"index, follow, max-snippet:-1, max-image-preview:large, max-video-preview:-1\" \/>\n<link rel=\"canonical\" href=\"https:\/\/esi.uclm.es\/index.php\/events\/jornada-de-puertas-abiertas-2023\/\" \/>\n<meta property=\"og:locale\" content=\"es_ES\" \/>\n<meta property=\"og:type\" content=\"article\" \/>\n<meta property=\"og:title\" content=\"Jornada de Puertas Abiertas 2023 - Escuela Superior de Inform\u00e1tica de UCLM\" \/>\n<meta property=\"og:description\" content=\"El\u00a0domingo 16 de abril de 2023\u00a0recibiremos a las\u00a0familias de futuros y futuras estudiantes de la Escuela Superior de Inform\u00e1tica\u00a0(Universidad de Castilla-La Mancha)\u00a0para el curso 2023-2024\u00a0en la Jornada de Puertas Abiertas y\u00a0participaremos en la Feria Estudia en la UCLM. Durante vuestra visita os hablaremos sobre la [&hellip;]\" \/>\n<meta property=\"og:url\" content=\"https:\/\/esi.uclm.es\/index.php\/events\/jornada-de-puertas-abiertas-2023\/\" \/>\n<meta property=\"og:site_name\" content=\"Escuela Superior de Inform\u00e1tica de UCLM\" \/>\n<meta property=\"article:publisher\" content=\"https:\/\/www.facebook.com\/Escuela-Superior-de-Informtica-543261809027158\" \/>\n<meta property=\"og:image\" content=\"http:\/\/esi.uclm.es\/assets\/uploads\/2023\/03\/fachada_esi_webp.webp\" \/>\n\t<meta property=\"og:image:width\" content=\"1400\" \/>\n\t<meta property=\"og:image:height\" content=\"927\" \/>\n\t<meta property=\"og:image:type\" content=\"image\/webp\" \/>\n<meta name=\"twitter:card\" content=\"summary_large_image\" \/>\n<meta name=\"twitter:site\" content=\"@esiuclm\" \/>\n<meta name=\"twitter:label1\" content=\"Tiempo de lectura\" \/>\n\t<meta name=\"twitter:data1\" content=\"1 minuto\" \/>\n<script type=\"application\/ld+json\" class=\"yoast-schema-graph\">{\"@context\":\"https:\\\/\\\/schema.org\",\"@graph\":[{\"@type\":\"WebPage\",\"@id\":\"https:\\\/\\\/esi.uclm.es\\\/index.php\\\/events\\\/jornada-de-puertas-abiertas-2023\\\/\",\"url\":\"https:\\\/\\\/esi.uclm.es\\\/index.php\\\/events\\\/jornada-de-puertas-abiertas-2023\\\/\",\"name\":\"Jornada de Puertas Abiertas 2023 - Escuela Superior de Inform\u00e1tica de UCLM\",\"isPartOf\":{\"@id\":\"https:\\\/\\\/esi.uclm.es\\\/#website\"},\"primaryImageOfPage\":{\"@id\":\"https:\\\/\\\/esi.uclm.es\\\/index.php\\\/events\\\/jornada-de-puertas-abiertas-2023\\\/#primaryimage\"},\"image\":{\"@id\":\"https:\\\/\\\/esi.uclm.es\\\/index.php\\\/events\\\/jornada-de-puertas-abiertas-2023\\\/#primaryimage\"},\"thumbnailUrl\":\"https:\\\/\\\/esi.uclm.es\\\/assets\\\/uploads\\\/2023\\\/03\\\/fachada_esi_webp.webp\",\"datePublished\":\"2023-03-28T12:00:50+00:00\",\"breadcrumb\":{\"@id\":\"https:\\\/\\\/esi.uclm.es\\\/index.php\\\/events\\\/jornada-de-puertas-abiertas-2023\\\/#breadcrumb\"},\"inLanguage\":\"es\",\"potentialAction\":[{\"@type\":\"ReadAction\",\"target\":[\"https:\\\/\\\/esi.uclm.es\\\/index.php\\\/events\\\/jornada-de-puertas-abiertas-2023\\\/\"]}]},{\"@type\":\"ImageObject\",\"inLanguage\":\"es\",\"@id\":\"https:\\\/\\\/esi.uclm.es\\\/index.php\\\/events\\\/jornada-de-puertas-abiertas-2023\\\/#primaryimage\",\"url\":\"https:\\\/\\\/esi.uclm.es\\\/assets\\\/uploads\\\/2023\\\/03\\\/fachada_esi_webp.webp\",\"contentUrl\":\"https:\\\/\\\/esi.uclm.es\\\/assets\\\/uploads\\\/2023\\\/03\\\/fachada_esi_webp.webp\",\"width\":1400,\"height\":927,\"caption\":\"Fachada de la Escuela Superior de Inform\u00e1tica\"},{\"@type\":\"BreadcrumbList\",\"@id\":\"https:\\\/\\\/esi.uclm.es\\\/index.php\\\/events\\\/jornada-de-puertas-abiertas-2023\\\/#breadcrumb\",\"itemListElement\":[{\"@type\":\"ListItem\",\"position\":1,\"name\":\"Portada\",\"item\":\"https:\\\/\\\/esi.uclm.es\\\/\"},{\"@type\":\"ListItem\",\"position\":2,\"name\":\"Eventos\",\"item\":\"https:\\\/\\\/esi.uclm.es\\\/index.php\\\/events\\\/\"},{\"@type\":\"ListItem\",\"position\":3,\"name\":\"Jornada de Puertas Abiertas 2023\"}]},{\"@type\":\"WebSite\",\"@id\":\"https:\\\/\\\/esi.uclm.es\\\/#website\",\"url\":\"https:\\\/\\\/esi.uclm.es\\\/\",\"name\":\"Escuela Superior de Inform\u00e1tica de UCLM en Ciudad Real, Castilla-La Mancha\",\"description\":\"La Escuela Superior de Inform\u00e1tica de Ciudad Real (Castilla-La Mancha), Universidad de Castilla-La Mancha es un centro universitario que imparte el ciclo completo de Ingenier\u00eda en Inform\u00e1tica: grado, m\u00e1ster y doctorado.\",\"publisher\":{\"@id\":\"https:\\\/\\\/esi.uclm.es\\\/#organization\"},\"potentialAction\":[{\"@type\":\"SearchAction\",\"target\":{\"@type\":\"EntryPoint\",\"urlTemplate\":\"https:\\\/\\\/esi.uclm.es\\\/?s={search_term_string}\"},\"query-input\":{\"@type\":\"PropertyValueSpecification\",\"valueRequired\":true,\"valueName\":\"search_term_string\"}}],\"inLanguage\":\"es\"},{\"@type\":\"Organization\",\"@id\":\"https:\\\/\\\/esi.uclm.es\\\/#organization\",\"name\":\"Escuela Superior de Inform\u00e1tica de UCLM\",\"url\":\"https:\\\/\\\/esi.uclm.es\\\/\",\"logo\":{\"@type\":\"ImageObject\",\"inLanguage\":\"es\",\"@id\":\"https:\\\/\\\/esi.uclm.es\\\/#\\\/schema\\\/logo\\\/image\\\/\",\"url\":\"https:\\\/\\\/esi.uclm.es\\\/assets\\\/uploads\\\/2022\\\/03\\\/LogoESI_cabecera-1.png\",\"contentUrl\":\"https:\\\/\\\/esi.uclm.es\\\/assets\\\/uploads\\\/2022\\\/03\\\/LogoESI_cabecera-1.png\",\"width\":460,\"height\":184,\"caption\":\"Escuela Superior de Inform\u00e1tica de UCLM\"},\"image\":{\"@id\":\"https:\\\/\\\/esi.uclm.es\\\/#\\\/schema\\\/logo\\\/image\\\/\"},\"sameAs\":[\"https:\\\/\\\/www.facebook.com\\\/Escuela-Superior-de-Informtica-543261809027158\",\"https:\\\/\\\/x.com\\\/esiuclm\",\"https:\\\/\\\/www.instagram.com\\\/esiuclm\\\/\",\"https:\\\/\\\/www.youtube.com\\\/user\\\/esiuclm\",\"https:\\\/\\\/www.twitch.tv\\\/esiuclm\",\"https:\\\/\\\/www.linkedin.com\\\/company\\\/12656631\\\/admin\\\/\"]}]}<\/script>\n<!-- \/ Yoast SEO plugin. -->","yoast_head_json":{"title":"Jornada de Puertas Abiertas 2023 - Escuela Superior de Inform\u00e1tica de UCLM","robots":{"index":"index","follow":"follow","max-snippet":"max-snippet:-1","max-image-preview":"max-image-preview:large","max-video-preview":"max-video-preview:-1"},"canonical":"https:\/\/esi.uclm.es\/index.php\/events\/jornada-de-puertas-abiertas-2023\/","og_locale":"es_ES","og_type":"article","og_title":"Jornada de Puertas Abiertas 2023 - Escuela Superior de Inform\u00e1tica de UCLM","og_description":"El\u00a0domingo 16 de abril de 2023\u00a0recibiremos a las\u00a0familias de futuros y futuras estudiantes de la Escuela Superior de Inform\u00e1tica\u00a0(Universidad de Castilla-La Mancha)\u00a0para el curso 2023-2024\u00a0en la Jornada de Puertas Abiertas y\u00a0participaremos en la Feria Estudia en la UCLM. Durante vuestra visita os hablaremos sobre la [&hellip;]","og_url":"https:\/\/esi.uclm.es\/index.php\/events\/jornada-de-puertas-abiertas-2023\/","og_site_name":"Escuela Superior de Inform\u00e1tica de UCLM","article_publisher":"https:\/\/www.facebook.com\/Escuela-Superior-de-Informtica-543261809027158","og_image":[{"width":1400,"height":927,"url":"http:\/\/esi.uclm.es\/assets\/uploads\/2023\/03\/fachada_esi_webp.webp","type":"image\/webp"}],"twitter_card":"summary_large_image","twitter_site":"@esiuclm","twitter_misc":{"Tiempo de lectura":"1 minuto"},"schema":{"@context":"https:\/\/schema.org","@graph":[{"@type":"WebPage","@id":"https:\/\/esi.uclm.es\/index.php\/events\/jornada-de-puertas-abiertas-2023\/","url":"https:\/\/esi.uclm.es\/index.php\/events\/jornada-de-puertas-abiertas-2023\/","name":"Jornada de Puertas Abiertas 2023 - Escuela Superior de Inform\u00e1tica de UCLM","isPartOf":{"@id":"https:\/\/esi.uclm.es\/#website"},"primaryImageOfPage":{"@id":"https:\/\/esi.uclm.es\/index.php\/events\/jornada-de-puertas-abiertas-2023\/#primaryimage"},"image":{"@id":"https:\/\/esi.uclm.es\/index.php\/events\/jornada-de-puertas-abiertas-2023\/#primaryimage"},"thumbnailUrl":"https:\/\/esi.uclm.es\/assets\/uploads\/2023\/03\/fachada_esi_webp.webp","datePublished":"2023-03-28T12:00:50+00:00","breadcrumb":{"@id":"https:\/\/esi.uclm.es\/index.php\/events\/jornada-de-puertas-abiertas-2023\/#breadcrumb"},"inLanguage":"es","potentialAction":[{"@type":"ReadAction","target":["https:\/\/esi.uclm.es\/index.php\/events\/jornada-de-puertas-abiertas-2023\/"]}]},{"@type":"ImageObject","inLanguage":"es","@id":"https:\/\/esi.uclm.es\/index.php\/events\/jornada-de-puertas-abiertas-2023\/#primaryimage","url":"https:\/\/esi.uclm.es\/assets\/uploads\/2023\/03\/fachada_esi_webp.webp","contentUrl":"https:\/\/esi.uclm.es\/assets\/uploads\/2023\/03\/fachada_esi_webp.webp","width":1400,"height":927,"caption":"Fachada de la Escuela Superior de Inform\u00e1tica"},{"@type":"BreadcrumbList","@id":"https:\/\/esi.uclm.es\/index.php\/events\/jornada-de-puertas-abiertas-2023\/#breadcrumb","itemListElement":[{"@type":"ListItem","position":1,"name":"Portada","item":"https:\/\/esi.uclm.es\/"},{"@type":"ListItem","position":2,"name":"Eventos","item":"https:\/\/esi.uclm.es\/index.php\/events\/"},{"@type":"ListItem","position":3,"name":"Jornada de Puertas Abiertas 2023"}]},{"@type":"WebSite","@id":"https:\/\/esi.uclm.es\/#website","url":"https:\/\/esi.uclm.es\/","name":"Escuela Superior de Inform\u00e1tica de UCLM en Ciudad Real, Castilla-La Mancha","description":"La Escuela Superior de Inform\u00e1tica de Ciudad Real (Castilla-La Mancha), Universidad de Castilla-La Mancha es un centro universitario que imparte el ciclo completo de Ingenier\u00eda en Inform\u00e1tica: grado, m\u00e1ster y doctorado.","publisher":{"@id":"https:\/\/esi.uclm.es\/#organization"},"potentialAction":[{"@type":"SearchAction","target":{"@type":"EntryPoint","urlTemplate":"https:\/\/esi.uclm.es\/?s={search_term_string}"},"query-input":{"@type":"PropertyValueSpecification","valueRequired":true,"valueName":"search_term_string"}}],"inLanguage":"es"},{"@type":"Organization","@id":"https:\/\/esi.uclm.es\/#organization","name":"Escuela Superior de Inform\u00e1tica de UCLM","url":"https:\/\/esi.uclm.es\/","logo":{"@type":"ImageObject","inLanguage":"es","@id":"https:\/\/esi.uclm.es\/#\/schema\/logo\/image\/","url":"https:\/\/esi.uclm.es\/assets\/uploads\/2022\/03\/LogoESI_cabecera-1.png","contentUrl":"https:\/\/esi.uclm.es\/assets\/uploads\/2022\/03\/LogoESI_cabecera-1.png","width":460,"height":184,"caption":"Escuela Superior de Inform\u00e1tica de UCLM"},"image":{"@id":"https:\/\/esi.uclm.es\/#\/schema\/logo\/image\/"},"sameAs":["https:\/\/www.facebook.com\/Escuela-Superior-de-Informtica-543261809027158","https:\/\/x.com\/esiuclm","https:\/\/www.instagram.com\/esiuclm\/","https:\/\/www.youtube.com\/user\/esiuclm","https:\/\/www.twitch.tv\/esiuclm","https:\/\/www.linkedin.com\/company\/12656631\/admin\/"]}]}},"_links":{"self":[{"href":"https:\/\/esi.uclm.es\/index.php\/wp-json\/wp\/v2\/mec-events\/15140","targetHints":{"allow":["GET"]}}],"collection":[{"href":"https:\/\/esi.uclm.es\/index.php\/wp-json\/wp\/v2\/mec-events"}],"about":[{"href":"https:\/\/esi.uclm.es\/index.php\/wp-json\/wp\/v2\/types\/mec-events"}],"author":[{"embeddable":true,"href":"https:\/\/esi.uclm.es\/index.php\/wp-json\/wp\/v2\/users\/1"}],"replies":[{"embeddable":true,"href":"https:\/\/esi.uclm.es\/index.php\/wp-json\/wp\/v2\/comments?post=15140"}],"wp:featuredmedia":[{"embeddable":true,"href":"https:\/\/esi.uclm.es\/index.php\/wp-json\/wp\/v2\/media\/15107"}],"wp:attachment":[{"href":"https:\/\/esi.uclm.es\/index.php\/wp-json\/wp\/v2\/media?parent=15140"}],"wp:term":[{"taxonomy":"post_tag","embeddable":true,"href":"https:\/\/esi.uclm.es\/index.php\/wp-json\/wp\/v2\/tags?post=15140"},{"taxonomy":"mec_category","embeddable":true,"href":"https:\/\/esi.uclm.es\/index.php\/wp-json\/wp\/v2\/mec_category?post=15140"}],"curies":[{"name":"wp","href":"https:\/\/api.w.org\/{rel}","templated":true}]}}