{"version":"1.0","provider_name":"Escuela Superior de Inform\u00e1tica de UCLM","provider_url":"https:\/\/esi.uclm.es","title":"13 marzo &#8211; Conferencia de V\u00edctor K\u00fcppers - Escuela Superior de Inform\u00e1tica de UCLM","type":"rich","width":600,"height":338,"html":"<blockquote class=\"wp-embedded-content\" data-secret=\"UivFaD1aIS\"><a href=\"https:\/\/esi.uclm.es\/index.php\/2024\/03\/10\/13-marzo-conferencia-de-victor-kuppers\/\">13 marzo &#8211; Conferencia de V\u00edctor K\u00fcppers<\/a><\/blockquote><iframe sandbox=\"allow-scripts\" security=\"restricted\" src=\"https:\/\/esi.uclm.es\/index.php\/2024\/03\/10\/13-marzo-conferencia-de-victor-kuppers\/embed\/#?secret=UivFaD1aIS\" width=\"600\" height=\"338\" title=\"\u00ab13 marzo &#8211; Conferencia de V\u00edctor K\u00fcppers\u00bb \u2014 Escuela Superior de Inform\u00e1tica de UCLM\" data-secret=\"UivFaD1aIS\" frameborder=\"0\" marginwidth=\"0\" marginheight=\"0\" scrolling=\"no\" class=\"wp-embedded-content\"><\/iframe><script type=\"text\/javascript\">\n\/* <![CDATA[ *\/\n\/*! This file is auto-generated *\/\n!function(d,l){\"use strict\";l.querySelector&&d.addEventListener&&\"undefined\"!=typeof URL&&(d.wp=d.wp||{},d.wp.receiveEmbedMessage||(d.wp.receiveEmbedMessage=function(e){var t=e.data;if((t||t.secret||t.message||t.value)&&!\/[^a-zA-Z0-9]\/.test(t.secret)){for(var s,r,n,a=l.querySelectorAll('iframe[data-secret=\"'+t.secret+'\"]'),o=l.querySelectorAll('blockquote[data-secret=\"'+t.secret+'\"]'),c=new RegExp(\"^https?:$\",\"i\"),i=0;i<o.length;i++)o[i].style.display=\"none\";for(i=0;i<a.length;i++)s=a[i],e.source===s.contentWindow&&(s.removeAttribute(\"style\"),\"height\"===t.message?(1e3<(r=parseInt(t.value,10))?r=1e3:~~r<200&&(r=200),s.height=r):\"link\"===t.message&&(r=new URL(s.getAttribute(\"src\")),n=new URL(t.value),c.test(n.protocol))&&n.host===r.host&&l.activeElement===s&&(d.top.location.href=t.value))}},d.addEventListener(\"message\",d.wp.receiveEmbedMessage,!1),l.addEventListener(\"DOMContentLoaded\",function(){for(var e,t,s=l.querySelectorAll(\"iframe.wp-embedded-content\"),r=0;r<s.length;r++)(t=(e=s[r]).getAttribute(\"data-secret\"))||(t=Math.random().toString(36).substring(2,12),e.src+=\"#?secret=\"+t,e.setAttribute(\"data-secret\",t)),e.contentWindow.postMessage({message:\"ready\",secret:t},\"*\")},!1)))}(window,document);\n\/\/# sourceURL=https:\/\/esi.uclm.es\/wp-includes\/js\/wp-embed.min.js\n\/* ]]> *\/\n<\/script>\n","thumbnail_url":"http:\/\/esi.uclm.es\/assets\/uploads\/2024\/03\/victorKuppers13M.webp","thumbnail_width":1960,"thumbnail_height":1080,"description":"El 13 de marzo, a las 11.30h en el sal\u00f3n de actos Alan Turing, nos visita V\u00edctor K\u00fcppers para impartir la charla titulada \u00abVivir con Alegr\u00eda\u00ab, encuadrada dentro del ciclo de conferencias de primavera de 2024. La charla de V\u00edctor K\u00fcppers se enfoca en la [&hellip;]"}