{"version":"1.0","provider_name":"Escuela Superior de Inform\u00e1tica de UCLM","provider_url":"https:\/\/esi.uclm.es","title":"Antonio Vallecillo padrino de la pr\u00f3xima graduaci\u00f3n - Escuela Superior de Inform\u00e1tica de UCLM","type":"rich","width":600,"height":338,"html":"<blockquote class=\"wp-embedded-content\" data-secret=\"IewI4BBIcM\"><a href=\"https:\/\/esi.uclm.es\/index.php\/2023\/11\/06\/antonio-vallecillo-padrino-en-la-proxima-graduacion\/\">Antonio Vallecillo padrino de la pr\u00f3xima graduaci\u00f3n<\/a><\/blockquote><iframe sandbox=\"allow-scripts\" security=\"restricted\" src=\"https:\/\/esi.uclm.es\/index.php\/2023\/11\/06\/antonio-vallecillo-padrino-en-la-proxima-graduacion\/embed\/#?secret=IewI4BBIcM\" width=\"600\" height=\"338\" title=\"\u00abAntonio Vallecillo padrino de la pr\u00f3xima graduaci\u00f3n\u00bb \u2014 Escuela Superior de Inform\u00e1tica de UCLM\" data-secret=\"IewI4BBIcM\" frameborder=\"0\" marginwidth=\"0\" marginheight=\"0\" scrolling=\"no\" class=\"wp-embedded-content\"><\/iframe><script type=\"text\/javascript\">\n\/* <![CDATA[ *\/\n\/*! This file is auto-generated *\/\n!function(d,l){\"use strict\";l.querySelector&&d.addEventListener&&\"undefined\"!=typeof URL&&(d.wp=d.wp||{},d.wp.receiveEmbedMessage||(d.wp.receiveEmbedMessage=function(e){var t=e.data;if((t||t.secret||t.message||t.value)&&!\/[^a-zA-Z0-9]\/.test(t.secret)){for(var s,r,n,a=l.querySelectorAll('iframe[data-secret=\"'+t.secret+'\"]'),o=l.querySelectorAll('blockquote[data-secret=\"'+t.secret+'\"]'),c=new RegExp(\"^https?:$\",\"i\"),i=0;i<o.length;i++)o[i].style.display=\"none\";for(i=0;i<a.length;i++)s=a[i],e.source===s.contentWindow&&(s.removeAttribute(\"style\"),\"height\"===t.message?(1e3<(r=parseInt(t.value,10))?r=1e3:~~r<200&&(r=200),s.height=r):\"link\"===t.message&&(r=new URL(s.getAttribute(\"src\")),n=new URL(t.value),c.test(n.protocol))&&n.host===r.host&&l.activeElement===s&&(d.top.location.href=t.value))}},d.addEventListener(\"message\",d.wp.receiveEmbedMessage,!1),l.addEventListener(\"DOMContentLoaded\",function(){for(var e,t,s=l.querySelectorAll(\"iframe.wp-embedded-content\"),r=0;r<s.length;r++)(t=(e=s[r]).getAttribute(\"data-secret\"))||(t=Math.random().toString(36).substring(2,12),e.src+=\"#?secret=\"+t,e.setAttribute(\"data-secret\",t)),e.contentWindow.postMessage({message:\"ready\",secret:t},\"*\")},!1)))}(window,document);\n\/\/# sourceURL=https:\/\/esi.uclm.es\/wp-includes\/js\/wp-embed.min.js\n\/* ]]> *\/\n<\/script>\n","thumbnail_url":"http:\/\/esi.uclm.es\/assets\/uploads\/2023\/10\/padrino_st2023_web.webp","thumbnail_width":1960,"thumbnail_height":1080,"description":"Antonio Vallecillo ser\u00e1 el pr\u00f3ximo padrino de las XII y XI promociones de graduado y m\u00e1ster en Ingenier\u00eda Inform\u00e1tica. Antonio es catedr\u00e1tico de lenguajes y sistemas inform\u00e1ticos, y profesor de asignaturas relacionadas con la Ingenier\u00eda de Software en la Universidad de M\u00e1laga y vicepresidente de la Sociedad Espa\u00f1ola de Inform\u00e1tica (SCIE). Sus intereses de investigaci\u00f3n incluyen la ingenier\u00eda de software basada en modelos (MBSE), el procesamiento distribuido abierto (ODP) y la calidad del software. Entre 1986 y 1995, trabaj\u00f3 en la industria inform\u00e1tica para Fujitsu e ICL. En 1996, se uni\u00f3 a la Universidad de M\u00e1laga, donde actualmente lidera el grupo ATENEA y realiza investigaciones sobre modelado y an\u00e1lisis de software."}