{"version":"1.0","provider_name":"Escuela Superior de Inform\u00e1tica de UCLM","provider_url":"https:\/\/esi.uclm.es","title":"Convocatoria Erasmus+ pr\u00e1cticas. - Escuela Superior de Inform\u00e1tica de UCLM","type":"rich","width":600,"height":338,"html":"<blockquote class=\"wp-embedded-content\" data-secret=\"fjnAhiwpmR\"><a href=\"https:\/\/esi.uclm.es\/index.php\/2023\/03\/06\/convocatoria-erasmus-practicas\/\">Convocatoria Erasmus+ pr\u00e1cticas.<\/a><\/blockquote><iframe sandbox=\"allow-scripts\" security=\"restricted\" src=\"https:\/\/esi.uclm.es\/index.php\/2023\/03\/06\/convocatoria-erasmus-practicas\/embed\/#?secret=fjnAhiwpmR\" width=\"600\" height=\"338\" title=\"\u00abConvocatoria Erasmus+ pr\u00e1cticas.\u00bb \u2014 Escuela Superior de Inform\u00e1tica de UCLM\" data-secret=\"fjnAhiwpmR\" frameborder=\"0\" marginwidth=\"0\" marginheight=\"0\" scrolling=\"no\" class=\"wp-embedded-content\"><\/iframe><script type=\"text\/javascript\">\n\/* <![CDATA[ *\/\n\/*! This file is auto-generated *\/\n!function(d,l){\"use strict\";l.querySelector&&d.addEventListener&&\"undefined\"!=typeof URL&&(d.wp=d.wp||{},d.wp.receiveEmbedMessage||(d.wp.receiveEmbedMessage=function(e){var t=e.data;if((t||t.secret||t.message||t.value)&&!\/[^a-zA-Z0-9]\/.test(t.secret)){for(var s,r,n,a=l.querySelectorAll('iframe[data-secret=\"'+t.secret+'\"]'),o=l.querySelectorAll('blockquote[data-secret=\"'+t.secret+'\"]'),c=new RegExp(\"^https?:$\",\"i\"),i=0;i<o.length;i++)o[i].style.display=\"none\";for(i=0;i<a.length;i++)s=a[i],e.source===s.contentWindow&&(s.removeAttribute(\"style\"),\"height\"===t.message?(1e3<(r=parseInt(t.value,10))?r=1e3:~~r<200&&(r=200),s.height=r):\"link\"===t.message&&(r=new URL(s.getAttribute(\"src\")),n=new URL(t.value),c.test(n.protocol))&&n.host===r.host&&l.activeElement===s&&(d.top.location.href=t.value))}},d.addEventListener(\"message\",d.wp.receiveEmbedMessage,!1),l.addEventListener(\"DOMContentLoaded\",function(){for(var e,t,s=l.querySelectorAll(\"iframe.wp-embedded-content\"),r=0;r<s.length;r++)(t=(e=s[r]).getAttribute(\"data-secret\"))||(t=Math.random().toString(36).substring(2,12),e.src+=\"#?secret=\"+t,e.setAttribute(\"data-secret\",t)),e.contentWindow.postMessage({message:\"ready\",secret:t},\"*\")},!1)))}(window,document);\n\/\/# sourceURL=https:\/\/esi.uclm.es\/wp-includes\/js\/wp-embed.min.js\n\/* ]]> *\/\n<\/script>\n","thumbnail_url":"https:\/\/esi.uclm.es\/assets\/uploads\/2023\/03\/PCE-202324.webp","thumbnail_width":640,"thumbnail_height":318,"description":"Asociaci\u00f3n de cient\u00edficos espa\u00f1oles en B\u00e9lgica, Alemania, Noruega e Irlanda La presente convocatoria se enmarca dentro de los convenios suscritos con la Asociaci\u00f3n de Cient\u00edficos Espa\u00f1oles en B\u00e9lgica (CEBE), la Asociaci\u00f3n de Cient\u00edficos Espa\u00f1oles en Alemania (CERFA), la Asociaci\u00f3n de Cient\u00edficos Espa\u00f1oles en Noruega (SFNO) [&hellip;]"}